{"id":28,"date":"2025-11-09T16:29:12","date_gmt":"2025-11-09T15:29:12","guid":{"rendered":"https:\/\/rutasmototours.com\/?page_id=28"},"modified":"2026-03-03T19:11:36","modified_gmt":"2026-03-03T18:11:36","slug":"faqs-preguntas-frecuentes-de-viajes-en-moto","status":"publish","type":"page","link":"https:\/\/rutasmototours.com\/fr\/faqs-preguntas-frecuentes-de-viajes-en-moto\/","title":{"rendered":"Foire aux questions"},"content":{"rendered":"<p>[et_pb_section fb_built=\u00bb1&#8243; _builder_version=\u00bb4.27.4&#8243; _module_preset=\u00bbdefault\u00bb background_color=\u00bbrgba(0,0,0,0.2)\u00bb use_background_color_gradient=\u00bbon\u00bb background_color_gradient_stops=\u00bbrgba(0,0,0,0.7) 0%|rgba(0,0,0,0.4) 20%\u00bb background_image=\u00bbhttps:\/\/rutasmototours.com\/wp-content\/uploads\/2025\/11\/IMG_20240525_130644-copia.webp\u00bb background_position=\u00bbbottom_center\u00bb background_vertical_offset=\u00bb38%\u00bb background_blend=\u00bboverlay\u00bb height=\u00bb50vh\u00bb da_disable_devices=\u00bboff|off|off\u00bb global_colors_info=\u00bb{}\u00bb da_is_popup=\u00bboff\u00bb da_exit_intent=\u00bboff\u00bb da_has_close=\u00bbon\u00bb da_alt_close=\u00bboff\u00bb da_dark_close=\u00bboff\u00bb da_not_modal=\u00bbon\u00bb da_is_singular=\u00bboff\u00bb da_with_loader=\u00bboff\u00bb da_has_shadow=\u00bbon\u00bb][et_pb_row _builder_version=\u00bb4.27.4&#8243; _module_preset=\u00bbdefault\u00bb positioning=\u00bbabsolute\u00bb position_origin_a=\u00bbcenter_center\u00bb width=\u00bb90%\u00bb global_colors_info=\u00bb{}\u00bb][et_pb_column type=\u00bb4_4&#8243; _builder_version=\u00bb4.27.4&#8243; _module_preset=\u00bbdefault\u00bb global_colors_info=\u00bb{}\u00bb][et_pb_text _builder_version=\u00bb4.27.4&#8243; _module_preset=\u00bbdefault\u00bb text_font=\u00bb|700||on|||||\u00bb text_font_size=\u00bb24px\u00bb header_font=\u00bb|800|||||||\u00bb header_text_color=\u00bb#FFFFFF\u00bb header_font_size=\u00bb80px\u00bb background_layout=\u00bbdark\u00bb text_font_size_tablet=\u00bb24px\u00bb text_font_size_phone=\u00bb20px\u00bb text_font_size_last_edited=\u00bbon|phone\u00bb header_text_align_tablet=\u00bb\u00bb header_text_align_phone=\u00bbcenter\u00bb header_text_align_last_edited=\u00bbon|phone\u00bb header_font_size_tablet=\u00bb60px\u00bb header_font_size_phone=\u00bb38px\u00bb header_font_size_last_edited=\u00bbon|phone\u00bb text_orientation_tablet=\u00bb\u00bb text_orientation_phone=\u00bbcenter\u00bb text_orientation_last_edited=\u00bbon|phone\u00bb header_text_shadow_style=\u00bbpreset1&#8243; global_colors_info=\u00bb{}\u00bb]<\/p>\n<h1>FAQs<\/h1>\n<p>Nuestra secci\u00f3n de preguntas frecuentes<\/p>\n<p>[\/et_pb_text][\/et_pb_column][\/et_pb_row][\/et_pb_section][et_pb_section fb_built=\u00bb1&#8243; _builder_version=\u00bb4.27.4&#8243; _module_preset=\u00bbdefault\u00bb da_disable_devices=\u00bboff|off|off\u00bb global_colors_info=\u00bb{}\u00bb da_is_popup=\u00bboff\u00bb da_exit_intent=\u00bboff\u00bb da_has_close=\u00bbon\u00bb da_alt_close=\u00bboff\u00bb da_dark_close=\u00bboff\u00bb da_not_modal=\u00bbon\u00bb da_is_singular=\u00bboff\u00bb da_with_loader=\u00bboff\u00bb da_has_shadow=\u00bbon\u00bb][et_pb_row column_structure=\u00bb1_2,1_2&#8243; make_equal=\u00bbon\u00bb _builder_version=\u00bb4.27.4&#8243; _module_preset=\u00bbdefault\u00bb width=\u00bb90%\u00bb global_colors_info=\u00bb{}\u00bb][et_pb_column type=\u00bb1_2&#8243; _builder_version=\u00bb4.27.4&#8243; _module_preset=\u00bbdefault\u00bb custom_css_main_element=\u00bbmargin: auto;\u00bb global_colors_info=\u00bb{}\u00bb][et_pb_text _builder_version=\u00bb4.27.4&#8243; _module_preset=\u00bbdefault\u00bb text_font_size=\u00bb16px\u00bb global_colors_info=\u00bb{}\u00bb]<\/p>\n<p>Si sue\u00f1as con recorrer los paisajes impresionantes de Marruecos, descubrir las soleadas rutas de Espa\u00f1a o bordear las costas salvajes de Portugal, estamos aqu\u00ed para responder todas tus preguntas. Aqu\u00ed encontrar\u00e1s informaci\u00f3n esencial sobre nuestros viajes en moto, nuestros destinos, nuestra organizaci\u00f3n y mucho m\u00e1s. \u00a1Aprovecha esta secci\u00f3n para preparar con tranquilidad tu aventura sobre dos ruedas!<\/p>\n<p>Si, despu\u00e9s de explorar todas las preguntas y respuestas a continuaci\u00f3n, a\u00fan tienes dudas, no dudes en contactarnos a trav\u00e9s del formulario de contacto o consulta la descripci\u00f3n de cada viaje acompa\u00f1ada de consejos.<\/p>\n<p>[\/et_pb_text][\/et_pb_column][et_pb_column type=\u00bb1_2&#8243; _builder_version=\u00bb4.27.4&#8243; _module_preset=\u00bbdefault\u00bb custom_css_main_element=\u00bbmargin: auto;\u00bb global_colors_info=\u00bb{}\u00bb][et_pb_text _builder_version=\u00bb4.27.4&#8243; _module_preset=\u00bbdefault\u00bb text_font_size=\u00bb16px\u00bb global_colors_info=\u00bb{}\u00bb]<\/p>\n<p>Tambi\u00e9n puedes obtener informaci\u00f3n oficial sobre los pa\u00edses que cubren nuestros viajes en estos sitios web oficiales:<\/p>\n<p>Para Marruecos:<\/p>\n<ul>\n<li><span><a href=\"https:\/\/www.maroc.ma\/es\" target=\"_blank\" rel=\"noopener\">https:\/\/www.maroc.ma\/es<\/a><\/span><\/li>\n<li><span><a href=\"https:\/\/www.visitmorocco.com\/es\" target=\"_blank\" rel=\"noopener\">https:\/\/www.visitmorocco.com\/es<\/a><\/span><\/li>\n<\/ul>\n<p>Para Espa\u00f1a y Portugal:<\/p>\n<p><a href=\"https:\/\/european-union.europa.eu\/index_es\" target=\"_blank\" rel=\"noopener\">https:\/\/european-union.europa.eu\/index_es<\/a><\/p>\n<p>[\/et_pb_text][\/et_pb_column][\/et_pb_row][et_pb_row column_structure=\u00bb1_2,1_2&#8243; use_custom_gutter=\u00bbon\u00bb gutter_width=\u00bb2&#8243; _builder_version=\u00bb4.27.4&#8243; _module_preset=\u00bbdefault\u00bb global_colors_info=\u00bb{}\u00bb][et_pb_column type=\u00bb1_2&#8243; _builder_version=\u00bb4.27.4&#8243; _module_preset=\u00bbdefault\u00bb global_colors_info=\u00bb{}\u00bb][et_pb_toggle title=\u00bb\u00bfA qui\u00e9nes est\u00e1n dirigidos estos viajes?\u00bb open_toggle_text_color=\u00bb#000000&#8243; open_toggle_background_color=\u00bb#F7F7F7&#8243; closed_toggle_background_color=\u00bb#F7F7F7&#8243; icon_color=\u00bb#B94E40&#8243; open_icon_color=\u00bb#B94E40&#8243; _builder_version=\u00bb4.27.4&#8243; _module_preset=\u00bbdefault\u00bb title_text_color=\u00bb#000000&#8243; title_level=\u00bbh2&#8243; title_font=\u00bb|700|||||||\u00bb title_font_size=\u00bb16px\u00bb custom_margin=\u00bb||20px||false|false\u00bb border_radii=\u00bbon|20px|20px|20px|20px\u00bb global_colors_info=\u00bb{}\u00bb]<\/p>\n<p>Nuestros viajes se realizan principalmente sobre carreteras asfaltadas. Puede haber, especialmente en Marruecos, algunas zonas en obras, pero estas pistas improvisadas no requerir\u00e1n una moto especial ni habilidades de manejo fuera de carretera. En cada descripci\u00f3n de viaje encontrar\u00e1s indicaciones sobre el nivel de dificultad de las etapas y las habilidades requeridas. Sin embargo, es importante estar en buena forma f\u00edsica y tener resistencia suficiente para mantener un ritmo constante durante varios d\u00edas.<\/p>\n<p>[\/et_pb_toggle][et_pb_toggle title=\u00bb\u00bfQu\u00e9 tipo de moto es necesaria para estos viajes?\u00bb open_toggle_text_color=\u00bb#000000&#8243; open_toggle_background_color=\u00bb#F7F7F7&#8243; closed_toggle_background_color=\u00bb#F7F7F7&#8243; icon_color=\u00bb#B94E40&#8243; open_icon_color=\u00bb#B94E40&#8243; _builder_version=\u00bb4.27.4&#8243; _module_preset=\u00bbdefault\u00bb title_text_color=\u00bb#000000&#8243; title_level=\u00bbh2&#8243; title_font=\u00bb|700|||||||\u00bb title_font_size=\u00bb16px\u00bb custom_margin=\u00bb||20px||false|false\u00bb border_radii=\u00bbon|20px|20px|20px|20px\u00bb global_colors_info=\u00bb{}\u00bb]<\/p>\n<p>No es necesario tener el \u00faltimo modelo o una moto de alta cilindrada para disfrutar de nuestros viajes. Lo importante es contar con una moto c\u00f3moda, lo suficientemente potente como para subir caminos de monta\u00f1a con equipaje y, si es el caso, un acompa\u00f1ante. Recomendamos motos tipo <em>trail<\/em> por su comodidad y versatilidad, aunque una moto de carretera bien equipada tambi\u00e9n ser\u00e1 perfectamente adecuada.<\/p>\n<p>[\/et_pb_toggle][et_pb_toggle title=\u00bb\u00bfPuedo viajar con un acompa\u00f1ante?\u00bb open_toggle_text_color=\u00bb#000000&#8243; open_toggle_background_color=\u00bb#F7F7F7&#8243; closed_toggle_background_color=\u00bb#F7F7F7&#8243; icon_color=\u00bb#B94E40&#8243; open_icon_color=\u00bb#B94E40&#8243; _builder_version=\u00bb4.27.4&#8243; _module_preset=\u00bbdefault\u00bb title_text_color=\u00bb#000000&#8243; title_level=\u00bbh2&#8243; title_font=\u00bb|700|||||||\u00bb title_font_size=\u00bb16px\u00bb custom_margin=\u00bb||20px||false|false\u00bb border_radii=\u00bbon|20px|20px|20px|20px\u00bb global_colors_info=\u00bb{}\u00bb]<\/p>\n<p>Por supuesto, y sin problemas. Sin embargo, se recomienda tener experiencia previa en el manejo con acompa\u00f1ante en \u00e1reas monta\u00f1osas.<\/p>\n<p>[\/et_pb_toggle][\/et_pb_column][et_pb_column type=\u00bb1_2&#8243; _builder_version=\u00bb4.27.4&#8243; _module_preset=\u00bbdefault\u00bb global_colors_info=\u00bb{}\u00bb][et_pb_toggle title=\u00bb\u00bfQu\u00e9 distancias recorreremos en estos viajes?\u00bb open_toggle_text_color=\u00bb#000000&#8243; open_toggle_background_color=\u00bb#F7F7F7&#8243; closed_toggle_background_color=\u00bb#F7F7F7&#8243; icon_color=\u00bb#B94E40&#8243; open_icon_color=\u00bb#B94E40&#8243; _builder_version=\u00bb4.27.4&#8243; _module_preset=\u00bbdefault\u00bb title_text_color=\u00bb#000000&#8243; title_level=\u00bbh2&#8243; title_font=\u00bb|700|||||||\u00bb title_font_size=\u00bb16px\u00bb custom_margin=\u00bb||20px||false|false\u00bb border_radii=\u00bbon|20px|20px|20px|20px\u00bb global_colors_info=\u00bb{}\u00bb]<\/p>\n<p>Las distancias var\u00edan seg\u00fan el viaje, tal como se indica en la p\u00e1gina de destinos. Podremos recorrer aproximadamente 1,650 km en un circuito de 9 d\u00edas en Andaluc\u00eda, y hasta 3,300 km en los itinerarios m\u00e1s largos en Marruecos. Las distancias diarias oscilar\u00e1n entre 100 y 500 km, dependiendo de las etapas.<\/p>\n<p>[\/et_pb_toggle][et_pb_toggle title=\u00bb\u00bfPuedo alquilar una moto si no tengo una propia?\u00bb open_toggle_text_color=\u00bb#000000&#8243; open_toggle_background_color=\u00bb#F7F7F7&#8243; closed_toggle_background_color=\u00bb#F7F7F7&#8243; icon_color=\u00bb#B94E40&#8243; open_icon_color=\u00bb#B94E40&#8243; _builder_version=\u00bb4.27.4&#8243; _module_preset=\u00bbdefault\u00bb title_text_color=\u00bb#000000&#8243; title_level=\u00bbh2&#8243; title_font=\u00bb|700|||||||\u00bb title_font_size=\u00bb16px\u00bb custom_margin=\u00bb||20px||false|false\u00bb border_radii=\u00bbon|20px|20px|20px|20px\u00bb global_colors_info=\u00bb{}\u00bb]<\/p>\n<p>Generalmente, los participantes viajan con su propia moto. No obstante, es totalmente posible alquilar una si lo prefieres. En la descripci\u00f3n de cada viaje encontrar\u00e1s enlaces para contactar directamente a nuestros socios, quienes ofrecen motos en alquiler desde M\u00e1laga.<\/p>\n<p>[\/et_pb_toggle][et_pb_toggle title=\u00bb\u00bfPuedo enviar mi moto a M\u00e1laga para comenzar el viaje all\u00ed?\u00bb open_toggle_text_color=\u00bb#000000&#8243; open_toggle_background_color=\u00bb#F7F7F7&#8243; closed_toggle_background_color=\u00bb#F7F7F7&#8243; icon_color=\u00bb#B94E40&#8243; open_icon_color=\u00bb#B94E40&#8243; _builder_version=\u00bb4.27.4&#8243; _module_preset=\u00bbdefault\u00bb title_text_color=\u00bb#000000&#8243; title_level=\u00bbh2&#8243; title_font=\u00bb|700|||||||\u00bb title_font_size=\u00bb15px\u00bb custom_margin=\u00bb||20px||false|false\u00bb border_radii=\u00bbon|20px|20px|20px|20px\u00bb global_colors_info=\u00bb{}\u00bb]<\/p>\n<p>Esta opci\u00f3n es totalmente viable, ya que te permite ahorrar tiempo y conservar tu energ\u00eda si vienes desde lejos. En cada descripci\u00f3n de viaje encontrar\u00e1s enlaces para contactar a nuestros socios que ofrecen este servicio. A modo de referencia, el costo de transporte entre Par\u00eds y M\u00e1laga es de aproximadamente 450 \u20ac, y 250 \u20ac para un trayecto entre Burgos y M\u00e1laga.<\/p>\n<p>[\/et_pb_toggle][\/et_pb_column][\/et_pb_row][et_pb_row column_structure=\u00bb1_2,1_2&#8243; use_custom_gutter=\u00bbon\u00bb gutter_width=\u00bb2&#8243; _builder_version=\u00bb4.27.4&#8243; _module_preset=\u00bbdefault\u00bb global_colors_info=\u00bb{}\u00bb][et_pb_column type=\u00bb1_2&#8243; _builder_version=\u00bb4.27.4&#8243; _module_preset=\u00bbdefault\u00bb global_colors_info=\u00bb{}\u00bb][et_pb_toggle title=\u00bb\u00bfQu\u00e9 est\u00e1 incluido y qu\u00e9 no en los viajes F\u00f3rmula Guiada?\u00bb open_toggle_text_color=\u00bb#000000&#8243; open_toggle_background_color=\u00bb#F7F7F7&#8243; closed_toggle_background_color=\u00bb#F7F7F7&#8243; icon_color=\u00bb#B94E40&#8243; open_icon_color=\u00bb#B94E40&#8243; _builder_version=\u00bb4.27.5&#8243; _module_preset=\u00bbdefault\u00bb title_text_color=\u00bb#000000&#8243; title_level=\u00bbh2&#8243; title_font=\u00bb|700|||||||\u00bb title_font_size=\u00bb16px\u00bb custom_margin=\u00bb||20px||false|false\u00bb hover_enabled=\u00bb0&#8243; border_radii=\u00bbon|20px|20px|20px|20px\u00bb global_colors_info=\u00bb{}\u00bb sticky_enabled=\u00bb0&#8243;]<\/p>\n<p><strong><b>\u2705 <\/b>Incluye:<\/strong><\/p>\n<ul>\n<li>Ferris de ida y vuelta entre Algeciras y T\u00e1nger Med.<\/li>\n<li><span role=\"presentation\" class=\"elementToProof\">Seguros sanitario, repatriaci\u00f3n y responsabilidad civil.<\/span><\/li>\n<li>Un gu\u00eda principal experto, que viaja en moto.<\/li>\n<li>Veh\u00edculo de apoyo con un gu\u00eda marroqu\u00ed (garantizado con 6 motos inscritas).<\/li>\n<li>Alojamiento en hoteles de calidad o en kasbahs.<\/li>\n<li>Parkings seguros en los hoteles.<\/li>\n<li>Media pensi\u00f3n, y picnic con bebidas no alcoh\u00f3licas seg\u00fan las etapas.<\/li>\n<li>Actividades variadas (visitas guiadas, circuitos en 4&#215;4, paseos en dromedario, etc.).<\/li>\n<li>Reportaje fotogr\u00e1fico, roadbook y trazas GPX.<\/li>\n<li>Regalos de bienvenida.<\/li>\n<li>Aperitivo de fin de viaje.<\/li>\n<\/ul>\n<p>\u274c <strong>No incluye:<\/strong><\/p>\n<ul>\n<li>Moto del participante.<\/li>\n<li>Vuelos.<\/li>\n<li>Entradas a monumentos y visitas no especificadas.<\/li>\n<li>Almuerzos.<\/li>\n<li>Combustible de la moto.<\/li>\n<li>Peajes.<\/li>\n<li>Bebidas alcoh\u00f3licas, propinas, gastos personales, multas, etc.<\/li>\n<\/ul>\n<p>[\/et_pb_toggle][et_pb_toggle title=\u00bb\u00bfQu\u00e9 est\u00e1 incluido y qu\u00e9 no en los viajes F\u00f3rmula Libre?\u00bb open_toggle_text_color=\u00bb#000000&#8243; open_toggle_background_color=\u00bb#F7F7F7&#8243; closed_toggle_background_color=\u00bb#F7F7F7&#8243; icon_color=\u00bb#B94E40&#8243; open_icon_color=\u00bb#B94E40&#8243; _builder_version=\u00bb4.27.5&#8243; _module_preset=\u00bbdefault\u00bb title_text_color=\u00bb#000000&#8243; title_level=\u00bbh2&#8243; title_font=\u00bb|700|||||||\u00bb title_font_size=\u00bb16px\u00bb custom_margin=\u00bb||20px||false|false\u00bb hover_enabled=\u00bb0&#8243; border_radii=\u00bbon|20px|20px|20px|20px\u00bb global_colors_info=\u00bb{}\u00bb sticky_enabled=\u00bb0&#8243;]<\/p>\n<p><strong><b>\u2705 <\/b>Incluye:<\/strong><\/p>\n<ul>\n<li>Ferris de ida y vuelta entre Algeciras y T\u00e1nger Med.<\/li>\n<li><span role=\"presentation\" class=\"elementToProof\">Seguros sanitario, repatriaci\u00f3n y responsabilidad civil.<\/span><\/li>\n<li>Alojamiento en hoteles o kasbahs de calidad.<\/li>\n<li>Parkings seguros.<\/li>\n<li>Media pensi\u00f3n.<\/li>\n<li>Actividades variadas.<\/li>\n<li>Roadbook y trazas GPX.<\/li>\n<li>Regalos de bienvenida.<\/li>\n<\/ul>\n<p>\u274c <strong>No incluye:<\/strong><\/p>\n<ul><\/ul>\n<ul>\n<li>Moto del participante.<\/li>\n<li>Vuelos.<\/li>\n<li>Entradas a monumentos y visitas no especificadas.<\/li>\n<li>Almuerzos.<\/li>\n<li>Combustible de la moto.<\/li>\n<li>Peajes.<\/li>\n<li>Bebidas alcoh\u00f3licas, propinas, gastos personales, multas, etc.<\/li>\n<\/ul>\n<p>[\/et_pb_toggle][et_pb_toggle title=\u00bb\u00bfQu\u00e9 documentos se necesitan para viajar a Marruecos?\u00bb open_toggle_text_color=\u00bb#000000&#8243; open_toggle_background_color=\u00bb#F7F7F7&#8243; closed_toggle_background_color=\u00bb#F7F7F7&#8243; icon_color=\u00bb#B94E40&#8243; open_icon_color=\u00bb#B94E40&#8243; _builder_version=\u00bb4.27.4&#8243; _module_preset=\u00bbdefault\u00bb title_text_color=\u00bb#000000&#8243; title_level=\u00bbh2&#8243; title_font=\u00bb|700|||||||\u00bb title_font_size=\u00bb16px\u00bb custom_margin=\u00bb||20px||false|false\u00bb border_radii=\u00bbon|20px|20px|20px|20px\u00bb global_colors_info=\u00bb{}\u00bb]<\/p>\n<p>Para entrar y viajar en Marruecos, deber\u00e1s llevar los siguientes documentos:<\/p>\n<ul>\n<li>Pasaporte v\u00e1lido por m\u00e1s de 6 meses con al menos 4 p\u00e1ginas libres.<\/li>\n<li>Visa para ciertos pa\u00edses (ver <span><a href=\"https:\/\/diplomatie.ma\/en\/visiting-morocco\" target=\"_blank\" rel=\"noopener\">https:\/\/diplomatie.ma<\/a><\/span>).<\/li>\n<li>Documentos de la moto con inspecci\u00f3n t\u00e9cnica vigente.<\/li>\n<li>La tarjeta verde del seguro de la moto.<\/li>\n<li>Autorizaci\u00f3n firmada del propietario de la moto si no est\u00e1 a tu nombre.<\/li>\n<li>Documentos entregados por la agencia en caso de alquilar una moto.<\/li>\n<li>Certificados de seguro de salud y repatriaci\u00f3n.<\/li>\n<\/ul>\n<p>Una vez a bordo del ferry, los servicios de aduanas te pedir\u00e1n que completes un formulario, que deber\u00e1s presentar junto con tu pasaporte en la oficina de registro. A tu llegada a Marruecos, tambi\u00e9n ser\u00e1 necesario pasar por aduanas con la moto antes de unirse a nuestro gu\u00eda y comenzar la aventura. Todos los documentos mencionados anteriormente deber\u00e1n ser presentados en la aduana para obtener el permiso de entrada temporal del veh\u00edculo.<\/p>\n<p><strong>Consejo:<\/strong> Antes de tu partida, escanea todos tus documentos y env\u00edalos a tu correo electr\u00f3nico para facilitar los tr\u00e1mites en caso de p\u00e9rdida.<\/p>\n<p>[\/et_pb_toggle][\/et_pb_column][et_pb_column type=\u00bb1_2&#8243; _builder_version=\u00bb4.27.4&#8243; _module_preset=\u00bbdefault\u00bb global_colors_info=\u00bb{}\u00bb][et_pb_toggle title=\u00bb\u00bfQu\u00e9 documentos necesito para viajar a Espa\u00f1a y Portugal?\u00bb open_toggle_text_color=\u00bb#000000&#8243; open_toggle_background_color=\u00bb#F7F7F7&#8243; closed_toggle_background_color=\u00bb#F7F7F7&#8243; icon_color=\u00bb#B94E40&#8243; open_icon_color=\u00bb#B94E40&#8243; _builder_version=\u00bb4.27.4&#8243; _module_preset=\u00bbdefault\u00bb title_text_color=\u00bb#000000&#8243; title_level=\u00bbh2&#8243; title_font=\u00bb|700|||||||\u00bb title_font_size=\u00bb15px\u00bb custom_margin=\u00bb||20px||false|false\u00bb border_radii=\u00bbon|20px|20px|20px|20px\u00bb global_colors_info=\u00bb{}\u00bb]<\/p>\n<p>Para ingresar y viajar por Espa\u00f1a o Portugal, deber\u00e1 contar con los siguientes documentos:<\/p>\n<ul>\n<li>Pasaporte con una vigencia de m\u00e1s de 6 meses y un m\u00ednimo de 4 p\u00e1ginas en blanco para los no residentes del espacio Schengen (consulte este sitio para m\u00e1s informaci\u00f3n: <span><a href=\"https:\/\/european-union.europa.eu\/live-work-study\/travelling-eu_es\" target=\"_blank\" rel=\"noopener\">https:\/\/european-union.europa.eu\/live-work-study\/travelling-eu_es<\/a><\/span>)<\/li>\n<li>Visa para no residentes del espacio Schengen (consulte este sitio para m\u00e1s informaci\u00f3n: <span><a href=\"https:\/\/european-union.europa.eu\/live-work-study\/travelling-eu_es\" target=\"_blank\" rel=\"noopener\">https:\/\/european-union.europa.eu\/live-work-study\/travelling-eu_es<\/a><\/span>)<\/li>\n<li>Documento de identidad<\/li>\n<li>Papeles de la moto con la inspecci\u00f3n t\u00e9cnica vigente<\/li>\n<li>Tarjeta verde de seguro de la moto (verifique que su aseguradora cubra su viaje en Europa)<\/li>\n<li>Autorizaci\u00f3n firmada por el propietario del veh\u00edculo acompa\u00f1ada de una copia de su documento de identidad si la moto no est\u00e1 a su nombre (no obligatorio, pero recomendable si es necesario)<\/li>\n<li>Certificados de seguro m\u00e9dico y de repatriaci\u00f3n<\/li>\n<\/ul>\n<p><strong>Consejo<\/strong>: Antes de salir, escanee todos sus documentos y env\u00edelos a su correo electr\u00f3nico. En caso de p\u00e9rdida, esta precauci\u00f3n facilitar\u00e1 los tr\u00e1mites ante el consulado o la embajada de su pa\u00eds.<\/p>\n<p>[\/et_pb_toggle][et_pb_toggle title=\u00bb\u00bfEs seguro viajar a Marruecos?\u00bb open_toggle_text_color=\u00bb#000000&#8243; open_toggle_background_color=\u00bb#F7F7F7&#8243; closed_toggle_background_color=\u00bb#F7F7F7&#8243; icon_color=\u00bb#B94E40&#8243; open_icon_color=\u00bb#B94E40&#8243; _builder_version=\u00bb4.27.4&#8243; _module_preset=\u00bbdefault\u00bb title_text_color=\u00bb#000000&#8243; title_level=\u00bbh2&#8243; title_font=\u00bb|700|||||||\u00bb title_font_size=\u00bb16px\u00bb custom_margin=\u00bb||20px||false|false\u00bb border_radii=\u00bbon|20px|20px|20px|20px\u00bb global_colors_info=\u00bb{}\u00bb]<\/p>\n<p>El turismo es una de las principales fuentes de ingresos de Marruecos, y el gobierno se esfuerza en hacer del pa\u00eds un destino tur\u00edstico de primer nivel, especialmente para los europeos. En este sentido, las autoridades marroqu\u00edes prestan especial atenci\u00f3n a la acogida y el bienestar de los visitantes. Contrario a ciertos prejuicios, los marroqu\u00edes suelen ser amables y honestos. Esto puede apreciarse no solo en los comerciantes, sino tambi\u00e9n en la interacci\u00f3n con la poblaci\u00f3n local e incluso con la polic\u00eda. Durante nuestras pausas, no es raro que un autom\u00f3vil se detenga para asegurarse de que todo est\u00e9 bien o para ofrecernos una botella de agua en d\u00edas calurosos.<\/p>\n<p>Dicho esto, es importante mantener las precauciones habituales de seguridad al viajar, como en cualquier otro pa\u00eds. Las motos, por su parte, se estacionar\u00e1n en lugares seguros durante la noche.<\/p>\n<p>[\/et_pb_toggle][et_pb_toggle title=\u00bb\u00bfEs seguro viajar a Espa\u00f1a y Portugal?\u00bb open_toggle_text_color=\u00bb#000000&#8243; open_toggle_background_color=\u00bb#F7F7F7&#8243; closed_toggle_background_color=\u00bb#F7F7F7&#8243; icon_color=\u00bb#B94E40&#8243; open_icon_color=\u00bb#B94E40&#8243; _builder_version=\u00bb4.27.4&#8243; _module_preset=\u00bbdefault\u00bb title_text_color=\u00bb#000000&#8243; title_level=\u00bbh2&#8243; title_font=\u00bb|700|||||||\u00bb title_font_size=\u00bb16px\u00bb custom_margin=\u00bb||20px||false|false\u00bb border_radii=\u00bbon|20px|20px|20px|20px\u00bb global_colors_info=\u00bb{}\u00bb]<\/p>\n<p>Viajar por Espa\u00f1a y Portugal no presenta mayores problemas. Portugal es considerado uno de los pa\u00edses m\u00e1s seguros de Europa, mientras que Espa\u00f1a tambi\u00e9n goza de una buena reputaci\u00f3n en cuanto a seguridad. En ambos pa\u00edses, encontrar\u00e1 una acogida c\u00e1lida y amistosa de parte de la poblaci\u00f3n local.<\/p>\n<p>Dicho esto, es importante mantener las medidas de seguridad habituales, especialmente en \u00e1reas tur\u00edsticas principales donde pueden ocurrir robos de carteras, especialmente en metros y tranv\u00edas. Las motos, al igual que en Marruecos, se estacionar\u00e1n en lugares seguros durante la noche.<\/p>\n<p>[\/et_pb_toggle][\/et_pb_column][\/et_pb_row][et_pb_row column_structure=\u00bb1_2,1_2&#8243; use_custom_gutter=\u00bbon\u00bb gutter_width=\u00bb2&#8243; _builder_version=\u00bb4.27.4&#8243; _module_preset=\u00bbdefault\u00bb global_colors_info=\u00bb{}\u00bb][et_pb_column type=\u00bb1_2&#8243; _builder_version=\u00bb4.27.4&#8243; _module_preset=\u00bbdefault\u00bb global_colors_info=\u00bb{}\u00bb][et_pb_toggle title=\u00bb\u00bfQu\u00e9 fechas est\u00e1n disponibles?\u00bb open_toggle_text_color=\u00bb#000000&#8243; open_toggle_background_color=\u00bb#F7F7F7&#8243; closed_toggle_background_color=\u00bb#F7F7F7&#8243; icon_color=\u00bb#B94E40&#8243; open_icon_color=\u00bb#B94E40&#8243; _builder_version=\u00bb4.27.4&#8243; _module_preset=\u00bbdefault\u00bb title_text_color=\u00bb#000000&#8243; title_level=\u00bbh2&#8243; title_font=\u00bb|700|||||||\u00bb title_font_size=\u00bb16px\u00bb custom_margin=\u00bb||20px||false|false\u00bb border_radii=\u00bbon|20px|20px|20px|20px\u00bb global_colors_info=\u00bb{}\u00bb]<\/p>\n<p>El calendario completo de nuestros viajes en formato de grupo est\u00e1 disponible en la p\u00e1gina principal de nuestro sitio web. En general, las salidas est\u00e1n programadas de marzo a noviembre de cada a\u00f1o.<\/p>\n<p>Adem\u00e1s, tambi\u00e9n ofrecemos viajes a medida. Seg\u00fan sus objetivos y preferencias, le aconsejaremos sobre el mejor momento para realizar su viaje personalizado. Puede usar el formulario de contacto para viajes a medida y compartir su proyecto con nosotros.<\/p>\n<p>[\/et_pb_toggle][et_pb_toggle title=\u00bb\u00bfDeber\u00eda adaptarme al ritmo del grupo?\u00bb open_toggle_text_color=\u00bb#000000&#8243; open_toggle_background_color=\u00bb#F7F7F7&#8243; closed_toggle_background_color=\u00bb#F7F7F7&#8243; icon_color=\u00bb#B94E40&#8243; open_icon_color=\u00bb#B94E40&#8243; _builder_version=\u00bb4.27.4&#8243; _module_preset=\u00bbdefault\u00bb title_text_color=\u00bb#000000&#8243; title_level=\u00bbh2&#8243; title_font=\u00bb|700|||||||\u00bb title_font_size=\u00bb16px\u00bb custom_margin=\u00bb||20px||false|false\u00bb border_radii=\u00bbon|20px|20px|20px|20px\u00bb global_colors_info=\u00bb{}\u00bb]<\/p>\n<p>Tendr\u00e1 la libertad de viajar a su propio ritmo. Nuestros viajes no son competencias, sino aventuras centradas en el disfrute y la exploraci\u00f3n. El gu\u00eda en la cabecera del grupo mantendr\u00e1 un ritmo constante, adaptado al tr\u00e1fico, al clima y al estado de la carretera. El veh\u00edculo de apoyo siempre ir\u00e1 al final del grupo para esperar a quienes deseen hacer una pausa para fotos, una pausa natural o simplemente estirar las piernas. Para mayor seguridad, tambi\u00e9n tendr\u00e1 los n\u00fameros de tel\u00e9fono de los dos gu\u00edas, los trazados GPX de la ruta y un roadbook con todos los detalles de cada etapa (itinerario, paisajes, hoteles, restaurantes, posibles peligros y contactos \u00fatiles).<\/p>\n<p>[\/et_pb_toggle][et_pb_toggle title=\u00bb\u00bfCu\u00e1ntas motos participar\u00e1n en cada viaje?\u00bb open_toggle_text_color=\u00bb#000000&#8243; open_toggle_background_color=\u00bb#F7F7F7&#8243; closed_toggle_background_color=\u00bb#F7F7F7&#8243; icon_color=\u00bb#B94E40&#8243; open_icon_color=\u00bb#B94E40&#8243; _builder_version=\u00bb4.27.4&#8243; _module_preset=\u00bbdefault\u00bb title_text_color=\u00bb#000000&#8243; title_level=\u00bbh2&#8243; title_font=\u00bb|700|||||||\u00bb title_font_size=\u00bb16px\u00bb custom_margin=\u00bb||20px||false|false\u00bb border_radii=\u00bbon|20px|20px|20px|20px\u00bb global_colors_info=\u00bb{}\u00bb]<\/p>\n<p>Priorizamos grupos peque\u00f1os para cada aventura, con un m\u00e1ximo de 5 a 10 motos, siendo 8 el n\u00famero ideal para una experiencia de viaje \u00f3ptima. Esta preferencia favorece la cohesi\u00f3n y convivencia en el grupo, facilita intercambios aut\u00e9nticos y permite un trayecto m\u00e1s fluido y agradable. Viajar en grupo reducido tambi\u00e9n permite disfrutar plenamente del paisaje, detenerse f\u00e1cilmente para apreciar vistas y compartir momentos especiales. A partir de 8 motos inscritas, el veh\u00edculo de asistencia est\u00e1 garantizado para acompa\u00f1ar al grupo, brindando tranquilidad adicional.<\/p>\n<p>[\/et_pb_toggle][\/et_pb_column][et_pb_column type=\u00bb1_2&#8243; _builder_version=\u00bb4.27.4&#8243; _module_preset=\u00bbdefault\u00bb global_colors_info=\u00bb{}\u00bb][et_pb_toggle title=\u00bb\u00bfCu\u00e1l ser\u00e1 la frecuencia de las pausas?\u00bb open_toggle_text_color=\u00bb#000000&#8243; open_toggle_background_color=\u00bb#F7F7F7&#8243; closed_toggle_background_color=\u00bb#F7F7F7&#8243; icon_color=\u00bb#B94E40&#8243; open_icon_color=\u00bb#B94E40&#8243; _builder_version=\u00bb4.27.4&#8243; _module_preset=\u00bbdefault\u00bb title_text_color=\u00bb#000000&#8243; title_level=\u00bbh2&#8243; title_font=\u00bb|700|||||||\u00bb title_font_size=\u00bb16px\u00bb custom_margin=\u00bb||20px||false|false\u00bb border_radii=\u00bbon|20px|20px|20px|20px\u00bb global_colors_info=\u00bb{}\u00bb]<\/p>\n<p>Planificamos pausas aproximadamente cada dos horas. Sin embargo, adem\u00e1s de las secciones des\u00e9rticas, poco pobladas y sin infraestructura, se programar\u00e1n tambi\u00e9n paradas panor\u00e1micas y t\u00e9cnicas, principalmente para reabastecimiento de combustible.<\/p>\n<p>[\/et_pb_toggle][et_pb_toggle title=\u00bb\u00bfEs f\u00e1cil repostar en Marruecos?\u00bb open_toggle_text_color=\u00bb#000000&#8243; open_toggle_background_color=\u00bb#F7F7F7&#8243; closed_toggle_background_color=\u00bb#F7F7F7&#8243; icon_color=\u00bb#B94E40&#8243; open_icon_color=\u00bb#B94E40&#8243; _builder_version=\u00bb4.27.4&#8243; _module_preset=\u00bbdefault\u00bb title_text_color=\u00bb#000000&#8243; title_level=\u00bbh2&#8243; title_font=\u00bb|700|||||||\u00bb title_font_size=\u00bb16px\u00bb custom_margin=\u00bb||20px||false|false\u00bb border_radii=\u00bbon|20px|20px|20px|20px\u00bb global_colors_info=\u00bb{}\u00bb]<\/p>\n<p>S\u00ed, es muy f\u00e1cil. En los \u00faltimos a\u00f1os, el n\u00famero de gasolineras ha aumentado considerablemente. Es raro recorrer m\u00e1s de 100 km sin encontrar una, excepto en recorridos fuera de carretera por zonas des\u00e9rticas y aisladas. De todas formas, el veh\u00edculo de apoyo llevar\u00e1 algunos bidones de combustible de reserva y las estaciones disponibles en nuestra ruta estar\u00e1n identificadas para asegurar un suministro constante.<\/p>\n<p>[\/et_pb_toggle][et_pb_toggle title=\u00bb\u00bfC\u00f3mo se desarrolla una etapa?\u00bb open_toggle_text_color=\u00bb#000000&#8243; open_toggle_background_color=\u00bb#F7F7F7&#8243; closed_toggle_background_color=\u00bb#F7F7F7&#8243; icon_color=\u00bb#B94E40&#8243; open_icon_color=\u00bb#B94E40&#8243; _builder_version=\u00bb4.27.4&#8243; _module_preset=\u00bbdefault\u00bb title_text_color=\u00bb#000000&#8243; title_level=\u00bbh2&#8243; title_font=\u00bb|700|||||||\u00bb title_font_size=\u00bb16px\u00bb custom_margin=\u00bb||20px||false|false\u00bb border_radii=\u00bbon|20px|20px|20px|20px\u00bb global_colors_info=\u00bb{}\u00bb]<\/p>\n<p>El d\u00eda comienza alrededor de las 8:30 o 9:00 despu\u00e9s de una breve reuni\u00f3n para explicar la etapa del d\u00eda. Repasaremos las paradas previstas, el almuerzo, los puntos de abastecimiento, las visitas y lugares estrat\u00e9gicos, as\u00ed como posibles peligros y precauciones necesarias. Tambi\u00e9n se recordar\u00e1n las normas de seguridad, tanto para la seguridad individual como del grupo, as\u00ed como el respeto a otros usuarios y a la poblaci\u00f3n local al pasar por \u00e1reas urbanas.<\/p>\n<p>Por lo general, llegaremos al hotel entre las 15:00 y las 18:00, dependiendo de la etapa. Esto nos permitir\u00e1 relajarnos, disfrutar de la piscina con una bebida refrescante y explorar los alrededores.<\/p>\n<p>[\/et_pb_toggle][\/et_pb_column][\/et_pb_row][et_pb_row column_structure=\u00bb1_2,1_2&#8243; use_custom_gutter=\u00bbon\u00bb gutter_width=\u00bb2&#8243; _builder_version=\u00bb4.27.4&#8243; _module_preset=\u00bbdefault\u00bb global_colors_info=\u00bb{}\u00bb][et_pb_column type=\u00bb1_2&#8243; _builder_version=\u00bb4.27.4&#8243; _module_preset=\u00bbdefault\u00bb global_colors_info=\u00bb{}\u00bb][et_pb_toggle title=\u00bb\u00bfDeber\u00eda llevar comida o bebida durante las etapas?\u00bb open_toggle_text_color=\u00bb#000000&#8243; open_toggle_background_color=\u00bb#F7F7F7&#8243; closed_toggle_background_color=\u00bb#F7F7F7&#8243; icon_color=\u00bb#B94E40&#8243; open_icon_color=\u00bb#B94E40&#8243; _builder_version=\u00bb4.27.4&#8243; _module_preset=\u00bbdefault\u00bb title_text_color=\u00bb#000000&#8243; title_level=\u00bbh2&#8243; title_font=\u00bb|700|||||||\u00bb title_font_size=\u00bb16px\u00bb custom_margin=\u00bb||20px||false|false\u00bb border_radii=\u00bbon|20px|20px|20px|20px\u00bb global_colors_info=\u00bb{}\u00bb]<\/p>\n<p>Habr\u00e1 botellas de agua fresca disponibles en el veh\u00edculo de apoyo para todos los participantes. Tambi\u00e9n puede llevar otras bebidas (las bebidas alcoh\u00f3licas est\u00e1n prohibidas durante los trayectos) y snacks si lo desea. Recomendamos especialmente las barras de cereal, ideales para etapas largas.<\/p>\n<p>[\/et_pb_toggle][et_pb_toggle title=\u00bb\u00bfPuedo contar con la organizaci\u00f3n en caso de aver\u00eda de mi moto?\u00bb open_toggle_text_color=\u00bb#000000&#8243; open_toggle_background_color=\u00bb#F7F7F7&#8243; closed_toggle_background_color=\u00bb#F7F7F7&#8243; icon_color=\u00bb#B94E40&#8243; open_icon_color=\u00bb#B94E40&#8243; _builder_version=\u00bb4.27.4&#8243; _module_preset=\u00bbdefault\u00bb title_text_color=\u00bb#000000&#8243; title_level=\u00bbh2&#8243; title_font=\u00bb|700|||||||\u00bb title_font_size=\u00bb16px\u00bb custom_margin=\u00bb||20px||false|false\u00bb border_radii=\u00bbon|20px|20px|20px|20px\u00bb global_colors_info=\u00bb{}\u00bb]<\/p>\n<p>En caso de aver\u00eda durante una etapa, el veh\u00edculo de asistencia cuenta con herramientas y conocimientos t\u00e9cnicos para reparar fallas relativamente simples. Si la moto queda inmovilizada de forma definitiva, organizaremos su traslado al taller m\u00e1s cercano y competente. Hemos identificado previamente los talleres disponibles en cada etapa.<\/p>\n<p>El piloto y su pasajero podr\u00e1n continuar el viaje en el veh\u00edculo de apoyo con Lahcen. Aunque nuestra organizaci\u00f3n no se hace responsable de las aver\u00edas de las motos de los participantes, asumimos la responsabilidad de buscar soluciones para resolver la situaci\u00f3n.<br \/>Para anticipar posibles aver\u00edas, agradecemos que verifique o revise su moto seg\u00fan las recomendaciones de su manual de mantenimiento.<\/p>\n<p>Tambi\u00e9n es importante comprender lo que est\u00e1 cubierto y lo que no en su contrato de seguro, especialmente en lo que respecta a los gastos de remolque y, eventualmente, el traslado de su moto. Si tiene dudas, le aconsejamos contactar a su compa\u00f1\u00eda de seguros para aclarar estos puntos.<\/p>\n<p>[\/et_pb_toggle][et_pb_toggle title=\u00bb\u00bfQu\u00e9 debo llevar en cuanto a ropa y equipos de protecci\u00f3n?\u00bb open_toggle_text_color=\u00bb#000000&#8243; open_toggle_background_color=\u00bb#F7F7F7&#8243; closed_toggle_background_color=\u00bb#F7F7F7&#8243; icon_color=\u00bb#B94E40&#8243; open_icon_color=\u00bb#B94E40&#8243; _builder_version=\u00bb4.27.4&#8243; _module_preset=\u00bbdefault\u00bb title_text_color=\u00bb#000000&#8243; title_level=\u00bbh2&#8243; title_font=\u00bb|700|||||||\u00bb title_font_size=\u00bb16px\u00bb custom_margin=\u00bb||20px||false|false\u00bb border_radii=\u00bbon|20px|20px|20px|20px\u00bb global_colors_info=\u00bb{}\u00bb]<\/p>\n<p>No podemos imponerle qu\u00e9 debe llevar, pero insistimos firmemente en la importancia de las protecciones individuales. El casco y un par de guantes son indispensables y evidentes, pero se recomienda un conjunto homologado compuesto de pantal\u00f3n y chaqueta reforzados. Es cierto que puede hacer calor, pero las ca\u00eddas no consideran las condiciones clim\u00e1ticas. Adem\u00e1s, un par de botas no debe ser considerado como un equipo opcional; en caso de ca\u00edda, pueden salvar su viaje y evitar un traslado.<\/p>\n<p>En cuanto a la ropa, le aconsejamos la siguiente lista por persona:<\/p>\n<ul>\n<li>4 camisetas de secado r\u00e1pido<\/li>\n<li>1 camisa o 1 polo para los restaurantes<\/li>\n<li>5 pares de calcetines altos<\/li>\n<li>3 pares de calcetines bajos<\/li>\n<li>Ropa interior<\/li>\n<li>1 pantal\u00f3n<\/li>\n<li>1 pantal\u00f3n corto<\/li>\n<li>1 bolsa para ropa sucia<\/li>\n<li>1 traje de ba\u00f1o con toalla de secado r\u00e1pido<\/li>\n<li>1 par de zapatillas o zapatos c\u00f3modos pero ligeros<\/li>\n<li>1 polar<\/li>\n<li>1 gorra<\/li>\n<li>1 par de gafas de sol<\/li>\n<li>1 pa\u00f1uelo ligero para protegerse del viento<\/li>\n<li>1 casco<\/li>\n<li>1 par de botas o botines para moto<\/li>\n<li>1 par de guantes c\u00e1lidos y ligeros<\/li>\n<li>1 conjunto reforzado (pantal\u00f3n y chaqueta de moto)<\/li>\n<li>1 traje de lluvia si el equipo no es impermeable<\/li>\n<li>1 tubo de protector solar<\/li>\n<li>1 kit de aseo<\/li>\n<li>Tapones para los o\u00eddos<\/li>\n<li><span>2 o 3 paquetes de pa\u00f1uelos<\/span><\/li>\n<li>1 chaleco reflectante<\/li>\n<\/ul>\n<p>[\/et_pb_toggle][\/et_pb_column][et_pb_column type=\u00bb1_2&#8243; _builder_version=\u00bb4.27.4&#8243; _module_preset=\u00bbdefault\u00bb global_colors_info=\u00bb{}\u00bb][et_pb_toggle title=\u00bb\u00bfQu\u00e9 otros equipos personales debo llevar?\u00bb open_toggle_text_color=\u00bb#000000&#8243; open_toggle_background_color=\u00bb#F7F7F7&#8243; closed_toggle_background_color=\u00bb#F7F7F7&#8243; icon_color=\u00bb#B94E40&#8243; open_icon_color=\u00bb#B94E40&#8243; _builder_version=\u00bb4.27.4&#8243; _module_preset=\u00bbdefault\u00bb title_text_color=\u00bb#000000&#8243; title_level=\u00bbh2&#8243; title_font=\u00bb|700|||||||\u00bb title_font_size=\u00bb16px\u00bb custom_margin=\u00bb||20px||false|false\u00bb border_radii=\u00bbon|20px|20px|20px|20px\u00bb global_colors_info=\u00bb{}\u00bb]<\/p>\n<p>Tendremos a disposici\u00f3n en el veh\u00edculo de asistencia un botiqu\u00edn de primeros auxilios para peque\u00f1os incidentes. Sin embargo, puede llevar:<\/p>\n<ul>\n<li>1 botiqu\u00edn de primeros auxilios (antiem\u00e9tico, antidiarreico, paracetamol, crema antiinflamatoria, vendajes)<\/li>\n<li>1 rollo de papel higi\u00e9nico<\/li>\n<li>1 cuchillo plegable peque\u00f1o<\/li>\n<li>1 linterna frontal<\/li>\n<li>1 Camel Bag<\/li>\n<li>1 m\u00f3vil con la aplicaci\u00f3n Osmand o equivalente para leer las rutas GPX sin conexi\u00f3n<\/li>\n<\/ul>\n<p>[\/et_pb_toggle][et_pb_toggle title=\u00bb\u00bfQu\u00e9 debo llevar para el mantenimiento y reparaci\u00f3n de mi moto?\u00bb open_toggle_text_color=\u00bb#000000&#8243; open_toggle_background_color=\u00bb#F7F7F7&#8243; closed_toggle_background_color=\u00bb#F7F7F7&#8243; icon_color=\u00bb#B94E40&#8243; open_icon_color=\u00bb#B94E40&#8243; _builder_version=\u00bb4.27.4&#8243; _module_preset=\u00bbdefault\u00bb title_text_color=\u00bb#000000&#8243; title_level=\u00bbh2&#8243; title_font=\u00bb|700|||||||\u00bb title_font_size=\u00bb16px\u00bb custom_margin=\u00bb||20px||false|false\u00bb border_radii=\u00bbon|20px|20px|20px|20px\u00bb global_colors_info=\u00bb{}\u00bb]<\/p>\n<p>Por experiencia, le aconsejamos llevar al menos:<\/p>\n<ul>\n<li>Lubricante para cadena con un cepillo de limpieza<\/li>\n<li>Duplicado de las llaves de la moto<\/li>\n<li>Caja de bombillas de repuesto<\/li>\n<li>Iluminaci\u00f3n de emergencia (tipo help flash)<\/li>\n<li>Rollo de cinta americana<\/li>\n<li>Palanca de freno y embrague de repuesto<\/li>\n<\/ul>\n<p>En el veh\u00edculo de asistencia llevaremos lo necesario para realizar peque\u00f1as reparaciones. Disponemos de herramientas, un comprobador el\u00e9ctrico, material para reparar pinchazos, tornillos, tuercas, bridas pl\u00e1sticas, terminales el\u00e9ctricos, correas, etc.<\/p>\n<p>En cada etapa, haremos un chequeo de nuestros veh\u00edculos.<\/p>\n<p>[\/et_pb_toggle][et_pb_toggle title=\u00bb\u00bfC\u00f3mo se transportar\u00e1 mi equipaje?\u00bb open_toggle_text_color=\u00bb#000000&#8243; open_toggle_background_color=\u00bb#F7F7F7&#8243; closed_toggle_background_color=\u00bb#F7F7F7&#8243; icon_color=\u00bb#B94E40&#8243; open_icon_color=\u00bb#B94E40&#8243; _builder_version=\u00bb4.27.4&#8243; _module_preset=\u00bbdefault\u00bb title_text_color=\u00bb#000000&#8243; title_level=\u00bbh2&#8243; title_font=\u00bb|700|||||||\u00bb title_font_size=\u00bb16px\u00bb custom_margin=\u00bb||20px||false|false\u00bb border_radii=\u00bbon|20px|20px|20px|20px\u00bb global_colors_info=\u00bb{}\u00bb]<\/p>\n<p>Durante los viajes, el grueso de nuestras pertenencias para aligerar las motos se transportar\u00e1 en el veh\u00edculo de apoyo, dentro de lo razonable, por supuesto. Pedimos a los participantes que guarden sus efectos personales en bolsas de viaje impermeables, si es posible, con un peso m\u00e1ximo de 10 kg por persona. No obstante, si necesitamos liberar asientos en el veh\u00edculo de apoyo debido a alguna aver\u00eda o para aliviar a un acompa\u00f1ante cansado, por ejemplo, los equipajes deber\u00e1n ser transportados por los participantes.<\/p>\n<p>El transporte de equipajes solo estar\u00e1 disponible durante los viajes en Marruecos desde Chaouen o Larache. En los viajes por Andaluc\u00eda y Portugal, los participantes deber\u00e1n llevar su equipaje y efectos personales.<\/p>\n<p>[\/et_pb_toggle][\/et_pb_column][\/et_pb_row][et_pb_row column_structure=\u00bb1_2,1_2&#8243; use_custom_gutter=\u00bbon\u00bb gutter_width=\u00bb2&#8243; _builder_version=\u00bb4.27.4&#8243; _module_preset=\u00bbdefault\u00bb global_colors_info=\u00bb{}\u00bb][et_pb_column type=\u00bb1_2&#8243; _builder_version=\u00bb4.27.4&#8243; _module_preset=\u00bbdefault\u00bb global_colors_info=\u00bb{}\u00bb][et_pb_toggle title=\u00bb\u00bfEn qu\u00e9 hoteles nos alojaremos?\u00bb open_toggle_text_color=\u00bb#000000&#8243; open_toggle_background_color=\u00bb#F7F7F7&#8243; closed_toggle_background_color=\u00bb#F7F7F7&#8243; icon_color=\u00bb#B94E40&#8243; open_icon_color=\u00bb#B94E40&#8243; _builder_version=\u00bb4.27.4&#8243; _module_preset=\u00bbdefault\u00bb title_text_color=\u00bb#000000&#8243; title_level=\u00bbh2&#8243; title_font=\u00bb|700|||||||\u00bb title_font_size=\u00bb16px\u00bb custom_margin=\u00bb||20px||false|false\u00bb border_radii=\u00bbon|20px|20px|20px|20px\u00bb global_colors_info=\u00bb{}\u00bb]<\/p>\n<p>Hemos seleccionado hoteles de calidad, de entre 3 y 5 estrellas seg\u00fan las etapas (a veces es dif\u00edcil encontrar establecimientos de 4 o 5 estrellas en zonas aisladas), o kasbahs de categor\u00eda equivalente. En la mayor\u00eda de los casos, dispondremos de piscina para poder relajarnos c\u00f3modamente.<\/p>\n<p>El confort y el placer son una de nuestras prioridades, y por ello ofrecemos \u00fanicamente habitaciones individuales. Independientemente del precio, consideramos que el descanso es fundamental para disfrutar plenamente del viaje.<\/p>\n<p>[\/et_pb_toggle][et_pb_toggle title=\u00bb\u00bfCu\u00e1l es la diferencia horaria en Marruecos?\u00bb open_toggle_text_color=\u00bb#000000&#8243; open_toggle_background_color=\u00bb#F7F7F7&#8243; closed_toggle_background_color=\u00bb#F7F7F7&#8243; icon_color=\u00bb#B94E40&#8243; open_icon_color=\u00bb#B94E40&#8243; _builder_version=\u00bb4.27.4&#8243; _module_preset=\u00bbdefault\u00bb title_text_color=\u00bb#000000&#8243; title_level=\u00bbh2&#8243; title_font=\u00bb|700|||||||\u00bb title_font_size=\u00bb16px\u00bb custom_margin=\u00bb||20px||false|false\u00bb border_radii=\u00bbon|20px|20px|20px|20px\u00bb global_colors_info=\u00bb{}\u00bb]<\/p>\n<p>Marruecos tiene una diferencia horaria con la pen\u00ednsula ib\u00e9rica de -1 o -2 horas (UTC+0). Cabe mencionar que los cambios de horario de verano e invierno no se sincronizan con los aplicados en Europa.<\/p>\n<p>[\/et_pb_toggle][et_pb_toggle title=\u00bb\u00bfCu\u00e1l es la diferencia horaria en Espa\u00f1a y Portugal?\u00bb open_toggle_text_color=\u00bb#000000&#8243; open_toggle_background_color=\u00bb#F7F7F7&#8243; closed_toggle_background_color=\u00bb#F7F7F7&#8243; icon_color=\u00bb#B94E40&#8243; open_icon_color=\u00bb#B94E40&#8243; _builder_version=\u00bb4.27.4&#8243; _module_preset=\u00bbdefault\u00bb title_text_color=\u00bb#000000&#8243; title_level=\u00bbh2&#8243; title_font=\u00bb|700|||||||\u00bb title_font_size=\u00bb16px\u00bb custom_margin=\u00bb||20px||false|false\u00bb border_radii=\u00bbon|20px|20px|20px|20px\u00bb global_colors_info=\u00bb{}\u00bb]<\/p>\n<p>Espa\u00f1a se encuentra en el huso horario UTC+1, mientras que Portugal est\u00e1 en UTC+0. Esto significa que deberemos atrasar nuestros relojes una hora al entrar en Portugal.<\/p>\n<p>[\/et_pb_toggle][\/et_pb_column][et_pb_column type=\u00bb1_2&#8243; _builder_version=\u00bb4.27.4&#8243; _module_preset=\u00bbdefault\u00bb global_colors_info=\u00bb{}\u00bb][et_pb_toggle title=\u00bb\u00bfCu\u00e1l es la moneda en Marruecos?\u00bb open_toggle_text_color=\u00bb#000000&#8243; open_toggle_background_color=\u00bb#F7F7F7&#8243; closed_toggle_background_color=\u00bb#F7F7F7&#8243; icon_color=\u00bb#B94E40&#8243; open_icon_color=\u00bb#B94E40&#8243; _builder_version=\u00bb4.27.4&#8243; _module_preset=\u00bbdefault\u00bb title_text_color=\u00bb#000000&#8243; title_level=\u00bbh2&#8243; title_font=\u00bb|700|||||||\u00bb title_font_size=\u00bb16px\u00bb custom_margin=\u00bb||20px||false|false\u00bb border_radii=\u00bbon|20px|20px|20px|20px\u00bb global_colors_info=\u00bb{}\u00bb]<\/p>\n<p>La moneda marroqu\u00ed es el Dirham, con una tasa de cambio aproximada de 1 \u20ac por 11 Dirhams. Antes de regresar, ser\u00e1 necesario gastar los Dirhams restantes. Al ser una divisa cerrada, est\u00e1 prohibido exportarla (m\u00e1s de 2000 Dirhams).<\/p>\n<p>[\/et_pb_toggle][et_pb_toggle title=\u00bb\u00bfSer\u00e1 f\u00e1cil conseguir divisa marroqu\u00ed?\u00bb open_toggle_text_color=\u00bb#000000&#8243; open_toggle_background_color=\u00bb#F7F7F7&#8243; closed_toggle_background_color=\u00bb#F7F7F7&#8243; icon_color=\u00bb#B94E40&#8243; open_icon_color=\u00bb#B94E40&#8243; _builder_version=\u00bb4.27.4&#8243; _module_preset=\u00bbdefault\u00bb title_text_color=\u00bb#000000&#8243; title_level=\u00bbh2&#8243; title_font=\u00bb|700|||||||\u00bb title_font_size=\u00bb16px\u00bb custom_margin=\u00bb||20px||false|false\u00bb border_radii=\u00bbon|20px|20px|20px|20px\u00bb global_colors_info=\u00bb{}\u00bb]<\/p>\n<p>\u00a0Hay cajeros autom\u00e1ticos en T\u00e1nger Med despu\u00e9s de las aduanas, donde podremos retirar dinero. En ciudades o aglomeraciones medianas, los cajeros son f\u00e1ciles de encontrar, aunque en zonas rurales ser\u00e1 m\u00e1s dif\u00edcil, por lo que es importante planificar bien. Le aconsejamos consultar con su banco para conocer los cargos de retiro aplicables.<\/p>\n<p>[\/et_pb_toggle][et_pb_toggle title=\u00bb\u00bfQu\u00e9 presupuesto adicional necesito para los viajes a Marruecos?\u00bb open_toggle_text_color=\u00bb#000000&#8243; open_toggle_background_color=\u00bb#F7F7F7&#8243; closed_toggle_background_color=\u00bb#F7F7F7&#8243; icon_color=\u00bb#B94E40&#8243; open_icon_color=\u00bb#B94E40&#8243; _builder_version=\u00bb4.27.4&#8243; _module_preset=\u00bbdefault\u00bb title_text_color=\u00bb#000000&#8243; title_level=\u00bbh2&#8243; title_font=\u00bb|700|||||||\u00bb title_font_size=\u00bb16px\u00bb custom_margin=\u00bb||20px||false|false\u00bb border_radii=\u00bbon|20px|20px|20px|20px\u00bb global_colors_info=\u00bb{}\u00bb]<\/p>\n<p>El presupuesto var\u00eda seg\u00fan los participantes, pero estimamos que los gastos esenciales no incluidos en las f\u00f3rmulas rondan:<\/p>\n<ul>\n<li>Combustible: alrededor de 8 \u20ac por cada 100 km, con un consumo de 5 litros por cada 100 km y un precio de 1,5 \u20ac por litro<\/li>\n<li>Peajes: alrededor de 10 a 20 \u20ac<\/li>\n<li>Almuerzos: entre 15 y 20 \u20ac m\u00e1ximo, sin bebidas<\/li>\n<\/ul>\n<p>[\/et_pb_toggle][\/et_pb_column][\/et_pb_row][et_pb_row column_structure=\u00bb1_2,1_2&#8243; use_custom_gutter=\u00bbon\u00bb gutter_width=\u00bb2&#8243; _builder_version=\u00bb4.27.4&#8243; _module_preset=\u00bbdefault\u00bb global_colors_info=\u00bb{}\u00bb][et_pb_column type=\u00bb1_2&#8243; _builder_version=\u00bb4.27.4&#8243; _module_preset=\u00bbdefault\u00bb global_colors_info=\u00bb{}\u00bb][et_pb_toggle title=\u00bb\u00bfQu\u00e9 presupuesto adicional necesito para los viajes a Espa\u00f1a y Portugal?\u00bb open_toggle_text_color=\u00bb#000000&#8243; open_toggle_background_color=\u00bb#F7F7F7&#8243; closed_toggle_background_color=\u00bb#F7F7F7&#8243; icon_color=\u00bb#B94E40&#8243; open_icon_color=\u00bb#B94E40&#8243; _builder_version=\u00bb4.27.4&#8243; _module_preset=\u00bbdefault\u00bb title_text_color=\u00bb#000000&#8243; title_level=\u00bbh2&#8243; title_font=\u00bb|700|||||||\u00bb title_font_size=\u00bb16px\u00bb custom_margin=\u00bb||20px||false|false\u00bb border_radii=\u00bbon|20px|20px|20px|20px\u00bb global_colors_info=\u00bb{}\u00bb]<\/p>\n<p>El presupuesto var\u00eda seg\u00fan los participantes, pero estimamos que los gastos esenciales no incluidos en las f\u00f3rmulas rondan:<\/p>\n<ul>\n<li>Combustible: alrededor de 9 \u20ac por cada 100 km, con un consumo de 5 litros por cada 100 km y un precio de 1,8 \u20ac por litro<\/li>\n<li>Peajes: alrededor de 20 a 30 \u20ac<\/li>\n<li>Almuerzos: entre 15 y 25 \u20ac m\u00e1ximo, sin bebidas<\/li>\n<\/ul>\n<p>[\/et_pb_toggle][\/et_pb_column][et_pb_column type=\u00bb1_2&#8243; _builder_version=\u00bb4.27.4&#8243; _module_preset=\u00bbdefault\u00bb global_colors_info=\u00bb{}\u00bb][et_pb_toggle title=\u00bb\u00bfC\u00f3mo me inscribo en los viajes?\u00bb open_toggle_text_color=\u00bb#000000&#8243; open_toggle_background_color=\u00bb#F7F7F7&#8243; closed_toggle_background_color=\u00bb#F7F7F7&#8243; icon_color=\u00bb#B94E40&#8243; open_icon_color=\u00bb#B94E40&#8243; _builder_version=\u00bb4.27.4&#8243; _module_preset=\u00bbdefault\u00bb title_text_color=\u00bb#000000&#8243; title_level=\u00bbh2&#8243; title_font=\u00bb|700|||||||\u00bb title_font_size=\u00bb16px\u00bb custom_margin=\u00bb||20px||false|false\u00bb border_radii=\u00bbon|20px|20px|20px|20px\u00bb global_colors_info=\u00bb{}\u00bb]<\/p>\n<p>Es muy sencillo. Una vez que haya elegido su viaje y las fechas deseadas, haga clic en \u00abA\u00f1adir al carrito\u00bb. Luego, deber\u00e1 completar el formulario de inscripci\u00f3n y adjuntar una copia de los documentos requeridos. Despu\u00e9s de aceptar los t\u00e9rminos y condiciones, haga clic en \u00abPagar\u00bb.<\/p>\n<p>Se le solicitar\u00e1 un dep\u00f3sito del 30 %, que puede pagar mediante transferencia bancaria. Una vez recibido el pago y los documentos, recibir\u00e1 un correo de confirmaci\u00f3n de su viaje.<\/p>\n<p>El saldo deber\u00e1 abonarse a m\u00e1s tardar 30 d\u00edas antes de la fecha de salida. Nos pondremos en contacto aproximadamente dos semanas antes de la salida para conocernos y asegurarnos de que no necesite ayuda con los preparativos o consejos adicionales.<\/p>\n<p>En cualquier caso, puede contactarnos por correo electr\u00f3nico: rutasmototours@hotmail.com y\/o por tel\u00e9fono al 0034 640 567 281 de 09h00 a 19h00 (UTC+01H00).<\/p>\n<p>[\/et_pb_toggle][\/et_pb_column][\/et_pb_row][\/et_pb_section]<\/p>\n","protected":false},"excerpt":{"rendered":"<p>FAQs Nuestra secci\u00f3n de preguntas frecuentesSi sue\u00f1as con recorrer los paisajes impresionantes de Marruecos, descubrir las soleadas rutas de Espa\u00f1a o bordear las costas salvajes de Portugal, estamos aqu\u00ed para responder todas tus preguntas. Aqu\u00ed encontrar\u00e1s informaci\u00f3n esencial sobre nuestros viajes en moto, nuestros destinos, nuestra organizaci\u00f3n y mucho m\u00e1s. \u00a1Aprovecha esta secci\u00f3n para preparar [&hellip;]<\/p>\n","protected":false},"author":1,"featured_media":0,"parent":0,"menu_order":0,"comment_status":"closed","ping_status":"closed","template":"","meta":{"_acf_changed":false,"_et_pb_use_builder":"on","_et_pb_old_content":"<!-- wp:divi\/placeholder \/-->","_et_gb_content_width":"","_joinchat":[],"footnotes":""},"class_list":["post-28","page","type-page","status-publish","hentry"],"acf":[],"_links":{"self":[{"href":"https:\/\/rutasmototours.com\/fr\/wp-json\/wp\/v2\/pages\/28","targetHints":{"allow":["GET"]}}],"collection":[{"href":"https:\/\/rutasmototours.com\/fr\/wp-json\/wp\/v2\/pages"}],"about":[{"href":"https:\/\/rutasmototours.com\/fr\/wp-json\/wp\/v2\/types\/page"}],"author":[{"embeddable":true,"href":"https:\/\/rutasmototours.com\/fr\/wp-json\/wp\/v2\/users\/1"}],"replies":[{"embeddable":true,"href":"https:\/\/rutasmototours.com\/fr\/wp-json\/wp\/v2\/comments?post=28"}],"version-history":[{"count":1,"href":"https:\/\/rutasmototours.com\/fr\/wp-json\/wp\/v2\/pages\/28\/revisions"}],"predecessor-version":[{"id":1637,"href":"https:\/\/rutasmototours.com\/fr\/wp-json\/wp\/v2\/pages\/28\/revisions\/1637"}],"wp:attachment":[{"href":"https:\/\/rutasmototours.com\/fr\/wp-json\/wp\/v2\/media?parent=28"}],"curies":[{"name":"wp","href":"https:\/\/api.w.org\/{rel}","templated":true}]}}