{"id":220,"date":"2025-11-10T12:13:13","date_gmt":"2025-11-10T11:13:13","guid":{"rendered":"https:\/\/rutasmototours.com\/?page_id=220"},"modified":"2026-05-29T16:43:35","modified_gmt":"2026-05-29T14:43:35","slug":"el-gran-tour-del-marruecos-en-15-dias","status":"publish","type":"page","link":"https:\/\/rutasmototours.com\/fr\/el-gran-tour-del-marruecos-en-15-dias\/","title":{"rendered":"Le Grand Tour du Maroc en 15 jours"},"content":{"rendered":"<p>[et_pb_section fb_built=\u00bb1&#8243; admin_label=\u00bbSection\u00bb _builder_version=\u00bb4.27.4&#8243; _module_preset=\u00bbdefault\u00bb background_color=\u00bbrgba(0,0,0,0.2)\u00bb use_background_color_gradient=\u00bbon\u00bb background_color_gradient_stops=\u00bbrgba(0,0,0,0.7) 0%|rgba(0,0,0,0.4) 20%\u00bb background_image=\u00bbhttps:\/\/rutasmototours.com\/wp-content\/uploads\/2025\/11\/pexels-rperucho-6095564.webp\u00bb background_blend=\u00bboverlay\u00bb height=\u00bb90vh\u00bb da_disable_devices=\u00bboff|off|off\u00bb global_colors_info=\u00bb{}\u00bb da_is_popup=\u00bboff\u00bb da_exit_intent=\u00bboff\u00bb da_has_close=\u00bbon\u00bb da_alt_close=\u00bboff\u00bb da_dark_close=\u00bboff\u00bb da_not_modal=\u00bbon\u00bb da_is_singular=\u00bboff\u00bb da_with_loader=\u00bboff\u00bb da_has_shadow=\u00bbon\u00bb][et_pb_row _builder_version=\u00bb4.27.4&#8243; _module_preset=\u00bbdefault\u00bb positioning=\u00bbabsolute\u00bb position_origin_a=\u00bbcenter_center\u00bb width=\u00bb90%\u00bb global_colors_info=\u00bb{}\u00bb][et_pb_column type=\u00bb4_4&#8243; _builder_version=\u00bb4.27.4&#8243; _module_preset=\u00bbdefault\u00bb global_colors_info=\u00bb{}\u00bb][et_pb_text _builder_version=\u00bb4.27.4&#8243; _module_preset=\u00bbdefault\u00bb text_font=\u00bb|700||on|||||\u00bb text_font_size=\u00bb22px\u00bb text_line_height=\u00bb1.2em\u00bb header_font=\u00bb|800|||||||\u00bb header_text_color=\u00bb#FFFFFF\u00bb header_font_size=\u00bb50px\u00bb text_orientation=\u00bbcenter\u00bb background_layout=\u00bbdark\u00bb text_font_size_tablet=\u00bb24px\u00bb text_font_size_phone=\u00bb20px\u00bb text_font_size_last_edited=\u00bbon|phone\u00bb header_text_align_tablet=\u00bb\u00bb header_text_align_phone=\u00bbcenter\u00bb header_text_align_last_edited=\u00bbon|phone\u00bb header_font_size_tablet=\u00bb60px\u00bb header_font_size_phone=\u00bb38px\u00bb header_font_size_last_edited=\u00bbon|phone\u00bb text_orientation_tablet=\u00bb\u00bb text_orientation_phone=\u00bbcenter\u00bb text_orientation_last_edited=\u00bbon|phone\u00bb header_text_shadow_style=\u00bbpreset1&#8243; global_colors_info=\u00bb{}\u00bb]<\/p>\n<h1><strong>El Gran Tour del Marruecos en 15<\/strong> d\u00edas<\/h1>\n<p>Este viaje en moto a trav\u00e9s de Marruecos nos llevar\u00e1 desde las costas salvajes del Atl\u00e1ntico hasta los impresionantes paisajes del desierto, desde las majestuosas monta\u00f1as hasta las fascinantes ciudades imperiales<\/p>\n<p>[\/et_pb_text][et_pb_button button_url=\u00bb#apuntarme\u00bb button_text=\u00bbApuntarme\u00bb button_alignment=\u00bbcenter\u00bb _builder_version=\u00bb4.27.4&#8243; _module_preset=\u00bbdefault\u00bb custom_button=\u00bbon\u00bb button_text_size=\u00bb14px\u00bb button_letter_spacing=\u00bb1px\u00bb button_font=\u00bb|600||on|||||\u00bb custom_padding=\u00bb15px|30px|15px|30px|true|true\u00bb global_colors_info=\u00bb{}\u00bb][\/et_pb_button][et_pb_icon font_icon=\u00bb&#x3b;||divi||400&#8243; icon_color=\u00bb#FFFFFF\u00bb icon_width=\u00bb25px\u00bb _builder_version=\u00bb4.27.4&#8243; _module_preset=\u00bbdefault\u00bb animation_style=\u00bbslide\u00bb animation_direction=\u00bbtop\u00bb animation_duration=\u00bb2000ms\u00bb animation_intensity_slide=\u00bb10%\u00bb animation_repeat=\u00bbloop\u00bb global_colors_info=\u00bb{}\u00bb][\/et_pb_icon][\/et_pb_column][\/et_pb_row][\/et_pb_section][et_pb_section fb_built=\u00bb1&#8243; admin_label=\u00bbSection\u00bb _builder_version=\u00bb4.27.4&#8243; _module_preset=\u00bbdefault\u00bb background_color=\u00bb#B94E40&#8243; custom_padding=\u00bb10px||10px||true|false\u00bb da_disable_devices=\u00bboff|off|off\u00bb global_colors_info=\u00bb{}\u00bb da_is_popup=\u00bboff\u00bb da_exit_intent=\u00bboff\u00bb da_has_close=\u00bbon\u00bb da_alt_close=\u00bboff\u00bb da_dark_close=\u00bboff\u00bb da_not_modal=\u00bbon\u00bb da_is_singular=\u00bboff\u00bb da_with_loader=\u00bboff\u00bb da_has_shadow=\u00bbon\u00bb][et_pb_row _builder_version=\u00bb4.27.4&#8243; _module_preset=\u00bbdefault\u00bb custom_padding=\u00bb||20px||false|false\u00bb global_colors_info=\u00bb{}\u00bb][et_pb_column type=\u00bb4_4&#8243; _builder_version=\u00bb4.27.4&#8243; _module_preset=\u00bbdefault\u00bb global_colors_info=\u00bb{}\u00bb][et_pb_text _builder_version=\u00bb4.27.4&#8243; _module_preset=\u00bbdefault\u00bb text_font=\u00bb|700|||||||\u00bb text_font_size=\u00bb20px\u00bb text_orientation=\u00bbcenter\u00bb background_layout=\u00bbdark\u00bb global_colors_info=\u00bb{}\u00bb]<\/p>\n<p>Enlaces R\u00e1pidos<\/p>\n<p>[\/et_pb_text][\/et_pb_column][\/et_pb_row][et_pb_row column_structure=\u00bb1_6,1_6,1_6,1_6,1_6,1_6&#8243; use_custom_gutter=\u00bbon\u00bb gutter_width=\u00bb2&#8243; make_equal=\u00bbon\u00bb _builder_version=\u00bb4.27.4&#8243; _module_preset=\u00bbdefault\u00bb width=\u00bb95%\u00bb max_width=\u00bb1500px\u00bb custom_css_main_element=\u00bbdisplay: flex;\u00bb global_colors_info=\u00bb{}\u00bb][et_pb_column type=\u00bb1_6&#8243; _builder_version=\u00bb4.27.4&#8243; _module_preset=\u00bbdefault\u00bb background_color=\u00bb#DBA149&#8243; custom_padding=\u00bb15px|10px|15px|10px|true|true\u00bb border_radii=\u00bbon|20px|20px|20px|20px\u00bb global_colors_info=\u00bb{}\u00bb transform_styles__hover_enabled=\u00bbon|hover\u00bb transform_scale__hover_enabled=\u00bbon|hover\u00bb transform_translate__hover_enabled=\u00bbon|desktop\u00bb transform_rotate__hover_enabled=\u00bbon|desktop\u00bb transform_skew__hover_enabled=\u00bbon|desktop\u00bb transform_origin__hover_enabled=\u00bbon|desktop\u00bb transform_scale__hover=\u00bb105%|105%\u00bb][et_pb_blurb use_icon=\u00bbon\u00bb font_icon=\u00bb&#xf05a;||fa||900&#8243; icon_color=\u00bb#FFFFFF\u00bb image_icon_width=\u00bb50px\u00bb _builder_version=\u00bb4.27.4&#8243; _module_preset=\u00bbdefault\u00bb body_font=\u00bb|700||on|||||\u00bb body_font_size=\u00bb16px\u00bb background_enable_color=\u00bboff\u00bb image_icon_custom_margin=\u00bb||-10px||false|false\u00bb image_icon_custom_padding=\u00bb||||false|false\u00bb text_orientation=\u00bbcenter\u00bb background_layout=\u00bbdark\u00bb animation=\u00bboff\u00bb link_option_url=\u00bb#info\u00bb global_colors_info=\u00bb{}\u00bb]<\/p>\n<p>Informaci\u00f3n<\/p>\n<p>[\/et_pb_blurb][\/et_pb_column][et_pb_column type=\u00bb1_6&#8243; _builder_version=\u00bb4.27.4&#8243; _module_preset=\u00bbdefault\u00bb background_color=\u00bb#DBA149&#8243; custom_padding=\u00bb15px|10px|15px|10px|true|true\u00bb border_radii=\u00bbon|20px|20px|20px|20px\u00bb global_colors_info=\u00bb{}\u00bb transform_styles__hover_enabled=\u00bbon|hover\u00bb transform_scale__hover=\u00bb105%|105%\u00bb transform_scale__hover_enabled=\u00bbon|hover\u00bb transform_translate__hover_enabled=\u00bbon|desktop\u00bb transform_rotate__hover_enabled=\u00bbon|desktop\u00bb transform_skew__hover_enabled=\u00bbon|desktop\u00bb transform_origin__hover_enabled=\u00bbon|desktop\u00bb][et_pb_blurb use_icon=\u00bbon\u00bb font_icon=\u00bb&#xf0ae;||fa||900&#8243; icon_color=\u00bb#FFFFFF\u00bb image_icon_width=\u00bb50px\u00bb _builder_version=\u00bb4.27.4&#8243; _module_preset=\u00bbdefault\u00bb body_font=\u00bb|700||on|||||\u00bb body_font_size=\u00bb16px\u00bb background_enable_color=\u00bboff\u00bb image_icon_custom_margin=\u00bb||-10px||false|false\u00bb image_icon_custom_padding=\u00bb||||false|false\u00bb text_orientation=\u00bbcenter\u00bb background_layout=\u00bbdark\u00bb animation=\u00bboff\u00bb link_option_url=\u00bb#incluido\u00bb global_colors_info=\u00bb{}\u00bb]<\/p>\n<p>\u00bfQu\u00e9 incluye?<\/p>\n<p>[\/et_pb_blurb][\/et_pb_column][et_pb_column type=\u00bb1_6&#8243; _builder_version=\u00bb4.27.4&#8243; _module_preset=\u00bbdefault\u00bb background_color=\u00bb#DBA149&#8243; custom_padding=\u00bb15px|10px|15px|10px|true|true\u00bb border_radii=\u00bbon|20px|20px|20px|20px\u00bb global_colors_info=\u00bb{}\u00bb transform_styles__hover_enabled=\u00bbon|hover\u00bb transform_scale__hover=\u00bb105%|105%\u00bb transform_scale__hover_enabled=\u00bbon|hover\u00bb transform_translate__hover_enabled=\u00bbon|desktop\u00bb transform_rotate__hover_enabled=\u00bbon|desktop\u00bb transform_skew__hover_enabled=\u00bbon|desktop\u00bb transform_origin__hover_enabled=\u00bbon|desktop\u00bb][et_pb_blurb use_icon=\u00bbon\u00bb font_icon=\u00bb&#xf5a0;||fa||900&#8243; icon_color=\u00bb#FFFFFF\u00bb image_icon_width=\u00bb50px\u00bb _builder_version=\u00bb4.27.4&#8243; _module_preset=\u00bbdefault\u00bb body_font=\u00bb|700||on|||||\u00bb body_font_size=\u00bb16px\u00bb background_enable_color=\u00bboff\u00bb image_icon_custom_margin=\u00bb||-10px||false|false\u00bb image_icon_custom_padding=\u00bb||||false|false\u00bb text_orientation=\u00bbcenter\u00bb background_layout=\u00bbdark\u00bb animation=\u00bboff\u00bb link_option_url=\u00bb#mapa\u00bb global_colors_info=\u00bb{}\u00bb]<\/p>\n<p>Mapa de la ruta<\/p>\n<p>[\/et_pb_blurb][\/et_pb_column][et_pb_column type=\u00bb1_6&#8243; _builder_version=\u00bb4.27.4&#8243; _module_preset=\u00bbdefault\u00bb background_color=\u00bb#DBA149&#8243; custom_padding=\u00bb15px|10px|15px|10px|true|true\u00bb border_radii=\u00bbon|20px|20px|20px|20px\u00bb global_colors_info=\u00bb{}\u00bb transform_styles__hover_enabled=\u00bbon|hover\u00bb transform_scale__hover=\u00bb105%|105%\u00bb transform_scale__hover_enabled=\u00bbon|hover\u00bb transform_translate__hover_enabled=\u00bbon|desktop\u00bb transform_rotate__hover_enabled=\u00bbon|desktop\u00bb transform_skew__hover_enabled=\u00bbon|desktop\u00bb transform_origin__hover_enabled=\u00bbon|desktop\u00bb][et_pb_blurb use_icon=\u00bbon\u00bb font_icon=\u00bb&#xf21c;||fa||900&#8243; icon_color=\u00bb#FFFFFF\u00bb image_icon_width=\u00bb50px\u00bb _builder_version=\u00bb4.27.5&#8243; _module_preset=\u00bbdefault\u00bb body_font=\u00bb|700||on|||||\u00bb body_font_size=\u00bb16px\u00bb background_enable_color=\u00bboff\u00bb image_icon_custom_margin=\u00bb||-10px||false|false\u00bb image_icon_custom_padding=\u00bb||||false|false\u00bb text_orientation=\u00bbcenter\u00bb background_layout=\u00bbdark\u00bb animation=\u00bboff\u00bb link_option_url=\u00bb#enlaces\u00bb hover_enabled=\u00bb0&#8243; global_colors_info=\u00bb{}\u00bb sticky_enabled=\u00bb0&#8243;]<\/p>\n<p>Alquiler y transporte moto<\/p>\n<p>[\/et_pb_blurb][\/et_pb_column][et_pb_column type=\u00bb1_6&#8243; _builder_version=\u00bb4.27.4&#8243; _module_preset=\u00bbdefault\u00bb background_color=\u00bb#DBA149&#8243; custom_padding=\u00bb15px|10px|15px|10px|true|true\u00bb border_radii=\u00bbon|20px|20px|20px|20px\u00bb global_colors_info=\u00bb{}\u00bb transform_styles__hover_enabled=\u00bbon|hover\u00bb transform_scale__hover=\u00bb105%|105%\u00bb transform_scale__hover_enabled=\u00bbon|hover\u00bb transform_translate__hover_enabled=\u00bbon|desktop\u00bb transform_rotate__hover_enabled=\u00bbon|desktop\u00bb transform_skew__hover_enabled=\u00bbon|desktop\u00bb transform_origin__hover_enabled=\u00bbon|desktop\u00bb][et_pb_blurb use_icon=\u00bbon\u00bb font_icon=\u00bb&#xf4d7;||fa||900&#8243; icon_color=\u00bb#FFFFFF\u00bb image_icon_width=\u00bb50px\u00bb _builder_version=\u00bb4.27.4&#8243; _module_preset=\u00bbdefault\u00bb body_font=\u00bb|700||on|||||\u00bb body_font_size=\u00bb16px\u00bb background_enable_color=\u00bboff\u00bb image_icon_custom_margin=\u00bb||-10px||false|false\u00bb image_icon_custom_padding=\u00bb||||false|false\u00bb text_orientation=\u00bbcenter\u00bb background_layout=\u00bbdark\u00bb animation=\u00bboff\u00bb link_option_url=\u00bb#itinerario\u00bb global_colors_info=\u00bb{}\u00bb]<\/p>\n<p>Itinerario<\/p>\n<p>[\/et_pb_blurb][\/et_pb_column][et_pb_column type=\u00bb1_6&#8243; _builder_version=\u00bb4.27.4&#8243; _module_preset=\u00bbdefault\u00bb background_color=\u00bb#DBA149&#8243; custom_padding=\u00bb15px|10px|15px|10px|true|true\u00bb border_radii=\u00bbon|20px|20px|20px|20px\u00bb global_colors_info=\u00bb{}\u00bb transform_styles__hover_enabled=\u00bbon|hover\u00bb transform_scale__hover=\u00bb105%|105%\u00bb transform_scale__hover_enabled=\u00bbon|hover\u00bb transform_translate__hover_enabled=\u00bbon|desktop\u00bb transform_rotate__hover_enabled=\u00bbon|desktop\u00bb transform_skew__hover_enabled=\u00bbon|desktop\u00bb transform_origin__hover_enabled=\u00bbon|desktop\u00bb][et_pb_blurb use_icon=\u00bbon\u00bb font_icon=\u00bb&#xe075;||divi||400&#8243; icon_color=\u00bb#FFFFFF\u00bb image_icon_width=\u00bb50px\u00bb _builder_version=\u00bb4.27.4&#8243; _module_preset=\u00bbdefault\u00bb body_font=\u00bb|700||on|||||\u00bb body_font_size=\u00bb16px\u00bb background_enable_color=\u00bboff\u00bb image_icon_custom_margin=\u00bb||-10px||false|false\u00bb image_icon_custom_padding=\u00bb||||false|false\u00bb text_orientation=\u00bbcenter\u00bb background_layout=\u00bbdark\u00bb animation=\u00bboff\u00bb link_option_url=\u00bb#galeria\u00bb global_colors_info=\u00bb{}\u00bb]<\/p>\n<p>Galer\u00eda<\/p>\n<p>[\/et_pb_blurb][\/et_pb_column][\/et_pb_row][\/et_pb_section][et_pb_section fb_built=\u00bb1&#8243; admin_label=\u00bbSection\u00bb _builder_version=\u00bb4.27.4&#8243; _module_preset=\u00bbdefault\u00bb background_color=\u00bb#F7F7F7&#8243; da_disable_devices=\u00bboff|off|off\u00bb global_colors_info=\u00bb{}\u00bb da_is_popup=\u00bboff\u00bb da_exit_intent=\u00bboff\u00bb da_has_close=\u00bbon\u00bb da_alt_close=\u00bboff\u00bb da_dark_close=\u00bboff\u00bb da_not_modal=\u00bbon\u00bb da_is_singular=\u00bboff\u00bb da_with_loader=\u00bboff\u00bb da_has_shadow=\u00bbon\u00bb][et_pb_row column_structure=\u00bb3_5,2_5&#8243; make_equal=\u00bbon\u00bb _builder_version=\u00bb4.27.4&#8243; _module_preset=\u00bbdefault\u00bb width=\u00bb90%\u00bb global_colors_info=\u00bb{}\u00bb][et_pb_column type=\u00bb3_5&#8243; _builder_version=\u00bb4.27.4&#8243; _module_preset=\u00bbdefault\u00bb custom_css_main_element=\u00bbmargin: auto;\u00bb global_colors_info=\u00bb{}\u00bb][et_pb_text _builder_version=\u00bb4.27.4&#8243; _module_preset=\u00bbdefault\u00bb header_2_font=\u00bb|800|||||||\u00bb header_2_font_size=\u00bb40px\u00bb custom_margin=\u00bb||15px||false|false\u00bb header_2_font_size_tablet=\u00bb36px\u00bb header_2_font_size_phone=\u00bb30px\u00bb header_2_font_size_last_edited=\u00bbon|phone\u00bb text_orientation_tablet=\u00bbleft\u00bb text_orientation_phone=\u00bbleft\u00bb text_orientation_last_edited=\u00bbon|tablet\u00bb global_colors_info=\u00bb{}\u00bb]<\/p>\n<h2>Descripci\u00f3n:<\/h2>\n<p>[\/et_pb_text][et_pb_text _builder_version=\u00bb4.27.4&#8243; _module_preset=\u00bbdefault\u00bb header_2_font=\u00bb|800|||||||\u00bb header_2_font_size=\u00bb40px\u00bb custom_margin=\u00bb||||false|false\u00bb header_2_font_size_tablet=\u00bb36px\u00bb header_2_font_size_phone=\u00bb30px\u00bb header_2_font_size_last_edited=\u00bbon|phone\u00bb text_orientation_tablet=\u00bbleft\u00bb text_orientation_phone=\u00bbleft\u00bb text_orientation_last_edited=\u00bbon|tablet\u00bb global_colors_info=\u00bb{}\u00bb]<\/p>\n<p>Al salir de Tanger Med, nos dirigiremos hacia Larache, una ciudad costera ba\u00f1ada por las brisas del Atl\u00e1ntico, donde el mar y la cultura se unen en una atm\u00f3sfera serena.<\/p>\n<p>Continuaremos nuestro camino hacia Ifrane, la \u00abpeque\u00f1a Suiza\u00bb de Marruecos, con su encanto \u00fanico y sus exuberantes bosques, un oasis de frescura en el coraz\u00f3n del Medio Atlas.<\/p>\n<p>Desde all\u00ed, nos aventuraremos hacia el desierto de Merzouga, donde las doradas dunas del Erg Chebbi se extienden hasta donde alcanza la vista. Disfrutaremos de una parada acompa\u00f1ada de algunas actividades.<\/p>\n<p>Despu\u00e9s de este par\u00e9ntesis sahariano, regresaremos hacia las espectaculares gargantas del Todra, donde imponentes acantilados enmarcan un ca\u00f1\u00f3n espectacular. Las sinuosas carreteras nos llevar\u00e1n luego a Agoudal, un pueblo monta\u00f1\u00e9s aislado, donde la autenticidad bereber se mezcla con la belleza salvaje de los paisajes alpinos.<\/p>\n<p>Nuestro itinerario nos conducir\u00e1 a continuaci\u00f3n a las gargantas del Dad\u00e8s, famosas por sus formaciones rocosas inusuales y sus carreteras en espiral que deleitar\u00e1n a los amantes de la conducci\u00f3n. Luego, cruzaremos el Valle de las Rosas, un para\u00edso de verdor y flores donde las rosas perfuman el aire en primavera. Alcanzaremos Ouarzazate, la puerta del desierto, conocida por sus kasbahs fortificadas y sus estudios de cine.<\/p>\n<p>&nbsp;<\/p>\n<p>[\/et_pb_text][et_pb_button button_url=\u00bb#apuntarme\u00bb button_text=\u00bbApuntarme\u00bb _builder_version=\u00bb4.27.4&#8243; _module_preset=\u00bbdefault\u00bb custom_button=\u00bbon\u00bb button_text_size=\u00bb14px\u00bb button_letter_spacing=\u00bb1px\u00bb button_font=\u00bb|600||on|||||\u00bb custom_margin_tablet=\u00bb\u00bb custom_margin_phone=\u00bb||30px||false|false\u00bb custom_margin_last_edited=\u00bbon|phone\u00bb custom_padding=\u00bb15px|30px|15px|30px|true|true\u00bb global_colors_info=\u00bb{}\u00bb][\/et_pb_button][\/et_pb_column][et_pb_column type=\u00bb2_5&#8243; _builder_version=\u00bb4.27.4&#8243; _module_preset=\u00bbdefault\u00bb custom_css_main_element=\u00bbmargin: auto;\u00bb global_colors_info=\u00bb{}\u00bb][et_pb_image src=\u00bbhttps:\/\/rutasmototours.com\/wp-content\/uploads\/2025\/11\/LGTDM15-\u2013-El-Gran-Tour-del-Marruecos-en-15-dias-26.jpg\u00bb title_text=\u00bbLGTDM15 \u2013 El Gran Tour del Marruecos en 15 d\u00edas-26&#8243; align=\u00bbcenter\u00bb _builder_version=\u00bb4.27.4&#8243; _module_preset=\u00bbdefault\u00bb border_radii=\u00bbon|20px|20px|20px|20px\u00bb global_colors_info=\u00bb{}\u00bb][\/et_pb_image][\/et_pb_column][\/et_pb_row][et_pb_row column_structure=\u00bb2_5,3_5&#8243; make_equal=\u00bbon\u00bb _builder_version=\u00bb4.27.4&#8243; _module_preset=\u00bbdefault\u00bb width=\u00bb90%\u00bb global_colors_info=\u00bb{}\u00bb][et_pb_column type=\u00bb2_5&#8243; _builder_version=\u00bb4.27.4&#8243; _module_preset=\u00bbdefault\u00bb custom_css_main_element=\u00bbmargin: auto;\u00bb global_colors_info=\u00bb{}\u00bb][et_pb_image src=\u00bbhttps:\/\/rutasmototours.com\/wp-content\/uploads\/2025\/11\/LGTDM15-\u2013-El-Gran-Tour-del-Marruecos-en-15-dias-58.jpg\u00bb title_text=\u00bbLGTDM15 \u2013 El Gran Tour del Marruecos en 15 d\u00edas-58&#8243; align=\u00bbcenter\u00bb _builder_version=\u00bb4.27.4&#8243; _module_preset=\u00bbdefault\u00bb custom_margin_tablet=\u00bb\u00bb custom_margin_phone=\u00bb||30px||false|false\u00bb custom_margin_last_edited=\u00bbon|phone\u00bb border_radii=\u00bbon|20px|20px|20px|20px\u00bb global_colors_info=\u00bb{}\u00bb][\/et_pb_image][\/et_pb_column][et_pb_column type=\u00bb3_5&#8243; _builder_version=\u00bb4.27.4&#8243; _module_preset=\u00bbdefault\u00bb custom_css_main_element=\u00bbmargin: auto;\u00bb global_colors_info=\u00bb{}\u00bb][et_pb_text _builder_version=\u00bb4.27.4&#8243; _module_preset=\u00bbdefault\u00bb header_2_font=\u00bb|800|||||||\u00bb header_2_font_size=\u00bb40px\u00bb custom_margin=\u00bb||||false|false\u00bb header_2_font_size_tablet=\u00bb36px\u00bb header_2_font_size_phone=\u00bb30px\u00bb header_2_font_size_last_edited=\u00bbon|phone\u00bb text_orientation_tablet=\u00bbleft\u00bb text_orientation_phone=\u00bbleft\u00bb text_orientation_last_edited=\u00bbon|tablet\u00bb global_colors_info=\u00bb{}\u00bb]<\/p>\n<p>Al d\u00eda siguiente, visitaremos el magn\u00edfico ksar de A\u00eft Ben Haddou, inscrito en el patrimonio mundial de la UNESCO, donde la belleza de la arquitectura bereber se revela en todo su esplendor antes de ascender el puerto de Tizi n&#8217;Tichka, una carretera espectacular a trav\u00e9s de las monta\u00f1as del Alto Atlas, que ofrece panoramas impresionantes en cada curva. Pasaremos la noche al sureste de Marrakech, para disfrutar de la piscina mientras recordamos este fabuloso d\u00eda.<\/p>\n<p>Luego descenderemos hacia Taroudant, conocida como la \u00abpeque\u00f1a Marrakech\u00bb, una ciudad fortificada llena de encanto, rodeada de antiguas murallas pasando por el famoso puerto de Tizi n&#8217;Test. Una carretera espectacular en la ladera de la monta\u00f1a que ofrece vistas inmejorables de los valles verdes y las cumbres del Atlas.<\/p>\n<p>Despu\u00e9s, la ruta nos llevar\u00e1 a Essaouira, una ciudad costera acariciada por los alisios, donde las fortificaciones se elevan frente al oc\u00e9ano Atl\u00e1ntico. Aqu\u00ed podremos pasear por las callejuelas bordeadas de casas blancas con contraventanas azules.<\/p>\n<p>Desde all\u00ed, recorreremos la costa hasta El Jadida, una antigua ciudad portuguesa donde la historia se mezcla con la dulzura de la vida. Sus murallas que dominan el oc\u00e9ano ofrecen una vista impresionante de las olas del Atl\u00e1ntico. Luego continuaremos hacia Fez, una ciudad imperial de patrimonio incomparable, donde la medina laber\u00edntica revela sus tesoros de arquitectura y tradici\u00f3n.<\/p>\n<p>Antes de concluir este recorrido, haremos una escala en Chefchaouen, la famosa \u00abciudad azul\u00bb, enclavada en las monta\u00f1as del Rif. Sus calles pintadas de azul, ba\u00f1adas de luz, nos ofrecer\u00e1n una \u00faltima bocanada de serenidad antes de regresar a Tanger Med, donde concluir\u00e1 nuestra aventura. Embarcaremos en el ferry, con el coraz\u00f3n lleno de recuerdos y paisajes grandiosos, cerrando as\u00ed un viaje rico en emociones y descubrimientos.<\/p>\n<p>[\/et_pb_text][\/et_pb_column][\/et_pb_row][\/et_pb_section][et_pb_section fb_built=\u00bb1&#8243; admin_label=\u00bbSection\u00bb _builder_version=\u00bb4.27.4&#8243; _module_preset=\u00bbdefault\u00bb da_disable_devices=\u00bboff|off|off\u00bb global_colors_info=\u00bb{}\u00bb da_is_popup=\u00bboff\u00bb da_exit_intent=\u00bboff\u00bb da_has_close=\u00bbon\u00bb da_alt_close=\u00bboff\u00bb da_dark_close=\u00bboff\u00bb da_not_modal=\u00bbon\u00bb da_is_singular=\u00bboff\u00bb da_with_loader=\u00bboff\u00bb da_has_shadow=\u00bbon\u00bb][et_pb_row column_structure=\u00bb1_2,1_2&#8243; make_equal=\u00bbon\u00bb _builder_version=\u00bb4.27.4&#8243; _module_preset=\u00bbdefault\u00bb width=\u00bb90%\u00bb global_colors_info=\u00bb{}\u00bb][et_pb_column type=\u00bb1_2&#8243; _builder_version=\u00bb4.27.4&#8243; _module_preset=\u00bbdefault\u00bb custom_css_main_element=\u00bbmargin: auto;\u00bb global_colors_info=\u00bb{}\u00bb][et_pb_text _builder_version=\u00bb4.27.4&#8243; _module_preset=\u00bbdefault\u00bb header_2_font=\u00bb|800|||||||\u00bb header_2_font_size=\u00bb40px\u00bb custom_margin=\u00bb||15px||false|false\u00bb header_2_font_size_tablet=\u00bb36px\u00bb header_2_font_size_phone=\u00bb30px\u00bb header_2_font_size_last_edited=\u00bbon|phone\u00bb text_orientation_tablet=\u00bbleft\u00bb text_orientation_phone=\u00bbleft\u00bb text_orientation_last_edited=\u00bbon|tablet\u00bb global_colors_info=\u00bb{}\u00bb]<\/p>\n<h2>Los + del viaje:<\/h2>\n<p>[\/et_pb_text][et_pb_text _builder_version=\u00bb4.27.4&#8243; _module_preset=\u00bbdefault\u00bb text_font=\u00bb|600|||||||\u00bb header_2_font=\u00bb|800|||||||\u00bb header_2_font_size=\u00bb40px\u00bb background_color=\u00bb#F7F7F7&#8243; custom_margin=\u00bb||10px||false|false\u00bb custom_padding=\u00bb10px|15px|10px|15px|true|true\u00bb header_2_font_size_tablet=\u00bb36px\u00bb header_2_font_size_phone=\u00bb30px\u00bb header_2_font_size_last_edited=\u00bbon|phone\u00bb text_orientation_tablet=\u00bbleft\u00bb text_orientation_phone=\u00bbleft\u00bb text_orientation_last_edited=\u00bbon|tablet\u00bb border_radii=\u00bbon|5px|5px|5px|5px\u00bb global_colors_info=\u00bb{}\u00bb]\u2705  Visita guiada de Volubilis.[\/et_pb_text][et_pb_text _builder_version=\u00bb4.27.4&#8243; _module_preset=\u00bbdefault\u00bb text_font=\u00bb|600|||||||\u00bb header_2_font=\u00bb|800|||||||\u00bb header_2_font_size=\u00bb40px\u00bb background_color=\u00bb#F7F7F7&#8243; custom_margin=\u00bb||10px||false|false\u00bb custom_padding=\u00bb10px|15px|10px|15px|true|true\u00bb header_2_font_size_tablet=\u00bb36px\u00bb header_2_font_size_phone=\u00bb30px\u00bb header_2_font_size_last_edited=\u00bbon|phone\u00bb text_orientation_tablet=\u00bbleft\u00bb text_orientation_phone=\u00bbleft\u00bb text_orientation_last_edited=\u00bbon|tablet\u00bb border_radii=\u00bbon|5px|5px|5px|5px\u00bb global_colors_info=\u00bb{}\u00bb]\u2705 El parque de Ifran con los monos.[\/et_pb_text][et_pb_text _builder_version=\u00bb4.27.4&#8243; _module_preset=\u00bbdefault\u00bb text_font=\u00bb|600|||||||\u00bb header_2_font=\u00bb|800|||||||\u00bb header_2_font_size=\u00bb40px\u00bb background_color=\u00bb#F7F7F7&#8243; custom_margin=\u00bb||10px||false|false\u00bb custom_padding=\u00bb10px|15px|10px|15px|true|true\u00bb header_2_font_size_tablet=\u00bb36px\u00bb header_2_font_size_phone=\u00bb30px\u00bb header_2_font_size_last_edited=\u00bbon|phone\u00bb text_orientation_tablet=\u00bbleft\u00bb text_orientation_phone=\u00bbleft\u00bb text_orientation_last_edited=\u00bbon|tablet\u00bb border_radii=\u00bbon|5px|5px|5px|5px\u00bb global_colors_info=\u00bb{}\u00bb]\u2705 Las gargantas del Ziz[\/et_pb_text][et_pb_text _builder_version=\u00bb4.27.4&#8243; _module_preset=\u00bbdefault\u00bb text_font=\u00bb|600|||||||\u00bb header_2_font=\u00bb|800|||||||\u00bb header_2_font_size=\u00bb40px\u00bb background_color=\u00bb#F7F7F7&#8243; custom_margin=\u00bb||10px||false|false\u00bb custom_padding=\u00bb10px|15px|10px|15px|true|true\u00bb header_2_font_size_tablet=\u00bb36px\u00bb header_2_font_size_phone=\u00bb30px\u00bb header_2_font_size_last_edited=\u00bbon|phone\u00bb text_orientation_tablet=\u00bbleft\u00bb text_orientation_phone=\u00bbleft\u00bb text_orientation_last_edited=\u00bbon|tablet\u00bb border_radii=\u00bbon|5px|5px|5px|5px\u00bb global_colors_info=\u00bb{}\u00bb]\u2705  2 noches en Merzouga con actividades en las dunas de Erg Chebbi [\/et_pb_text][et_pb_text _builder_version=\u00bb4.27.4&#8243; _module_preset=\u00bbdefault\u00bb text_font=\u00bb|600|||||||\u00bb header_2_font=\u00bb|800|||||||\u00bb header_2_font_size=\u00bb40px\u00bb background_color=\u00bb#F7F7F7&#8243; custom_margin=\u00bb||10px||false|false\u00bb custom_padding=\u00bb10px|15px|10px|15px|true|true\u00bb header_2_font_size_tablet=\u00bb36px\u00bb header_2_font_size_phone=\u00bb30px\u00bb header_2_font_size_last_edited=\u00bbon|phone\u00bb text_orientation_tablet=\u00bbleft\u00bb text_orientation_phone=\u00bbleft\u00bb text_orientation_last_edited=\u00bbon|tablet\u00bb border_radii=\u00bbon|5px|5px|5px|5px\u00bb global_colors_info=\u00bb{}\u00bb]\u2705  Las gargantas del Todra y del Dades[\/et_pb_text][et_pb_text _builder_version=\u00bb4.27.4&#8243; _module_preset=\u00bbdefault\u00bb text_font=\u00bb|600|||||||\u00bb header_2_font=\u00bb|800|||||||\u00bb header_2_font_size=\u00bb40px\u00bb background_color=\u00bb#F7F7F7&#8243; custom_margin=\u00bb||10px||false|false\u00bb custom_padding=\u00bb10px|15px|10px|15px|true|true\u00bb header_2_font_size_tablet=\u00bb36px\u00bb header_2_font_size_phone=\u00bb30px\u00bb header_2_font_size_last_edited=\u00bbon|phone\u00bb text_orientation_tablet=\u00bbleft\u00bb text_orientation_phone=\u00bbleft\u00bb text_orientation_last_edited=\u00bbon|tablet\u00bb border_radii=\u00bbon|5px|5px|5px|5px\u00bb global_colors_info=\u00bb{}\u00bb]\u2705 Valle de las rosas[\/et_pb_text][et_pb_text _builder_version=\u00bb4.27.4&#8243; _module_preset=\u00bbdefault\u00bb text_font=\u00bb|600|||||||\u00bb header_2_font=\u00bb|800|||||||\u00bb header_2_font_size=\u00bb40px\u00bb background_color=\u00bb#F7F7F7&#8243; custom_margin=\u00bb||10px||false|false\u00bb custom_padding=\u00bb10px|15px|10px|15px|true|true\u00bb header_2_font_size_tablet=\u00bb36px\u00bb header_2_font_size_phone=\u00bb30px\u00bb header_2_font_size_last_edited=\u00bbon|phone\u00bb text_orientation_tablet=\u00bbleft\u00bb text_orientation_phone=\u00bbleft\u00bb text_orientation_last_edited=\u00bbon|tablet\u00bb border_radii=\u00bbon|5px|5px|5px|5px\u00bb global_colors_info=\u00bb{}\u00bb]\u2705 Visita guiada de Ait Ben Haddou[\/et_pb_text][et_pb_text _builder_version=\u00bb4.27.4&#8243; _module_preset=\u00bbdefault\u00bb text_font=\u00bb|600|||||||\u00bb header_2_font=\u00bb|800|||||||\u00bb header_2_font_size=\u00bb40px\u00bb background_color=\u00bb#F7F7F7&#8243; custom_margin=\u00bb||10px||false|false\u00bb custom_padding=\u00bb10px|15px|10px|15px|true|true\u00bb header_2_font_size_tablet=\u00bb36px\u00bb header_2_font_size_phone=\u00bb30px\u00bb header_2_font_size_last_edited=\u00bbon|phone\u00bb text_orientation_tablet=\u00bbleft\u00bb text_orientation_phone=\u00bbleft\u00bb text_orientation_last_edited=\u00bbon|tablet\u00bb border_radii=\u00bbon|5px|5px|5px|5px\u00bb global_colors_info=\u00bb{}\u00bb]\u2705 El Tizi N\u2019Tichka (2260 metros de altitud) [\/et_pb_text][et_pb_text _builder_version=\u00bb4.27.4&#8243; _module_preset=\u00bbdefault\u00bb text_font=\u00bb|600|||||||\u00bb header_2_font=\u00bb|800|||||||\u00bb header_2_font_size=\u00bb40px\u00bb background_color=\u00bb#F7F7F7&#8243; custom_margin=\u00bb||10px||false|false\u00bb custom_padding=\u00bb10px|15px|10px|15px|true|true\u00bb header_2_font_size_tablet=\u00bb36px\u00bb header_2_font_size_phone=\u00bb30px\u00bb header_2_font_size_last_edited=\u00bbon|phone\u00bb text_orientation_tablet=\u00bbleft\u00bb text_orientation_phone=\u00bbleft\u00bb text_orientation_last_edited=\u00bbon|tablet\u00bb border_radii=\u00bbon|5px|5px|5px|5px\u00bb global_colors_info=\u00bb{}\u00bb]\u2705 El TiziN\u2019Test (2100 metros de altitud)[\/et_pb_text][et_pb_text _builder_version=\u00bb4.27.4&#8243; _module_preset=\u00bbdefault\u00bb text_font=\u00bb|600|||||||\u00bb header_2_font=\u00bb|800|||||||\u00bb header_2_font_size=\u00bb40px\u00bb background_color=\u00bb#F7F7F7&#8243; custom_margin=\u00bb||10px||false|false\u00bb custom_padding=\u00bb10px|15px|10px|15px|true|true\u00bb header_2_font_size_tablet=\u00bb36px\u00bb header_2_font_size_phone=\u00bb30px\u00bb header_2_font_size_last_edited=\u00bbon|phone\u00bb text_orientation_tablet=\u00bbleft\u00bb text_orientation_phone=\u00bbleft\u00bb text_orientation_last_edited=\u00bbon|tablet\u00bb border_radii=\u00bbon|5px|5px|5px|5px\u00bb global_colors_info=\u00bb{}\u00bb]\u2705 El valle de Immouzer y paradise valley[\/et_pb_text][et_pb_text _builder_version=\u00bb4.27.4&#8243; _module_preset=\u00bbdefault\u00bb text_font=\u00bb|600|||||||\u00bb header_2_font=\u00bb|800|||||||\u00bb header_2_font_size=\u00bb40px\u00bb background_color=\u00bb#F7F7F7&#8243; custom_margin=\u00bb||10px||false|false\u00bb custom_padding=\u00bb10px|15px|10px|15px|true|true\u00bb header_2_font_size_tablet=\u00bb36px\u00bb header_2_font_size_phone=\u00bb30px\u00bb header_2_font_size_last_edited=\u00bbon|phone\u00bb text_orientation_tablet=\u00bbleft\u00bb text_orientation_phone=\u00bbleft\u00bb text_orientation_last_edited=\u00bbon|tablet\u00bb border_radii=\u00bbon|5px|5px|5px|5px\u00bb global_colors_info=\u00bb{}\u00bb]<\/p>\n<p>\u2705 2 noches en Essaouira con visita guiada y actividad<\/p>\n<p>[\/et_pb_text][et_pb_text _builder_version=\u00bb4.27.4&#8243; _module_preset=\u00bbdefault\u00bb text_font=\u00bb|600|||||||\u00bb header_2_font=\u00bb|800|||||||\u00bb header_2_font_size=\u00bb40px\u00bb background_color=\u00bb#F7F7F7&#8243; custom_margin=\u00bb||10px||false|false\u00bb custom_padding=\u00bb10px|15px|10px|15px|true|true\u00bb header_2_font_size_tablet=\u00bb36px\u00bb header_2_font_size_phone=\u00bb30px\u00bb header_2_font_size_last_edited=\u00bbon|phone\u00bb text_orientation_tablet=\u00bbleft\u00bb text_orientation_phone=\u00bbleft\u00bb text_orientation_last_edited=\u00bbon|tablet\u00bb border_radii=\u00bbon|5px|5px|5px|5px\u00bb global_colors_info=\u00bb{}\u00bb]\u2705 2 noches en Fes con visita guiada[\/et_pb_text][et_pb_text _builder_version=\u00bb4.27.4&#8243; _module_preset=\u00bbdefault\u00bb text_font=\u00bb|600|||||||\u00bb header_2_font=\u00bb|800|||||||\u00bb header_2_font_size=\u00bb40px\u00bb background_color=\u00bb#F7F7F7&#8243; custom_margin=\u00bb||10px||false|false\u00bb custom_padding=\u00bb10px|15px|10px|15px|true|true\u00bb header_2_font_size_tablet=\u00bb36px\u00bb header_2_font_size_phone=\u00bb30px\u00bb header_2_font_size_last_edited=\u00bbon|phone\u00bb text_orientation_tablet=\u00bbleft\u00bb text_orientation_phone=\u00bbleft\u00bb text_orientation_last_edited=\u00bbon|tablet\u00bb border_radii=\u00bbon|5px|5px|5px|5px\u00bb global_colors_info=\u00bb{}\u00bb]\u2705 Visita Chefchaouen[\/et_pb_text][et_pb_text _builder_version=\u00bb4.27.4&#8243; _module_preset=\u00bbdefault\u00bb text_font=\u00bb|600|||||||\u00bb header_2_font=\u00bb|800|||||||\u00bb header_2_font_size=\u00bb40px\u00bb background_color=\u00bb#F7F7F7&#8243; custom_margin=\u00bb||10px||false|false\u00bb custom_padding=\u00bb10px|15px|10px|15px|true|true\u00bb header_2_font_size_tablet=\u00bb36px\u00bb header_2_font_size_phone=\u00bb30px\u00bb header_2_font_size_last_edited=\u00bbon|phone\u00bb text_orientation_tablet=\u00bbleft\u00bb text_orientation_phone=\u00bbleft\u00bb text_orientation_last_edited=\u00bbon|tablet\u00bb border_radii=\u00bbon|5px|5px|5px|5px\u00bb global_colors_info=\u00bb{}\u00bb]<\/p>\n<p>\u2705 Parada en El Yadida<\/p>\n<p>[\/et_pb_text][et_pb_text _builder_version=\u00bb4.27.4&#8243; _module_preset=\u00bbdefault\u00bb text_font=\u00bb|600|||||||\u00bb header_2_font=\u00bb|800|||||||\u00bb header_2_font_size=\u00bb40px\u00bb background_color=\u00bb#F7F7F7&#8243; custom_margin=\u00bb||10px||false|false\u00bb custom_padding=\u00bb10px|15px|10px|15px|true|true\u00bb header_2_font_size_tablet=\u00bb36px\u00bb header_2_font_size_phone=\u00bb30px\u00bb header_2_font_size_last_edited=\u00bbon|phone\u00bb text_orientation_tablet=\u00bbleft\u00bb text_orientation_phone=\u00bbleft\u00bb text_orientation_last_edited=\u00bbon|tablet\u00bb border_radii=\u00bbon|5px|5px|5px|5px\u00bb global_colors_info=\u00bb{}\u00bb]\u2705 Anti, Alto y medio-Atlas[\/et_pb_text][et_pb_text _builder_version=\u00bb4.27.4&#8243; _module_preset=\u00bbdefault\u00bb text_font=\u00bb|600|||||||\u00bb header_2_font=\u00bb|800|||||||\u00bb header_2_font_size=\u00bb40px\u00bb background_color=\u00bb#F7F7F7&#8243; custom_margin=\u00bb||10px||false|false\u00bb custom_padding=\u00bb10px|15px|10px|15px|true|true\u00bb header_2_font_size_tablet=\u00bb36px\u00bb header_2_font_size_phone=\u00bb30px\u00bb header_2_font_size_last_edited=\u00bbon|phone\u00bb text_orientation_tablet=\u00bbleft\u00bb text_orientation_phone=\u00bbleft\u00bb text_orientation_last_edited=\u00bbon|tablet\u00bb border_radii=\u00bbon|5px|5px|5px|5px\u00bb global_colors_info=\u00bb{}\u00bb]\u2705 Los paisajes de la costa Atl\u00e1ntico espectacular, de las monta\u00f1as y desierto impresionantes con geolog\u00eda incre\u00edble[\/et_pb_text][et_pb_text _builder_version=\u00bb4.27.4&#8243; _module_preset=\u00bbdefault\u00bb text_font=\u00bb|600|||||||\u00bb header_2_font=\u00bb|800|||||||\u00bb header_2_font_size=\u00bb40px\u00bb background_color=\u00bb#F7F7F7&#8243; custom_margin=\u00bb||10px||false|false\u00bb custom_padding=\u00bb10px|15px|10px|15px|true|true\u00bb header_2_font_size_tablet=\u00bb36px\u00bb header_2_font_size_phone=\u00bb30px\u00bb header_2_font_size_last_edited=\u00bbon|phone\u00bb text_orientation_tablet=\u00bbleft\u00bb text_orientation_phone=\u00bbleft\u00bb text_orientation_last_edited=\u00bbon|tablet\u00bb border_radii=\u00bbon|5px|5px|5px|5px\u00bb global_colors_info=\u00bb{}\u00bb]\u2705 La asistencia durante el viaje con dos gu\u00edas[\/et_pb_text][et_pb_text _builder_version=\u00bb4.27.4&#8243; _module_preset=\u00bbdefault\u00bb text_font=\u00bb|600|||||||\u00bb header_2_font=\u00bb|800|||||||\u00bb header_2_font_size=\u00bb40px\u00bb background_color=\u00bb#F7F7F7&#8243; custom_margin=\u00bb||||false|false\u00bb custom_padding=\u00bb10px|15px|10px|15px|true|true\u00bb header_2_font_size_tablet=\u00bb36px\u00bb header_2_font_size_phone=\u00bb30px\u00bb header_2_font_size_last_edited=\u00bbon|phone\u00bb text_orientation_tablet=\u00bbleft\u00bb text_orientation_phone=\u00bbleft\u00bb text_orientation_last_edited=\u00bbon|tablet\u00bb border_radii=\u00bbon|5px|5px|5px|5px\u00bb global_colors_info=\u00bb{}\u00bb]<\/p>\n<p>\u2705 Un ambiente amical sin competici\u00f3n<\/p>\n<p>[\/et_pb_text][et_pb_button button_url=\u00bb#apuntarme\u00bb button_text=\u00bbApuntarme\u00bb _builder_version=\u00bb4.27.4&#8243; _module_preset=\u00bbdefault\u00bb custom_button=\u00bbon\u00bb button_text_size=\u00bb14px\u00bb button_letter_spacing=\u00bb1px\u00bb button_font=\u00bb|600||on|||||\u00bb custom_margin_tablet=\u00bb\u00bb custom_margin_phone=\u00bb||30px||false|false\u00bb custom_margin_last_edited=\u00bbon|phone\u00bb custom_padding=\u00bb15px|30px|15px|30px|true|true\u00bb global_colors_info=\u00bb{}\u00bb][\/et_pb_button][\/et_pb_column][et_pb_column type=\u00bb1_2&#8243; _builder_version=\u00bb4.27.4&#8243; _module_preset=\u00bbdefault\u00bb custom_css_main_element=\u00bbmargin: auto;\u00bb global_colors_info=\u00bb{}\u00bb][et_pb_image src=\u00bbhttps:\/\/rutasmototours.com\/wp-content\/uploads\/2025\/11\/LGTDM15-\u2013-El-Gran-Tour-del-Marruecos-en-15-dias-29.jpg\u00bb alt=\u00bbruta en moto vuelta de andalucia en 9 dias\u00bb title_text=\u00bbLGTDM15 \u2013 El Gran Tour del Marruecos en 15 d\u00edas-29&#8243; _builder_version=\u00bb4.27.4&#8243; _module_preset=\u00bbdefault\u00bb border_radii=\u00bbon|20px|20px|20px|20px\u00bb global_colors_info=\u00bb{}\u00bb][\/et_pb_image][\/et_pb_column][\/et_pb_row][\/et_pb_section][et_pb_section fb_built=\u00bb1&#8243; admin_label=\u00bbSection\u00bb module_id=\u00bbinfo\u00bb _builder_version=\u00bb4.27.4&#8243; _module_preset=\u00bbdefault\u00bb background_color=\u00bb#F7F7F7&#8243; da_popup_slug=\u00bbinfo\u00bb da_disable_devices=\u00bboff|off|off\u00bb global_colors_info=\u00bb{}\u00bb da_is_popup=\u00bboff\u00bb da_exit_intent=\u00bboff\u00bb da_has_close=\u00bbon\u00bb da_alt_close=\u00bboff\u00bb da_dark_close=\u00bboff\u00bb da_not_modal=\u00bbon\u00bb da_is_singular=\u00bboff\u00bb da_with_loader=\u00bboff\u00bb da_has_shadow=\u00bbon\u00bb][et_pb_row _builder_version=\u00bb4.27.4&#8243; _module_preset=\u00bbdefault\u00bb width=\u00bb90%\u00bb global_colors_info=\u00bb{}\u00bb][et_pb_column type=\u00bb4_4&#8243; _builder_version=\u00bb4.27.4&#8243; _module_preset=\u00bbdefault\u00bb global_colors_info=\u00bb{}\u00bb][et_pb_text _builder_version=\u00bb4.27.4&#8243; _module_preset=\u00bbdefault\u00bb text_font=\u00bb|600|||||||\u00bb text_font_size=\u00bb18px\u00bb header_2_font=\u00bb|800|||||||\u00bb header_2_font_size=\u00bb40px\u00bb text_orientation=\u00bbcenter\u00bb custom_margin=\u00bb||10px||false|false\u00bb header_2_font_size_tablet=\u00bb36px\u00bb header_2_font_size_phone=\u00bb30px\u00bb header_2_font_size_last_edited=\u00bbon|phone\u00bb text_orientation_tablet=\u00bbleft\u00bb text_orientation_phone=\u00bbcenter\u00bb text_orientation_last_edited=\u00bbon|tablet\u00bb global_colors_info=\u00bb{}\u00bb]<\/p>\n<h2>M\u00e1s informaci\u00f3n<\/h2>\n<p>[\/et_pb_text][\/et_pb_column][\/et_pb_row][et_pb_row column_structure=\u00bb1_3,1_3,1_3&#8243; use_custom_gutter=\u00bbon\u00bb _builder_version=\u00bb4.27.4&#8243; _module_preset=\u00bbdefault\u00bb width=\u00bb90%\u00bb global_colors_info=\u00bb{}\u00bb][et_pb_column type=\u00bb1_3&#8243; _builder_version=\u00bb4.27.4&#8243; _module_preset=\u00bbdefault\u00bb global_colors_info=\u00bb{}\u00bb][et_pb_blurb title=\u00bbDuraci\u00f3n\u00bb use_icon=\u00bbon\u00bb font_icon=\u00bb&#xf017;||fa||400&#8243; icon_color=\u00bb#000000&#8243; image_icon_width=\u00bb50px\u00bb content_max_width=\u00bb100%\u00bb icon_placement_last_edited=\u00bboff|desktop\u00bb _builder_version=\u00bb4.27.4&#8243; _module_preset=\u00bbdefault\u00bb header_level=\u00bbh3&#8243; header_font=\u00bb|700|||||||\u00bb text_orientation=\u00bbcenter\u00bb custom_margin=\u00bb||10px||false|false\u00bb custom_padding=\u00bb20px|20px|20px|20px|true|true\u00bb animation=\u00bboff\u00bb border_radii=\u00bbon|20px|20px|20px|20px\u00bb global_colors_info=\u00bb{}\u00bb background__hover_enabled=\u00bbon|hover\u00bb background_color__hover=\u00bb#FFFFFF\u00bb background_enable_color__hover=\u00bbon\u00bb]<\/p>\n<p>15 D\u00edas y 14 noches en media pensi\u00f3n.<\/p>\n<p>[\/et_pb_blurb][\/et_pb_column][et_pb_column type=\u00bb1_3&#8243; _builder_version=\u00bb4.27.4&#8243; _module_preset=\u00bbdefault\u00bb global_colors_info=\u00bb{}\u00bb][et_pb_blurb title=\u00bbTiempo de conducci\u00f3n\u00bb use_icon=\u00bbon\u00bb font_icon=\u00bb&#xf21c;||fa||900&#8243; icon_color=\u00bb#000000&#8243; image_icon_width=\u00bb50px\u00bb content_max_width=\u00bb100%\u00bb _builder_version=\u00bb4.27.4&#8243; _module_preset=\u00bbdefault\u00bb header_level=\u00bbh3&#8243; header_font=\u00bb|700|||||||\u00bb text_orientation=\u00bbcenter\u00bb custom_margin=\u00bb||10px||false|false\u00bb custom_padding=\u00bb20px|20px|20px|20px|true|true\u00bb animation=\u00bboff\u00bb border_radii=\u00bbon|20px|20px|20px|20px\u00bb global_colors_info=\u00bb{}\u00bb background_color__hover=\u00bb#FFFFFF\u00bb background_enable_color__hover=\u00bbon\u00bb background__hover_enabled=\u00bbon|hover\u00bb]<\/p>\n<p>De 2.30 a 7.00 horas.<\/p>\n<p>[\/et_pb_blurb][\/et_pb_column][et_pb_column type=\u00bb1_3&#8243; _builder_version=\u00bb4.27.4&#8243; _module_preset=\u00bbdefault\u00bb global_colors_info=\u00bb{}\u00bb][et_pb_blurb title=\u00bbNivel\u00bb use_icon=\u00bbon\u00bb font_icon=\u00bb&#xf012;||fa||900&#8243; icon_color=\u00bb#000000&#8243; image_icon_width=\u00bb50px\u00bb content_max_width=\u00bb100%\u00bb _builder_version=\u00bb4.27.4&#8243; _module_preset=\u00bbdefault\u00bb header_level=\u00bbh3&#8243; header_font=\u00bb|700|||||||\u00bb text_orientation=\u00bbcenter\u00bb custom_margin=\u00bb||10px||false|false\u00bb custom_padding=\u00bb20px|20px|20px|20px|true|true\u00bb animation=\u00bboff\u00bb border_radii=\u00bbon|20px|20px|20px|20px\u00bb global_colors_info=\u00bb{}\u00bb background_color__hover=\u00bb#FFFFFF\u00bb background_enable_color__hover=\u00bbon\u00bb background__hover_enabled=\u00bbon|hover\u00bb]<\/p>\n<p><a href=\"https:\/\/rutasmototours.com\/nivel-de-competencia-de-pilotaje\/\">F\u00e1cil a moderado<\/a><\/p>\n<p>[\/et_pb_blurb][\/et_pb_column][\/et_pb_row][et_pb_row column_structure=\u00bb1_4,1_4,1_4,1_4&#8243; _builder_version=\u00bb4.27.4&#8243; _module_preset=\u00bbdefault\u00bb global_colors_info=\u00bb{}\u00bb][et_pb_column type=\u00bb1_4&#8243; _builder_version=\u00bb4.27.4&#8243; _module_preset=\u00bbdefault\u00bb global_colors_info=\u00bb{}\u00bb][et_pb_circle_counter title=\u00bbAsfalto\u00bb number=\u00bb98&#8243; bar_bg_color=\u00bb#B94E40&#8243; circle_color_alpha=\u00bb0.95&#8243; _builder_version=\u00bb4.27.4&#8243; _module_preset=\u00bbdefault\u00bb title_font=\u00bb|600|||||||\u00bb number_font=\u00bb|700|||||||\u00bb number_font_size=\u00bb40px\u00bb max_width=\u00bb200px\u00bb global_colors_info=\u00bb{}\u00bb][\/et_pb_circle_counter][\/et_pb_column][et_pb_column type=\u00bb1_4&#8243; _builder_version=\u00bb4.27.4&#8243; _module_preset=\u00bbdefault\u00bb global_colors_info=\u00bb{}\u00bb][et_pb_circle_counter title=\u00bbRutas tur\u00edsticas\u00bb number=\u00bb95&#8243; bar_bg_color=\u00bb#B94E40&#8243; circle_color_alpha=\u00bb0.95&#8243; _builder_version=\u00bb4.27.4&#8243; _module_preset=\u00bbdefault\u00bb title_font=\u00bb|600|||||||\u00bb number_font=\u00bb|700|||||||\u00bb number_font_size=\u00bb40px\u00bb max_width=\u00bb200px\u00bb global_colors_info=\u00bb{}\u00bb][\/et_pb_circle_counter][\/et_pb_column][et_pb_column type=\u00bb1_4&#8243; _builder_version=\u00bb4.27.4&#8243; _module_preset=\u00bbdefault\u00bb global_colors_info=\u00bb{}\u00bb][et_pb_circle_counter title=\u00bbRutas de monta\u00f1a\u00bb number=\u00bb50&#8243; bar_bg_color=\u00bb#B94E40&#8243; circle_color_alpha=\u00bb0.95&#8243; _builder_version=\u00bb4.27.4&#8243; _module_preset=\u00bbdefault\u00bb title_font=\u00bb|600|||||||\u00bb number_font=\u00bb|700|||||||\u00bb number_font_size=\u00bb40px\u00bb max_width=\u00bb200px\u00bb global_colors_info=\u00bb{}\u00bb][\/et_pb_circle_counter][\/et_pb_column][et_pb_column type=\u00bb1_4&#8243; _builder_version=\u00bb4.27.4&#8243; _module_preset=\u00bbdefault\u00bb global_colors_info=\u00bb{}\u00bb][et_pb_circle_counter title=\u00bbRutas de autopista\u00bb number=\u00bb2&#8243; bar_bg_color=\u00bb#B94E40&#8243; circle_color_alpha=\u00bb0.95&#8243; _builder_version=\u00bb4.27.4&#8243; _module_preset=\u00bbdefault\u00bb title_font=\u00bb|600|||||||\u00bb number_font=\u00bb|700|||||||\u00bb number_font_size=\u00bb40px\u00bb max_width=\u00bb200px\u00bb global_colors_info=\u00bb{}\u00bb][\/et_pb_circle_counter][\/et_pb_column][\/et_pb_row][et_pb_row _builder_version=\u00bb4.27.4&#8243; _module_preset=\u00bbdefault\u00bb custom_margin=\u00bb||0px||false|false\u00bb custom_padding=\u00bb||0px||false|false\u00bb global_colors_info=\u00bb{}\u00bb][et_pb_column type=\u00bb4_4&#8243; _builder_version=\u00bb4.27.4&#8243; _module_preset=\u00bbdefault\u00bb global_colors_info=\u00bb{}\u00bb][et_pb_text _builder_version=\u00bb4.27.4&#8243; _module_preset=\u00bbdefault\u00bb text_font=\u00bb|600|||||||\u00bb text_font_size=\u00bb18px\u00bb header_2_font=\u00bb|800|||||||\u00bb header_2_font_size=\u00bb40px\u00bb header_3_font=\u00bb|700|||||||\u00bb header_3_font_size=\u00bb26px\u00bb text_orientation=\u00bbcenter\u00bb custom_margin=\u00bb||10px||false|false\u00bb header_2_font_size_tablet=\u00bb36px\u00bb header_2_font_size_phone=\u00bb30px\u00bb header_2_font_size_last_edited=\u00bbon|phone\u00bb text_orientation_tablet=\u00bbleft\u00bb text_orientation_phone=\u00bbcenter\u00bb text_orientation_last_edited=\u00bbon|tablet\u00bb global_colors_info=\u00bb{}\u00bb]<\/p>\n<h3>La mejor temporada para viajar<\/h3>\n<p>[\/et_pb_text][\/et_pb_column][\/et_pb_row][et_pb_row column_structure=\u00bb1_6,1_6,1_6,1_6,1_6,1_6&#8243; use_custom_gutter=\u00bbon\u00bb gutter_width=\u00bb2&#8243; _builder_version=\u00bb4.27.4&#8243; _module_preset=\u00bbdefault\u00bb width=\u00bb90%\u00bb custom_padding=\u00bb||0px||false|false\u00bb global_colors_info=\u00bb{}\u00bb][et_pb_column type=\u00bb1_6&#8243; _builder_version=\u00bb4.27.4&#8243; _module_preset=\u00bbdefault\u00bb global_colors_info=\u00bb{}\u00bb][et_pb_text _builder_version=\u00bb4.27.4&#8243; _module_preset=\u00bbdefault\u00bb text_font=\u00bb|700||on|||||\u00bb background_color=\u00bb#DBA149&#8243; text_orientation=\u00bbcenter\u00bb custom_padding=\u00bb5px|5px|5px|5px|true|true\u00bb border_radii=\u00bbon|5px|5px|5px|5px\u00bb global_colors_info=\u00bb{}\u00bb]<\/p>\n<p>Enero<\/p>\n<p>[\/et_pb_text][\/et_pb_column][et_pb_column type=\u00bb1_6&#8243; _builder_version=\u00bb4.27.4&#8243; _module_preset=\u00bbdefault\u00bb global_colors_info=\u00bb{}\u00bb][et_pb_text _builder_version=\u00bb4.27.4&#8243; _module_preset=\u00bbdefault\u00bb text_font=\u00bb|700||on|||||\u00bb background_color=\u00bb#DBA149&#8243; text_orientation=\u00bbcenter\u00bb custom_padding=\u00bb5px|5px|5px|5px|true|true\u00bb border_radii=\u00bbon|5px|5px|5px|5px\u00bb global_colors_info=\u00bb{}\u00bb]<\/p>\n<p>Febrero<\/p>\n<p>[\/et_pb_text][\/et_pb_column][et_pb_column type=\u00bb1_6&#8243; _builder_version=\u00bb4.27.4&#8243; _module_preset=\u00bbdefault\u00bb global_colors_info=\u00bb{}\u00bb][et_pb_text _builder_version=\u00bb4.27.4&#8243; _module_preset=\u00bbdefault\u00bb text_font=\u00bb|700||on|||||\u00bb background_color=\u00bb#AFCCAC\u00bb text_orientation=\u00bbcenter\u00bb custom_padding=\u00bb5px|5px|5px|5px|true|true\u00bb border_radii=\u00bbon|5px|5px|5px|5px\u00bb global_colors_info=\u00bb{}\u00bb]<\/p>\n<p>Marzo<\/p>\n<p>[\/et_pb_text][\/et_pb_column][et_pb_column type=\u00bb1_6&#8243; _builder_version=\u00bb4.27.4&#8243; _module_preset=\u00bbdefault\u00bb global_colors_info=\u00bb{}\u00bb][et_pb_text _builder_version=\u00bb4.27.4&#8243; _module_preset=\u00bbdefault\u00bb text_font=\u00bb|700||on|||||\u00bb background_color=\u00bb#AFCCAC\u00bb text_orientation=\u00bbcenter\u00bb custom_padding=\u00bb5px|5px|5px|5px|true|true\u00bb border_radii=\u00bbon|5px|5px|5px|5px\u00bb global_colors_info=\u00bb{}\u00bb]<\/p>\n<p>Abril<\/p>\n<p>[\/et_pb_text][\/et_pb_column][et_pb_column type=\u00bb1_6&#8243; _builder_version=\u00bb4.27.4&#8243; _module_preset=\u00bbdefault\u00bb global_colors_info=\u00bb{}\u00bb][et_pb_text _builder_version=\u00bb4.27.4&#8243; _module_preset=\u00bbdefault\u00bb text_font=\u00bb|700||on|||||\u00bb background_color=\u00bb#AFCCAC\u00bb text_orientation=\u00bbcenter\u00bb custom_padding=\u00bb5px|5px|5px|5px|true|true\u00bb border_radii=\u00bbon|5px|5px|5px|5px\u00bb global_colors_info=\u00bb{}\u00bb]<\/p>\n<p>Mayo<\/p>\n<p>[\/et_pb_text][\/et_pb_column][et_pb_column type=\u00bb1_6&#8243; _builder_version=\u00bb4.27.4&#8243; _module_preset=\u00bbdefault\u00bb global_colors_info=\u00bb{}\u00bb][et_pb_text _builder_version=\u00bb4.27.4&#8243; _module_preset=\u00bbdefault\u00bb text_font=\u00bb|700||on|||||\u00bb background_color=\u00bb#AFCCAC\u00bb text_orientation=\u00bbcenter\u00bb custom_padding=\u00bb5px|5px|5px|5px|true|true\u00bb border_radii=\u00bbon|5px|5px|5px|5px\u00bb global_colors_info=\u00bb{}\u00bb]<\/p>\n<p>Junio<\/p>\n<p>[\/et_pb_text][\/et_pb_column][\/et_pb_row][et_pb_row column_structure=\u00bb1_6,1_6,1_6,1_6,1_6,1_6&#8243; use_custom_gutter=\u00bbon\u00bb gutter_width=\u00bb2&#8243; _builder_version=\u00bb4.27.4&#8243; _module_preset=\u00bbdefault\u00bb width=\u00bb90%\u00bb global_colors_info=\u00bb{}\u00bb][et_pb_column type=\u00bb1_6&#8243; _builder_version=\u00bb4.27.4&#8243; _module_preset=\u00bbdefault\u00bb global_colors_info=\u00bb{}\u00bb][et_pb_text _builder_version=\u00bb4.27.4&#8243; _module_preset=\u00bbdefault\u00bb text_font=\u00bb|700||on|||||\u00bb background_color=\u00bb#B94E40&#8243; text_orientation=\u00bbcenter\u00bb custom_padding=\u00bb5px|5px|5px|5px|true|true\u00bb border_radii=\u00bbon|5px|5px|5px|5px\u00bb global_colors_info=\u00bb{}\u00bb]<\/p>\n<p>Julio<\/p>\n<p>[\/et_pb_text][\/et_pb_column][et_pb_column type=\u00bb1_6&#8243; _builder_version=\u00bb4.27.4&#8243; _module_preset=\u00bbdefault\u00bb global_colors_info=\u00bb{}\u00bb][et_pb_text _builder_version=\u00bb4.27.4&#8243; _module_preset=\u00bbdefault\u00bb text_font=\u00bb|700||on|||||\u00bb background_color=\u00bb#B94E40&#8243; text_orientation=\u00bbcenter\u00bb custom_padding=\u00bb5px|5px|5px|5px|true|true\u00bb border_radii=\u00bbon|5px|5px|5px|5px\u00bb global_colors_info=\u00bb{}\u00bb]<\/p>\n<p>Agosto<\/p>\n<p>[\/et_pb_text][\/et_pb_column][et_pb_column type=\u00bb1_6&#8243; _builder_version=\u00bb4.27.4&#8243; _module_preset=\u00bbdefault\u00bb global_colors_info=\u00bb{}\u00bb][et_pb_text _builder_version=\u00bb4.27.4&#8243; _module_preset=\u00bbdefault\u00bb text_font=\u00bb|700||on|||||\u00bb background_color=\u00bb#AFCCAC\u00bb text_orientation=\u00bbcenter\u00bb custom_padding=\u00bb5px|5px|5px|5px|true|true\u00bb border_radii=\u00bbon|5px|5px|5px|5px\u00bb global_colors_info=\u00bb{}\u00bb]<\/p>\n<p>Septiembre<\/p>\n<p>[\/et_pb_text][\/et_pb_column][et_pb_column type=\u00bb1_6&#8243; _builder_version=\u00bb4.27.4&#8243; _module_preset=\u00bbdefault\u00bb global_colors_info=\u00bb{}\u00bb][et_pb_text _builder_version=\u00bb4.27.4&#8243; _module_preset=\u00bbdefault\u00bb text_font=\u00bb|700||on|||||\u00bb background_color=\u00bb#AFCCAC\u00bb text_orientation=\u00bbcenter\u00bb custom_padding=\u00bb5px|5px|5px|5px|true|true\u00bb border_radii=\u00bbon|5px|5px|5px|5px\u00bb global_colors_info=\u00bb{}\u00bb]<\/p>\n<p>Octubre<\/p>\n<p>[\/et_pb_text][\/et_pb_column][et_pb_column type=\u00bb1_6&#8243; _builder_version=\u00bb4.27.4&#8243; _module_preset=\u00bbdefault\u00bb global_colors_info=\u00bb{}\u00bb][et_pb_text _builder_version=\u00bb4.27.4&#8243; _module_preset=\u00bbdefault\u00bb text_font=\u00bb|700||on|||||\u00bb background_color=\u00bb#AFCCAC\u00bb text_orientation=\u00bbcenter\u00bb custom_padding=\u00bb5px|5px|5px|5px|true|true\u00bb border_radii=\u00bbon|5px|5px|5px|5px\u00bb global_colors_info=\u00bb{}\u00bb]<\/p>\n<p>Noviembre<\/p>\n<p>[\/et_pb_text][\/et_pb_column][et_pb_column type=\u00bb1_6&#8243; _builder_version=\u00bb4.27.4&#8243; _module_preset=\u00bbdefault\u00bb global_colors_info=\u00bb{}\u00bb][et_pb_text _builder_version=\u00bb4.27.4&#8243; _module_preset=\u00bbdefault\u00bb text_font=\u00bb|700||on|||||\u00bb background_color=\u00bb#DBA149&#8243; text_orientation=\u00bbcenter\u00bb custom_padding=\u00bb5px|5px|5px|5px|true|true\u00bb border_radii=\u00bbon|5px|5px|5px|5px\u00bb global_colors_info=\u00bb{}\u00bb]<\/p>\n<p>Diciembre<\/p>\n<p>[\/et_pb_text][\/et_pb_column][\/et_pb_row][et_pb_row _builder_version=\u00bb4.27.4&#8243; _module_preset=\u00bbdefault\u00bb global_colors_info=\u00bb{}\u00bb][et_pb_column type=\u00bb4_4&#8243; _builder_version=\u00bb4.27.4&#8243; _module_preset=\u00bbdefault\u00bb global_colors_info=\u00bb{}\u00bb][et_pb_button button_url=\u00bb#apuntarme\u00bb button_text=\u00bbApuntarme\u00bb button_alignment=\u00bbcenter\u00bb _builder_version=\u00bb4.27.4&#8243; _module_preset=\u00bbdefault\u00bb custom_button=\u00bbon\u00bb button_text_size=\u00bb14px\u00bb button_letter_spacing=\u00bb1px\u00bb button_font=\u00bb|600||on|||||\u00bb custom_padding=\u00bb15px|30px|15px|30px|true|true\u00bb global_colors_info=\u00bb{}\u00bb][\/et_pb_button][\/et_pb_column][\/et_pb_row][\/et_pb_section][et_pb_section fb_built=\u00bb1&#8243; admin_label=\u00bbMapa de la ruta\u00bb module_id=\u00bbmapa\u00bb _builder_version=\u00bb4.27.4&#8243; _module_preset=\u00bbdefault\u00bb da_popup_slug=\u00bbmapa\u00bb da_disable_devices=\u00bboff|off|off\u00bb global_colors_info=\u00bb{}\u00bb da_is_popup=\u00bboff\u00bb da_exit_intent=\u00bboff\u00bb da_has_close=\u00bbon\u00bb da_alt_close=\u00bboff\u00bb da_dark_close=\u00bboff\u00bb da_not_modal=\u00bbon\u00bb da_is_singular=\u00bboff\u00bb da_with_loader=\u00bboff\u00bb da_has_shadow=\u00bbon\u00bb][et_pb_row _builder_version=\u00bb4.27.4&#8243; _module_preset=\u00bbdefault\u00bb width=\u00bb90%\u00bb global_colors_info=\u00bb{}\u00bb][et_pb_column type=\u00bb4_4&#8243; _builder_version=\u00bb4.27.4&#8243; _module_preset=\u00bbdefault\u00bb global_colors_info=\u00bb{}\u00bb][et_pb_text _builder_version=\u00bb4.27.4&#8243; _module_preset=\u00bbdefault\u00bb text_font=\u00bb|600|||||||\u00bb text_font_size=\u00bb18px\u00bb header_2_font=\u00bb|800|||||||\u00bb header_2_font_size=\u00bb40px\u00bb text_orientation=\u00bbcenter\u00bb custom_margin=\u00bb||10px||false|false\u00bb header_2_font_size_tablet=\u00bb36px\u00bb header_2_font_size_phone=\u00bb30px\u00bb header_2_font_size_last_edited=\u00bbon|phone\u00bb text_orientation_tablet=\u00bbleft\u00bb text_orientation_phone=\u00bbcenter\u00bb text_orientation_last_edited=\u00bbon|tablet\u00bb global_colors_info=\u00bb{}\u00bb]<\/p>\n<h2>Mapa de la ruta:<\/h2>\n<p>[\/et_pb_text][et_pb_image src=\u00bbhttps:\/\/rutasmototours.com\/wp-content\/uploads\/2025\/12\/MAPA-LGTDM15.jpg\u00bb alt=\u00bbRuta ANDPORT14&#8243; title_text=\u00bbMAPA LGTDM15&#8243; align=\u00bbcenter\u00bb _builder_version=\u00bb4.27.5&#8243; _module_preset=\u00bbdefault\u00bb border_radii=\u00bbon|20px|20px|20px|20px\u00bb global_colors_info=\u00bb{}\u00bb][\/et_pb_image][\/et_pb_column][\/et_pb_row][\/et_pb_section][et_pb_section fb_built=\u00bb1&#8243; admin_label=\u00bbSection\u00bb module_id=\u00bbincluido\u00bb _builder_version=\u00bb4.27.4&#8243; _module_preset=\u00bbdefault\u00bb background_color=\u00bb#F7F7F7&#8243; da_popup_slug=\u00bbincluido\u00bb da_disable_devices=\u00bboff|off|off\u00bb global_colors_info=\u00bb{}\u00bb da_is_popup=\u00bboff\u00bb da_exit_intent=\u00bboff\u00bb da_has_close=\u00bbon\u00bb da_alt_close=\u00bboff\u00bb da_dark_close=\u00bboff\u00bb da_not_modal=\u00bbon\u00bb da_is_singular=\u00bboff\u00bb da_with_loader=\u00bboff\u00bb da_has_shadow=\u00bbon\u00bb][et_pb_row column_structure=\u00bb1_2,1_2&#8243; _builder_version=\u00bb4.27.4&#8243; _module_preset=\u00bbdefault\u00bb global_colors_info=\u00bb{}\u00bb][et_pb_column type=\u00bb1_2&#8243; _builder_version=\u00bb4.27.4&#8243; _module_preset=\u00bbdefault\u00bb global_colors_info=\u00bb{}\u00bb][et_pb_text _builder_version=\u00bb4.27.4&#8243; _module_preset=\u00bbdefault\u00bb text_font=\u00bb|600|||||||\u00bb text_font_size=\u00bb18px\u00bb header_2_font=\u00bb|800|||||||\u00bb header_2_font_size=\u00bb40px\u00bb custom_margin=\u00bb||||false|false\u00bb header_2_font_size_tablet=\u00bb36px\u00bb header_2_font_size_phone=\u00bb30px\u00bb header_2_font_size_last_edited=\u00bbon|phone\u00bb text_orientation_tablet=\u00bbleft\u00bb text_orientation_phone=\u00bbleft\u00bb text_orientation_last_edited=\u00bbon|tablet\u00bb global_colors_info=\u00bb{}\u00bb]<\/p>\n<h2><span>\u2705 <\/span>Que S\u00cd est\u00e1 incluido<\/h2>\n<p>F\u00f3rmula ACOMPA\u00d1ADA<\/p>\n<p>[\/et_pb_text][et_pb_text _builder_version=\u00bb4.27.5&#8243; _module_preset=\u00bbdefault\u00bb hover_enabled=\u00bb0&#8243; global_colors_info=\u00bb{}\u00bb sticky_enabled=\u00bb0&#8243;]<\/p>\n<p>\u2705 Ferry ida y vuelta a partir de Algeciras &#8211; Tanger Med.<\/p>\n<p>\u2705 Seguro sanitario, repatriaci\u00f3n y responsabilidad civil.<\/p>\n<p>\u2705 Un gu\u00eda en moto que garantice la seguridad, la asistencia y la organizaci\u00f3n del viaje.<\/p>\n<p>\u2705 Veh\u00edculo de apoyo desde Larache hasta Chefchaouen con acompa\u00f1ante marroqu\u00ed.<\/p>\n<p>\u2705 Asistencia mec\u00e1nica express.<\/p>\n<p>\u2705 Aparcamiento en los hoteles.<\/p>\n<p>\u2705 Tasas tur\u00edsticas en los hoteles.<\/p>\n<p>\u2705 14 noches en media pensi\u00f3n y en habitaci\u00f3n individual en hoteles de calidad (3 a 5 estrellas seg\u00fan disponibilidad) o Kasbahs de categor\u00eda equivalentes con piscinas mayoritariamente.<\/p>\n<p>\u2705 2 noches en Merzouga con actividades (paseo en camello en el desierto y un viaje en 4&#215;4 de 2 a 3 horas en las dunas).<\/p>\n<p>\u2705 2 noches en Fes con visita guiada.<\/p>\n<p>\u2705 2 noches en Essaouira con visita guiada y paseo en caballo en la playa.<\/p>\n<p>\u2705 Visita guiada de Volubilis.<\/p>\n<p>\u2705 Visita guiada de Ait Ben Haddou.<\/p>\n<p>\u2705 Reportaje foto del viaje.<\/p>\n<p>\u2705 Rutas en formato gpx.<\/p>\n<p>\u2705 Road-book del viaje.<\/p>\n<p>\u2705 Paquete regalo de bienvenida.<\/p>\n<p>\u2705 Refrescos diario.<\/p>\n<p>\u2705 Aperitivo de fin de viaje.<\/p>\n<p><span>\u26a0\ufe0f<\/span> Salida garantizada con un m\u00ednimo de 7 motos inscritas.<\/p>\n<p><span>\u26a0\ufe0f<\/span> Veh\u00edculo de asistencia garantizado con un m\u00ednimo de 8 motos inscritas.<\/p>\n<p>[\/et_pb_text][et_pb_button button_url=\u00bb#apuntarme\u00bb button_text=\u00bbApuntarme\u00bb _builder_version=\u00bb4.27.4&#8243; _module_preset=\u00bbdefault\u00bb custom_button=\u00bbon\u00bb button_text_size=\u00bb14px\u00bb button_letter_spacing=\u00bb1px\u00bb button_font=\u00bb|600||on|||||\u00bb custom_padding=\u00bb15px|30px|15px|30px|true|true\u00bb global_colors_info=\u00bb{}\u00bb][\/et_pb_button][\/et_pb_column][et_pb_column type=\u00bb1_2&#8243; _builder_version=\u00bb4.27.4&#8243; _module_preset=\u00bbdefault\u00bb global_colors_info=\u00bb{}\u00bb][et_pb_text _builder_version=\u00bb4.27.4&#8243; _module_preset=\u00bbdefault\u00bb text_font=\u00bb|600|||||||\u00bb text_font_size=\u00bb18px\u00bb header_2_font=\u00bb|800|||||||\u00bb header_2_font_size=\u00bb40px\u00bb header_2_font_size_tablet=\u00bb36px\u00bb header_2_font_size_phone=\u00bb30px\u00bb header_2_font_size_last_edited=\u00bbon|phone\u00bb text_orientation_tablet=\u00bbleft\u00bb text_orientation_phone=\u00bbleft\u00bb text_orientation_last_edited=\u00bbon|tablet\u00bb global_colors_info=\u00bb{}\u00bb]<\/p>\n<h2><span>\u274c <\/span>Que NO est\u00e1 incluido<\/h2>\n<p>F\u00f3rmula ACOMPA\u00d1ADA<\/p>\n<p>[\/et_pb_text][et_pb_text _builder_version=\u00bb4.27.5&#8243; _module_preset=\u00bbdefault\u00bb hover_enabled=\u00bb0&#8243; global_colors_info=\u00bb{}\u00bb sticky_enabled=\u00bb0&#8243;]<\/p>\n<p>\u274c La motocicleta para el viaje (ver el enlace para alquilar una con nuestros socios).<\/p>\n<p>\u274c Los vuelos a\u00e9reos.<\/p>\n<p>\u274c Comida en ruta a medio d\u00eda.<\/p>\n<p>\u274c Bebidas alcoh\u00f3licas o no incluidas en los men\u00fas.<\/p>\n<p>\u274c Propinas.<\/p>\n<p>\u274c Gasolina.<\/p>\n<p>\u274c Las multas.<\/p>\n<p>\u274c Peajes de autopistas (en caso de uso).<\/p>\n<p>\u274c Los parkings fuera de los hoteles.<\/p>\n<p>\u274c Cualquier concepto no especificado en el apartado \u00abel viaje incluye\u00bb.<\/p>\n<p>[\/et_pb_text][\/et_pb_column][\/et_pb_row][\/et_pb_section][et_pb_section fb_built=\u00bb1&#8243; admin_label=\u00bbSection\u00bb _builder_version=\u00bb4.27.4&#8243; _module_preset=\u00bbdefault\u00bb background_color=\u00bb#FFFFFF\u00bb da_disable_devices=\u00bboff|off|off\u00bb global_colors_info=\u00bb{}\u00bb da_is_popup=\u00bboff\u00bb da_exit_intent=\u00bboff\u00bb da_has_close=\u00bbon\u00bb da_alt_close=\u00bboff\u00bb da_dark_close=\u00bboff\u00bb da_not_modal=\u00bbon\u00bb da_is_singular=\u00bboff\u00bb da_with_loader=\u00bboff\u00bb da_has_shadow=\u00bbon\u00bb][et_pb_row column_structure=\u00bb1_2,1_2&#8243; _builder_version=\u00bb4.27.4&#8243; _module_preset=\u00bbdefault\u00bb global_colors_info=\u00bb{}\u00bb][et_pb_column type=\u00bb1_2&#8243; _builder_version=\u00bb4.27.4&#8243; _module_preset=\u00bbdefault\u00bb global_colors_info=\u00bb{}\u00bb][et_pb_text _builder_version=\u00bb4.27.4&#8243; _module_preset=\u00bbdefault\u00bb text_font=\u00bb|600|||||||\u00bb text_font_size=\u00bb18px\u00bb header_2_font=\u00bb|800|||||||\u00bb header_2_font_size=\u00bb40px\u00bb custom_margin=\u00bb||||false|false\u00bb header_2_font_size_tablet=\u00bb36px\u00bb header_2_font_size_phone=\u00bb30px\u00bb header_2_font_size_last_edited=\u00bbon|phone\u00bb text_orientation_tablet=\u00bbleft\u00bb text_orientation_phone=\u00bbleft\u00bb text_orientation_last_edited=\u00bbon|tablet\u00bb global_colors_info=\u00bb{}\u00bb]<\/p>\n<h2><span>\u2705 <\/span>Que S\u00cd est\u00e1 incluido<\/h2>\n<p>F\u00f3rmula LIBERTAD<\/p>\n<p>[\/et_pb_text][et_pb_text _builder_version=\u00bb4.27.5&#8243; _module_preset=\u00bbdefault\u00bb hover_enabled=\u00bb0&#8243; global_colors_info=\u00bb{}\u00bb sticky_enabled=\u00bb0&#8243;]<\/p>\n<p>\u2705 Ferry ida y vuelta a partir de Algeciras &#8211; Tanger Med.<\/p>\n<p>\u2705 Seguro sanitario, repatriaci\u00f3n y responsabilidad civil.<\/p>\n<p>\u2705 14 noches en media pensi\u00f3n en hoteles de calidad (3 a 5 estrellas seg\u00fan disponibilidad) o Kasbahs de categor\u00eda equivalentes con piscinas mayoritariamente.<\/p>\n<p>\u2705 Aparcamiento en los hoteles.<\/p>\n<p>\u2705 Tasas tur\u00edsticas en los hoteles.<\/p>\n<p>\u2705 2 noches en Merzouga con actividades (paseo en camello en el desierto y un viaje en 4&#215;4 de 2 a 3 horas en las dunas).<\/p>\n<p>\u2705 2 noches en Fes con visita guiada.<\/p>\n<p>\u2705 2 noches en Essaouira con visita guiada y paseo en caballo en la playa.<\/p>\n<p>\u2705 Aparcamiento en los hoteles.<\/p>\n<p>\u2705 Rutas en formato gpx.<\/p>\n<p>\u2705 Roadbook del viaje.<\/p>\n<p>\u2705 Paquete regalo de bienvenida.<\/p>\n<p>[\/et_pb_text][et_pb_button button_url=\u00bb#apuntarme\u00bb button_text=\u00bbApuntarme\u00bb _builder_version=\u00bb4.27.4&#8243; _module_preset=\u00bbdefault\u00bb custom_button=\u00bbon\u00bb button_text_size=\u00bb14px\u00bb button_letter_spacing=\u00bb1px\u00bb button_font=\u00bb|600||on|||||\u00bb custom_padding=\u00bb15px|30px|15px|30px|true|true\u00bb global_colors_info=\u00bb{}\u00bb][\/et_pb_button][\/et_pb_column][et_pb_column type=\u00bb1_2&#8243; _builder_version=\u00bb4.27.4&#8243; _module_preset=\u00bbdefault\u00bb global_colors_info=\u00bb{}\u00bb][et_pb_text _builder_version=\u00bb4.27.4&#8243; _module_preset=\u00bbdefault\u00bb text_font=\u00bb|600|||||||\u00bb text_font_size=\u00bb18px\u00bb header_2_font=\u00bb|800|||||||\u00bb header_2_font_size=\u00bb40px\u00bb header_2_font_size_tablet=\u00bb36px\u00bb header_2_font_size_phone=\u00bb30px\u00bb header_2_font_size_last_edited=\u00bbon|phone\u00bb text_orientation_tablet=\u00bbleft\u00bb text_orientation_phone=\u00bbleft\u00bb text_orientation_last_edited=\u00bbon|tablet\u00bb global_colors_info=\u00bb{}\u00bb]<\/p>\n<h2><span>\u274c <\/span>Que NO est\u00e1 incluido<\/h2>\n<p>F\u00f3rmula LIBERTAD<\/p>\n<p>[\/et_pb_text][et_pb_text _builder_version=\u00bb4.27.5&#8243; _module_preset=\u00bbdefault\u00bb hover_enabled=\u00bb0&#8243; global_colors_info=\u00bb{}\u00bb sticky_enabled=\u00bb0&#8243;]<\/p>\n<p>\u274c La motocicleta para el viaje (ver el enlace para alquilar una con nuestros socios).<\/p>\n<p>\u274c Los vuelos a\u00e9reos.<\/p>\n<p>\u274c Comida en ruta a medio d\u00eda.<\/p>\n<p>\u274c Bebidas alcoh\u00f3licas o no incluido en los men\u00fas.<\/p>\n<p>\u274c Propinas.<\/p>\n<p>\u274c Peajes de autopistas (en caso de uso).<\/p>\n<p>\u274c Gasolina.<\/p>\n<p>\u274c Las multas.<\/p>\n<p>\u274c Los parkings fuera de los hoteles.<\/p>\n<p>\u274c Cualquier concepto no espicificado en el Aprto \u00abel viaje incluye\u00bb.<\/p>\n<p>[\/et_pb_text][\/et_pb_column][\/et_pb_row][\/et_pb_section][et_pb_section fb_built=\u00bb1&#8243; admin_label=\u00bbEnlaces Seguros\u00bb module_id=\u00bbenlaces\u00bb _builder_version=\u00bb4.27.4&#8243; _module_preset=\u00bbdefault\u00bb background_color=\u00bb#F7F7F7&#8243; da_popup_slug=\u00bbenlaces\u00bb da_disable_devices=\u00bboff|off|off\u00bb global_colors_info=\u00bb{}\u00bb da_is_popup=\u00bboff\u00bb da_exit_intent=\u00bboff\u00bb da_has_close=\u00bbon\u00bb da_alt_close=\u00bboff\u00bb da_dark_close=\u00bboff\u00bb da_not_modal=\u00bbon\u00bb da_is_singular=\u00bboff\u00bb da_with_loader=\u00bboff\u00bb da_has_shadow=\u00bbon\u00bb][et_pb_row _builder_version=\u00bb4.27.4&#8243; _module_preset=\u00bbdefault\u00bb global_colors_info=\u00bb{}\u00bb][et_pb_column type=\u00bb4_4&#8243; _builder_version=\u00bb4.27.4&#8243; _module_preset=\u00bbdefault\u00bb global_colors_info=\u00bb{}\u00bb][et_pb_text _builder_version=\u00bb4.27.4&#8243; _module_preset=\u00bbdefault\u00bb text_font=\u00bb|600|||||||\u00bb text_font_size=\u00bb18px\u00bb header_2_font=\u00bb|800|||||||\u00bb header_2_font_size=\u00bb40px\u00bb custom_margin=\u00bb||10px||false|false\u00bb header_2_font_size_tablet=\u00bb36px\u00bb header_2_font_size_phone=\u00bb30px\u00bb header_2_font_size_last_edited=\u00bbon|phone\u00bb text_orientation_tablet=\u00bbleft\u00bb text_orientation_phone=\u00bbleft\u00bb text_orientation_last_edited=\u00bbon|tablet\u00bb global_colors_info=\u00bb{}\u00bb]<\/p>\n<h2>Revisa esto atentamente<\/h2>\n<p>Por si aun no los tienes, aqu\u00ed te dejamos algunos enlaces \u00fatiles que podr\u00edas necesitar.<\/p>\n<p>[\/et_pb_text][\/et_pb_column][\/et_pb_row][et_pb_row column_structure=\u00bb1_3,1_3,1_3&#8243; use_custom_gutter=\u00bbon\u00bb _builder_version=\u00bb4.27.5&#8243; _module_preset=\u00bbdefault\u00bb width=\u00bb90%\u00bb hover_enabled=\u00bb0&#8243; global_colors_info=\u00bb{}\u00bb sticky_enabled=\u00bb0&#8243;][et_pb_column type=\u00bb1_3&#8243; _builder_version=\u00bb4.27.4&#8243; _module_preset=\u00bbdefault\u00bb global_colors_info=\u00bb{}\u00bb][et_pb_blurb title=\u00bbAlquilar una moto\u00bb use_icon=\u00bbon\u00bb font_icon=\u00bb&#xf21c;||fa||900&#8243; icon_color=\u00bb#DBA149&#8243; image_icon_width=\u00bb50px\u00bb icon_alignment=\u00bbleft\u00bb content_max_width=\u00bb100%\u00bb _builder_version=\u00bb4.27.5&#8243; _module_preset=\u00bbdefault\u00bb header_level=\u00bbh3&#8243; header_font=\u00bb|700|||||||\u00bb custom_margin=\u00bb||10px||false|false\u00bb custom_padding=\u00bb20px|20px|20px|20px|true|true\u00bb animation=\u00bboff\u00bb border_radii=\u00bbon|20px|20px|20px|20px\u00bb global_colors_info=\u00bb{}\u00bb background_color__hover=\u00bb#F7F7F7&#8243; background__hover_enabled=\u00bbon|hover\u00bb background_enable_color__hover=\u00bbon\u00bb]<\/p>\n<p><a href=\"https:\/\/www.hertzride.com\/es\/oficinas\/alquiler-de-motos-m%C3%A1laga-734\" target=\"_blank\" rel=\"noopener\">Alquilar con Hertz Ride<\/a><\/p>\n<p><a href=\"https:\/\/www.pautravelmoto.com\/\" target=\"_blank\" rel=\"noopener\">Alquilar con PauTravelMoto<\/a><\/p>\n<p>[\/et_pb_blurb][\/et_pb_column][et_pb_column type=\u00bb1_3&#8243; _builder_version=\u00bb4.27.4&#8243; _module_preset=\u00bbdefault\u00bb global_colors_info=\u00bb{}\u00bb][et_pb_blurb title=\u00bbTransporte de moto\u00bb use_icon=\u00bbon\u00bb font_icon=\u00bb&#xf474;||fa||900&#8243; icon_color=\u00bb#AFCCAC\u00bb image_icon_width=\u00bb50px\u00bb icon_alignment=\u00bbleft\u00bb content_max_width=\u00bb100%\u00bb _builder_version=\u00bb4.27.4&#8243; _module_preset=\u00bbdefault\u00bb header_level=\u00bbh3&#8243; header_font=\u00bb|700|||||||\u00bb custom_margin=\u00bb||10px||false|false\u00bb custom_padding=\u00bb20px|20px|20px|20px|true|true\u00bb animation=\u00bboff\u00bb border_radii=\u00bbon|20px|20px|20px|20px\u00bb global_colors_info=\u00bb{}\u00bb background_color__hover=\u00bb#F7F7F7&#8243; background__hover_enabled=\u00bbon|hover\u00bb background_enable_color__hover=\u00bbon\u00bb]<\/p>\n<p><a href=\"https:\/\/www.eurotransportcar.com\/en\/motorcycle-transport\" target=\"_blank\" rel=\"noopener\">Contratar con Euro Transportcar<\/a><\/p>\n<p><a href=\"https:\/\/www.mototransport.es\/\" target=\"_blank\" rel=\"noopener\">Contratar con Moto Transport<\/a><\/p>\n<p>[\/et_pb_blurb][\/et_pb_column][et_pb_column type=\u00bb1_3&#8243; _builder_version=\u00bb4.27.4&#8243; _module_preset=\u00bbdefault\u00bb global_colors_info=\u00bb{}\u00bb][\/et_pb_column][\/et_pb_row][\/et_pb_section][et_pb_section fb_built=\u00bb1&#8243; admin_label=\u00bbSection\u00bb _builder_version=\u00bb4.27.4&#8243; _module_preset=\u00bbdefault\u00bb da_disable_devices=\u00bboff|off|off\u00bb global_colors_info=\u00bb{}\u00bb da_is_popup=\u00bboff\u00bb da_exit_intent=\u00bboff\u00bb da_has_close=\u00bbon\u00bb da_alt_close=\u00bboff\u00bb da_dark_close=\u00bboff\u00bb da_not_modal=\u00bbon\u00bb da_is_singular=\u00bboff\u00bb da_with_loader=\u00bboff\u00bb da_has_shadow=\u00bbon\u00bb][et_pb_row column_structure=\u00bb2_3,1_3&#8243; _builder_version=\u00bb4.27.4&#8243; _module_preset=\u00bbdefault\u00bb global_colors_info=\u00bb{}\u00bb][et_pb_column type=\u00bb2_3&#8243; _builder_version=\u00bb4.27.4&#8243; _module_preset=\u00bbdefault\u00bb global_colors_info=\u00bb{}\u00bb][et_pb_text _builder_version=\u00bb4.27.4&#8243; _module_preset=\u00bbdefault\u00bb text_font=\u00bb|600|||||||\u00bb text_font_size=\u00bb18px\u00bb header_2_font=\u00bb|800|||||||\u00bb header_2_font_size=\u00bb40px\u00bb custom_margin=\u00bb||10px||false|false\u00bb header_2_font_size_tablet=\u00bb36px\u00bb header_2_font_size_phone=\u00bb30px\u00bb header_2_font_size_last_edited=\u00bbon|phone\u00bb text_orientation_tablet=\u00bbleft\u00bb text_orientation_phone=\u00bbleft\u00bb text_orientation_last_edited=\u00bbon|tablet\u00bb global_colors_info=\u00bb{}\u00bb]<\/p>\n<h2>Tabla de precios<\/h2>\n<p>Modalidad Acompa\u00f1ado y por Libre<\/p>\n<p>[\/et_pb_text][\/et_pb_column][et_pb_column type=\u00bb1_3&#8243; _builder_version=\u00bb4.27.4&#8243; _module_preset=\u00bbdefault\u00bb global_colors_info=\u00bb{}\u00bb][\/et_pb_column][\/et_pb_row][et_pb_row column_structure=\u00bb1_4,1_4,1_4,1_4&#8243; use_custom_gutter=\u00bbon\u00bb gutter_width=\u00bb2&#8243; make_equal=\u00bbon\u00bb _builder_version=\u00bb4.27.4&#8243; _module_preset=\u00bbdefault\u00bb width=\u00bb90%\u00bb global_colors_info=\u00bb{}\u00bb][et_pb_column type=\u00bb1_4&#8243; _builder_version=\u00bb4.27.4&#8243; _module_preset=\u00bbdefault\u00bb global_colors_info=\u00bb{}\u00bb][et_pb_text _builder_version=\u00bb4.27.5&#8243; _module_preset=\u00bbdefault\u00bb header_3_font=\u00bb|700|||||||\u00bb header_3_font_size=\u00bb18px\u00bb background_color=\u00bbrgba(202,106,75,0.5)\u00bb custom_padding=\u00bb20px|20px|20px|20px|true|true\u00bb border_radii=\u00bbon|20px|20px|20px|20px\u00bb border_width_all=\u00bb1px\u00bb border_color_all=\u00bb#d1d1d1&#8243; global_colors_info=\u00bb{}\u00bb]<\/p>\n<h3>ACOMPA\u00d1ADO<\/h3>\n<p>1 Piloto en habitaci\u00f3n individual<\/p>\n<p><strong><span style=\"color: #993300;\">2.990\u20ac<\/span><\/strong><\/p>\n<p>[\/et_pb_text][et_pb_text _builder_version=\u00bb4.27.5&#8243; _module_preset=\u00bbdefault\u00bb header_3_font=\u00bb|700|||||||\u00bb header_3_font_size=\u00bb18px\u00bb background_color=\u00bbrgba(202,106,75,0.5)\u00bb custom_padding=\u00bb20px|20px|20px|20px|true|true\u00bb border_radii=\u00bbon|20px|20px|20px|20px\u00bb border_width_all=\u00bb1px\u00bb border_color_all=\u00bb#d1d1d1&#8243; global_colors_info=\u00bb{}\u00bb]<\/p>\n<h3>Extra<\/h3>\n<p>1 Noche adicional en media pensi\u00f3n (noche previa al viaje)<\/p>\n<p><strong><span style=\"color: #993300;\">120\u20ac<\/span><\/strong><\/p>\n<p>[\/et_pb_text][\/et_pb_column][et_pb_column type=\u00bb1_4&#8243; _builder_version=\u00bb4.27.4&#8243; _module_preset=\u00bbdefault\u00bb global_colors_info=\u00bb{}\u00bb][et_pb_text _builder_version=\u00bb4.27.5&#8243; _module_preset=\u00bbdefault\u00bb header_3_font=\u00bb|700|||||||\u00bb header_3_font_size=\u00bb18px\u00bb background_color=\u00bbrgba(202,106,75,0.5)\u00bb custom_padding=\u00bb20px|20px|20px|20px|true|true\u00bb border_radii=\u00bbon|20px|20px|20px|20px\u00bb border_width_all=\u00bb1px\u00bb border_color_all=\u00bb#d1d1d1&#8243; global_colors_info=\u00bb{}\u00bb]<\/p>\n<h3>ACOMPA\u00d1ADO<\/h3>\n<p>1 Piloto + 1 acompa\u00f1ante en habitaci\u00f3n compartida<\/p>\n<p><strong><span style=\"color: #993300;\">3.890\u20ac<\/span><\/strong><\/p>\n<p>[\/et_pb_text][et_pb_text _builder_version=\u00bb4.27.5&#8243; _module_preset=\u00bbdefault\u00bb header_3_font=\u00bb|700|||||||\u00bb header_3_font_size=\u00bb18px\u00bb background_color=\u00bbrgba(202,106,75,0.5)\u00bb custom_padding=\u00bb20px|20px|20px|20px|true|true\u00bb border_radii=\u00bbon|20px|20px|20px|20px\u00bb border_width_all=\u00bb1px\u00bb border_color_all=\u00bb#d1d1d1&#8243; global_colors_info=\u00bb{}\u00bb]<\/p>\n<h3>Extra<\/h3>\n<p>1 Noche adicional en media pensi\u00f3n (noche previa al viaje)<\/p>\n<p><strong><span style=\"color: #993300;\">155\u20ac<\/span><\/strong><\/p>\n<p>[\/et_pb_text][\/et_pb_column][et_pb_column type=\u00bb1_4&#8243; _builder_version=\u00bb4.27.4&#8243; _module_preset=\u00bbdefault\u00bb global_colors_info=\u00bb{}\u00bb][et_pb_text _builder_version=\u00bb4.27.5&#8243; _module_preset=\u00bbdefault\u00bb header_3_font=\u00bb|700|||||||\u00bb header_3_font_size=\u00bb18px\u00bb background_color=\u00bbrgba(219,161,73,0.6)\u00bb custom_padding=\u00bb20px|20px|20px|20px|true|true\u00bb border_radii=\u00bbon|20px|20px|20px|20px\u00bb border_width_all=\u00bb1px\u00bb border_color_all=\u00bb#d1d1d1&#8243; global_colors_info=\u00bb{}\u00bb]<\/p>\n<h3>LIBERTAD<\/h3>\n<p>1 Piloto en habitaci\u00f3n individual<\/p>\n<p><strong><span style=\"color: #993300;\">2.390\u20ac<\/span><\/strong><\/p>\n<p>[\/et_pb_text][et_pb_text _builder_version=\u00bb4.27.5&#8243; _module_preset=\u00bbdefault\u00bb header_3_font=\u00bb|700|||||||\u00bb header_3_font_size=\u00bb18px\u00bb background_color=\u00bbrgba(219,161,73,0.6)\u00bb custom_padding=\u00bb20px|20px|20px|20px|true|true\u00bb border_radii=\u00bbon|20px|20px|20px|20px\u00bb border_width_all=\u00bb1px\u00bb border_color_all=\u00bb#d1d1d1&#8243; global_colors_info=\u00bb{}\u00bb]<\/p>\n<h3>Extra<\/h3>\n<p>1 Noche adicional en media pensi\u00f3n (noche previa al viaje)<\/p>\n<p><strong><span style=\"color: #993300;\">120\u20ac<\/span><\/strong><\/p>\n<p>[\/et_pb_text][\/et_pb_column][et_pb_column type=\u00bb1_4&#8243; _builder_version=\u00bb4.27.4&#8243; _module_preset=\u00bbdefault\u00bb global_colors_info=\u00bb{}\u00bb][et_pb_text _builder_version=\u00bb4.27.5&#8243; _module_preset=\u00bbdefault\u00bb header_3_font=\u00bb|700|||||||\u00bb header_3_font_size=\u00bb18px\u00bb background_color=\u00bbrgba(219,161,73,0.6)\u00bb custom_padding=\u00bb20px|20px|20px|20px|true|true\u00bb border_radii=\u00bbon|20px|20px|20px|20px\u00bb border_width_all=\u00bb1px\u00bb border_color_all=\u00bb#d1d1d1&#8243; global_colors_info=\u00bb{}\u00bb]<\/p>\n<h3>LIBERTAD<\/h3>\n<p>1 Piloto + 1 acompa\u00f1ante en habitaci\u00f3n compartida<\/p>\n<p><strong><span style=\"color: #993300;\">2.990\u20ac<\/span><\/strong><\/p>\n<p>[\/et_pb_text][et_pb_text _builder_version=\u00bb4.27.5&#8243; _module_preset=\u00bbdefault\u00bb header_3_font=\u00bb|700|||||||\u00bb header_3_font_size=\u00bb18px\u00bb background_color=\u00bbrgba(219,161,73,0.6)\u00bb custom_padding=\u00bb20px|20px|20px|20px|true|true\u00bb border_radii=\u00bbon|20px|20px|20px|20px\u00bb border_width_all=\u00bb1px\u00bb border_color_all=\u00bb#d1d1d1&#8243; global_colors_info=\u00bb{}\u00bb]<\/p>\n<h3>Extra<\/h3>\n<p>1 Noche adicional en media pensi\u00f3n (noche previa al viaje)<\/p>\n<p><strong><span style=\"color: #993300;\">155\u20ac<\/span><\/strong><\/p>\n<p>[\/et_pb_text][\/et_pb_column][\/et_pb_row][\/et_pb_section][et_pb_section fb_built=\u00bb1&#8243; admin_label=\u00bbCTA Ap\u00fantate\u00bb _builder_version=\u00bb4.27.4&#8243; _module_preset=\u00bbdefault\u00bb background_color=\u00bbrgba(219,161,73,0.3)\u00bb width=\u00bb95%\u00bb max_width=\u00bb1500px\u00bb module_alignment=\u00bbcenter\u00bb custom_margin=\u00bb100px||100px||true|false\u00bb da_disable_devices=\u00bboff|off|off\u00bb border_width_all=\u00bb6px\u00bb border_color_all=\u00bb#B94E40&#8243; border_style_all=\u00bbdashed\u00bb global_colors_info=\u00bb{}\u00bb da_is_popup=\u00bboff\u00bb da_exit_intent=\u00bboff\u00bb da_has_close=\u00bbon\u00bb da_alt_close=\u00bboff\u00bb da_dark_close=\u00bboff\u00bb da_not_modal=\u00bbon\u00bb da_is_singular=\u00bboff\u00bb da_with_loader=\u00bboff\u00bb da_has_shadow=\u00bbon\u00bb][et_pb_row module_id=\u00bbapuntarme\u00bb _builder_version=\u00bb4.27.4&#8243; _module_preset=\u00bbdefault\u00bb width=\u00bb95%\u00bb global_colors_info=\u00bb{}\u00bb][et_pb_column type=\u00bb4_4&#8243; _builder_version=\u00bb4.27.4&#8243; _module_preset=\u00bbdefault\u00bb global_colors_info=\u00bb{}\u00bb][et_pb_text _builder_version=\u00bb4.27.4&#8243; _module_preset=\u00bbdefault\u00bb text_font=\u00bb|600|||||||\u00bb text_font_size=\u00bb18px\u00bb header_2_font=\u00bb|800|||||||\u00bb header_2_font_size=\u00bb40px\u00bb custom_margin=\u00bb||||false|false\u00bb header_2_font_size_tablet=\u00bb36px\u00bb header_2_font_size_phone=\u00bb30px\u00bb header_2_font_size_last_edited=\u00bbon|phone\u00bb text_orientation_tablet=\u00bbleft\u00bb text_orientation_phone=\u00bbcenter\u00bb text_orientation_last_edited=\u00bbon|tablet\u00bb global_colors_info=\u00bb{}\u00bb]<\/p>\n<h2>Ap\u00fantate ya a esta aventura<\/h2>\n<p>Elige tu modalidad y l\u00e1nzate a descubrir esta incre\u00edble ruta<\/p>\n<p>[\/et_pb_text][\/et_pb_column][\/et_pb_row][et_pb_row column_structure=\u00bb3_5,2_5&#8243; use_custom_gutter=\u00bbon\u00bb gutter_width=\u00bb2&#8243; _builder_version=\u00bb4.27.4&#8243; _module_preset=\u00bbdefault\u00bb width=\u00bb95%\u00bb global_colors_info=\u00bb{}\u00bb][et_pb_column type=\u00bb3_5&#8243; _builder_version=\u00bb4.27.4&#8243; _module_preset=\u00bbdefault\u00bb background_color=\u00bbrgba(175,204,172,0.7)\u00bb custom_padding=\u00bb15px|15px|15px|15px|true|true\u00bb border_radii=\u00bbon|20px|20px|20px|20px\u00bb global_colors_info=\u00bb{}\u00bb][et_pb_text _builder_version=\u00bb4.27.4&#8243; _module_preset=\u00bbdefault\u00bb header_3_font=\u00bb|700|||||||\u00bb text_orientation_tablet=\u00bb\u00bb text_orientation_phone=\u00bbcenter\u00bb text_orientation_last_edited=\u00bbon|phone\u00bb global_colors_info=\u00bb{}\u00bb]<\/p>\n<h3>Modalidad ACOMPA\u00d1ADO<\/h3>\n<p><strong>Haz clic en la fecha<\/strong> que desees para realizar el viaje acompa\u00f1ado.<\/p>\n<p>[\/et_pb_text][et_pb_code _builder_version=\u00bb4.27.4&#8243; _module_preset=\u00bbdefault\u00bb custom_css_free_form=\u00bb\/* Contenedor principal *\/||.listado-productos-acompanados-and9 {||    display: flex;||    flex-direction: column;||    gap: 12px;||}||||\/* Estilo para cada l\u00ednea de producto (el enlace clicable) *\/||.producto-linea {||    display: flex;||    justify-content: space-between; \/* Distribuye los 3 elementos *\/||    align-items: center;||    text-decoration: none;||    color: #333;||    ||    \/* Fondo limpio y bordes redondeados *\/||    background-color: #f7f7f7; ||    border-radius: 10px; \/* Bordes redondeados *\/||    padding: 15px 25px;||    box-shadow: 0 1px 3px rgba(0, 0, 0, 0.05); \/* Sombra muy suave *\/||    transition: background-color 0.2s ease, box-shadow 0.2s ease;||}||||\/* Interacci\u00f3n al pasar el rat\u00f3n (Hover) *\/||.producto-linea:hover {||    background-color: #fff; \/* Se pone blanco *\/||    box-shadow: 0 4px 10px rgba(0, 0, 0, 0.1); \/* Sombra m\u00e1s pronunciada *\/||    cursor: pointer;||}||||\/* Estilos de los elementos internos *\/||.linea-titulo {||    font-weight: 700;||    flex-basis: 40%; \/* Ocupa m\u00e1s espacio *\/||    color: #333;||    padding-right: 15px;||}||||.linea-fecha {||    flex-basis: 30%; \/* Espacio para la fecha *\/||    text-align: center;||    font-size: 0.95em;||    color: #555;||    white-space: nowrap;||}||||.linea-disponibilidad {||    flex-basis: 30%; \/* Espacio para la disponibilidad *\/||    text-align: right;||    font-weight: 600;||    font-size: 0.95em;||    white-space: nowrap;||}||||\/* Colores para los \u00edconos *\/||.linea-icono-pin, .linea-icono-calendar, .linea-icono-check {||    margin-right: 8px;||    font-size: 1.1em;||}||.linea-icono-pin {||    color: #b94e40; \/* Color destacado para el pin *\/||}||||\/* Estilos de disponibilidad (como se ve en la captura: verde para disponible) *\/||.linea-disponibilidad.disponible {||    color: #28a745; \/* Verde para disponible *\/||}||||.linea-disponibilidad.agotado {||    color: #b94e40; \/* Usar el color destacado para agotado *\/||}||||\/* Responsive: Apilar en pantallas peque\u00f1as *\/||@media (max-width: 768px) {||    .producto-linea {||        flex-direction: column;||        align-items: flex-start;||        padding: 10px 15px;||    }||||    .linea-titulo, .linea-fecha, .linea-disponibilidad {||        flex-basis: 100%;||        width: 100%;||        text-align: left;||        margin-bottom: 5px;||        padding-right: 0;||    }||}||||\/* A\u00f1ade un margen inferior a cada elemento del viaje para separarlos *\/||.producto-linea {||    margin-bottom: 15px; \/* Ajusta este valor (15px) a tu gusto *\/||    border-bottom: 1px solid #eee; \/* Opcional: a\u00f1ade una l\u00ednea divisoria suave *\/||    padding-bottom: 15px; \/* Asegura que el contenido no toque la l\u00ednea divisoria *\/||}||||\/* Opcional: Eliminar el margen y la l\u00ednea divisoria del \u00faltimo elemento para que no quede espacio extra al final *\/||.producto-linea:last-child {||    margin-bottom: 0;||    border-bottom: none;||    padding-bottom: 10;||}||\u00bb global_colors_info=\u00bb{}\u00bb]<div class=\"listado-productos-ruta listado-lgtdm15\"><a href=\"https:\/\/rutasmototours.com\/fr\/lgtdm15-acompanado-del-16-al-30-de-mayo-de-2026\/\" class=\"producto-linea\">    <span class=\"linea-titulo\">        <span class=\"linea-icono-pin\">\ud83d\udccd<\/span>El Gran Tour del Marruecos en 15 d\u00edas    <\/span>    <span class=\"linea-fecha\">        <span class=\"linea-icono-calendar\">\ud83d\uddd3\ufe0f<\/span>16 de mai 2026    <\/span>    <span class=\"linea-disponibilidad agotado\">        <span class=\"linea-icono-check\">\u274c<\/span>Plazas agotadas    <\/span><\/a><\/div>[\/et_pb_code][\/et_pb_column][et_pb_column type=\u00bb2_5&#8243; _builder_version=\u00bb4.27.4&#8243; _module_preset=\u00bbdefault\u00bb background_color=\u00bbrgba(175,204,172,0.7)\u00bb custom_padding=\u00bb15px|15px|15px|15px|true|true\u00bb border_radii=\u00bbon|20px|20px|20px|20px\u00bb global_colors_info=\u00bb{}\u00bb][et_pb_blurb title=\u00bbModalidad LIBERTAD\u00bb alt=\u00bbruta en moto vuelta de andalucia en 9 dias\u00bb content_max_width=\u00bb100%\u00bb _builder_version=\u00bb4.27.4&#8243; _module_preset=\u00bbdefault\u00bb header_level=\u00bbh3&#8243; header_font=\u00bb|700|||||||\u00bb custom_margin=\u00bb||10px||false|false\u00bb animation=\u00bboff\u00bb text_orientation_tablet=\u00bb\u00bb text_orientation_phone=\u00bbcenter\u00bb text_orientation_last_edited=\u00bbon|phone\u00bb border_radii_image=\u00bbon|20px|20px|20px|20px\u00bb global_colors_info=\u00bb{}\u00bb]<\/p>\n<p>Escoge esta opci\u00f3n si queires realizar el viaje en la modalidad libre y a tu ritmo.<\/p>\n<p>[\/et_pb_blurb][et_pb_button button_url=\u00bbhttps:\/\/rutasmototours.com\/producto\/lgtdm15-el-gran-tour-del-marruecos-en-15-dias-libre\/\u00bb button_text=\u00bbApuntarme en Libre\u00bb button_alignment=\u00bbcenter\u00bb _builder_version=\u00bb4.27.4&#8243; _module_preset=\u00bbdefault\u00bb custom_button=\u00bbon\u00bb button_text_size=\u00bb14px\u00bb button_text_color=\u00bb#000000&#8243; button_bg_color=\u00bb#FFFFFF\u00bb button_border_width=\u00bb0px\u00bb button_border_radius=\u00bb10px\u00bb button_font=\u00bb|600||on|||||\u00bb custom_margin=\u00bb||||false|false\u00bb custom_padding=\u00bb15px|35px|15px|35px|true|true\u00bb custom_css_main_element=\u00bbwidth: 100%;\u00bb global_colors_info=\u00bb{}\u00bb][\/et_pb_button][\/et_pb_column][\/et_pb_row][\/et_pb_section][et_pb_section fb_built=\u00bb1&#8243; admin_label=\u00bbSection\u00bb module_id=\u00bbitinerario\u00bb _builder_version=\u00bb4.27.4&#8243; _module_preset=\u00bbdefault\u00bb background_color=\u00bb#F7F7F7&#8243; da_popup_slug=\u00bbitinerario\u00bb da_disable_devices=\u00bboff|off|off\u00bb global_colors_info=\u00bb{}\u00bb da_is_popup=\u00bboff\u00bb da_exit_intent=\u00bboff\u00bb da_has_close=\u00bbon\u00bb da_alt_close=\u00bboff\u00bb da_dark_close=\u00bboff\u00bb da_not_modal=\u00bbon\u00bb da_is_singular=\u00bboff\u00bb da_with_loader=\u00bboff\u00bb da_has_shadow=\u00bbon\u00bb][et_pb_row _builder_version=\u00bb4.27.4&#8243; _module_preset=\u00bbdefault\u00bb global_colors_info=\u00bb{}\u00bb][et_pb_column type=\u00bb4_4&#8243; _builder_version=\u00bb4.27.4&#8243; _module_preset=\u00bbdefault\u00bb global_colors_info=\u00bb{}\u00bb][et_pb_text _builder_version=\u00bb4.27.4&#8243; _module_preset=\u00bbdefault\u00bb text_font=\u00bb|600|||||||\u00bb text_font_size=\u00bb18px\u00bb header_2_font=\u00bb|800|||||||\u00bb header_2_font_size=\u00bb40px\u00bb custom_margin=\u00bb||||false|false\u00bb header_2_font_size_tablet=\u00bb36px\u00bb header_2_font_size_phone=\u00bb30px\u00bb header_2_font_size_last_edited=\u00bbon|phone\u00bb text_orientation_tablet=\u00bbleft\u00bb text_orientation_phone=\u00bbleft\u00bb text_orientation_last_edited=\u00bbon|tablet\u00bb global_colors_info=\u00bb{}\u00bb]<\/p>\n<h2>Itinerario<\/h2>\n<p>Descripci\u00f3n de las etapas<\/p>\n<p>[\/et_pb_text][\/et_pb_column][\/et_pb_row][et_pb_row column_structure=\u00bb1_3,1_3,1_3&#8243; use_custom_gutter=\u00bbon\u00bb gutter_width=\u00bb2&#8243; _builder_version=\u00bb4.27.4&#8243; _module_preset=\u00bbdefault\u00bb width=\u00bb90%\u00bb global_colors_info=\u00bb{}\u00bb][et_pb_column type=\u00bb1_3&#8243; _builder_version=\u00bb4.27.4&#8243; _module_preset=\u00bbdefault\u00bb global_colors_info=\u00bb{}\u00bb][et_pb_text _builder_version=\u00bb4.27.4&#8243; _module_preset=\u00bbdefault\u00bb text_font=\u00bb|600|||||||\u00bb header_2_font=\u00bb|800|||||||\u00bb header_2_font_size=\u00bb40px\u00bb header_3_font=\u00bb|700|||||||\u00bb background_color=\u00bb#FFFFFF\u00bb custom_margin=\u00bb||10px||false|false\u00bb custom_padding=\u00bb20px|20px|20px|20px|true|true\u00bb header_2_font_size_tablet=\u00bb36px\u00bb header_2_font_size_phone=\u00bb30px\u00bb header_2_font_size_last_edited=\u00bbon|phone\u00bb text_orientation_tablet=\u00bbleft\u00bb text_orientation_phone=\u00bbleft\u00bb text_orientation_last_edited=\u00bbon|tablet\u00bb border_radii=\u00bbon|5px|5px|5px|5px\u00bb global_colors_info=\u00bb{}\u00bb]<\/p>\n<h3>D\u00eda 0<\/h3>\n<p><em>(S\u00f3lo para los participantes que eligen una noche adicional)<\/em><\/p>\n<ul>\n<li>Llegada en Algeciras y check in al hotel (ALBORAN o equivalente)<\/li>\n<li>Bienvenida a los participantes<\/li>\n<li>Entrega del expediente del viaje<\/li>\n<li>Reuni\u00f3n de bienvenida con explicaci\u00f3n informativa de todos los aspectos del tour<\/li>\n<li>Cena al hotel<\/li>\n<\/ul>\n<p>[\/et_pb_text][\/et_pb_column][et_pb_column type=\u00bb1_3&#8243; _builder_version=\u00bb4.27.4&#8243; _module_preset=\u00bbdefault\u00bb global_colors_info=\u00bb{}\u00bb][et_pb_text _builder_version=\u00bb4.27.4&#8243; _module_preset=\u00bbdefault\u00bb text_font=\u00bb|600|||||||\u00bb header_2_font=\u00bb|800|||||||\u00bb header_2_font_size=\u00bb40px\u00bb header_3_font=\u00bb|700|||||||\u00bb background_color=\u00bb#FFFFFF\u00bb custom_margin=\u00bb||10px||false|false\u00bb custom_padding=\u00bb20px|20px|20px|20px|true|true\u00bb header_2_font_size_tablet=\u00bb36px\u00bb header_2_font_size_phone=\u00bb30px\u00bb header_2_font_size_last_edited=\u00bbon|phone\u00bb text_orientation_tablet=\u00bbleft\u00bb text_orientation_phone=\u00bbleft\u00bb text_orientation_last_edited=\u00bbon|tablet\u00bb border_radii=\u00bbon|5px|5px|5px|5px\u00bb global_colors_info=\u00bb{}\u00bb]<\/p>\n<h3>D\u00eda 1 &#8211; 320 km<\/h3>\n<p><span style=\"color: #993300;\"><strong>05h00 &#8211; F\u00e1cil<\/strong><\/span><\/p>\n<ul>\n<li>Desayuno en el hotel<\/li>\n<li>Instrucciones del d\u00eda<\/li>\n<li>Punto de encuentro en el puerto de Algeciras<\/li>\n<li>Reuni\u00f3n de bienvenida con explicaci\u00f3n informativa de todos los aspectos del tour y instrucciones del dia<\/li>\n<li>Ferry Algeciras \u2013 Tanger Med<\/li>\n<li>Ruta de Tanger Med hasta Meknes<\/li>\n<li>Acogida del gu\u00eda marroqu\u00ed<\/li>\n<li>Check in al hotel (Hotel Transatlantique )<\/li>\n<li>Visita libre de Meknes<\/li>\n<li>Cena al hotel<\/li>\n<\/ul>\n<p>[\/et_pb_text][\/et_pb_column][et_pb_column type=\u00bb1_3&#8243; _builder_version=\u00bb4.27.4&#8243; _module_preset=\u00bbdefault\u00bb global_colors_info=\u00bb{}\u00bb][et_pb_text _builder_version=\u00bb4.27.4&#8243; _module_preset=\u00bbdefault\u00bb text_font=\u00bb|600|||||||\u00bb header_2_font=\u00bb|800|||||||\u00bb header_2_font_size=\u00bb40px\u00bb header_3_font=\u00bb|700|||||||\u00bb background_color=\u00bb#FFFFFF\u00bb custom_margin=\u00bb||10px||false|false\u00bb custom_padding=\u00bb20px|20px|20px|20px|true|true\u00bb header_2_font_size_tablet=\u00bb36px\u00bb header_2_font_size_phone=\u00bb30px\u00bb header_2_font_size_last_edited=\u00bbon|phone\u00bb text_orientation_tablet=\u00bbleft\u00bb text_orientation_phone=\u00bbleft\u00bb text_orientation_last_edited=\u00bbon|tablet\u00bb border_radii=\u00bbon|5px|5px|5px|5px\u00bb global_colors_info=\u00bb{}\u00bb]<\/p>\n<h3>D\u00eda 2 &#8211; 120 km<\/h3>\n<p><span style=\"color: #993300;\"><strong>02h30 &#8211; F\u00e1cil<\/strong><\/span><\/p>\n<ul>\n<li>Desayuno en el hotel<\/li>\n<li>Instrucciones del d\u00eda<\/li>\n<li>Ruta de Meknes hasta Volubilis y vuelta hasta Ifran<\/li>\n<li>Visita de Volubilis<\/li>\n<li>Check in al hotel (Hotel Ifrane Palace)<\/li>\n<li>Cena al hotel<\/li>\n<\/ul>\n<p>[\/et_pb_text][\/et_pb_column][\/et_pb_row][et_pb_row column_structure=\u00bb1_3,1_3,1_3&#8243; use_custom_gutter=\u00bbon\u00bb gutter_width=\u00bb2&#8243; _builder_version=\u00bb4.27.4&#8243; _module_preset=\u00bbdefault\u00bb width=\u00bb90%\u00bb global_colors_info=\u00bb{}\u00bb][et_pb_column type=\u00bb1_3&#8243; _builder_version=\u00bb4.27.4&#8243; _module_preset=\u00bbdefault\u00bb global_colors_info=\u00bb{}\u00bb][et_pb_text _builder_version=\u00bb4.27.4&#8243; _module_preset=\u00bbdefault\u00bb text_font=\u00bb|600|||||||\u00bb header_2_font=\u00bb|800|||||||\u00bb header_2_font_size=\u00bb40px\u00bb header_3_font=\u00bb|700|||||||\u00bb background_color=\u00bb#FFFFFF\u00bb custom_margin=\u00bb||10px||false|false\u00bb custom_padding=\u00bb20px|20px|20px|20px|true|true\u00bb header_2_font_size_tablet=\u00bb36px\u00bb header_2_font_size_phone=\u00bb30px\u00bb header_2_font_size_last_edited=\u00bbon|phone\u00bb text_orientation_tablet=\u00bbleft\u00bb text_orientation_phone=\u00bbleft\u00bb text_orientation_last_edited=\u00bbon|tablet\u00bb border_radii=\u00bbon|5px|5px|5px|5px\u00bb global_colors_info=\u00bb{}\u00bb]<\/p>\n<h3>D\u00eda 3 &#8211; 395 km<\/h3>\n<p><span style=\"color: #993300;\"><strong>06h30 &#8211; Moderado<\/strong><\/span><\/p>\n<ul>\n<li>Desayuno en el hotel<\/li>\n<li>Instrucciones del d\u00eda<\/li>\n<li>Gargantas del Ziz<\/li>\n<li>Ruta de Ifran hasta Merzouga<\/li>\n<li>Check in al hotel (MOHAYUT o equivalente)<\/li>\n<li>Cena al hotel<\/li>\n<\/ul>\n<p>[\/et_pb_text][\/et_pb_column][et_pb_column type=\u00bb1_3&#8243; _builder_version=\u00bb4.27.4&#8243; _module_preset=\u00bbdefault\u00bb global_colors_info=\u00bb{}\u00bb][et_pb_text _builder_version=\u00bb4.27.4&#8243; _module_preset=\u00bbdefault\u00bb text_font=\u00bb|600|||||||\u00bb header_2_font=\u00bb|800|||||||\u00bb header_2_font_size=\u00bb40px\u00bb header_3_font=\u00bb|700|||||||\u00bb background_color=\u00bb#FFFFFF\u00bb custom_margin=\u00bb||10px||false|false\u00bb custom_padding=\u00bb20px|20px|20px|20px|true|true\u00bb header_2_font_size_tablet=\u00bb36px\u00bb header_2_font_size_phone=\u00bb30px\u00bb header_2_font_size_last_edited=\u00bbon|phone\u00bb text_orientation_tablet=\u00bbleft\u00bb text_orientation_phone=\u00bbleft\u00bb text_orientation_last_edited=\u00bbon|tablet\u00bb border_radii=\u00bbon|5px|5px|5px|5px\u00bb global_colors_info=\u00bb{}\u00bb]<\/p>\n<h3>D\u00eda 4<\/h3>\n<p><span style=\"color: #993300;\"><strong>D\u00eda de descanso<\/strong><\/span><\/p>\n<ul>\n<li>Desayuno en el hotel<\/li>\n<li>Instrucciones del d\u00eda<\/li>\n<li>Almuerzo en el restaurant Nora (o equivalente)<\/li>\n<li>Paseo en camello en el desierto<\/li>\n<li>Viaje en 4 x 4 en las dunas<\/li>\n<li>Cena al hotel (MOHAYUT o equivalente)<\/li>\n<\/ul>\n<p>[\/et_pb_text][\/et_pb_column][et_pb_column type=\u00bb1_3&#8243; _builder_version=\u00bb4.27.4&#8243; _module_preset=\u00bbdefault\u00bb global_colors_info=\u00bb{}\u00bb][et_pb_text _builder_version=\u00bb4.27.4&#8243; _module_preset=\u00bbdefault\u00bb text_font=\u00bb|600|||||||\u00bb header_2_font=\u00bb|800|||||||\u00bb header_2_font_size=\u00bb40px\u00bb header_3_font=\u00bb|700|||||||\u00bb background_color=\u00bb#FFFFFF\u00bb custom_margin=\u00bb||10px||false|false\u00bb custom_padding=\u00bb20px|20px|20px|20px|true|true\u00bb header_2_font_size_tablet=\u00bb36px\u00bb header_2_font_size_phone=\u00bb30px\u00bb header_2_font_size_last_edited=\u00bbon|phone\u00bb text_orientation_tablet=\u00bbleft\u00bb text_orientation_phone=\u00bbleft\u00bb text_orientation_last_edited=\u00bbon|tablet\u00bb border_radii=\u00bbon|5px|5px|5px|5px\u00bb global_colors_info=\u00bb{}\u00bb]<\/p>\n<h3>D\u00eda 5 &#8211; 280 km<\/h3>\n<p><span style=\"color: #993300;\"><strong>05h00 &#8211; Moderado<\/strong><\/span><\/p>\n<ul>\n<li>Desayuno en el hotel<\/li>\n<li>Instrucciones del d\u00eda<\/li>\n<li>Ruta de Merzouga hasta Agoudal<\/li>\n<li>Gargantas del Todra<\/li>\n<li>Check in al hotel (Auberge Afoud)<\/li>\n<li>Cena al hotel<\/li>\n<\/ul>\n<p>[\/et_pb_text][\/et_pb_column][\/et_pb_row][et_pb_row column_structure=\u00bb1_3,1_3,1_3&#8243; use_custom_gutter=\u00bbon\u00bb gutter_width=\u00bb2&#8243; _builder_version=\u00bb4.27.4&#8243; _module_preset=\u00bbdefault\u00bb width=\u00bb90%\u00bb global_colors_info=\u00bb{}\u00bb][et_pb_column type=\u00bb1_3&#8243; _builder_version=\u00bb4.27.4&#8243; _module_preset=\u00bbdefault\u00bb global_colors_info=\u00bb{}\u00bb][et_pb_text _builder_version=\u00bb4.27.4&#8243; _module_preset=\u00bbdefault\u00bb text_font=\u00bb|600|||||||\u00bb header_2_font=\u00bb|800|||||||\u00bb header_2_font_size=\u00bb40px\u00bb header_3_font=\u00bb|700|||||||\u00bb background_color=\u00bb#FFFFFF\u00bb custom_margin=\u00bb||10px||false|false\u00bb custom_padding=\u00bb20px|20px|20px|20px|true|true\u00bb header_2_font_size_tablet=\u00bb36px\u00bb header_2_font_size_phone=\u00bb30px\u00bb header_2_font_size_last_edited=\u00bbon|phone\u00bb text_orientation_tablet=\u00bbleft\u00bb text_orientation_phone=\u00bbleft\u00bb text_orientation_last_edited=\u00bbon|tablet\u00bb border_radii=\u00bbon|5px|5px|5px|5px\u00bb global_colors_info=\u00bb{}\u00bb]<\/p>\n<h3>D\u00eda 6 &#8211; 300 km<\/h3>\n<p><span style=\"color: #993300;\"><strong>06h30 &#8211; Moderado<\/strong><\/span><\/p>\n<ul>\n<li>Desayuno en el hotel<\/li>\n<li>Instrucciones del d\u00eda<\/li>\n<li>Ruta de Agoudal hasta Ouarzazate<\/li>\n<li>Gargantas del Dades<\/li>\n<li>El valle de las rosas<\/li>\n<li>Check in al hotel (KARAM PALACE o equivalente)<\/li>\n<li>Cena al hotel<\/li>\n<\/ul>\n<p>[\/et_pb_text][\/et_pb_column][et_pb_column type=\u00bb1_3&#8243; _builder_version=\u00bb4.27.4&#8243; _module_preset=\u00bbdefault\u00bb global_colors_info=\u00bb{}\u00bb][et_pb_text _builder_version=\u00bb4.27.4&#8243; _module_preset=\u00bbdefault\u00bb text_font=\u00bb|600|||||||\u00bb header_2_font=\u00bb|800|||||||\u00bb header_2_font_size=\u00bb40px\u00bb header_3_font=\u00bb|700|||||||\u00bb background_color=\u00bb#FFFFFF\u00bb custom_margin=\u00bb||10px||false|false\u00bb custom_padding=\u00bb20px|20px|20px|20px|true|true\u00bb header_2_font_size_tablet=\u00bb36px\u00bb header_2_font_size_phone=\u00bb30px\u00bb header_2_font_size_last_edited=\u00bbon|phone\u00bb text_orientation_tablet=\u00bbleft\u00bb text_orientation_phone=\u00bbleft\u00bb text_orientation_last_edited=\u00bbon|tablet\u00bb border_radii=\u00bbon|5px|5px|5px|5px\u00bb global_colors_info=\u00bb{}\u00bb]<\/p>\n<h3>D\u00eda 7 &#8211; 220 km<\/h3>\n<p><span style=\"color: #993300;\"><strong>05h30 &#8211; Moderado<\/strong><\/span><\/p>\n<ul>\n<li>Desayuno en el hotel<\/li>\n<li>Instrucciones del d\u00eda<\/li>\n<li>Ruta de Ouarzazate hasta Marrakech<\/li>\n<li>Visita guiada de Ait Ben Haddou<\/li>\n<li>Tizi N&#8217;Tichka<\/li>\n<li>Check in al hotel (La Ferme El Dar)<\/li>\n<li>Cena al hotel<\/li>\n<\/ul>\n<p>[\/et_pb_text][\/et_pb_column][et_pb_column type=\u00bb1_3&#8243; _builder_version=\u00bb4.27.4&#8243; _module_preset=\u00bbdefault\u00bb global_colors_info=\u00bb{}\u00bb][et_pb_text _builder_version=\u00bb4.27.4&#8243; _module_preset=\u00bbdefault\u00bb text_font=\u00bb|600|||||||\u00bb header_2_font=\u00bb|800|||||||\u00bb header_2_font_size=\u00bb40px\u00bb header_3_font=\u00bb|700|||||||\u00bb background_color=\u00bb#FFFFFF\u00bb custom_margin=\u00bb||10px||false|false\u00bb custom_padding=\u00bb20px|20px|20px|20px|true|true\u00bb header_2_font_size_tablet=\u00bb36px\u00bb header_2_font_size_phone=\u00bb30px\u00bb header_2_font_size_last_edited=\u00bbon|phone\u00bb text_orientation_tablet=\u00bbleft\u00bb text_orientation_phone=\u00bbleft\u00bb text_orientation_last_edited=\u00bbon|tablet\u00bb border_radii=\u00bbon|5px|5px|5px|5px\u00bb global_colors_info=\u00bb{}\u00bb]<\/p>\n<h3>D\u00eda 8 &#8211; 250 km<\/h3>\n<p><span style=\"color: #993300;\"><strong>06h00 &#8211; Moderado<\/strong><\/span><\/p>\n<ul>\n<li>Desayuno en el hotel<\/li>\n<li>Instrucciones del d\u00eda<\/li>\n<li>Ruta de Marrakech hasta Taroudant<\/li>\n<li>Tizi N&#8217;Test<\/li>\n<li>Check in al hotel (RIAD TAFILAG o equivalente)<\/li>\n<li>Cena al hotel<\/li>\n<\/ul>\n<p>[\/et_pb_text][\/et_pb_column][\/et_pb_row][et_pb_row column_structure=\u00bb1_3,1_3,1_3&#8243; use_custom_gutter=\u00bbon\u00bb gutter_width=\u00bb2&#8243; _builder_version=\u00bb4.27.4&#8243; _module_preset=\u00bbdefault\u00bb width=\u00bb90%\u00bb global_colors_info=\u00bb{}\u00bb][et_pb_column type=\u00bb1_3&#8243; _builder_version=\u00bb4.27.4&#8243; _module_preset=\u00bbdefault\u00bb global_colors_info=\u00bb{}\u00bb][et_pb_text _builder_version=\u00bb4.27.4&#8243; _module_preset=\u00bbdefault\u00bb text_font=\u00bb|600|||||||\u00bb header_2_font=\u00bb|800|||||||\u00bb header_2_font_size=\u00bb40px\u00bb header_3_font=\u00bb|700|||||||\u00bb background_color=\u00bb#FFFFFF\u00bb custom_margin=\u00bb||10px||false|false\u00bb custom_padding=\u00bb20px|20px|20px|20px|true|true\u00bb header_2_font_size_tablet=\u00bb36px\u00bb header_2_font_size_phone=\u00bb30px\u00bb header_2_font_size_last_edited=\u00bbon|phone\u00bb text_orientation_tablet=\u00bbleft\u00bb text_orientation_phone=\u00bbleft\u00bb text_orientation_last_edited=\u00bbon|tablet\u00bb border_radii=\u00bbon|5px|5px|5px|5px\u00bb global_colors_info=\u00bb{}\u00bb]<\/p>\n<h3>D\u00eda 9 &#8211; 320 km<\/h3>\n<p><span style=\"color: #993300;\"><strong>06h30 &#8211; Moderado<\/strong><\/span><\/p>\n<ul>\n<li>Desayuno en el hotel<\/li>\n<li>Instrucciones del d\u00eda<\/li>\n<li>Ruta de Taroudant hasta Essaouira<\/li>\n<li>El valle de Immouzer<\/li>\n<li>Paradise Valley<\/li>\n<li>Check in al hotel (ATLAS ESSAOUIRA RESORT o equivalente)<\/li>\n<li>Cena al hotel<\/li>\n<\/ul>\n<p>[\/et_pb_text][\/et_pb_column][et_pb_column type=\u00bb1_3&#8243; _builder_version=\u00bb4.27.4&#8243; _module_preset=\u00bbdefault\u00bb global_colors_info=\u00bb{}\u00bb][et_pb_text _builder_version=\u00bb4.27.4&#8243; _module_preset=\u00bbdefault\u00bb text_font=\u00bb|600|||||||\u00bb header_2_font=\u00bb|800|||||||\u00bb header_2_font_size=\u00bb40px\u00bb header_3_font=\u00bb|700|||||||\u00bb background_color=\u00bb#FFFFFF\u00bb custom_margin=\u00bb||10px||false|false\u00bb custom_padding=\u00bb20px|20px|20px|20px|true|true\u00bb header_2_font_size_tablet=\u00bb36px\u00bb header_2_font_size_phone=\u00bb30px\u00bb header_2_font_size_last_edited=\u00bbon|phone\u00bb text_orientation_tablet=\u00bbleft\u00bb text_orientation_phone=\u00bbleft\u00bb text_orientation_last_edited=\u00bbon|tablet\u00bb border_radii=\u00bbon|5px|5px|5px|5px\u00bb global_colors_info=\u00bb{}\u00bb]<\/p>\n<h3>D\u00eda 10<\/h3>\n<p><span style=\"color: #993300;\"><strong>D\u00eda de descanso<\/strong><\/span><\/p>\n<ul>\n<li>Desayuno en el hotel<\/li>\n<li>Instrucciones del d\u00eda<\/li>\n<li>Visita guiada de Essaouira<\/li>\n<li>Paseo en caballo en la playa<\/li>\n<li>Cena al hotel (ATLAS ESSAOUIRA RESORT o equivalente)<\/li>\n<\/ul>\n<p>[\/et_pb_text][\/et_pb_column][et_pb_column type=\u00bb1_3&#8243; _builder_version=\u00bb4.27.4&#8243; _module_preset=\u00bbdefault\u00bb global_colors_info=\u00bb{}\u00bb][et_pb_text _builder_version=\u00bb4.27.4&#8243; _module_preset=\u00bbdefault\u00bb text_font=\u00bb|600|||||||\u00bb header_2_font=\u00bb|800|||||||\u00bb header_2_font_size=\u00bb40px\u00bb header_3_font=\u00bb|700|||||||\u00bb background_color=\u00bb#FFFFFF\u00bb custom_margin=\u00bb||10px||false|false\u00bb custom_padding=\u00bb20px|20px|20px|20px|true|true\u00bb header_2_font_size_tablet=\u00bb36px\u00bb header_2_font_size_phone=\u00bb30px\u00bb header_2_font_size_last_edited=\u00bbon|phone\u00bb text_orientation_tablet=\u00bbleft\u00bb text_orientation_phone=\u00bbleft\u00bb text_orientation_last_edited=\u00bbon|tablet\u00bb border_radii=\u00bbon|5px|5px|5px|5px\u00bb global_colors_info=\u00bb{}\u00bb]<\/p>\n<h3>D\u00eda 11 &#8211; 270 km<\/h3>\n<p><span style=\"color: #993300;\"><strong>04h00 &#8211; F\u00e1cil<\/strong><\/span><\/p>\n<ul>\n<li>Desayuno en el hotel<\/li>\n<li>Instrucciones del d\u00eda<\/li>\n<li>Ruta de Essaouira hasta El Jadida<\/li>\n<li>Check in al hotel (Hotel Oum Errebia \u00e0 Azemmour)<\/li>\n<li>Parada en El Yadida<\/li>\n<li>Cena al hotel<\/li>\n<\/ul>\n<p>[\/et_pb_text][\/et_pb_column][\/et_pb_row][et_pb_row column_structure=\u00bb1_3,1_3,1_3&#8243; use_custom_gutter=\u00bbon\u00bb gutter_width=\u00bb2&#8243; _builder_version=\u00bb4.27.4&#8243; _module_preset=\u00bbdefault\u00bb width=\u00bb90%\u00bb global_colors_info=\u00bb{}\u00bb][et_pb_column type=\u00bb1_3&#8243; _builder_version=\u00bb4.27.4&#8243; _module_preset=\u00bbdefault\u00bb global_colors_info=\u00bb{}\u00bb][et_pb_text _builder_version=\u00bb4.27.4&#8243; _module_preset=\u00bbdefault\u00bb text_font=\u00bb|600|||||||\u00bb header_2_font=\u00bb|800|||||||\u00bb header_2_font_size=\u00bb40px\u00bb header_3_font=\u00bb|700|||||||\u00bb background_color=\u00bb#FFFFFF\u00bb custom_margin=\u00bb||10px||false|false\u00bb custom_padding=\u00bb20px|20px|20px|20px|true|true\u00bb header_2_font_size_tablet=\u00bb36px\u00bb header_2_font_size_phone=\u00bb30px\u00bb header_2_font_size_last_edited=\u00bbon|phone\u00bb text_orientation_tablet=\u00bbleft\u00bb text_orientation_phone=\u00bbleft\u00bb text_orientation_last_edited=\u00bbon|tablet\u00bb border_radii=\u00bbon|5px|5px|5px|5px\u00bb global_colors_info=\u00bb{}\u00bb]<\/p>\n<h3>D\u00eda 12 &#8211; 440 km<\/h3>\n<p><span style=\"color: #993300;\"><strong>07h00 &#8211; Moderado<\/strong><\/span><\/p>\n<ul>\n<li>Desayuno en el hotel<\/li>\n<li>Instrucciones del d\u00eda<\/li>\n<li>Ruta de El Jadida hasta Fes<\/li>\n<li>Check in al hotel (Hotel Zalagh Palace)<\/li>\n<li>Cena al hotel<\/li>\n<\/ul>\n<p>[\/et_pb_text][\/et_pb_column][et_pb_column type=\u00bb1_3&#8243; _builder_version=\u00bb4.27.4&#8243; _module_preset=\u00bbdefault\u00bb global_colors_info=\u00bb{}\u00bb][et_pb_text _builder_version=\u00bb4.27.4&#8243; _module_preset=\u00bbdefault\u00bb text_font=\u00bb|600|||||||\u00bb header_2_font=\u00bb|800|||||||\u00bb header_2_font_size=\u00bb40px\u00bb header_3_font=\u00bb|700|||||||\u00bb background_color=\u00bb#FFFFFF\u00bb custom_margin=\u00bb||10px||false|false\u00bb custom_padding=\u00bb20px|20px|20px|20px|true|true\u00bb header_2_font_size_tablet=\u00bb36px\u00bb header_2_font_size_phone=\u00bb30px\u00bb header_2_font_size_last_edited=\u00bbon|phone\u00bb text_orientation_tablet=\u00bbleft\u00bb text_orientation_phone=\u00bbleft\u00bb text_orientation_last_edited=\u00bbon|tablet\u00bb border_radii=\u00bbon|5px|5px|5px|5px\u00bb global_colors_info=\u00bb{}\u00bb]<\/p>\n<h3>D\u00eda 13<\/h3>\n<p><span style=\"color: #993300;\"><strong>D\u00eda de descanso<\/strong><\/span><\/p>\n<ul>\n<li>Desayuno en el hotel<\/li>\n<li>Instrucciones del d\u00eda<\/li>\n<li>Visita guiada de Fes<\/li>\n<li>Almuerzo en el centro de la medina<\/li>\n<li>Cena al hotel (Hotel Zalagh Palace)<\/li>\n<\/ul>\n<p>[\/et_pb_text][\/et_pb_column][et_pb_column type=\u00bb1_3&#8243; _builder_version=\u00bb4.27.4&#8243; _module_preset=\u00bbdefault\u00bb global_colors_info=\u00bb{}\u00bb][et_pb_text _builder_version=\u00bb4.27.4&#8243; _module_preset=\u00bbdefault\u00bb text_font=\u00bb|600|||||||\u00bb header_2_font=\u00bb|800|||||||\u00bb header_2_font_size=\u00bb40px\u00bb header_3_font=\u00bb|700|||||||\u00bb background_color=\u00bb#FFFFFF\u00bb custom_margin=\u00bb||10px||false|false\u00bb custom_padding=\u00bb20px|20px|20px|20px|true|true\u00bb header_2_font_size_tablet=\u00bb36px\u00bb header_2_font_size_phone=\u00bb30px\u00bb header_2_font_size_last_edited=\u00bbon|phone\u00bb text_orientation_tablet=\u00bbleft\u00bb text_orientation_phone=\u00bbleft\u00bb text_orientation_last_edited=\u00bbon|tablet\u00bb border_radii=\u00bbon|5px|5px|5px|5px\u00bb global_colors_info=\u00bb{}\u00bb]<\/p>\n<h3>D\u00eda 14 &#8211; 220 km<\/h3>\n<p><span style=\"color: #993300;\"><strong>05h00 &#8211; Moderado<\/strong><\/span><\/p>\n<ul>\n<li>Desayuno en el hotel<\/li>\n<li>Instrucciones del d\u00eda<\/li>\n<li>Ruta de Fes hasta Chefchaouen<\/li>\n<li>Check in al hotel (PARADOR CHEFCHAOUEN o equivalente)<\/li>\n<li>Visita libre de Chefchaouen<\/li>\n<li>Aperitivo y cena al hotel o fuera<\/li>\n<\/ul>\n<p>[\/et_pb_text][\/et_pb_column][\/et_pb_row][et_pb_row column_structure=\u00bb1_3,1_3,1_3&#8243; use_custom_gutter=\u00bbon\u00bb gutter_width=\u00bb2&#8243; _builder_version=\u00bb4.27.4&#8243; _module_preset=\u00bbdefault\u00bb width=\u00bb90%\u00bb global_colors_info=\u00bb{}\u00bb][et_pb_column type=\u00bb1_3&#8243; _builder_version=\u00bb4.27.4&#8243; _module_preset=\u00bbdefault\u00bb global_colors_info=\u00bb{}\u00bb][et_pb_text _builder_version=\u00bb4.27.4&#8243; _module_preset=\u00bbdefault\u00bb text_font=\u00bb|600|||||||\u00bb header_2_font=\u00bb|800|||||||\u00bb header_2_font_size=\u00bb40px\u00bb header_3_font=\u00bb|700|||||||\u00bb background_color=\u00bb#FFFFFF\u00bb custom_margin=\u00bb||10px||false|false\u00bb custom_padding=\u00bb20px|20px|20px|20px|true|true\u00bb header_2_font_size_tablet=\u00bb36px\u00bb header_2_font_size_phone=\u00bb30px\u00bb header_2_font_size_last_edited=\u00bbon|phone\u00bb text_orientation_tablet=\u00bbleft\u00bb text_orientation_phone=\u00bbleft\u00bb text_orientation_last_edited=\u00bbon|tablet\u00bb border_radii=\u00bbon|5px|5px|5px|5px\u00bb global_colors_info=\u00bb{}\u00bb]<\/p>\n<h3>D\u00eda 15 &#8211; 110 km<\/h3>\n<p><span style=\"color: #993300;\"><strong>02h30 &#8211; F\u00e1cil<\/strong><\/span><\/p>\n<ul>\n<li>Desayuno en el hotel<\/li>\n<li>Instrucciones del d\u00eda<\/li>\n<li>Ruta de Chefchaouen hasta Tanger Med<\/li>\n<li>Salida de nuestro acompa\u00f1ante marroqu\u00ed<\/li>\n<li>Ferry Tanger Med &#8211; Algeciras<\/li>\n<li>Ha llegado el momento separarnos<\/li>\n<\/ul>\n<p>[\/et_pb_text][\/et_pb_column][et_pb_column type=\u00bb1_3&#8243; _builder_version=\u00bb4.27.4&#8243; _module_preset=\u00bbdefault\u00bb global_colors_info=\u00bb{}\u00bb][\/et_pb_column][et_pb_column type=\u00bb1_3&#8243; _builder_version=\u00bb4.27.4&#8243; _module_preset=\u00bbdefault\u00bb global_colors_info=\u00bb{}\u00bb][\/et_pb_column][\/et_pb_row][\/et_pb_section][et_pb_section fb_built=\u00bb1&#8243; admin_label=\u00bbGaler\u00eda\u00bb module_id=\u00bbgaleria\u00bb _builder_version=\u00bb4.27.4&#8243; _module_preset=\u00bbdefault\u00bb da_popup_slug=\u00bbgaleria\u00bb da_disable_devices=\u00bboff|off|off\u00bb global_colors_info=\u00bb{}\u00bb da_is_popup=\u00bboff\u00bb da_exit_intent=\u00bboff\u00bb da_has_close=\u00bbon\u00bb da_alt_close=\u00bboff\u00bb da_dark_close=\u00bboff\u00bb da_not_modal=\u00bbon\u00bb da_is_singular=\u00bboff\u00bb da_with_loader=\u00bboff\u00bb da_has_shadow=\u00bbon\u00bb][et_pb_row _builder_version=\u00bb4.27.4&#8243; _module_preset=\u00bbdefault\u00bb global_colors_info=\u00bb{}\u00bb][et_pb_column type=\u00bb4_4&#8243; _builder_version=\u00bb4.27.4&#8243; _module_preset=\u00bbdefault\u00bb global_colors_info=\u00bb{}\u00bb][et_pb_text _builder_version=\u00bb4.27.4&#8243; _module_preset=\u00bbdefault\u00bb text_font=\u00bb|600|||||||\u00bb text_font_size=\u00bb18px\u00bb header_2_font=\u00bb|800|||||||\u00bb header_2_font_size=\u00bb40px\u00bb custom_margin=\u00bb||||false|false\u00bb header_2_font_size_tablet=\u00bb36px\u00bb header_2_font_size_phone=\u00bb30px\u00bb header_2_font_size_last_edited=\u00bbon|phone\u00bb text_orientation_tablet=\u00bbleft\u00bb text_orientation_phone=\u00bbleft\u00bb text_orientation_last_edited=\u00bbon|tablet\u00bb global_colors_info=\u00bb{}\u00bb]<\/p>\n<h2>Galer\u00eda<\/h2>\n<p>Fotograf\u00edas de nuestros viajes por esta ruta<\/p>\n<p>[\/et_pb_text][\/et_pb_column][\/et_pb_row][et_pb_row _builder_version=\u00bb4.27.4&#8243; _module_preset=\u00bbdefault\u00bb global_colors_info=\u00bb{}\u00bb][et_pb_column type=\u00bb4_4&#8243; _builder_version=\u00bb4.27.4&#8243; _module_preset=\u00bbdefault\u00bb global_colors_info=\u00bb{}\u00bb][et_pb_code _builder_version=\u00bb4.27.4&#8243; _module_preset=\u00bbdefault\u00bb global_colors_info=\u00bb{}\u00bb][\/et_pb_code][\/et_pb_column][\/et_pb_row][\/et_pb_section]<\/p>\n","protected":false},"excerpt":{"rendered":"<p>[et_pb_section fb_built=\u00bb1&#8243; admin_label=\u00bbSection\u00bb _builder_version=\u00bb4.27.4&#8243; _module_preset=\u00bbdefault\u00bb background_color=\u00bbrgba(0,0,0,0.2)\u00bb use_background_color_gradient=\u00bbon\u00bb background_color_gradient_stops=\u00bbrgba(0,0,0,0.7) 0%|rgba(0,0,0,0.4) 20%\u00bb background_image=\u00bbhttps:\/\/rutasmototours.com\/wp-content\/uploads\/2025\/11\/pexels-rperucho-6095564.webp\u00bb background_blend=\u00bboverlay\u00bb height=\u00bb90vh\u00bb da_disable_devices=\u00bboff|off|off\u00bb global_colors_info=\u00bb{}\u00bb da_is_popup=\u00bboff\u00bb da_exit_intent=\u00bboff\u00bb da_has_close=\u00bbon\u00bb da_alt_close=\u00bboff\u00bb da_dark_close=\u00bboff\u00bb da_not_modal=\u00bbon\u00bb da_is_singular=\u00bboff\u00bb da_with_loader=\u00bboff\u00bb da_has_shadow=\u00bbon\u00bb][et_pb_row _builder_version=\u00bb4.27.4&#8243; _module_preset=\u00bbdefault\u00bb positioning=\u00bbabsolute\u00bb position_origin_a=\u00bbcenter_center\u00bb width=\u00bb90%\u00bb global_colors_info=\u00bb{}\u00bb][et_pb_column type=\u00bb4_4&#8243; _builder_version=\u00bb4.27.4&#8243; _module_preset=\u00bbdefault\u00bb global_colors_info=\u00bb{}\u00bb][et_pb_text _builder_version=\u00bb4.27.4&#8243; _module_preset=\u00bbdefault\u00bb text_font=\u00bb|700||on|||||\u00bb text_font_size=\u00bb22px\u00bb text_line_height=\u00bb1.2em\u00bb header_font=\u00bb|800|||||||\u00bb header_text_color=\u00bb#FFFFFF\u00bb header_font_size=\u00bb50px\u00bb text_orientation=\u00bbcenter\u00bb background_layout=\u00bbdark\u00bb text_font_size_tablet=\u00bb24px\u00bb text_font_size_phone=\u00bb20px\u00bb text_font_size_last_edited=\u00bbon|phone\u00bb header_text_align_tablet=\u00bb\u00bb header_text_align_phone=\u00bbcenter\u00bb header_text_align_last_edited=\u00bbon|phone\u00bb header_font_size_tablet=\u00bb60px\u00bb header_font_size_phone=\u00bb38px\u00bb header_font_size_last_edited=\u00bbon|phone\u00bb text_orientation_tablet=\u00bb\u00bb text_orientation_phone=\u00bbcenter\u00bb [&hellip;]<\/p>\n","protected":false},"author":1,"featured_media":0,"parent":0,"menu_order":0,"comment_status":"closed","ping_status":"closed","template":"","meta":{"_acf_changed":false,"_et_pb_use_builder":"on","_et_pb_old_content":"<!-- wp:divi\/placeholder \/-->","_et_gb_content_width":"","_joinchat":[],"footnotes":""},"class_list":["post-220","page","type-page","status-publish","hentry"],"acf":[],"_links":{"self":[{"href":"https:\/\/rutasmototours.com\/fr\/wp-json\/wp\/v2\/pages\/220","targetHints":{"allow":["GET"]}}],"collection":[{"href":"https:\/\/rutasmototours.com\/fr\/wp-json\/wp\/v2\/pages"}],"about":[{"href":"https:\/\/rutasmototours.com\/fr\/wp-json\/wp\/v2\/types\/page"}],"author":[{"embeddable":true,"href":"https:\/\/rutasmototours.com\/fr\/wp-json\/wp\/v2\/users\/1"}],"replies":[{"embeddable":true,"href":"https:\/\/rutasmototours.com\/fr\/wp-json\/wp\/v2\/comments?post=220"}],"version-history":[{"count":2,"href":"https:\/\/rutasmototours.com\/fr\/wp-json\/wp\/v2\/pages\/220\/revisions"}],"predecessor-version":[{"id":1634,"href":"https:\/\/rutasmototours.com\/fr\/wp-json\/wp\/v2\/pages\/220\/revisions\/1634"}],"wp:attachment":[{"href":"https:\/\/rutasmototours.com\/fr\/wp-json\/wp\/v2\/media?parent=220"}],"curies":[{"name":"wp","href":"https:\/\/api.w.org\/{rel}","templated":true}]}}