{"id":2091,"date":"2026-06-10T17:57:37","date_gmt":"2026-06-10T15:57:37","guid":{"rendered":"https:\/\/rutasmototours.com\/?page_id=2091"},"modified":"2026-06-10T17:57:40","modified_gmt":"2026-06-10T15:57:40","slug":"ruta-en-moto-andalucia","status":"publish","type":"page","link":"https:\/\/rutasmototours.com\/fr\/ruta-en-moto-andalucia\/","title":{"rendered":"Voyage de 9 jours \u00e0 moto \u00e0 travers l&#039;Andalousie"},"content":{"rendered":"\n[et_pb_section fb_built=\u00bb1&#8243; admin_label=\u00bbSection\u00bb _builder_version=\u00bb4.27.4&#8243; _module_preset=\u00bbdefault\u00bb background_color=\u00bbrgba(0,0,0,0.2)\u00bb use_background_color_gradient=\u00bbon\u00bb background_color_gradient_stops=\u00bbrgba(0,0,0,0.7) 0%|rgba(0,0,0,0.4) 20%\u00bb background_image=\u00bbhttps:\/\/rutasmototours.com\/wp-content\/uploads\/2025\/11\/Dawn_Charles_V_Palace_Alhambra_Granada_Andalusia_Spain.webp\u00bb background_blend=\u00bboverlay\u00bb height=\u00bb90vh\u00bb hover_enabled=\u00bb0&#8243; da_disable_devices=\u00bboff|off|off\u00bb global_colors_info=\u00bb{}\u00bb sticky_enabled=\u00bb0&#8243; da_is_popup=\u00bboff\u00bb da_exit_intent=\u00bboff\u00bb da_has_close=\u00bbon\u00bb da_alt_close=\u00bboff\u00bb da_dark_close=\u00bboff\u00bb da_not_modal=\u00bbon\u00bb da_is_singular=\u00bboff\u00bb da_with_loader=\u00bboff\u00bb da_has_shadow=\u00bbon\u00bb][et_pb_row _builder_version=\u00bb4.27.4&#8243; _module_preset=\u00bbdefault\u00bb positioning=\u00bbabsolute\u00bb position_origin_a=\u00bbcenter_center\u00bb width=\u00bb90%\u00bb global_colors_info=\u00bb{}\u00bb][et_pb_column type=\u00bb4_4&#8243; _builder_version=\u00bb4.27.4&#8243; _module_preset=\u00bbdefault\u00bb global_colors_info=\u00bb{}\u00bb][et_pb_text _builder_version=\u00bb4.27.6&#8243; _module_preset=\u00bbdefault\u00bb text_font=\u00bb|700||on|||||\u00bb text_font_size=\u00bb17px\u00bb header_font=\u00bb|800|||||||\u00bb header_text_color=\u00bb#FFFFFF\u00bb header_font_size=\u00bb50px\u00bb text_orientation=\u00bbcenter\u00bb background_layout=\u00bbdark\u00bb hover_enabled=\u00bb0&#8243; text_font_size_tablet=\u00bb18px\u00bb text_font_size_phone=\u00bb14px\u00bb text_font_size_last_edited=\u00bbon|phone\u00bb header_text_align_tablet=\u00bb\u00bb header_text_align_phone=\u00bbcenter\u00bb header_text_align_last_edited=\u00bbon|phone\u00bb header_font_size_tablet=\u00bb50px\u00bb header_font_size_phone=\u00bb38px\u00bb header_font_size_last_edited=\u00bbon|phone\u00bb text_orientation_tablet=\u00bb\u00bb text_orientation_phone=\u00bbcenter\u00bb text_orientation_last_edited=\u00bbon|phone\u00bb header_text_shadow_style=\u00bbpreset1&#8243; global_colors_info=\u00bb{}\u00bb sticky_enabled=\u00bb0&#8243;]<h1><b>Viaje en moto por Andaluc\u00eda en 9 d\u00edas<\/b><\/h1>\n<p>Una ruta organizada y guiada para descubrir Andaluc\u00eda sobre dos ruedas, entre carreteras espectaculares, ciudades hist\u00f3ricas y paisajes que hacen grande cada etapa.<\/p>[\/et_pb_text][et_pb_button button_url=\u00bb#apuntarme\u00bb button_text=\u00bbReservar Plaza\u00bb button_alignment=\u00bbcenter\u00bb _builder_version=\u00bb4.27.6&#8243; _module_preset=\u00bbdefault\u00bb custom_button=\u00bbon\u00bb button_text_size=\u00bb14px\u00bb button_letter_spacing=\u00bb1px\u00bb button_font=\u00bb|600||on|||||\u00bb custom_padding=\u00bb15px|30px|15px|30px|true|true\u00bb global_colors_info=\u00bb{}\u00bb][\/et_pb_button][et_pb_icon font_icon=\u00bb&#x3b;||divi||400&#8243; icon_color=\u00bb#FFFFFF\u00bb icon_width=\u00bb25px\u00bb _builder_version=\u00bb4.27.4&#8243; _module_preset=\u00bbdefault\u00bb animation_style=\u00bbslide\u00bb animation_direction=\u00bbtop\u00bb animation_duration=\u00bb2000ms\u00bb animation_intensity_slide=\u00bb10%\u00bb animation_repeat=\u00bbloop\u00bb global_colors_info=\u00bb{}\u00bb][\/et_pb_icon][\/et_pb_column][\/et_pb_row][\/et_pb_section][et_pb_section fb_built=\u00bb1&#8243; admin_label=\u00bbSection\u00bb _builder_version=\u00bb4.27.4&#8243; _module_preset=\u00bbdefault\u00bb background_color=\u00bb#F7F7F7&#8243; da_disable_devices=\u00bboff|off|off\u00bb global_colors_info=\u00bb{}\u00bb da_is_popup=\u00bboff\u00bb da_exit_intent=\u00bboff\u00bb da_has_close=\u00bbon\u00bb da_alt_close=\u00bboff\u00bb da_dark_close=\u00bboff\u00bb da_not_modal=\u00bbon\u00bb da_is_singular=\u00bboff\u00bb da_with_loader=\u00bboff\u00bb da_has_shadow=\u00bbon\u00bb][et_pb_row column_structure=\u00bb3_5,2_5&#8243; make_equal=\u00bbon\u00bb _builder_version=\u00bb4.27.4&#8243; _module_preset=\u00bbdefault\u00bb width=\u00bb90%\u00bb global_colors_info=\u00bb{}\u00bb][et_pb_column type=\u00bb3_5&#8243; _builder_version=\u00bb4.27.4&#8243; _module_preset=\u00bbdefault\u00bb custom_css_main_element=\u00bbmargin: auto;\u00bb global_colors_info=\u00bb{}\u00bb][et_pb_text _builder_version=\u00bb4.27.4&#8243; _module_preset=\u00bbdefault\u00bb header_2_font=\u00bb|800|||||||\u00bb header_2_font_size=\u00bb40px\u00bb custom_margin=\u00bb||15px||false|false\u00bb header_2_font_size_tablet=\u00bb36px\u00bb header_2_font_size_phone=\u00bb30px\u00bb header_2_font_size_last_edited=\u00bbon|phone\u00bb text_orientation_tablet=\u00bbleft\u00bb text_orientation_phone=\u00bbleft\u00bb text_orientation_last_edited=\u00bbon|tablet\u00bb global_colors_info=\u00bb{}\u00bb]<h2><b>La vuelta de Andaluc\u00eda en moto<\/b><\/h2>[\/et_pb_text][et_pb_text _builder_version=\u00bb4.27.4&#8243; _module_preset=\u00bbdefault\u00bb header_2_font=\u00bb|800|||||||\u00bb header_2_font_size=\u00bb40px\u00bb custom_margin=\u00bb||||false|false\u00bb header_2_font_size_tablet=\u00bb36px\u00bb header_2_font_size_phone=\u00bb30px\u00bb header_2_font_size_last_edited=\u00bbon|phone\u00bb text_orientation_tablet=\u00bbleft\u00bb text_orientation_phone=\u00bbleft\u00bb text_orientation_last_edited=\u00bbon|tablet\u00bb global_colors_info=\u00bb{}\u00bb]<p>Descubre el sur de Espa\u00f1a con esta <b data-path-to-node=\"1\" data-index-in-node=\"35\">ruta por Andaluc\u00eda<\/b>, un viaje inolvidable que combina historia, naturaleza y cultura. Comenzaremos en <b data-path-to-node=\"1\" data-index-in-node=\"136\">M\u00e1laga<\/b>, explorando su legado mediterr\u00e1neo, para luego cruzar la famosa <b data-path-to-node=\"1\" data-index-in-node=\"207\">Ruta de la Cabra<\/b> hacia <b data-path-to-node=\"1\" data-index-in-node=\"230\">Granada<\/b>, donde te espera una visita guiada a la <b data-path-to-node=\"1\" data-index-in-node=\"278\">Alhambra<\/b>, el barrio del Albaic\u00edn y un espect\u00e1culo de flamenco en el Sacromonte. Continuaremos por los pintorescos <b data-path-to-node=\"1\" data-index-in-node=\"392\">pueblos blancos de las Alpujarras<\/b> (Pampaneira, Capileira y Trev\u00e9lez) en Sierra Nevada, hasta llegar a las playas salvajes y volc\u00e1nicas del <b data-path-to-node=\"1\" data-index-in-node=\"531\">Cabo de Gata<\/b>.<\/p>\n<p>Finalmente, recorreremos la costa hasta <b data-path-to-node=\"1\" data-index-in-node=\"585\">Moj\u00e1car<\/b> y cruzaremos los impresionantes <b data-path-to-node=\"1\" data-index-in-node=\"625\">desiertos de Tabernas y Gorafe<\/b>, famosos escenarios de cine que cierran este itinerario \u00fanico.<\/p>\n<p>Continuaremos esta <b data-path-to-node=\"1\" data-index-in-node=\"19\">ruta por Andaluc\u00eda<\/b> hacia el <b data-path-to-node=\"1\" data-index-in-node=\"47\">Parque Natural de la Sierra de Cazorla<\/b>, un para\u00edso de bosques, r\u00edos y cascadas, antes de adentrarnos en el coraz\u00f3n de la regi\u00f3n. La siguiente parada ser\u00e1 <b data-path-to-node=\"1\" data-index-in-node=\"201\">C\u00f3rdoba<\/b>, antigua capital califal, para descubrir la majestuosa <b data-path-to-node=\"1\" data-index-in-node=\"264\">Mezquita-Catedral<\/b>, una obra maestra del arte isl\u00e1mico. Desde all\u00ed nos dirigiremos a <b data-path-to-node=\"1\" data-index-in-node=\"348\">Sevilla<\/b>, una ciudad vibrante donde explorar\u00e1s el Real Alc\u00e1zar, la <b data-path-to-node=\"1\" data-index-in-node=\"414\">Giralda<\/b> y la emblem\u00e1tica Plaza de Espa\u00f1a.<\/p>\n<p>En el camino de regreso a <b data-path-to-node=\"1\" data-index-in-node=\"482\">M\u00e1laga<\/b>, donde concluye este viaje inolvidable, haremos una parada imprescindible en <b data-path-to-node=\"1\" data-index-in-node=\"566\">Ronda<\/b> para admirar su espectacular puente sobre el desfiladero, cerrando as\u00ed un itinerario perfecto entre naturaleza, playas y el mejor patrimonio hist\u00f3rico andaluz.<\/p>[\/et_pb_text][et_pb_button button_url=\u00bb#apuntarme\u00bb button_text=\u00bbReservar Plaza\u00bb _builder_version=\u00bb4.27.6&#8243; _module_preset=\u00bbdefault\u00bb custom_button=\u00bbon\u00bb button_text_size=\u00bb14px\u00bb button_letter_spacing=\u00bb1px\u00bb button_font=\u00bb|600||on|||||\u00bb custom_margin_tablet=\u00bb\u00bb custom_margin_phone=\u00bb||30px||false|false\u00bb custom_margin_last_edited=\u00bbon|phone\u00bb custom_padding=\u00bb15px|30px|15px|30px|true|true\u00bb global_colors_info=\u00bb{}\u00bb][\/et_pb_button][\/et_pb_column][et_pb_column type=\u00bb2_5&#8243; _builder_version=\u00bb4.27.4&#8243; _module_preset=\u00bbdefault\u00bb custom_css_main_element=\u00bbmargin: auto;\u00bb global_colors_info=\u00bb{}\u00bb][et_pb_image src=\u00bbhttps:\/\/rutasmototours.com\/wp-content\/uploads\/2025\/11\/vuelta-andalucia-en-9-dias-23.jpg\u00bb title_text=\u00bbvuelta andalucia en 9 dias-23&#8243; _builder_version=\u00bb4.27.6&#8243; _module_preset=\u00bbdefault\u00bb hover_enabled=\u00bb0&#8243; border_radii=\u00bbon|20px|20px|20px|20px\u00bb global_colors_info=\u00bb{}\u00bb height=\u00bb500px\u00bb sticky_enabled=\u00bb0&#8243; custom_margin=\u00bb20px||||false|false\u00bb][\/et_pb_image][\/et_pb_column][\/et_pb_row][\/et_pb_section][et_pb_section fb_built=\u00bb1&#8243; admin_label=\u00bbSection\u00bb module_id=\u00bbinfo\u00bb _builder_version=\u00bb4.27.4&#8243; _module_preset=\u00bbdefault\u00bb background_color=\u00bb#F7F7F7&#8243; da_popup_slug=\u00bbinfo\u00bb da_disable_devices=\u00bboff|off|off\u00bb global_colors_info=\u00bb{}\u00bb custom_padding=\u00bb||0px|||\u00bb da_is_popup=\u00bboff\u00bb da_exit_intent=\u00bboff\u00bb da_has_close=\u00bbon\u00bb da_alt_close=\u00bboff\u00bb da_dark_close=\u00bboff\u00bb da_not_modal=\u00bbon\u00bb da_is_singular=\u00bboff\u00bb da_with_loader=\u00bboff\u00bb da_has_shadow=\u00bbon\u00bb][et_pb_row _builder_version=\u00bb4.27.4&#8243; _module_preset=\u00bbdefault\u00bb width=\u00bb90%\u00bb global_colors_info=\u00bb{}\u00bb][et_pb_column type=\u00bb4_4&#8243; _builder_version=\u00bb4.27.4&#8243; _module_preset=\u00bbdefault\u00bb global_colors_info=\u00bb{}\u00bb][et_pb_text _builder_version=\u00bb4.27.6&#8243; _module_preset=\u00bbdefault\u00bb text_font=\u00bb|600|||||||\u00bb text_font_size=\u00bb18px\u00bb header_2_font=\u00bb|800|||||||\u00bb header_2_font_size=\u00bb40px\u00bb text_orientation=\u00bbcenter\u00bb custom_margin=\u00bb||10px||false|false\u00bb header_2_font_size_tablet=\u00bb36px\u00bb header_2_font_size_phone=\u00bb30px\u00bb header_2_font_size_last_edited=\u00bbon|phone\u00bb text_orientation_tablet=\u00bbleft\u00bb text_orientation_phone=\u00bbcenter\u00bb text_orientation_last_edited=\u00bbon|tablet\u00bb global_colors_info=\u00bb{}\u00bb]<h2>Conoce los detalles del trayecto<\/h2>[\/et_pb_text][\/et_pb_column][\/et_pb_row][et_pb_row column_structure=\u00bb1_3,1_3,1_3&#8243; use_custom_gutter=\u00bbon\u00bb _builder_version=\u00bb4.27.4&#8243; _module_preset=\u00bbdefault\u00bb width=\u00bb90%\u00bb global_colors_info=\u00bb{}\u00bb][et_pb_column type=\u00bb1_3&#8243; _builder_version=\u00bb4.27.4&#8243; _module_preset=\u00bbdefault\u00bb global_colors_info=\u00bb{}\u00bb][et_pb_blurb title=\u00bbDuraci\u00f3n\u00bb use_icon=\u00bbon\u00bb font_icon=\u00bb&#xf017;||fa||400&#8243; icon_color=\u00bb#000000&#8243; image_icon_width=\u00bb50px\u00bb content_max_width=\u00bb100%\u00bb icon_placement_last_edited=\u00bboff|desktop\u00bb _builder_version=\u00bb4.27.4&#8243; _module_preset=\u00bbdefault\u00bb header_level=\u00bbh3&#8243; header_font=\u00bb|700|||||||\u00bb text_orientation=\u00bbcenter\u00bb custom_margin=\u00bb||10px||false|false\u00bb custom_padding=\u00bb20px|20px|20px|20px|true|true\u00bb animation=\u00bboff\u00bb border_radii=\u00bbon|20px|20px|20px|20px\u00bb global_colors_info=\u00bb{}\u00bb background__hover_enabled=\u00bbon|hover\u00bb background_color__hover=\u00bb#FFFFFF\u00bb background_enable_color__hover=\u00bbon\u00bb]<p>9 D\u00edas y 8 noches en media pensi\u00f3n.<\/p>[\/et_pb_blurb][\/et_pb_column][et_pb_column type=\u00bb1_3&#8243; _builder_version=\u00bb4.27.4&#8243; _module_preset=\u00bbdefault\u00bb global_colors_info=\u00bb{}\u00bb][et_pb_blurb title=\u00bbTiempo de conducci\u00f3n\u00bb use_icon=\u00bbon\u00bb font_icon=\u00bb&#xf21c;||fa||900&#8243; icon_color=\u00bb#000000&#8243; image_icon_width=\u00bb50px\u00bb content_max_width=\u00bb100%\u00bb _builder_version=\u00bb4.27.4&#8243; _module_preset=\u00bbdefault\u00bb header_level=\u00bbh3&#8243; header_font=\u00bb|700|||||||\u00bb text_orientation=\u00bbcenter\u00bb custom_margin=\u00bb||10px||false|false\u00bb custom_padding=\u00bb20px|20px|20px|20px|true|true\u00bb animation=\u00bboff\u00bb border_radii=\u00bbon|20px|20px|20px|20px\u00bb global_colors_info=\u00bb{}\u00bb background_color__hover=\u00bb#FFFFFF\u00bb background_enable_color__hover=\u00bbon\u00bb background__hover_enabled=\u00bbon|hover\u00bb]<p>De 5 a 6.30 horas.<\/p>[\/et_pb_blurb][\/et_pb_column][et_pb_column type=\u00bb1_3&#8243; _builder_version=\u00bb4.27.4&#8243; _module_preset=\u00bbdefault\u00bb global_colors_info=\u00bb{}\u00bb][et_pb_blurb title=\u00bbNivel\u00bb use_icon=\u00bbon\u00bb font_icon=\u00bb&#xf012;||fa||900&#8243; icon_color=\u00bb#000000&#8243; image_icon_width=\u00bb50px\u00bb content_max_width=\u00bb100%\u00bb _builder_version=\u00bb4.27.4&#8243; _module_preset=\u00bbdefault\u00bb header_level=\u00bbh3&#8243; header_font=\u00bb|700|||||||\u00bb text_orientation=\u00bbcenter\u00bb custom_margin=\u00bb||10px||false|false\u00bb custom_padding=\u00bb20px|20px|20px|20px|true|true\u00bb animation=\u00bboff\u00bb border_radii=\u00bbon|20px|20px|20px|20px\u00bb global_colors_info=\u00bb{}\u00bb background_color__hover=\u00bb#FFFFFF\u00bb background_enable_color__hover=\u00bbon\u00bb background__hover_enabled=\u00bbon|hover\u00bb]<p><a href=\"https:\/\/rutasmototours.com\/nivel-de-competencia-de-pilotaje\/\">F\u00e1cil a moderado<\/a><\/p>[\/et_pb_blurb][\/et_pb_column][\/et_pb_row][et_pb_row column_structure=\u00bb1_4,1_4,1_4,1_4&#8243; _builder_version=\u00bb4.27.4&#8243; _module_preset=\u00bbdefault\u00bb global_colors_info=\u00bb{}\u00bb][et_pb_column type=\u00bb1_4&#8243; _builder_version=\u00bb4.27.4&#8243; _module_preset=\u00bbdefault\u00bb global_colors_info=\u00bb{}\u00bb][et_pb_circle_counter title=\u00bbAsfalto\u00bb number=\u00bb100&#8243; bar_bg_color=\u00bb#B94E40&#8243; circle_color_alpha=\u00bb0.95&#8243; _builder_version=\u00bb4.27.4&#8243; _module_preset=\u00bbdefault\u00bb title_font=\u00bb|600|||||||\u00bb number_font=\u00bb|700|||||||\u00bb number_font_size=\u00bb40px\u00bb max_width=\u00bb200px\u00bb hover_enabled=\u00bb0&#8243; global_colors_info=\u00bb{}\u00bb sticky_enabled=\u00bb0&#8243;][\/et_pb_circle_counter][\/et_pb_column][et_pb_column type=\u00bb1_4&#8243; _builder_version=\u00bb4.27.4&#8243; _module_preset=\u00bbdefault\u00bb global_colors_info=\u00bb{}\u00bb][et_pb_circle_counter title=\u00bbRutas tur\u00edsticas\u00bb number=\u00bb90&#8243; bar_bg_color=\u00bb#B94E40&#8243; circle_color_alpha=\u00bb0.95&#8243; _builder_version=\u00bb4.27.4&#8243; _module_preset=\u00bbdefault\u00bb title_font=\u00bb|600|||||||\u00bb number_font=\u00bb|700|||||||\u00bb number_font_size=\u00bb40px\u00bb max_width=\u00bb200px\u00bb global_colors_info=\u00bb{}\u00bb][\/et_pb_circle_counter][\/et_pb_column][et_pb_column type=\u00bb1_4&#8243; _builder_version=\u00bb4.27.4&#8243; _module_preset=\u00bbdefault\u00bb global_colors_info=\u00bb{}\u00bb][et_pb_circle_counter title=\u00bbRutas de monta\u00f1a\u00bb number=\u00bb55&#8243; bar_bg_color=\u00bb#B94E40&#8243; circle_color_alpha=\u00bb0.95&#8243; _builder_version=\u00bb4.27.4&#8243; _module_preset=\u00bbdefault\u00bb title_font=\u00bb|600|||||||\u00bb number_font=\u00bb|700|||||||\u00bb number_font_size=\u00bb40px\u00bb max_width=\u00bb200px\u00bb global_colors_info=\u00bb{}\u00bb][\/et_pb_circle_counter][\/et_pb_column][et_pb_column type=\u00bb1_4&#8243; _builder_version=\u00bb4.27.4&#8243; _module_preset=\u00bbdefault\u00bb global_colors_info=\u00bb{}\u00bb][et_pb_circle_counter title=\u00bbRutas de autopista\u00bb number=\u00bb4&#8243; bar_bg_color=\u00bb#B94E40&#8243; circle_color_alpha=\u00bb0.95&#8243; _builder_version=\u00bb4.27.4&#8243; _module_preset=\u00bbdefault\u00bb title_font=\u00bb|600|||||||\u00bb number_font=\u00bb|700|||||||\u00bb number_font_size=\u00bb40px\u00bb max_width=\u00bb200px\u00bb global_colors_info=\u00bb{}\u00bb][\/et_pb_circle_counter][\/et_pb_column][\/et_pb_row][\/et_pb_section][et_pb_section fb_built=\u00bb1&#8243; admin_label=\u00bbMapa de la ruta\u00bb module_id=\u00bbmapa\u00bb _builder_version=\u00bb4.27.4&#8243; _module_preset=\u00bbdefault\u00bb da_popup_slug=\u00bbmapa\u00bb da_disable_devices=\u00bboff|off|off\u00bb global_colors_info=\u00bb{}\u00bb da_is_popup=\u00bboff\u00bb da_exit_intent=\u00bboff\u00bb da_has_close=\u00bbon\u00bb da_alt_close=\u00bboff\u00bb da_dark_close=\u00bboff\u00bb da_not_modal=\u00bbon\u00bb da_is_singular=\u00bboff\u00bb da_with_loader=\u00bboff\u00bb da_has_shadow=\u00bbon\u00bb][et_pb_row _builder_version=\u00bb4.27.4&#8243; _module_preset=\u00bbdefault\u00bb width=\u00bb90%\u00bb global_colors_info=\u00bb{}\u00bb][et_pb_column type=\u00bb4_4&#8243; _builder_version=\u00bb4.27.4&#8243; _module_preset=\u00bbdefault\u00bb global_colors_info=\u00bb{}\u00bb][et_pb_text _builder_version=\u00bb4.27.4&#8243; _module_preset=\u00bbdefault\u00bb text_font=\u00bb|600|||||||\u00bb text_font_size=\u00bb18px\u00bb header_2_font=\u00bb|800|||||||\u00bb header_2_font_size=\u00bb40px\u00bb text_orientation=\u00bbcenter\u00bb custom_margin=\u00bb||10px||false|false\u00bb header_2_font_size_tablet=\u00bb36px\u00bb header_2_font_size_phone=\u00bb30px\u00bb header_2_font_size_last_edited=\u00bbon|phone\u00bb text_orientation_tablet=\u00bbleft\u00bb text_orientation_phone=\u00bbleft\u00bb text_orientation_last_edited=\u00bboff|desktop\u00bb global_colors_info=\u00bb{}\u00bb]<h2>Mapa de la ruta:<\/h2>[\/et_pb_text][et_pb_image src=\u00bbhttps:\/\/rutasmototours.com\/wp-content\/uploads\/2025\/12\/MAPA-AND9-1.jpg\u00bb alt=\u00bbRuta ANDPORT14&#8243; title_text=\u00bbMAPA AND9&#8243; align=\u00bbcenter\u00bb _builder_version=\u00bb4.27.5&#8243; _module_preset=\u00bbdefault\u00bb border_radii=\u00bbon|20px|20px|20px|20px\u00bb global_colors_info=\u00bb{}\u00bb][\/et_pb_image][\/et_pb_column][\/et_pb_row][\/et_pb_section][et_pb_section fb_built=\u00bb1&#8243; admin_label=\u00bbEnlaces Seguros\u00bb module_id=\u00bbenlaces\u00bb _builder_version=\u00bb4.27.4&#8243; _module_preset=\u00bbdefault\u00bb background_color=\u00bb#F7F7F7&#8243; hover_enabled=\u00bb0&#8243; da_popup_slug=\u00bbenlaces\u00bb da_disable_devices=\u00bboff|off|off\u00bb global_colors_info=\u00bb{}\u00bb sticky_enabled=\u00bb0&#8243; custom_padding=\u00bb0px||0px|||\u00bb da_is_popup=\u00bboff\u00bb da_exit_intent=\u00bboff\u00bb da_has_close=\u00bbon\u00bb da_alt_close=\u00bboff\u00bb da_dark_close=\u00bboff\u00bb da_not_modal=\u00bbon\u00bb da_is_singular=\u00bboff\u00bb da_with_loader=\u00bboff\u00bb da_has_shadow=\u00bbon\u00bb][et_pb_row _builder_version=\u00bb4.27.4&#8243; _module_preset=\u00bbdefault\u00bb global_colors_info=\u00bb{}\u00bb][et_pb_column type=\u00bb4_4&#8243; _builder_version=\u00bb4.27.4&#8243; _module_preset=\u00bbdefault\u00bb global_colors_info=\u00bb{}\u00bb][et_pb_text _builder_version=\u00bb4.27.6&#8243; _module_preset=\u00bbdefault\u00bb text_font=\u00bb|600|||||||\u00bb text_font_size=\u00bb18px\u00bb header_2_font=\u00bb|800|||||||\u00bb header_2_font_size=\u00bb40px\u00bb custom_margin=\u00bb||10px||false|false\u00bb hover_enabled=\u00bb0&#8243; header_2_font_size_tablet=\u00bb36px\u00bb header_2_font_size_phone=\u00bb30px\u00bb header_2_font_size_last_edited=\u00bbon|phone\u00bb text_orientation_tablet=\u00bbleft\u00bb text_orientation_phone=\u00bbleft\u00bb text_orientation_last_edited=\u00bbon|tablet\u00bb global_colors_info=\u00bb{}\u00bb sticky_enabled=\u00bb0&#8243;]<h2>Revisa esto atentamente<\/h2>\n<p>Por si a\u00fan no los tienes, aqu\u00ed te dejamos informaci\u00f3n y algunos enlaces \u00fatiles que podr\u00edas necesitar.<\/p>[\/et_pb_text][\/et_pb_column][\/et_pb_row][\/et_pb_section][et_pb_section fb_built=\u00bb1&#8243; admin_label=\u00bbSection\u00bb module_id=\u00bbincluido\u00bb _builder_version=\u00bb4.27.4&#8243; _module_preset=\u00bbdefault\u00bb background_color=\u00bb#F7F7F7&#8243; da_popup_slug=\u00bbincluido\u00bb da_disable_devices=\u00bboff|off|off\u00bb global_colors_info=\u00bb{}\u00bb custom_padding=\u00bb0px|||||\u00bb da_is_popup=\u00bboff\u00bb da_exit_intent=\u00bboff\u00bb da_has_close=\u00bbon\u00bb da_alt_close=\u00bboff\u00bb da_dark_close=\u00bboff\u00bb da_not_modal=\u00bbon\u00bb da_is_singular=\u00bboff\u00bb da_with_loader=\u00bboff\u00bb da_has_shadow=\u00bbon\u00bb][et_pb_row column_structure=\u00bb1_2,1_2&#8243; _builder_version=\u00bb4.27.4&#8243; _module_preset=\u00bbdefault\u00bb global_colors_info=\u00bb{}\u00bb][et_pb_column type=\u00bb1_2&#8243; _builder_version=\u00bb4.27.4&#8243; _module_preset=\u00bbdefault\u00bb global_colors_info=\u00bb{}\u00bb][et_pb_text _builder_version=\u00bb4.27.6&#8243; _module_preset=\u00bbdefault\u00bb hover_enabled=\u00bb0&#8243; global_colors_info=\u00bb{}\u00bb sticky_enabled=\u00bb0&#8243;]<h3><strong>Qu\u00e9 incluye \u2705<\/strong><\/h3>\n<ul>\n<li>\n<p data-path-to-node=\"3,0,0\"><b data-path-to-node=\"3,0,0\" data-index-in-node=\"0\">Gu\u00eda y Seguridad:<\/b> Gu\u00eda en moto, asistencia mec\u00e1nica express y seguros (sanitario, repatriaci\u00f3n y RC).<\/p>\n<\/li>\n<li>\n<p data-path-to-node=\"3,1,0\"><b data-path-to-node=\"3,1,0\" data-index-in-node=\"0\">Alojamiento Premium:<\/b> 8 noches en hoteles (3-5 estrellas) en <b data-path-to-node=\"3,1,0\" data-index-in-node=\"60\">habitaci\u00f3n individual<\/b>, media pensi\u00f3n, piscina y parking.<\/p>\n<\/li>\n<li>\n<p data-path-to-node=\"3,2,0\"><b data-path-to-node=\"3,2,0\" data-index-in-node=\"0\">Cultura y Ocio:<\/b> Visitas guiadas en Granada (Alhambra y Flamenco), C\u00f3rdoba (Mezquita y Ba\u00f1os \u00c1rabes) y Sevilla (Alc\u00e1zar y Giralda).<\/p>\n<\/li>\n<li>\n<p data-path-to-node=\"3,3,0\"><b data-path-to-node=\"3,3,0\" data-index-in-node=\"0\">Extras:<\/b> Reportaje fotogr\u00e1fico, rutas GPX, road-book, pack de bienvenida y aperitivo de despedida.<\/p>\n<\/li>\n<\/ul>[\/et_pb_text][\/et_pb_column][et_pb_column type=\u00bb1_2&#8243; _builder_version=\u00bb4.27.4&#8243; _module_preset=\u00bbdefault\u00bb global_colors_info=\u00bb{}\u00bb][et_pb_text _builder_version=\u00bb4.27.6&#8243; _module_preset=\u00bbdefault\u00bb hover_enabled=\u00bb0&#8243; global_colors_info=\u00bb{}\u00bb sticky_enabled=\u00bb0&#8243;]<h3 data-path-to-node=\"4\"><b data-path-to-node=\"4\" data-index-in-node=\"0\">Qu\u00e9 NO incluye \u274c<\/b><\/h3>\n<ul data-path-to-node=\"5\">\n<li>\n<p data-path-to-node=\"5,0,0\"><b data-path-to-node=\"5,0,0\" data-index-in-node=\"0\">Moto y Log\u00edstica:<\/b> Alquiler de motocicleta, vuelos, gasolina, peajes y multas.<\/p>\n<\/li>\n<li>\n<p data-path-to-node=\"5,1,0\"><b data-path-to-node=\"5,1,0\" data-index-in-node=\"0\">Gastos en ruta:<\/b> Almuerzos, bebidas (alcohol o fuera de men\u00fa) y propinas.<\/p>\n<\/li>\n<li>\n<p data-path-to-node=\"5,2,0\"><b data-path-to-node=\"5,2,0\" data-index-in-node=\"0\">Transporte local:<\/b> Traslados urbanos (bus\/taxi) y parkings fuera de hoteles.<\/p>\n<\/li>\n<li>\n<p data-path-to-node=\"5,3,0\"><b data-path-to-node=\"5,3,0\" data-index-in-node=\"0\">Otros:<\/b> Cualquier concepto no mencionado expresamente como incluido.<\/p>\n<\/li>\n<\/ul>[\/et_pb_text][\/et_pb_column][\/et_pb_row][et_pb_row column_structure=\u00bb1_2,1_2&#8243; _builder_version=\u00bb4.27.4&#8243; _module_preset=\u00bbdefault\u00bb global_colors_info=\u00bb{}\u00bb][et_pb_column type=\u00bb1_2&#8243; _builder_version=\u00bb4.27.4&#8243; _module_preset=\u00bbdefault\u00bb global_colors_info=\u00bb{}\u00bb][et_pb_text _builder_version=\u00bb4.27.6&#8243; _module_preset=\u00bbdefault\u00bb hover_enabled=\u00bb0&#8243; global_colors_info=\u00bb{}\u00bb sticky_enabled=\u00bb0&#8243;]<h3 class=\"et_pb_module_header et-fb-editable-element et-fb-editable-element__editing\" data-shortcode-id=\"7.1.0.0-1780069466217\" data-quickaccess-id=\"header\" contenteditable=\"true\"><strong>Alquilar una moto<\/strong><\/h3>\n<ul>\n<li><a href=\"https:\/\/www.hertzride.com\/es\/oficinas\/alquiler-de-motos-m%C3%A1laga-734\" target=\"_blank\" rel=\"noopener\">Alquilar con Hertz Ride<\/a><\/li>\n<li><a href=\"https:\/\/www.pautravelmoto.com\/\" target=\"_blank\" rel=\"noopener\">Alquilar con PauTravelMoto<\/a><\/li>\n<\/ul>[\/et_pb_text][\/et_pb_column][et_pb_column type=\u00bb1_2&#8243; _builder_version=\u00bb4.27.4&#8243; _module_preset=\u00bbdefault\u00bb global_colors_info=\u00bb{}\u00bb][et_pb_text _builder_version=\u00bb4.27.6&#8243; _module_preset=\u00bbdefault\u00bb hover_enabled=\u00bb0&#8243; global_colors_info=\u00bb{}\u00bb sticky_enabled=\u00bb0&#8243;]<h3 data-path-to-node=\"4\"><strong>Transporte de moto<\/strong><\/h3>\n<ul data-path-to-node=\"5\">\n<li><a href=\"https:\/\/www.eurotransportcar.com\/en\/motorcycle-transport\" target=\"_blank\" rel=\"noopener\">Contratar con Euro Transportcar<\/a><\/li>\n<li><a href=\"https:\/\/www.eurotransportcar.com\/en\/motorcycle-transport\" target=\"_blank\" rel=\"noopener\"><\/a><a href=\"https:\/\/www.mototransport.es\/\" target=\"_blank\" rel=\"noopener\">Contratar con Moto Transport<\/a><\/li>\n<\/ul>[\/et_pb_text][\/et_pb_column][\/et_pb_row][et_pb_row _builder_version=\u00bb4.27.6&#8243; _module_preset=\u00bbdefault\u00bb][et_pb_column _builder_version=\u00bb4.27.6&#8243; _module_preset=\u00bbdefault\u00bb type=\u00bb4_4&#8243;][et_pb_button button_url=\u00bb#apuntarme\u00bb button_text=\u00bbReservar Plaza\u00bb _builder_version=\u00bb4.27.6&#8243; _module_preset=\u00bbdefault\u00bb custom_button=\u00bbon\u00bb button_text_size=\u00bb14px\u00bb button_letter_spacing=\u00bb1px\u00bb button_font=\u00bb|600||on|||||\u00bb custom_padding=\u00bb15px|30px|15px|30px|true|true\u00bb global_colors_info=\u00bb{}\u00bb][\/et_pb_button][\/et_pb_column][\/et_pb_row][\/et_pb_section][et_pb_section fb_built=\u00bb1&#8243; admin_label=\u00bbCTA Ap\u00fantate\u00bb _builder_version=\u00bb4.27.6&#8243; _module_preset=\u00bbdefault\u00bb background_color=\u00bb#F7F7F7&#8243; width=\u00bb95%\u00bb max_width=\u00bb1500px\u00bb module_alignment=\u00bbcenter\u00bb custom_margin=\u00bb2px||2px||true|false\u00bb hover_enabled=\u00bb0&#8243; da_disable_devices=\u00bboff|off|off\u00bb border_color_all=\u00bb#FFFFFF\u00bb border_style_all=\u00bbdashed\u00bb global_colors_info=\u00bb{}\u00bb sticky_enabled=\u00bb0&#8243; da_is_popup=\u00bboff\u00bb da_exit_intent=\u00bboff\u00bb da_has_close=\u00bbon\u00bb da_alt_close=\u00bboff\u00bb da_dark_close=\u00bboff\u00bb da_not_modal=\u00bbon\u00bb da_is_singular=\u00bboff\u00bb da_with_loader=\u00bboff\u00bb da_has_shadow=\u00bbon\u00bb][et_pb_row module_id=\u00bbapuntarme\u00bb _builder_version=\u00bb4.27.4&#8243; _module_preset=\u00bbdefault\u00bb width=\u00bb95%\u00bb global_colors_info=\u00bb{}\u00bb][et_pb_column type=\u00bb4_4&#8243; _builder_version=\u00bb4.27.4&#8243; _module_preset=\u00bbdefault\u00bb global_colors_info=\u00bb{}\u00bb][et_pb_text _builder_version=\u00bb4.27.4&#8243; _module_preset=\u00bbdefault\u00bb text_font=\u00bb|600|||||||\u00bb text_font_size=\u00bb18px\u00bb header_2_font=\u00bb|800|||||||\u00bb header_2_font_size=\u00bb40px\u00bb custom_margin=\u00bb||||false|false\u00bb header_2_font_size_tablet=\u00bb36px\u00bb header_2_font_size_phone=\u00bb30px\u00bb header_2_font_size_last_edited=\u00bbon|phone\u00bb text_orientation_tablet=\u00bbleft\u00bb text_orientation_phone=\u00bbcenter\u00bb text_orientation_last_edited=\u00bbon|tablet\u00bb global_colors_info=\u00bb{}\u00bb]<h2>Ap\u00fantate ahora a esta aventura<\/h2>\n<p>Elige tu modalidad y l\u00e1nzate a descubrir esta incre\u00edble ruta<\/p>[\/et_pb_text][\/et_pb_column][\/et_pb_row][et_pb_row column_structure=\u00bb3_5,2_5&#8243; use_custom_gutter=\u00bbon\u00bb gutter_width=\u00bb2&#8243; _builder_version=\u00bb4.27.4&#8243; _module_preset=\u00bbdefault\u00bb width=\u00bb95%\u00bb global_colors_info=\u00bb{}\u00bb][et_pb_column type=\u00bb3_5&#8243; _builder_version=\u00bb4.27.4&#8243; _module_preset=\u00bbdefault\u00bb background_color=\u00bbrgba(175,204,172,0.7)\u00bb custom_padding=\u00bb15px|15px|15px|15px|true|true\u00bb border_radii=\u00bbon|20px|20px|20px|20px\u00bb global_colors_info=\u00bb{}\u00bb][et_pb_text _builder_version=\u00bb4.27.4&#8243; _module_preset=\u00bbdefault\u00bb header_3_font=\u00bb|700|||||||\u00bb text_orientation_tablet=\u00bb\u00bb text_orientation_phone=\u00bbcenter\u00bb text_orientation_last_edited=\u00bbon|phone\u00bb global_colors_info=\u00bb{}\u00bb]<h3>Modalidad ACOMPA\u00d1ADO<\/h3>\n<p><strong>Haz clic en la fecha<\/strong> que desees para realizar el viaje acompa\u00f1ado.<\/p>[\/et_pb_text][et_pb_code _builder_version=\u00bb4.27.4&#8243; _module_preset=\u00bbdefault\u00bb custom_css_free_form=\u00bb\/* Contenedor principal *\/||.listado-productos-acompanados-and9 {||    display: flex;||    flex-direction: column;||    gap: 12px;||}||||\/* Estilo para cada l\u00ednea de producto (el enlace clicable) *\/||.producto-linea {||    display: flex;||    justify-content: space-between; \/* Distribuye los 3 elementos *\/||    align-items: center;||    text-decoration: none;||    color: #333;||    ||    \/* Fondo limpio y bordes redondeados *\/||    background-color: #f7f7f7; ||    border-radius: 10px; \/* Bordes redondeados *\/||    padding: 15px 25px;||    box-shadow: 0 1px 3px rgba(0, 0, 0, 0.05); \/* Sombra muy suave *\/||    transition: background-color 0.2s ease, box-shadow 0.2s ease;||}||||\/* Interacci\u00f3n al pasar el rat\u00f3n (Hover) *\/||.producto-linea:hover {||    background-color: #fff; \/* Se pone blanco *\/||    box-shadow: 0 4px 10px rgba(0, 0, 0, 0.1); \/* Sombra m\u00e1s pronunciada *\/||    cursor: pointer;||}||||\/* Estilos de los elementos internos *\/||.linea-titulo {||    font-weight: 700;||    flex-basis: 40%; \/* Ocupa m\u00e1s espacio *\/||    color: #333;||    padding-right: 15px;||}||||.linea-fecha {||    flex-basis: 30%; \/* Espacio para la fecha *\/||    text-align: center;||    font-size: 0.95em;||    color: #555;||    white-space: nowrap;||}||||.linea-disponibilidad {||    flex-basis: 30%; \/* Espacio para la disponibilidad *\/||    text-align: right;||    font-weight: 600;||    font-size: 0.95em;||    white-space: nowrap;||}||||\/* Colores para los \u00edconos *\/||.linea-icono-pin, .linea-icono-calendar, .linea-icono-check {||    margin-right: 8px;||    font-size: 1.1em;||}||.linea-icono-pin {||    color: #b94e40; \/* Color destacado para el pin *\/||}||||\/* Estilos de disponibilidad (como se ve en la captura: verde para disponible) *\/||.linea-disponibilidad.disponible {||    color: #28a745; \/* Verde para disponible *\/||}||||.linea-disponibilidad.agotado {||    color: #b94e40; \/* Usar el color destacado para agotado *\/||}||||\/* Responsive: Apilar en pantallas peque\u00f1as *\/||@media (max-width: 768px) {||    .producto-linea {||        flex-direction: column;||        align-items: flex-start;||        padding: 10px 15px;||    }||||    .linea-titulo, .linea-fecha, .linea-disponibilidad {||        flex-basis: 100%;||        width: 100%;||        text-align: left;||        margin-bottom: 5px;||        padding-right: 0;||    }||}||||\/* A\u00f1ade un margen inferior a cada elemento del viaje para separarlos *\/||.producto-linea {||    margin-bottom: 15px; \/* Ajusta este valor (15px) a tu gusto *\/||    border-bottom: 1px solid #eee; \/* Opcional: a\u00f1ade una l\u00ednea divisoria suave *\/||    padding-bottom: 15px; \/* Asegura que el contenido no toque la l\u00ednea divisoria *\/||}||||\/* Opcional: Eliminar el margen y la l\u00ednea divisoria del \u00faltimo elemento para que no quede espacio extra al final *\/||.producto-linea:last-child {||    margin-bottom: 0;||    border-bottom: none;||    padding-bottom: 10;||}||\u00bb global_colors_info=\u00bb{}\u00bb]<div class=\"listado-productos-ruta listado-and9\"><a href=\"https:\/\/rutasmototours.com\/fr\/and9-acompanado-del-06-al-14-de-junio-de-2026\/\" class=\"producto-linea\">    <span class=\"linea-titulo\">        <span class=\"linea-icono-pin\">\ud83d\udccd<\/span>La vuelta de Andaluc\u00eda en 9 d\u00edas    <\/span>    <span class=\"linea-fecha\">        <span class=\"linea-icono-calendar\">\ud83d\uddd3\ufe0f<\/span>06 de juin 2026    <\/span>    <span class=\"linea-disponibilidad agotado\">        <span class=\"linea-icono-check\">\u274c<\/span>Plazas agotadas    <\/span><\/a><a href=\"https:\/\/rutasmototours.com\/fr\/and9-acompanado-del-03-al-11-de-octubre-de-2026\/\" class=\"producto-linea\">    <span class=\"linea-titulo\">        <span class=\"linea-icono-pin\">\ud83d\udccd<\/span>La vuelta de Andaluc\u00eda en 9 d\u00edas    <\/span>    <span class=\"linea-fecha\">        <span class=\"linea-icono-calendar\">\ud83d\uddd3\ufe0f<\/span>03 de octobre 2026    <\/span>    <span class=\"linea-disponibilidad agotado\">        <span class=\"linea-icono-check\">\u274c<\/span>Plazas agotadas    <\/span><\/a><\/div>[\/et_pb_code][\/et_pb_column][et_pb_column type=\u00bb2_5&#8243; _builder_version=\u00bb4.27.4&#8243; _module_preset=\u00bbdefault\u00bb background_color=\u00bbrgba(175,204,172,0.7)\u00bb custom_padding=\u00bb15px|15px|15px|15px|true|true\u00bb border_radii=\u00bbon|20px|20px|20px|20px\u00bb global_colors_info=\u00bb{}\u00bb][et_pb_blurb title=\u00bbModalidad LIBERTAD\u00bb alt=\u00bbruta en moto vuelta de andalucia en 9 dias\u00bb content_max_width=\u00bb100%\u00bb _builder_version=\u00bb4.27.4&#8243; _module_preset=\u00bbdefault\u00bb header_level=\u00bbh3&#8243; header_font=\u00bb|700|||||||\u00bb custom_margin=\u00bb||10px||false|false\u00bb animation=\u00bboff\u00bb text_orientation_tablet=\u00bb\u00bb text_orientation_phone=\u00bbcenter\u00bb text_orientation_last_edited=\u00bbon|phone\u00bb border_radii_image=\u00bbon|20px|20px|20px|20px\u00bb global_colors_info=\u00bb{}\u00bb]<p>Escoge esta opci\u00f3n si queires realizar el viaje en la modalidad libre y a tu ritmo.<\/p>[\/et_pb_blurb][et_pb_button button_url=\u00bb\/producto\/and9-la-vuelta-de-andalucia-en-9-dias-libre\/\u00bb button_text=\u00bbApuntarme en Libre\u00bb button_alignment=\u00bbcenter\u00bb _builder_version=\u00bb4.27.4&#8243; _module_preset=\u00bbdefault\u00bb custom_button=\u00bbon\u00bb button_text_size=\u00bb14px\u00bb button_text_color=\u00bb#000000&#8243; button_bg_color=\u00bb#FFFFFF\u00bb button_border_width=\u00bb0px\u00bb button_border_radius=\u00bb10px\u00bb button_font=\u00bb|600||on|||||\u00bb custom_margin=\u00bb||||false|false\u00bb custom_padding=\u00bb15px|35px|15px|35px|true|true\u00bb custom_css_main_element=\u00bbwidth: 100%;\u00bb global_colors_info=\u00bb{}\u00bb][\/et_pb_button][\/et_pb_column][\/et_pb_row][\/et_pb_section][et_pb_section fb_built=\u00bb1&#8243; admin_label=\u00bbSection\u00bb module_id=\u00bbitinerario\u00bb _builder_version=\u00bb4.27.6&#8243; _module_preset=\u00bbdefault\u00bb background_color=\u00bb#F7F7F7&#8243; hover_enabled=\u00bb0&#8243; da_popup_slug=\u00bbitinerario\u00bb da_disable_devices=\u00bboff|off|off\u00bb global_colors_info=\u00bb{}\u00bb sticky_enabled=\u00bb0&#8243; da_is_popup=\u00bboff\u00bb da_exit_intent=\u00bboff\u00bb da_has_close=\u00bbon\u00bb da_alt_close=\u00bboff\u00bb da_dark_close=\u00bboff\u00bb da_not_modal=\u00bbon\u00bb da_is_singular=\u00bboff\u00bb da_with_loader=\u00bboff\u00bb da_has_shadow=\u00bbon\u00bb][et_pb_row _builder_version=\u00bb4.27.4&#8243; _module_preset=\u00bbdefault\u00bb global_colors_info=\u00bb{}\u00bb][et_pb_column type=\u00bb4_4&#8243; _builder_version=\u00bb4.27.4&#8243; _module_preset=\u00bbdefault\u00bb global_colors_info=\u00bb{}\u00bb][et_pb_text _builder_version=\u00bb4.27.4&#8243; _module_preset=\u00bbdefault\u00bb text_font=\u00bb|600|||||||\u00bb text_font_size=\u00bb18px\u00bb header_2_font=\u00bb|800|||||||\u00bb header_2_font_size=\u00bb40px\u00bb custom_margin=\u00bb||||false|false\u00bb header_2_font_size_tablet=\u00bb36px\u00bb header_2_font_size_phone=\u00bb30px\u00bb header_2_font_size_last_edited=\u00bbon|phone\u00bb text_orientation_tablet=\u00bbleft\u00bb text_orientation_phone=\u00bbleft\u00bb text_orientation_last_edited=\u00bbon|tablet\u00bb global_colors_info=\u00bb{}\u00bb]<h2>Itinerario<\/h2>\n<p>Descripci\u00f3n de las etapas<\/p>[\/et_pb_text][\/et_pb_column][\/et_pb_row][et_pb_row _builder_version=\u00bb4.27.6&#8243; _module_preset=\u00bbdefault\u00bb global_colors_info=\u00bb{}\u00bb][et_pb_column type=\u00bb4_4&#8243; _builder_version=\u00bb4.27.6&#8243; _module_preset=\u00bbdefault\u00bb global_colors_info=\u00bb{}\u00bb][et_pb_accordion icon_color=\u00bb#000000&#8243; _builder_version=\u00bb4.27.6&#8243; _module_preset=\u00bbdefault\u00bb toggle_font=\u00bb|700|||||||\u00bb toggle_font_size=\u00bb20px\u00bb global_colors_info=\u00bb{}\u00bb][et_pb_accordion_item title=\u00bbD\u00eda 0&#8243; _builder_version=\u00bb4.27.6&#8243; _module_preset=\u00bbdefault\u00bb global_colors_info=\u00bb{}\u00bb open=\u00bbon\u00bb]<p>(S\u00f3lo para los participantes que eligen una noche adicional)<\/p>\n<ul>\n<li>Llegada en M\u00c1LAGA y check in al hotel (Holiday Inn Express Malaga Airport o equivalente).<\/li>\n<li>Bienvenida a los participantes<\/li>\n<li>Entrega del expediente del viaje<\/li>\n<li>Reuni\u00f3n de bienvenida con explicaci\u00f3n informativa de todos los aspectos del tour<\/li>\n<li>Cena en el hotel<\/li>\n<\/ul>[\/et_pb_accordion_item][et_pb_accordion_item title=\u00bbD\u00eda 1 &#8211; 240Km\u00bb open=\u00bboff\u00bb _builder_version=\u00bb4.27.6&#8243; _module_preset=\u00bbdefault\u00bb global_colors_info=\u00bb{}\u00bb]<p><strong>05h30 &#8211; Moderado<\/strong><\/p>\n<ul>\n<li>Desayuno en el hotel<em> (S\u00f3lo para quienes tienen una noche adicional)<\/em><\/li>\n<li>Instrucciones del d\u00eda<\/li>\n<li>Punto de encuentro en elparking del hotel (Hotel Holiday Inn Express M\u00e1laga Airport).<\/li>\n<li>Reuni\u00f3n de bienvenida con explicaci\u00f3n informativa de todos los aspectos del tour y instrucciones del d\u00eda<\/li>\n<li>Ruta de M\u00e1laga hasta Granada<\/li>\n<li>Parque natural de las Sierras de Tejeda, Almijara y Alhama<\/li>\n<li>Ruta costera<\/li>\n<li>Ruta de las cabras<\/li>\n<li>Check in al hotel (Gran Hotel Luna de Granada o equivalente)<\/li>\n<li>Visita libre de Granada<\/li>\n<li>Cena al hotel<\/li>\n<\/ul>[\/et_pb_accordion_item][et_pb_accordion_item title=\u00bbD\u00eda 2&#8243; _builder_version=\u00bb4.27.6&#8243; _module_preset=\u00bbdefault\u00bb global_colors_info=\u00bb{}\u00bb open=\u00bboff\u00bb]<p><span><strong>D\u00eda de descanso<\/strong><\/span><\/p>\n<ul>\n<li>Desayuno en el hotel<\/li>\n<li>Instrucciones del d\u00eda<\/li>\n<li>Visita guiada del casco hist\u00f3rico y del Albaic\u00edn<\/li>\n<li>Espect\u00e1culo de Flamenco en el Sacromonte<\/li>\n<li>Cena fuera del hotel (Gran Hotel Luna de Granada o equivalente)<\/li>\n<\/ul>[\/et_pb_accordion_item][et_pb_accordion_item title=\u00bbD\u00eda 3 &#8211; 300 km\u00bb _builder_version=\u00bb4.27.6&#8243; _module_preset=\u00bbdefault\u00bb global_colors_info=\u00bb{}\u00bb open=\u00bboff\u00bb]<p><span><strong>06h00 &#8211; Moderado<\/strong><\/span><\/p>\n<ul>\n<li>Desayuno en el hotel<\/li>\n<li>Instrucciones del d\u00eda<\/li>\n<li>Ruta de Granada hasta San Jos\u00e9<\/li>\n<li>Alpujarras<\/li>\n<li>Cabo de Gata<\/li>\n<li>Check in al hotel (Alove o equivalente)<\/li>\n<li>Visita libre de San Jos\u00e9<\/li>\n<li>Cena al hotel<\/li>\n<\/ul>[\/et_pb_accordion_item][et_pb_accordion_item title=\u00bbD\u00eda 4 &#8211; 325 km\u00bb _builder_version=\u00bb4.27.6&#8243; _module_preset=\u00bbdefault\u00bb global_colors_info=\u00bb{}\u00bb open=\u00bboff\u00bb]<p><span><strong>05h30 &#8211; Moderado<\/strong><\/span><\/p>\n<ul>\n<li>Desayuno en el hotel<\/li>\n<li>Instrucciones del d\u00eda<\/li>\n<li>Ruta de San Jos\u00e9 hasta Cazorla<\/li>\n<li>Desierto de Tabernas<\/li>\n<li>Parque natural de la Sierra de Baza<\/li>\n<li>Check in al hotel (Hotel La Finca de Mercedes o equivalente)<\/li>\n<li>Visita libre de Cazorla<\/li>\n<li>Cena al hotel<\/li>\n<\/ul>[\/et_pb_accordion_item][et_pb_accordion_item title=\u00bbD\u00eda 5 &#8211; 300 km\u00bb _builder_version=\u00bb4.27.6&#8243; _module_preset=\u00bbdefault\u00bb global_colors_info=\u00bb{}\u00bb open=\u00bboff\u00bb]<p><span><strong>05h30 &#8211; Moderado<\/strong><\/span><\/p>\n<ul>\n<li>Desayuno en el hotel<\/li>\n<li>Instrucciones del d\u00eda<\/li>\n<li>Ruta de Cazorla hasta C\u00f3rdoba<\/li>\n<li>Parque natural de las Sierras de Cazorla, Segura y Las Villas<\/li>\n<li>Check in al hotel (Hotel Exe Las Adelfas o equivalente)<\/li>\n<li>Cena al hotel<\/li>\n<\/ul>[\/et_pb_accordion_item][et_pb_accordion_item title=\u00bbD\u00eda 6&#8243; _builder_version=\u00bb4.27.6&#8243; _module_preset=\u00bbdefault\u00bb global_colors_info=\u00bb{}\u00bb open=\u00bboff\u00bb]<p><span><strong>D\u00eda de descanso<\/strong><\/span><\/p>\n<ul>\n<li>Desayuno en el hotel<\/li>\n<li>Instrucciones del d\u00eda<\/li>\n<li>Visita de la mezquita, de los ba\u00f1os \u00e1rabes y de la Bell Tower<\/li>\n<li>Visita libre del casco hist\u00f3rico<\/li>\n<li>Cena en el hotel (Hotel Exe Las Adelfas o equivalente)<\/li>\n<\/ul>[\/et_pb_accordion_item][et_pb_accordion_item title=\u00bbD\u00eda 7 &#8211; 240 km\u00bb _builder_version=\u00bb4.27.6&#8243; _module_preset=\u00bbdefault\u00bb global_colors_info=\u00bb{}\u00bb open=\u00bboff\u00bb]<p><span><strong>05h00 &#8211; F\u00e1cil<\/strong><\/span><\/p>\n<ul>\n<li>Desayuno en el hotel<\/li>\n<li>Instrucciones del d\u00eda<\/li>\n<li>Ruta de C\u00f3rdoba hasta Sevilla<\/li>\n<li>Parque natural de la Sierra de Hornacheulos<\/li>\n<li>Parque natural de la Sierra Morena de Sevilla<\/li>\n<li>Check in al hotel (Hotel Monteolivos o equivalente)<\/li>\n<li>Visita libre de Sevilla<\/li>\n<li>Cena al hotel<\/li>\n<\/ul>[\/et_pb_accordion_item][et_pb_accordion_item title=\u00bbD\u00eda 8&#8243; _builder_version=\u00bb4.27.6&#8243; _module_preset=\u00bbdefault\u00bb global_colors_info=\u00bb{}\u00bb open=\u00bboff\u00bb]<p><span><strong>D\u00eda de descanso<\/strong><\/span><\/p>\n<ul>\n<li>Desayuno en el hotel<\/li>\n<li>Instrucciones del d\u00eda<\/li>\n<li>Visita del Alc\u00e1zar, de la catedral y la Giralda (seg\u00fan disponibilidad), de la Torre del Oro, de la plaza de Espa\u00f1a<\/li>\n<li>Visita libre de Sevilla<\/li>\n<li>Aperitivo y cena fuera o en el hotel (Hotel Monteolivos o equivalente)<\/li>\n<\/ul>[\/et_pb_accordion_item][et_pb_accordion_item title=\u00bbD\u00eda 9 &#8211; 360 km\u00bb _builder_version=\u00bb4.27.6&#8243; _module_preset=\u00bbdefault\u00bb global_colors_info=\u00bb{}\u00bb open=\u00bboff\u00bb]<p><span><strong>05h30 &#8211; F\u00e1cil<\/strong><\/span><\/p>\n<ul>\n<li>Desayuno en el hotel<\/li>\n<li>Instrucciones del d\u00eda<\/li>\n<li>Ruta de Carmona hasta M\u00e1laga<\/li>\n<li>Parque Nacional de la Sierra de Las Nieves<\/li>\n<li>Visita de Ronda<\/li>\n<li>Almuerzo en Ronda<\/li>\n<li>Ha llegado el momento de separarnos<\/li>\n<\/ul>[\/et_pb_accordion_item][\/et_pb_accordion][\/et_pb_column][\/et_pb_row][\/et_pb_section][et_pb_section fb_built=\u00bb1&#8243; admin_label=\u00bbGaler\u00eda\u00bb module_id=\u00bbgaleria\u00bb _builder_version=\u00bb4.27.4&#8243; _module_preset=\u00bbdefault\u00bb da_popup_slug=\u00bbgaleria\u00bb da_disable_devices=\u00bboff|off|off\u00bb global_colors_info=\u00bb{}\u00bb da_is_popup=\u00bboff\u00bb da_exit_intent=\u00bboff\u00bb da_has_close=\u00bbon\u00bb da_alt_close=\u00bboff\u00bb da_dark_close=\u00bboff\u00bb da_not_modal=\u00bbon\u00bb da_is_singular=\u00bboff\u00bb da_with_loader=\u00bboff\u00bb da_has_shadow=\u00bbon\u00bb][et_pb_row _builder_version=\u00bb4.27.4&#8243; _module_preset=\u00bbdefault\u00bb global_colors_info=\u00bb{}\u00bb][et_pb_column type=\u00bb4_4&#8243; _builder_version=\u00bb4.27.4&#8243; _module_preset=\u00bbdefault\u00bb global_colors_info=\u00bb{}\u00bb][et_pb_text _builder_version=\u00bb4.27.4&#8243; _module_preset=\u00bbdefault\u00bb text_font=\u00bb|600|||||||\u00bb text_font_size=\u00bb18px\u00bb header_2_font=\u00bb|800|||||||\u00bb header_2_font_size=\u00bb40px\u00bb custom_margin=\u00bb||||false|false\u00bb header_2_font_size_tablet=\u00bb36px\u00bb header_2_font_size_phone=\u00bb30px\u00bb header_2_font_size_last_edited=\u00bbon|phone\u00bb text_orientation_tablet=\u00bbleft\u00bb text_orientation_phone=\u00bbleft\u00bb text_orientation_last_edited=\u00bbon|tablet\u00bb global_colors_info=\u00bb{}\u00bb]<h2>Galer\u00eda<\/h2>\n<p>Fotograf\u00edas de nuestros viajes por esta ruta<\/p>[\/et_pb_text][\/et_pb_column][\/et_pb_row][et_pb_row _builder_version=\u00bb4.27.4&#8243; _module_preset=\u00bbdefault\u00bb global_colors_info=\u00bb{}\u00bb][et_pb_column type=\u00bb4_4&#8243; _builder_version=\u00bb4.27.4&#8243; _module_preset=\u00bbdefault\u00bb global_colors_info=\u00bb{}\u00bb][et_pb_code _builder_version=\u00bb4.27.4&#8243; _module_preset=\u00bbdefault\u00bb global_colors_info=\u00bb{}\u00bb]<div  id=\"jtg-1090\" class=\"modula modula-gallery modula-columns\" data-config=\"{&quot;tabletHeight&quot;:800,&quot;mobileHeight&quot;:800,&quot;desktopHeight&quot;:800,&quot;enableTwitter&quot;:false,&quot;enableWhatsapp&quot;:false,&quot;enableFacebook&quot;:false,&quot;enablePinterest&quot;:false,&quot;enableLinkedin&quot;:false,&quot;enableEmail&quot;:false,&quot;randomFactor&quot;:0.5,&quot;type&quot;:&quot;grid&quot;,&quot;columns&quot;:12,&quot;gutter&quot;:10,&quot;mobileGutter&quot;:10,&quot;tabletGutter&quot;:10,&quot;desktopGutter&quot;:10,&quot;enableResponsive&quot;:true,&quot;tabletColumns&quot;:2,&quot;mobileColumns&quot;:1,&quot;lazyLoad&quot;:0,&quot;lightboxOpts&quot;:{&quot;animated&quot;:true,&quot;Thumbs&quot;:{&quot;type&quot;:&quot;modern&quot;,&quot;showOnStart&quot;:false},&quot;Toolbar&quot;:{&quot;display&quot;:{&quot;right&quot;:[&quot;close&quot;]},&quot;enabled&quot;:true},&quot;Carousel&quot;:{&quot;Panzoom&quot;:{&quot;touch&quot;:true},&quot;infinite&quot;:false},&quot;keyboard&quot;:{&quot;Escape&quot;:&quot;close&quot;,&quot;Delete&quot;:&quot;close&quot;,&quot;Backspace&quot;:&quot;close&quot;,&quot;PageUp&quot;:&quot;next&quot;,&quot;PageDown&quot;:&quot;prev&quot;,&quot;ArrowUp&quot;:&quot;prev&quot;,&quot;ArrowDown&quot;:&quot;next&quot;,&quot;ArrowRight&quot;:&quot;next&quot;,&quot;ArrowLeft&quot;:&quot;prev&quot;},&quot;wheel&quot;:&quot;slide&quot;,&quot;touch&quot;:true,&quot;backdropClick&quot;:&quot;close&quot;,&quot;l10n&quot;:{&quot;CLOSE&quot;:&quot;Close&quot;,&quot;NEXT&quot;:&quot;Next&quot;,&quot;PREV&quot;:&quot;Previous&quot;,&quot;Error&quot;:&quot;The requested content cannot be loaded. Please try again later.&quot;,&quot;PLAY_START&quot;:&quot;Start slideshow&quot;,&quot;PLAY_STOP&quot;:&quot;Pause slideshow&quot;,&quot;FULL_SCREEN&quot;:&quot;Full screen&quot;,&quot;THUMBS&quot;:&quot;Thumbnails&quot;,&quot;DOWNLOAD&quot;:&quot;Download&quot;,&quot;SHARE&quot;:&quot;Share&quot;,&quot;ZOOM&quot;:&quot;Zoom&quot;,&quot;EMAIL&quot;:&quot;Here is the link to the image : %%image_link%% and this is the link to the gallery : %%gallery_link%%&quot;,&quot;MODAL&quot;:&quot;You can close this modal content with the ESC key&quot;,&quot;ERROR&quot;:&quot;Something Went Wrong, Please Try Again Later&quot;,&quot;IMAGE_ERROR&quot;:&quot;Image Not Found&quot;,&quot;ELEMENT_NOT_FOUND&quot;:&quot;HTML Element Not Found&quot;,&quot;AJAX_NOT_FOUND&quot;:&quot;Error Loading AJAX : Not Found&quot;,&quot;AJAX_FORBIDDEN&quot;:&quot;Error Loading AJAX : Forbidden&quot;,&quot;IFRAME_ERROR&quot;:&quot;Error Loading Page&quot;,&quot;TOGGLE_ZOOM&quot;:&quot;Toggle zoom level&quot;,&quot;TOGGLE_THUMBS&quot;:&quot;Toggle thumbnails&quot;,&quot;TOGGLE_SLIDESHOW&quot;:&quot;Toggle slideshow&quot;,&quot;TOGGLE_FULLSCREEN&quot;:&quot;Toggle full-screen mode&quot;},&quot;Images&quot;:{&quot;Panzoom&quot;:{&quot;maxScale&quot;:2}},&quot;mainClass&quot;:&quot;modula-fancybox-container modula-lightbox-jtg-1090&quot;,&quot;Html&quot;:{&quot;videoAutoplay&quot;:0,&quot;videoTpl&quot;:&quot;&lt;video class=\\&quot;fancybox__html5video\\&quot; controls muted playsinline controlsList controlsList=\\&quot;nodownload\\&quot; poster=\\&quot;{{poster}}\\&quot; src=\\&quot;{{src}}\\&quot; type=\\&quot;{{format}}\\&quot; &gt;  Sorry, your browser doesn&#039;t support embedded videos, &lt;a href=\\&quot;{{src}}\\&quot;&gt; download &lt;\\\/a&gt; and watch with your favorite video player! &lt;\\\/video&gt;&quot;}},&quot;inView&quot;:false,&quot;email_subject&quot;:&quot;\\u00a1\\u00a1Mira esta impresionante imagen!!&quot;,&quot;email_message&quot;:&quot;Este es el enlace a la imagen: %%image_link%% y este es el enlace a la galer\\u00eda: %%gallery_link%%&quot;,&quot;grid_type&quot;:&quot;automatic&quot;,&quot;rowHeight&quot;:250,&quot;lastRow&quot;:&quot;justify&quot;,&quot;lightbox&quot;:&quot;fancybox&quot;,&quot;lightbox_devices&quot;:&quot;both&quot;}\">\n\n\t\n\t<div  class=\"modula-items grid-gallery\">\n\t\t<div class=\"modula-item effect-pufrobo\" >\n\t<div class=\"modula-item-overlay\"><\/div>\n\n\t<div class=\"modula-item-content\">\n\n\t\t<a data-image-id=\"1104\" role=\"button\" tabindex=\"0\" rel=\"jtg-1090\" data-caption=\"\" aria-label=\"Open image in lightbox\" class=\"tile-inner modula-item-link\"><\/a><img decoding=\"async\" class=\"pic wp-image-1104\"  data-valign=\"middle\" data-halign=\"center\" alt=\"\" data-full=\"https:\/\/rutasmototours.com\/wp-content\/uploads\/2025\/11\/vuelta-andalucia-en-9-dias-8.jpg\" title=\"vuelta andalucia en 9 dias-8\" crop=\"\" width=\"500\" height=\"375\" src=\"https:\/\/rutasmototours.com\/wp-content\/uploads\/2025\/11\/vuelta-andalucia-en-9-dias-8-500x375.jpg\" data-src=\"https:\/\/rutasmototours.com\/wp-content\/uploads\/2025\/11\/vuelta-andalucia-en-9-dias-8-500x375.jpg\" data-caption=\"\" srcset=\"https:\/\/rutasmototours.com\/wp-content\/uploads\/2025\/11\/vuelta-andalucia-en-9-dias-8.jpg 500w, https:\/\/rutasmototours.com\/wp-content\/uploads\/2025\/11\/vuelta-andalucia-en-9-dias-8-480x360.jpg 480w\" sizes=\"(min-width: 0px) and (max-width: 480px) 480px, (min-width: 481px) 500px, 100vw\" \/>\n\t\t<div class=\"figc no-description\">\n\t\t\t<div class=\"figc-inner\">\n\t\t\t\t\t\t\t\t\t\t\t\t\t\t\t<\/div>\n\t\t<\/div>\n\n\t<\/div>\n\n<\/div><div class=\"modula-item effect-pufrobo\" >\n\t<div class=\"modula-item-overlay\"><\/div>\n\n\t<div class=\"modula-item-content\">\n\n\t\t<a data-image-id=\"1096\" role=\"button\" tabindex=\"0\" rel=\"jtg-1090\" data-caption=\"\" aria-label=\"Open image in lightbox\" class=\"tile-inner modula-item-link\"><\/a><img decoding=\"async\" class=\"pic wp-image-1096\"  data-valign=\"middle\" data-halign=\"center\" alt=\"\" data-full=\"https:\/\/rutasmototours.com\/wp-content\/uploads\/2025\/11\/vuelta-andalucia-en-9-dias-27.jpg\" title=\"vuelta andalucia en 9 dias-27\" crop=\"\" width=\"500\" height=\"375\" src=\"https:\/\/rutasmototours.com\/wp-content\/uploads\/2025\/11\/vuelta-andalucia-en-9-dias-27-500x375.jpg\" data-src=\"https:\/\/rutasmototours.com\/wp-content\/uploads\/2025\/11\/vuelta-andalucia-en-9-dias-27-500x375.jpg\" data-caption=\"\"\/>\n\t\t<div class=\"figc no-description\">\n\t\t\t<div class=\"figc-inner\">\n\t\t\t\t\t\t\t\t\t\t\t\t\t\t\t<\/div>\n\t\t<\/div>\n\n\t<\/div>\n\n<\/div><div class=\"modula-item effect-pufrobo\" >\n\t<div class=\"modula-item-overlay\"><\/div>\n\n\t<div class=\"modula-item-content\">\n\n\t\t<a data-image-id=\"2046\" role=\"button\" tabindex=\"0\" rel=\"jtg-1090\" data-caption=\"\" aria-label=\"Open image in lightbox\" class=\"tile-inner modula-item-link\"><\/a><img decoding=\"async\" class=\"pic wp-image-2046\"  data-valign=\"middle\" data-halign=\"center\" alt=\"\" data-full=\"https:\/\/rutasmototours.com\/wp-content\/uploads\/2026\/06\/IMG_20260220_090110.jpg\" title=\"IMG_20260220_090110\" crop=\"\" width=\"500\" height=\"375\" src=\"https:\/\/rutasmototours.com\/wp-content\/uploads\/2026\/06\/IMG_20260220_090110-500x375.jpg\" data-src=\"https:\/\/rutasmototours.com\/wp-content\/uploads\/2026\/06\/IMG_20260220_090110-500x375.jpg\" data-caption=\"\"\/>\n\t\t<div class=\"figc no-description\">\n\t\t\t<div class=\"figc-inner\">\n\t\t\t\t\t\t\t\t\t\t\t\t\t\t\t<\/div>\n\t\t<\/div>\n\n\t<\/div>\n\n<\/div><div class=\"modula-item effect-pufrobo\" >\n\t<div class=\"modula-item-overlay\"><\/div>\n\n\t<div class=\"modula-item-content\">\n\n\t\t<a data-image-id=\"1101\" role=\"button\" tabindex=\"0\" rel=\"jtg-1090\" data-caption=\"\" aria-label=\"Open image in lightbox\" class=\"tile-inner modula-item-link\"><\/a><img decoding=\"async\" class=\"pic wp-image-1101\"  data-valign=\"middle\" data-halign=\"center\" alt=\"\" data-full=\"https:\/\/rutasmototours.com\/wp-content\/uploads\/2025\/11\/vuelta-andalucia-en-9-dias-5.jpg\" title=\"vuelta andalucia en 9 dias-5\" crop=\"\" width=\"500\" height=\"375\" src=\"https:\/\/rutasmototours.com\/wp-content\/uploads\/2025\/11\/vuelta-andalucia-en-9-dias-5-500x375.jpg\" data-src=\"https:\/\/rutasmototours.com\/wp-content\/uploads\/2025\/11\/vuelta-andalucia-en-9-dias-5-500x375.jpg\" data-caption=\"\" srcset=\"https:\/\/rutasmototours.com\/wp-content\/uploads\/2025\/11\/vuelta-andalucia-en-9-dias-5.jpg 500w, https:\/\/rutasmototours.com\/wp-content\/uploads\/2025\/11\/vuelta-andalucia-en-9-dias-5-480x360.jpg 480w\" sizes=\"(min-width: 0px) and (max-width: 480px) 480px, (min-width: 481px) 500px, 100vw\" \/>\n\t\t<div class=\"figc no-description\">\n\t\t\t<div class=\"figc-inner\">\n\t\t\t\t\t\t\t\t\t\t\t\t\t\t\t<\/div>\n\t\t<\/div>\n\n\t<\/div>\n\n<\/div><div class=\"modula-item effect-pufrobo\" >\n\t<div class=\"modula-item-overlay\"><\/div>\n\n\t<div class=\"modula-item-content\">\n\n\t\t<a data-image-id=\"1116\" role=\"button\" tabindex=\"0\" rel=\"jtg-1090\" data-caption=\"\" aria-label=\"Open image in lightbox\" class=\"tile-inner modula-item-link\"><\/a><img decoding=\"async\" class=\"pic wp-image-1116\"  data-valign=\"middle\" data-halign=\"center\" alt=\"\" data-full=\"https:\/\/rutasmototours.com\/wp-content\/uploads\/2025\/11\/vuelta-andalucia-en-9-dias-20.jpg\" title=\"vuelta andalucia en 9 dias-20\" crop=\"\" width=\"500\" height=\"500\" src=\"https:\/\/rutasmototours.com\/wp-content\/uploads\/2025\/11\/vuelta-andalucia-en-9-dias-20-500x500.jpg\" data-src=\"https:\/\/rutasmototours.com\/wp-content\/uploads\/2025\/11\/vuelta-andalucia-en-9-dias-20-500x500.jpg\" data-caption=\"\"\/>\n\t\t<div class=\"figc no-description\">\n\t\t\t<div class=\"figc-inner\">\n\t\t\t\t\t\t\t\t\t\t\t\t\t\t\t<\/div>\n\t\t<\/div>\n\n\t<\/div>\n\n<\/div><div class=\"modula-item effect-pufrobo\" >\n\t<div class=\"modula-item-overlay\"><\/div>\n\n\t<div class=\"modula-item-content\">\n\n\t\t<a data-image-id=\"1112\" role=\"button\" tabindex=\"0\" rel=\"jtg-1090\" data-caption=\"\" aria-label=\"Open image in lightbox\" class=\"tile-inner modula-item-link\"><\/a><img decoding=\"async\" class=\"pic wp-image-1112\"  data-valign=\"middle\" data-halign=\"center\" alt=\"\" data-full=\"https:\/\/rutasmototours.com\/wp-content\/uploads\/2025\/11\/vuelta-andalucia-en-9-dias-16.jpg\" title=\"vuelta andalucia en 9 dias-16\" crop=\"\" width=\"500\" height=\"375\" src=\"https:\/\/rutasmototours.com\/wp-content\/uploads\/2025\/11\/vuelta-andalucia-en-9-dias-16-500x375.jpg\" data-src=\"https:\/\/rutasmototours.com\/wp-content\/uploads\/2025\/11\/vuelta-andalucia-en-9-dias-16-500x375.jpg\" data-caption=\"\"\/>\n\t\t<div class=\"figc no-description\">\n\t\t\t<div class=\"figc-inner\">\n\t\t\t\t\t\t\t\t\t\t\t\t\t\t\t<\/div>\n\t\t<\/div>\n\n\t<\/div>\n\n<\/div><div class=\"modula-item effect-pufrobo\" >\n\t<div class=\"modula-item-overlay\"><\/div>\n\n\t<div class=\"modula-item-content\">\n\n\t\t<a data-image-id=\"1114\" role=\"button\" tabindex=\"0\" rel=\"jtg-1090\" data-caption=\"\" aria-label=\"Open image in lightbox\" class=\"tile-inner modula-item-link\"><\/a><img decoding=\"async\" class=\"pic wp-image-1114\"  data-valign=\"middle\" data-halign=\"center\" alt=\"\" data-full=\"https:\/\/rutasmototours.com\/wp-content\/uploads\/2025\/11\/vuelta-andalucia-en-9-dias-18.jpg\" title=\"vuelta andalucia en 9 dias-18\" crop=\"\" width=\"500\" height=\"500\" src=\"https:\/\/rutasmototours.com\/wp-content\/uploads\/2025\/11\/vuelta-andalucia-en-9-dias-18-500x500.jpg\" data-src=\"https:\/\/rutasmototours.com\/wp-content\/uploads\/2025\/11\/vuelta-andalucia-en-9-dias-18-500x500.jpg\" data-caption=\"\"\/>\n\t\t<div class=\"figc no-description\">\n\t\t\t<div class=\"figc-inner\">\n\t\t\t\t\t\t\t\t\t\t\t\t\t\t\t<\/div>\n\t\t<\/div>\n\n\t<\/div>\n\n<\/div><div class=\"modula-item effect-pufrobo\" >\n\t<div class=\"modula-item-overlay\"><\/div>\n\n\t<div class=\"modula-item-content\">\n\n\t\t<a data-image-id=\"1097\" role=\"button\" tabindex=\"0\" rel=\"jtg-1090\" data-caption=\"\" aria-label=\"Open image in lightbox\" class=\"tile-inner modula-item-link\"><\/a><img decoding=\"async\" class=\"pic wp-image-1097\"  data-valign=\"middle\" data-halign=\"center\" alt=\"\" data-full=\"https:\/\/rutasmototours.com\/wp-content\/uploads\/2025\/11\/vuelta-andalucia-en-9-dias-1.jpg\" title=\"vuelta andalucia en 9 dias-1\" crop=\"\" width=\"375\" height=\"500\" src=\"https:\/\/rutasmototours.com\/wp-content\/uploads\/2025\/11\/vuelta-andalucia-en-9-dias-1-375x500.jpg\" data-src=\"https:\/\/rutasmototours.com\/wp-content\/uploads\/2025\/11\/vuelta-andalucia-en-9-dias-1-375x500.jpg\" data-caption=\"\" srcset=\"https:\/\/rutasmototours.com\/wp-content\/uploads\/2025\/11\/vuelta-andalucia-en-9-dias-1.jpg 480w, https:\/\/rutasmototours.com\/wp-content\/uploads\/2025\/11\/vuelta-andalucia-en-9-dias-1-375x500.jpg 375w\" sizes=\"(max-width: 375px) 100vw, 375px\" \/>\n\t\t<div class=\"figc no-description\">\n\t\t\t<div class=\"figc-inner\">\n\t\t\t\t\t\t\t\t\t\t\t\t\t\t\t<\/div>\n\t\t<\/div>\n\n\t<\/div>\n\n<\/div><div class=\"modula-item effect-pufrobo\" >\n\t<div class=\"modula-item-overlay\"><\/div>\n\n\t<div class=\"modula-item-content\">\n\n\t\t<a data-image-id=\"1117\" role=\"button\" tabindex=\"0\" rel=\"jtg-1090\" data-caption=\"\" aria-label=\"Open image in lightbox\" class=\"tile-inner modula-item-link\"><\/a><img decoding=\"async\" class=\"pic wp-image-1117\"  data-valign=\"middle\" data-halign=\"center\" alt=\"\" data-full=\"https:\/\/rutasmototours.com\/wp-content\/uploads\/2025\/11\/vuelta-andalucia-en-9-dias-21.jpg\" title=\"vuelta andalucia en 9 dias-21\" crop=\"\" width=\"500\" height=\"281\" src=\"https:\/\/rutasmototours.com\/wp-content\/uploads\/2025\/11\/vuelta-andalucia-en-9-dias-21-500x281.jpg\" data-src=\"https:\/\/rutasmototours.com\/wp-content\/uploads\/2025\/11\/vuelta-andalucia-en-9-dias-21-500x281.jpg\" data-caption=\"\"\/>\n\t\t<div class=\"figc no-description\">\n\t\t\t<div class=\"figc-inner\">\n\t\t\t\t\t\t\t\t\t\t\t\t\t\t\t<\/div>\n\t\t<\/div>\n\n\t<\/div>\n\n<\/div><div class=\"modula-item effect-pufrobo\" >\n\t<div class=\"modula-item-overlay\"><\/div>\n\n\t<div class=\"modula-item-content\">\n\n\t\t<a data-image-id=\"1102\" role=\"button\" tabindex=\"0\" rel=\"jtg-1090\" data-caption=\"\" aria-label=\"Open image in lightbox\" class=\"tile-inner modula-item-link\"><\/a><img decoding=\"async\" class=\"pic wp-image-1102\"  data-valign=\"middle\" data-halign=\"center\" alt=\"\" data-full=\"https:\/\/rutasmototours.com\/wp-content\/uploads\/2025\/11\/vuelta-andalucia-en-9-dias-6.jpg\" title=\"vuelta andalucia en 9 dias-6\" crop=\"\" width=\"500\" height=\"375\" src=\"https:\/\/rutasmototours.com\/wp-content\/uploads\/2025\/11\/vuelta-andalucia-en-9-dias-6-500x375.jpg\" data-src=\"https:\/\/rutasmototours.com\/wp-content\/uploads\/2025\/11\/vuelta-andalucia-en-9-dias-6-500x375.jpg\" data-caption=\"\" srcset=\"https:\/\/rutasmototours.com\/wp-content\/uploads\/2025\/11\/vuelta-andalucia-en-9-dias-6.jpg 500w, https:\/\/rutasmototours.com\/wp-content\/uploads\/2025\/11\/vuelta-andalucia-en-9-dias-6-480x360.jpg 480w\" sizes=\"(min-width: 0px) and (max-width: 480px) 480px, (min-width: 481px) 500px, 100vw\" \/>\n\t\t<div class=\"figc no-description\">\n\t\t\t<div class=\"figc-inner\">\n\t\t\t\t\t\t\t\t\t\t\t\t\t\t\t<\/div>\n\t\t<\/div>\n\n\t<\/div>\n\n<\/div><div class=\"modula-item effect-pufrobo\" >\n\t<div class=\"modula-item-overlay\"><\/div>\n\n\t<div class=\"modula-item-content\">\n\n\t\t<a data-image-id=\"1103\" role=\"button\" tabindex=\"0\" rel=\"jtg-1090\" data-caption=\"\" aria-label=\"Open image in lightbox\" class=\"tile-inner modula-item-link\"><\/a><img decoding=\"async\" class=\"pic wp-image-1103\"  data-valign=\"middle\" data-halign=\"center\" alt=\"\" data-full=\"https:\/\/rutasmototours.com\/wp-content\/uploads\/2025\/11\/vuelta-andalucia-en-9-dias-7.jpg\" title=\"vuelta andalucia en 9 dias-7\" crop=\"\" width=\"500\" height=\"375\" src=\"https:\/\/rutasmototours.com\/wp-content\/uploads\/2025\/11\/vuelta-andalucia-en-9-dias-7-500x375.jpg\" data-src=\"https:\/\/rutasmototours.com\/wp-content\/uploads\/2025\/11\/vuelta-andalucia-en-9-dias-7-500x375.jpg\" data-caption=\"\" srcset=\"https:\/\/rutasmototours.com\/wp-content\/uploads\/2025\/11\/vuelta-andalucia-en-9-dias-7.jpg 500w, https:\/\/rutasmototours.com\/wp-content\/uploads\/2025\/11\/vuelta-andalucia-en-9-dias-7-480x360.jpg 480w\" sizes=\"(min-width: 0px) and (max-width: 480px) 480px, (min-width: 481px) 500px, 100vw\" \/>\n\t\t<div class=\"figc no-description\">\n\t\t\t<div class=\"figc-inner\">\n\t\t\t\t\t\t\t\t\t\t\t\t\t\t\t<\/div>\n\t\t<\/div>\n\n\t<\/div>\n\n<\/div><div class=\"modula-item effect-pufrobo\" >\n\t<div class=\"modula-item-overlay\"><\/div>\n\n\t<div class=\"modula-item-content\">\n\n\t\t<a data-image-id=\"1091\" role=\"button\" tabindex=\"0\" rel=\"jtg-1090\" data-caption=\"\" aria-label=\"Open image in lightbox\" class=\"tile-inner modula-item-link\"><\/a><img decoding=\"async\" class=\"pic wp-image-1091\"  data-valign=\"middle\" data-halign=\"center\" alt=\"\" data-full=\"https:\/\/rutasmototours.com\/wp-content\/uploads\/2025\/11\/vuelta-andalucia-en-9-dias-22.jpg\" title=\"vuelta andalucia en 9 dias-22\" crop=\"\" width=\"500\" height=\"281\" src=\"https:\/\/rutasmototours.com\/wp-content\/uploads\/2025\/11\/vuelta-andalucia-en-9-dias-22-500x281.jpg\" data-src=\"https:\/\/rutasmototours.com\/wp-content\/uploads\/2025\/11\/vuelta-andalucia-en-9-dias-22-500x281.jpg\" data-caption=\"\"\/>\n\t\t<div class=\"figc no-description\">\n\t\t\t<div class=\"figc-inner\">\n\t\t\t\t\t\t\t\t\t\t\t\t\t\t\t<\/div>\n\t\t<\/div>\n\n\t<\/div>\n\n<\/div><div class=\"modula-item effect-pufrobo\" >\n\t<div class=\"modula-item-overlay\"><\/div>\n\n\t<div class=\"modula-item-content\">\n\n\t\t<a data-image-id=\"2045\" role=\"button\" tabindex=\"0\" rel=\"jtg-1090\" data-caption=\"\" aria-label=\"Open image in lightbox\" class=\"tile-inner modula-item-link\"><\/a><img decoding=\"async\" class=\"pic wp-image-2045\"  data-valign=\"middle\" data-halign=\"center\" alt=\"\" data-full=\"https:\/\/rutasmototours.com\/wp-content\/uploads\/2026\/06\/IMG_20260226_183744.jpg\" title=\"IMG_20260226_183744\" crop=\"\" width=\"375\" height=\"500\" src=\"https:\/\/rutasmototours.com\/wp-content\/uploads\/2026\/06\/IMG_20260226_183744-375x500.jpg\" data-src=\"https:\/\/rutasmototours.com\/wp-content\/uploads\/2026\/06\/IMG_20260226_183744-375x500.jpg\" data-caption=\"\"\/>\n\t\t<div class=\"figc no-description\">\n\t\t\t<div class=\"figc-inner\">\n\t\t\t\t\t\t\t\t\t\t\t\t\t\t\t<\/div>\n\t\t<\/div>\n\n\t<\/div>\n\n<\/div><div class=\"modula-item effect-pufrobo\" >\n\t<div class=\"modula-item-overlay\"><\/div>\n\n\t<div class=\"modula-item-content\">\n\n\t\t<a data-image-id=\"2039\" role=\"button\" tabindex=\"0\" rel=\"jtg-1090\" data-caption=\"\" aria-label=\"Open image in lightbox\" class=\"tile-inner modula-item-link\"><\/a><img decoding=\"async\" class=\"pic wp-image-2039\"  data-valign=\"middle\" data-halign=\"center\" alt=\"\" data-full=\"https:\/\/rutasmototours.com\/wp-content\/uploads\/2026\/06\/IMG_20260221_174817.jpg\" title=\"IMG_20260221_174817\" crop=\"\" width=\"500\" height=\"375\" src=\"https:\/\/rutasmototours.com\/wp-content\/uploads\/2026\/06\/IMG_20260221_174817-500x375.jpg\" data-src=\"https:\/\/rutasmototours.com\/wp-content\/uploads\/2026\/06\/IMG_20260221_174817-500x375.jpg\" data-caption=\"\"\/>\n\t\t<div class=\"figc no-description\">\n\t\t\t<div class=\"figc-inner\">\n\t\t\t\t\t\t\t\t\t\t\t\t\t\t\t<\/div>\n\t\t<\/div>\n\n\t<\/div>\n\n<\/div><div class=\"modula-item effect-pufrobo\" >\n\t<div class=\"modula-item-overlay\"><\/div>\n\n\t<div class=\"modula-item-content\">\n\n\t\t<a data-image-id=\"1110\" role=\"button\" tabindex=\"0\" rel=\"jtg-1090\" data-caption=\"\" aria-label=\"Open image in lightbox\" class=\"tile-inner modula-item-link\"><\/a><img decoding=\"async\" class=\"pic wp-image-1110\"  data-valign=\"middle\" data-halign=\"center\" alt=\"\" data-full=\"https:\/\/rutasmototours.com\/wp-content\/uploads\/2025\/11\/vuelta-andalucia-en-9-dias-14.jpg\" title=\"vuelta andalucia en 9 dias-14\" crop=\"\" width=\"500\" height=\"375\" src=\"https:\/\/rutasmototours.com\/wp-content\/uploads\/2025\/11\/vuelta-andalucia-en-9-dias-14-500x375.jpg\" data-src=\"https:\/\/rutasmototours.com\/wp-content\/uploads\/2025\/11\/vuelta-andalucia-en-9-dias-14-500x375.jpg\" data-caption=\"\"\/>\n\t\t<div class=\"figc no-description\">\n\t\t\t<div class=\"figc-inner\">\n\t\t\t\t\t\t\t\t\t\t\t\t\t\t\t<\/div>\n\t\t<\/div>\n\n\t<\/div>\n\n<\/div><div class=\"modula-item effect-pufrobo\" >\n\t<div class=\"modula-item-overlay\"><\/div>\n\n\t<div class=\"modula-item-content\">\n\n\t\t<a data-image-id=\"1100\" role=\"button\" tabindex=\"0\" rel=\"jtg-1090\" data-caption=\"\" aria-label=\"Open image in lightbox\" class=\"tile-inner modula-item-link\"><\/a><img decoding=\"async\" class=\"pic wp-image-1100\"  data-valign=\"middle\" data-halign=\"center\" alt=\"\" data-full=\"https:\/\/rutasmototours.com\/wp-content\/uploads\/2025\/11\/vuelta-andalucia-en-9-dias-4.jpg\" title=\"vuelta andalucia en 9 dias-4\" crop=\"\" width=\"375\" height=\"500\" src=\"https:\/\/rutasmototours.com\/wp-content\/uploads\/2025\/11\/vuelta-andalucia-en-9-dias-4-375x500.jpg\" data-src=\"https:\/\/rutasmototours.com\/wp-content\/uploads\/2025\/11\/vuelta-andalucia-en-9-dias-4-375x500.jpg\" data-caption=\"\" srcset=\"https:\/\/rutasmototours.com\/wp-content\/uploads\/2025\/11\/vuelta-andalucia-en-9-dias-4.jpg 480w, https:\/\/rutasmototours.com\/wp-content\/uploads\/2025\/11\/vuelta-andalucia-en-9-dias-4-375x500.jpg 375w\" sizes=\"(max-width: 375px) 100vw, 375px\" \/>\n\t\t<div class=\"figc no-description\">\n\t\t\t<div class=\"figc-inner\">\n\t\t\t\t\t\t\t\t\t\t\t\t\t\t\t<\/div>\n\t\t<\/div>\n\n\t<\/div>\n\n<\/div><div class=\"modula-item effect-pufrobo\" >\n\t<div class=\"modula-item-overlay\"><\/div>\n\n\t<div class=\"modula-item-content\">\n\n\t\t<a data-image-id=\"2041\" role=\"button\" tabindex=\"0\" rel=\"jtg-1090\" data-caption=\"\" aria-label=\"Open image in lightbox\" class=\"tile-inner modula-item-link\"><\/a><img decoding=\"async\" class=\"pic wp-image-2041\"  data-valign=\"middle\" data-halign=\"center\" alt=\"\" data-full=\"https:\/\/rutasmototours.com\/wp-content\/uploads\/2026\/06\/IMG_20260222_113522.jpg\" title=\"IMG_20260222_113522\" crop=\"\" width=\"375\" height=\"500\" src=\"https:\/\/rutasmototours.com\/wp-content\/uploads\/2026\/06\/IMG_20260222_113522-375x500.jpg\" data-src=\"https:\/\/rutasmototours.com\/wp-content\/uploads\/2026\/06\/IMG_20260222_113522-375x500.jpg\" data-caption=\"\"\/>\n\t\t<div class=\"figc no-description\">\n\t\t\t<div class=\"figc-inner\">\n\t\t\t\t\t\t\t\t\t\t\t\t\t\t\t<\/div>\n\t\t<\/div>\n\n\t<\/div>\n\n<\/div><div class=\"modula-item effect-pufrobo\" >\n\t<div class=\"modula-item-overlay\"><\/div>\n\n\t<div class=\"modula-item-content\">\n\n\t\t<a data-image-id=\"1094\" role=\"button\" tabindex=\"0\" rel=\"jtg-1090\" data-caption=\"\" aria-label=\"Open image in lightbox\" class=\"tile-inner modula-item-link\"><\/a><img decoding=\"async\" class=\"pic wp-image-1094\"  data-valign=\"middle\" data-halign=\"center\" alt=\"\" data-full=\"https:\/\/rutasmototours.com\/wp-content\/uploads\/2025\/11\/vuelta-andalucia-en-9-dias-25.jpg\" title=\"vuelta andalucia en 9 dias-25\" crop=\"\" width=\"500\" height=\"375\" src=\"https:\/\/rutasmototours.com\/wp-content\/uploads\/2025\/11\/vuelta-andalucia-en-9-dias-25-500x375.jpg\" data-src=\"https:\/\/rutasmototours.com\/wp-content\/uploads\/2025\/11\/vuelta-andalucia-en-9-dias-25-500x375.jpg\" data-caption=\"\" srcset=\"https:\/\/rutasmototours.com\/wp-content\/uploads\/2025\/11\/vuelta-andalucia-en-9-dias-25-1280x960.jpg 1280w, https:\/\/rutasmototours.com\/wp-content\/uploads\/2025\/11\/vuelta-andalucia-en-9-dias-25-980x735.jpg 980w, https:\/\/rutasmototours.com\/wp-content\/uploads\/2025\/11\/vuelta-andalucia-en-9-dias-25-480x360.jpg 480w\" sizes=\"(min-width: 0px) and (max-width: 480px) 480px, (min-width: 481px) 500px, 100vw\" \/>\n\t\t<div class=\"figc no-description\">\n\t\t\t<div class=\"figc-inner\">\n\t\t\t\t\t\t\t\t\t\t\t\t\t\t\t<\/div>\n\t\t<\/div>\n\n\t<\/div>\n\n<\/div><div class=\"modula-item effect-pufrobo\" >\n\t<div class=\"modula-item-overlay\"><\/div>\n\n\t<div class=\"modula-item-content\">\n\n\t\t<a data-image-id=\"1106\" role=\"button\" tabindex=\"0\" rel=\"jtg-1090\" data-caption=\"\" aria-label=\"Open image in lightbox\" class=\"tile-inner modula-item-link\"><\/a><img decoding=\"async\" class=\"pic wp-image-1106\"  data-valign=\"middle\" data-halign=\"center\" alt=\"\" data-full=\"https:\/\/rutasmototours.com\/wp-content\/uploads\/2025\/11\/vuelta-andalucia-en-9-dias-10.jpg\" title=\"vuelta andalucia en 9 dias-10\" crop=\"\" width=\"500\" height=\"375\" src=\"https:\/\/rutasmototours.com\/wp-content\/uploads\/2025\/11\/vuelta-andalucia-en-9-dias-10-500x375.jpg\" data-src=\"https:\/\/rutasmototours.com\/wp-content\/uploads\/2025\/11\/vuelta-andalucia-en-9-dias-10-500x375.jpg\" data-caption=\"\" srcset=\"https:\/\/rutasmototours.com\/wp-content\/uploads\/2025\/11\/vuelta-andalucia-en-9-dias-10.jpg 500w, https:\/\/rutasmototours.com\/wp-content\/uploads\/2025\/11\/vuelta-andalucia-en-9-dias-10-480x360.jpg 480w\" sizes=\"(min-width: 0px) and (max-width: 480px) 480px, (min-width: 481px) 500px, 100vw\" \/>\n\t\t<div class=\"figc no-description\">\n\t\t\t<div class=\"figc-inner\">\n\t\t\t\t\t\t\t\t\t\t\t\t\t\t\t<\/div>\n\t\t<\/div>\n\n\t<\/div>\n\n<\/div><div class=\"modula-item effect-pufrobo\" >\n\t<div class=\"modula-item-overlay\"><\/div>\n\n\t<div class=\"modula-item-content\">\n\n\t\t<a data-image-id=\"2040\" role=\"button\" tabindex=\"0\" rel=\"jtg-1090\" data-caption=\"\" aria-label=\"Open image in lightbox\" class=\"tile-inner modula-item-link\"><\/a><img decoding=\"async\" class=\"pic wp-image-2040\"  data-valign=\"middle\" data-halign=\"center\" alt=\"\" data-full=\"https:\/\/rutasmototours.com\/wp-content\/uploads\/2026\/06\/IMG_20260222_101614.jpg\" title=\"IMG_20260222_101614\" crop=\"\" width=\"500\" height=\"375\" src=\"https:\/\/rutasmototours.com\/wp-content\/uploads\/2026\/06\/IMG_20260222_101614-500x375.jpg\" data-src=\"https:\/\/rutasmototours.com\/wp-content\/uploads\/2026\/06\/IMG_20260222_101614-500x375.jpg\" data-caption=\"\"\/>\n\t\t<div class=\"figc no-description\">\n\t\t\t<div class=\"figc-inner\">\n\t\t\t\t\t\t\t\t\t\t\t\t\t\t\t<\/div>\n\t\t<\/div>\n\n\t<\/div>\n\n<\/div><div class=\"modula-item effect-pufrobo\" >\n\t<div class=\"modula-item-overlay\"><\/div>\n\n\t<div class=\"modula-item-content\">\n\n\t\t<a data-image-id=\"1109\" role=\"button\" tabindex=\"0\" rel=\"jtg-1090\" data-caption=\"\" aria-label=\"Open image in lightbox\" class=\"tile-inner modula-item-link\"><\/a><img decoding=\"async\" class=\"pic wp-image-1109\"  data-valign=\"middle\" data-halign=\"center\" alt=\"\" data-full=\"https:\/\/rutasmototours.com\/wp-content\/uploads\/2025\/11\/vuelta-andalucia-en-9-dias-13.jpg\" title=\"vuelta andalucia en 9 dias-13\" crop=\"\" width=\"500\" height=\"375\" src=\"https:\/\/rutasmototours.com\/wp-content\/uploads\/2025\/11\/vuelta-andalucia-en-9-dias-13-500x375.jpg\" data-src=\"https:\/\/rutasmototours.com\/wp-content\/uploads\/2025\/11\/vuelta-andalucia-en-9-dias-13-500x375.jpg\" data-caption=\"\"\/>\n\t\t<div class=\"figc no-description\">\n\t\t\t<div class=\"figc-inner\">\n\t\t\t\t\t\t\t\t\t\t\t\t\t\t\t<\/div>\n\t\t<\/div>\n\n\t<\/div>\n\n<\/div><div class=\"modula-item effect-pufrobo\" >\n\t<div class=\"modula-item-overlay\"><\/div>\n\n\t<div class=\"modula-item-content\">\n\n\t\t<a data-image-id=\"2036\" role=\"button\" tabindex=\"0\" rel=\"jtg-1090\" data-caption=\"\" aria-label=\"Open image in lightbox\" class=\"tile-inner modula-item-link\"><\/a><img decoding=\"async\" class=\"pic wp-image-2036\"  data-valign=\"middle\" data-halign=\"center\" alt=\"\" data-full=\"https:\/\/rutasmototours.com\/wp-content\/uploads\/2026\/06\/IMG_20260220_144017.jpg\" title=\"IMG_20260220_144017\" crop=\"\" width=\"500\" height=\"375\" src=\"https:\/\/rutasmototours.com\/wp-content\/uploads\/2026\/06\/IMG_20260220_144017-500x375.jpg\" data-src=\"https:\/\/rutasmototours.com\/wp-content\/uploads\/2026\/06\/IMG_20260220_144017-500x375.jpg\" data-caption=\"\"\/>\n\t\t<div class=\"figc no-description\">\n\t\t\t<div class=\"figc-inner\">\n\t\t\t\t\t\t\t\t\t\t\t\t\t\t\t<\/div>\n\t\t<\/div>\n\n\t<\/div>\n\n<\/div><div class=\"modula-item effect-pufrobo\" >\n\t<div class=\"modula-item-overlay\"><\/div>\n\n\t<div class=\"modula-item-content\">\n\n\t\t<a data-image-id=\"1092\" role=\"button\" tabindex=\"0\" rel=\"jtg-1090\" data-caption=\"\" aria-label=\"Open image in lightbox\" class=\"tile-inner modula-item-link\"><\/a><img decoding=\"async\" class=\"pic wp-image-1092\"  data-valign=\"middle\" data-halign=\"center\" alt=\"\" data-full=\"https:\/\/rutasmototours.com\/wp-content\/uploads\/2025\/11\/vuelta-andalucia-en-9-dias-23.jpg\" title=\"vuelta andalucia en 9 dias-23\" crop=\"\" width=\"375\" height=\"500\" src=\"https:\/\/rutasmototours.com\/wp-content\/uploads\/2025\/11\/vuelta-andalucia-en-9-dias-23-375x500.jpg\" data-src=\"https:\/\/rutasmototours.com\/wp-content\/uploads\/2025\/11\/vuelta-andalucia-en-9-dias-23-375x500.jpg\" data-caption=\"\"\/>\n\t\t<div class=\"figc no-description\">\n\t\t\t<div class=\"figc-inner\">\n\t\t\t\t\t\t\t\t\t\t\t\t\t\t\t<\/div>\n\t\t<\/div>\n\n\t<\/div>\n\n<\/div><div class=\"modula-item effect-pufrobo\" >\n\t<div class=\"modula-item-overlay\"><\/div>\n\n\t<div class=\"modula-item-content\">\n\n\t\t<a data-image-id=\"1099\" role=\"button\" tabindex=\"0\" rel=\"jtg-1090\" data-caption=\"\" aria-label=\"Open image in lightbox\" class=\"tile-inner modula-item-link\"><\/a><img decoding=\"async\" class=\"pic wp-image-1099\"  data-valign=\"middle\" data-halign=\"center\" alt=\"\" data-full=\"https:\/\/rutasmototours.com\/wp-content\/uploads\/2025\/11\/vuelta-andalucia-en-9-dias-3.jpg\" title=\"vuelta andalucia en 9 dias-3\" crop=\"\" width=\"500\" height=\"375\" src=\"https:\/\/rutasmototours.com\/wp-content\/uploads\/2025\/11\/vuelta-andalucia-en-9-dias-3-500x375.jpg\" data-src=\"https:\/\/rutasmototours.com\/wp-content\/uploads\/2025\/11\/vuelta-andalucia-en-9-dias-3-500x375.jpg\" data-caption=\"\" srcset=\"https:\/\/rutasmototours.com\/wp-content\/uploads\/2025\/11\/vuelta-andalucia-en-9-dias-3.jpg 500w, https:\/\/rutasmototours.com\/wp-content\/uploads\/2025\/11\/vuelta-andalucia-en-9-dias-3-480x360.jpg 480w\" sizes=\"(min-width: 0px) and (max-width: 480px) 480px, (min-width: 481px) 500px, 100vw\" \/>\n\t\t<div class=\"figc no-description\">\n\t\t\t<div class=\"figc-inner\">\n\t\t\t\t\t\t\t\t\t\t\t\t\t\t\t<\/div>\n\t\t<\/div>\n\n\t<\/div>\n\n<\/div><div class=\"modula-item effect-pufrobo\" >\n\t<div class=\"modula-item-overlay\"><\/div>\n\n\t<div class=\"modula-item-content\">\n\n\t\t<a data-image-id=\"1107\" role=\"button\" tabindex=\"0\" rel=\"jtg-1090\" data-caption=\"\" aria-label=\"Open image in lightbox\" class=\"tile-inner modula-item-link\"><\/a><img decoding=\"async\" class=\"pic wp-image-1107\"  data-valign=\"middle\" data-halign=\"center\" alt=\"\" data-full=\"https:\/\/rutasmototours.com\/wp-content\/uploads\/2025\/11\/vuelta-andalucia-en-9-dias-11.jpg\" title=\"vuelta andalucia en 9 dias-11\" crop=\"\" width=\"500\" height=\"500\" src=\"https:\/\/rutasmototours.com\/wp-content\/uploads\/2025\/11\/vuelta-andalucia-en-9-dias-11-500x500.jpg\" data-src=\"https:\/\/rutasmototours.com\/wp-content\/uploads\/2025\/11\/vuelta-andalucia-en-9-dias-11-500x500.jpg\" data-caption=\"\"\/>\n\t\t<div class=\"figc no-description\">\n\t\t\t<div class=\"figc-inner\">\n\t\t\t\t\t\t\t\t\t\t\t\t\t\t\t<\/div>\n\t\t<\/div>\n\n\t<\/div>\n\n<\/div><div class=\"modula-item effect-pufrobo\" >\n\t<div class=\"modula-item-overlay\"><\/div>\n\n\t<div class=\"modula-item-content\">\n\n\t\t<a data-image-id=\"2033\" role=\"button\" tabindex=\"0\" rel=\"jtg-1090\" data-caption=\"\" aria-label=\"Open image in lightbox\" class=\"tile-inner modula-item-link\"><\/a><img decoding=\"async\" class=\"pic wp-image-2033\"  data-valign=\"middle\" data-halign=\"center\" alt=\"\" data-full=\"https:\/\/rutasmototours.com\/wp-content\/uploads\/2026\/06\/IMG_20260220_115328.jpg\" title=\"IMG_20260220_115328\" crop=\"\" width=\"500\" height=\"375\" src=\"https:\/\/rutasmototours.com\/wp-content\/uploads\/2026\/06\/IMG_20260220_115328-500x375.jpg\" data-src=\"https:\/\/rutasmototours.com\/wp-content\/uploads\/2026\/06\/IMG_20260220_115328-500x375.jpg\" data-caption=\"\"\/>\n\t\t<div class=\"figc no-description\">\n\t\t\t<div class=\"figc-inner\">\n\t\t\t\t\t\t\t\t\t\t\t\t\t\t\t<\/div>\n\t\t<\/div>\n\n\t<\/div>\n\n<\/div><div class=\"modula-item effect-pufrobo\" >\n\t<div class=\"modula-item-overlay\"><\/div>\n\n\t<div class=\"modula-item-content\">\n\n\t\t<a data-image-id=\"2038\" role=\"button\" tabindex=\"0\" rel=\"jtg-1090\" data-caption=\"\" aria-label=\"Open image in lightbox\" class=\"tile-inner modula-item-link\"><\/a><img decoding=\"async\" class=\"pic wp-image-2038\"  data-valign=\"middle\" data-halign=\"center\" alt=\"\" data-full=\"https:\/\/rutasmototours.com\/wp-content\/uploads\/2026\/06\/IMG_20260221_131840.jpg\" title=\"IMG_20260221_131840\" crop=\"\" width=\"500\" height=\"375\" src=\"https:\/\/rutasmototours.com\/wp-content\/uploads\/2026\/06\/IMG_20260221_131840-500x375.jpg\" data-src=\"https:\/\/rutasmototours.com\/wp-content\/uploads\/2026\/06\/IMG_20260221_131840-500x375.jpg\" data-caption=\"\"\/>\n\t\t<div class=\"figc no-description\">\n\t\t\t<div class=\"figc-inner\">\n\t\t\t\t\t\t\t\t\t\t\t\t\t\t\t<\/div>\n\t\t<\/div>\n\n\t<\/div>\n\n<\/div><div class=\"modula-item effect-pufrobo\" >\n\t<div class=\"modula-item-overlay\"><\/div>\n\n\t<div class=\"modula-item-content\">\n\n\t\t<a data-image-id=\"2034\" role=\"button\" tabindex=\"0\" rel=\"jtg-1090\" data-caption=\"\" aria-label=\"Open image in lightbox\" class=\"tile-inner modula-item-link\"><\/a><img decoding=\"async\" class=\"pic wp-image-2034\"  data-valign=\"middle\" data-halign=\"center\" alt=\"\" data-full=\"https:\/\/rutasmototours.com\/wp-content\/uploads\/2026\/06\/IMG_20260220_121757.jpg\" title=\"IMG_20260220_121757\" crop=\"\" width=\"375\" height=\"500\" src=\"https:\/\/rutasmototours.com\/wp-content\/uploads\/2026\/06\/IMG_20260220_121757-375x500.jpg\" data-src=\"https:\/\/rutasmototours.com\/wp-content\/uploads\/2026\/06\/IMG_20260220_121757-375x500.jpg\" data-caption=\"\"\/>\n\t\t<div class=\"figc no-description\">\n\t\t\t<div class=\"figc-inner\">\n\t\t\t\t\t\t\t\t\t\t\t\t\t\t\t<\/div>\n\t\t<\/div>\n\n\t<\/div>\n\n<\/div><div class=\"modula-item effect-pufrobo\" >\n\t<div class=\"modula-item-overlay\"><\/div>\n\n\t<div class=\"modula-item-content\">\n\n\t\t<a data-image-id=\"2035\" role=\"button\" tabindex=\"0\" rel=\"jtg-1090\" data-caption=\"\" aria-label=\"Open image in lightbox\" class=\"tile-inner modula-item-link\"><\/a><img decoding=\"async\" class=\"pic wp-image-2035\"  data-valign=\"middle\" data-halign=\"center\" alt=\"\" data-full=\"https:\/\/rutasmototours.com\/wp-content\/uploads\/2026\/06\/IMG_20260220_125416.jpg\" title=\"IMG_20260220_125416\" crop=\"\" width=\"500\" height=\"375\" src=\"https:\/\/rutasmototours.com\/wp-content\/uploads\/2026\/06\/IMG_20260220_125416-500x375.jpg\" data-src=\"https:\/\/rutasmototours.com\/wp-content\/uploads\/2026\/06\/IMG_20260220_125416-500x375.jpg\" data-caption=\"\"\/>\n\t\t<div class=\"figc no-description\">\n\t\t\t<div class=\"figc-inner\">\n\t\t\t\t\t\t\t\t\t\t\t\t\t\t\t<\/div>\n\t\t<\/div>\n\n\t<\/div>\n\n<\/div><div class=\"modula-item effect-pufrobo\" >\n\t<div class=\"modula-item-overlay\"><\/div>\n\n\t<div class=\"modula-item-content\">\n\n\t\t<a data-image-id=\"1098\" role=\"button\" tabindex=\"0\" rel=\"jtg-1090\" data-caption=\"\" aria-label=\"Open image in lightbox\" class=\"tile-inner modula-item-link\"><\/a><img decoding=\"async\" class=\"pic wp-image-1098\"  data-valign=\"middle\" data-halign=\"center\" alt=\"\" data-full=\"https:\/\/rutasmototours.com\/wp-content\/uploads\/2025\/11\/vuelta-andalucia-en-9-dias-2.jpg\" title=\"vuelta andalucia en 9 dias-2\" crop=\"\" width=\"500\" height=\"375\" src=\"https:\/\/rutasmototours.com\/wp-content\/uploads\/2025\/11\/vuelta-andalucia-en-9-dias-2-500x375.jpg\" data-src=\"https:\/\/rutasmototours.com\/wp-content\/uploads\/2025\/11\/vuelta-andalucia-en-9-dias-2-500x375.jpg\" data-caption=\"\" srcset=\"https:\/\/rutasmototours.com\/wp-content\/uploads\/2025\/11\/vuelta-andalucia-en-9-dias-2.jpg 500w, https:\/\/rutasmototours.com\/wp-content\/uploads\/2025\/11\/vuelta-andalucia-en-9-dias-2-480x360.jpg 480w\" sizes=\"(min-width: 0px) and (max-width: 480px) 480px, (min-width: 481px) 500px, 100vw\" \/>\n\t\t<div class=\"figc no-description\">\n\t\t\t<div class=\"figc-inner\">\n\t\t\t\t\t\t\t\t\t\t\t\t\t\t\t<\/div>\n\t\t<\/div>\n\n\t<\/div>\n\n<\/div><div class=\"modula-item effect-pufrobo\" >\n\t<div class=\"modula-item-overlay\"><\/div>\n\n\t<div class=\"modula-item-content\">\n\n\t\t<a data-image-id=\"1095\" role=\"button\" tabindex=\"0\" rel=\"jtg-1090\" data-caption=\"\" aria-label=\"Open image in lightbox\" class=\"tile-inner modula-item-link\"><\/a><img decoding=\"async\" class=\"pic wp-image-1095\"  data-valign=\"middle\" data-halign=\"center\" alt=\"\" data-full=\"https:\/\/rutasmototours.com\/wp-content\/uploads\/2025\/11\/vuelta-andalucia-en-9-dias-26.jpg\" title=\"vuelta andalucia en 9 dias-26\" crop=\"\" width=\"375\" height=\"500\" src=\"https:\/\/rutasmototours.com\/wp-content\/uploads\/2025\/11\/vuelta-andalucia-en-9-dias-26-375x500.jpg\" data-src=\"https:\/\/rutasmototours.com\/wp-content\/uploads\/2025\/11\/vuelta-andalucia-en-9-dias-26-375x500.jpg\" data-caption=\"\"\/>\n\t\t<div class=\"figc no-description\">\n\t\t\t<div class=\"figc-inner\">\n\t\t\t\t\t\t\t\t\t\t\t\t\t\t\t<\/div>\n\t\t<\/div>\n\n\t<\/div>\n\n<\/div><div class=\"modula-item effect-pufrobo\" >\n\t<div class=\"modula-item-overlay\"><\/div>\n\n\t<div class=\"modula-item-content\">\n\n\t\t<a data-image-id=\"2037\" role=\"button\" tabindex=\"0\" rel=\"jtg-1090\" data-caption=\"\" aria-label=\"Open image in lightbox\" class=\"tile-inner modula-item-link\"><\/a><img decoding=\"async\" class=\"pic wp-image-2037\"  data-valign=\"middle\" data-halign=\"center\" alt=\"\" data-full=\"https:\/\/rutasmototours.com\/wp-content\/uploads\/2026\/06\/IMG_20260221_110548.jpg\" title=\"IMG_20260221_110548\" crop=\"\" width=\"375\" height=\"500\" src=\"https:\/\/rutasmototours.com\/wp-content\/uploads\/2026\/06\/IMG_20260221_110548-375x500.jpg\" data-src=\"https:\/\/rutasmototours.com\/wp-content\/uploads\/2026\/06\/IMG_20260221_110548-375x500.jpg\" data-caption=\"\"\/>\n\t\t<div class=\"figc no-description\">\n\t\t\t<div class=\"figc-inner\">\n\t\t\t\t\t\t\t\t\t\t\t\t\t\t\t<\/div>\n\t\t<\/div>\n\n\t<\/div>\n\n<\/div><div class=\"modula-item effect-pufrobo\" >\n\t<div class=\"modula-item-overlay\"><\/div>\n\n\t<div class=\"modula-item-content\">\n\n\t\t<a data-image-id=\"2043\" role=\"button\" tabindex=\"0\" rel=\"jtg-1090\" data-caption=\"\" aria-label=\"Open image in lightbox\" class=\"tile-inner modula-item-link\"><\/a><img decoding=\"async\" class=\"pic wp-image-2043\"  data-valign=\"middle\" data-halign=\"center\" alt=\"\" data-full=\"https:\/\/rutasmototours.com\/wp-content\/uploads\/2026\/06\/IMG_20260224_155107.jpg\" title=\"IMG_20260224_155107\" crop=\"\" width=\"375\" height=\"500\" src=\"https:\/\/rutasmototours.com\/wp-content\/uploads\/2026\/06\/IMG_20260224_155107-375x500.jpg\" data-src=\"https:\/\/rutasmototours.com\/wp-content\/uploads\/2026\/06\/IMG_20260224_155107-375x500.jpg\" data-caption=\"\"\/>\n\t\t<div class=\"figc no-description\">\n\t\t\t<div class=\"figc-inner\">\n\t\t\t\t\t\t\t\t\t\t\t\t\t\t\t<\/div>\n\t\t<\/div>\n\n\t<\/div>\n\n<\/div><div class=\"modula-item effect-pufrobo\" >\n\t<div class=\"modula-item-overlay\"><\/div>\n\n\t<div class=\"modula-item-content\">\n\n\t\t<a data-image-id=\"2044\" role=\"button\" tabindex=\"0\" rel=\"jtg-1090\" data-caption=\"\" aria-label=\"Open image in lightbox\" class=\"tile-inner modula-item-link\"><\/a><img decoding=\"async\" class=\"pic wp-image-2044\"  data-valign=\"middle\" data-halign=\"center\" alt=\"\" data-full=\"https:\/\/rutasmototours.com\/wp-content\/uploads\/2026\/06\/IMG_20260226_182324.jpg\" title=\"IMG_20260226_182324\" crop=\"\" width=\"375\" height=\"500\" src=\"https:\/\/rutasmototours.com\/wp-content\/uploads\/2026\/06\/IMG_20260226_182324-375x500.jpg\" data-src=\"https:\/\/rutasmototours.com\/wp-content\/uploads\/2026\/06\/IMG_20260226_182324-375x500.jpg\" data-caption=\"\"\/>\n\t\t<div class=\"figc no-description\">\n\t\t\t<div class=\"figc-inner\">\n\t\t\t\t\t\t\t\t\t\t\t\t\t\t\t<\/div>\n\t\t<\/div>\n\n\t<\/div>\n\n<\/div><div class=\"modula-item effect-pufrobo\" >\n\t<div class=\"modula-item-overlay\"><\/div>\n\n\t<div class=\"modula-item-content\">\n\n\t\t<a data-image-id=\"1113\" role=\"button\" tabindex=\"0\" rel=\"jtg-1090\" data-caption=\"\" aria-label=\"Open image in lightbox\" class=\"tile-inner modula-item-link\"><\/a><img decoding=\"async\" class=\"pic wp-image-1113\"  data-valign=\"middle\" data-halign=\"center\" alt=\"\" data-full=\"https:\/\/rutasmototours.com\/wp-content\/uploads\/2025\/11\/vuelta-andalucia-en-9-dias-17.jpg\" title=\"vuelta andalucia en 9 dias-17\" crop=\"\" width=\"500\" height=\"375\" src=\"https:\/\/rutasmototours.com\/wp-content\/uploads\/2025\/11\/vuelta-andalucia-en-9-dias-17-500x375.jpg\" data-src=\"https:\/\/rutasmototours.com\/wp-content\/uploads\/2025\/11\/vuelta-andalucia-en-9-dias-17-500x375.jpg\" data-caption=\"\"\/>\n\t\t<div class=\"figc no-description\">\n\t\t\t<div class=\"figc-inner\">\n\t\t\t\t\t\t\t\t\t\t\t\t\t\t\t<\/div>\n\t\t<\/div>\n\n\t<\/div>\n\n<\/div><div class=\"modula-item effect-pufrobo\" >\n\t<div class=\"modula-item-overlay\"><\/div>\n\n\t<div class=\"modula-item-content\">\n\n\t\t<a data-image-id=\"1108\" role=\"button\" tabindex=\"0\" rel=\"jtg-1090\" data-caption=\"\" aria-label=\"Open image in lightbox\" class=\"tile-inner modula-item-link\"><\/a><img decoding=\"async\" class=\"pic wp-image-1108\"  data-valign=\"middle\" data-halign=\"center\" alt=\"\" data-full=\"https:\/\/rutasmototours.com\/wp-content\/uploads\/2025\/11\/vuelta-andalucia-en-9-dias-12.jpg\" title=\"vuelta andalucia en 9 dias-12\" crop=\"\" width=\"500\" height=\"500\" src=\"https:\/\/rutasmototours.com\/wp-content\/uploads\/2025\/11\/vuelta-andalucia-en-9-dias-12-500x500.jpg\" data-src=\"https:\/\/rutasmototours.com\/wp-content\/uploads\/2025\/11\/vuelta-andalucia-en-9-dias-12-500x500.jpg\" data-caption=\"\"\/>\n\t\t<div class=\"figc no-description\">\n\t\t\t<div class=\"figc-inner\">\n\t\t\t\t\t\t\t\t\t\t\t\t\t\t\t<\/div>\n\t\t<\/div>\n\n\t<\/div>\n\n<\/div><div class=\"modula-item effect-pufrobo\" >\n\t<div class=\"modula-item-overlay\"><\/div>\n\n\t<div class=\"modula-item-content\">\n\n\t\t<a data-image-id=\"1115\" role=\"button\" tabindex=\"0\" rel=\"jtg-1090\" data-caption=\"\" aria-label=\"Open image in lightbox\" class=\"tile-inner modula-item-link\"><\/a><img decoding=\"async\" class=\"pic wp-image-1115\"  data-valign=\"middle\" data-halign=\"center\" alt=\"\" data-full=\"https:\/\/rutasmototours.com\/wp-content\/uploads\/2025\/11\/vuelta-andalucia-en-9-dias-19.jpg\" title=\"vuelta andalucia en 9 dias-19\" crop=\"\" width=\"500\" height=\"500\" src=\"https:\/\/rutasmototours.com\/wp-content\/uploads\/2025\/11\/vuelta-andalucia-en-9-dias-19-500x500.jpg\" data-src=\"https:\/\/rutasmototours.com\/wp-content\/uploads\/2025\/11\/vuelta-andalucia-en-9-dias-19-500x500.jpg\" data-caption=\"\"\/>\n\t\t<div class=\"figc no-description\">\n\t\t\t<div class=\"figc-inner\">\n\t\t\t\t\t\t\t\t\t\t\t\t\t\t\t<\/div>\n\t\t<\/div>\n\n\t<\/div>\n\n<\/div><div class=\"modula-item effect-pufrobo\" >\n\t<div class=\"modula-item-overlay\"><\/div>\n\n\t<div class=\"modula-item-content\">\n\n\t\t<a data-image-id=\"1111\" role=\"button\" tabindex=\"0\" rel=\"jtg-1090\" data-caption=\"\" aria-label=\"Open image in lightbox\" class=\"tile-inner modula-item-link\"><\/a><img decoding=\"async\" class=\"pic wp-image-1111\"  data-valign=\"middle\" data-halign=\"center\" alt=\"\" data-full=\"https:\/\/rutasmototours.com\/wp-content\/uploads\/2025\/11\/vuelta-andalucia-en-9-dias-15.jpg\" title=\"vuelta andalucia en 9 dias-15\" crop=\"\" width=\"500\" height=\"375\" src=\"https:\/\/rutasmototours.com\/wp-content\/uploads\/2025\/11\/vuelta-andalucia-en-9-dias-15-500x375.jpg\" data-src=\"https:\/\/rutasmototours.com\/wp-content\/uploads\/2025\/11\/vuelta-andalucia-en-9-dias-15-500x375.jpg\" data-caption=\"\"\/>\n\t\t<div class=\"figc no-description\">\n\t\t\t<div class=\"figc-inner\">\n\t\t\t\t\t\t\t\t\t\t\t\t\t\t\t<\/div>\n\t\t<\/div>\n\n\t<\/div>\n\n<\/div><div class=\"modula-item effect-pufrobo\" >\n\t<div class=\"modula-item-overlay\"><\/div>\n\n\t<div class=\"modula-item-content\">\n\n\t\t<a data-image-id=\"1093\" role=\"button\" tabindex=\"0\" rel=\"jtg-1090\" data-caption=\"\" aria-label=\"Open image in lightbox\" class=\"tile-inner modula-item-link\"><\/a><img decoding=\"async\" class=\"pic wp-image-1093\"  data-valign=\"middle\" data-halign=\"center\" alt=\"\" data-full=\"https:\/\/rutasmototours.com\/wp-content\/uploads\/2025\/11\/vuelta-andalucia-en-9-dias-24.jpg\" title=\"vuelta andalucia en 9 dias-24\" crop=\"\" width=\"500\" height=\"375\" src=\"https:\/\/rutasmototours.com\/wp-content\/uploads\/2025\/11\/vuelta-andalucia-en-9-dias-24-500x375.jpg\" data-src=\"https:\/\/rutasmototours.com\/wp-content\/uploads\/2025\/11\/vuelta-andalucia-en-9-dias-24-500x375.jpg\" data-caption=\"\"\/>\n\t\t<div class=\"figc no-description\">\n\t\t\t<div class=\"figc-inner\">\n\t\t\t\t\t\t\t\t\t\t\t\t\t\t\t<\/div>\n\t\t<\/div>\n\n\t<\/div>\n\n<\/div><div class=\"modula-item effect-pufrobo\" >\n\t<div class=\"modula-item-overlay\"><\/div>\n\n\t<div class=\"modula-item-content\">\n\n\t\t<a data-image-id=\"1105\" role=\"button\" tabindex=\"0\" rel=\"jtg-1090\" data-caption=\"\" aria-label=\"Open image in lightbox\" class=\"tile-inner modula-item-link\"><\/a><img decoding=\"async\" class=\"pic wp-image-1105\"  data-valign=\"middle\" data-halign=\"center\" alt=\"\" data-full=\"https:\/\/rutasmototours.com\/wp-content\/uploads\/2025\/11\/vuelta-andalucia-en-9-dias-9.jpg\" title=\"vuelta andalucia en 9 dias-9\" crop=\"\" width=\"500\" height=\"375\" src=\"https:\/\/rutasmototours.com\/wp-content\/uploads\/2025\/11\/vuelta-andalucia-en-9-dias-9-500x375.jpg\" data-src=\"https:\/\/rutasmototours.com\/wp-content\/uploads\/2025\/11\/vuelta-andalucia-en-9-dias-9-500x375.jpg\" data-caption=\"\" srcset=\"https:\/\/rutasmototours.com\/wp-content\/uploads\/2025\/11\/vuelta-andalucia-en-9-dias-9.jpg 500w, https:\/\/rutasmototours.com\/wp-content\/uploads\/2025\/11\/vuelta-andalucia-en-9-dias-9-480x360.jpg 480w\" sizes=\"(min-width: 0px) and (max-width: 480px) 480px, (min-width: 481px) 500px, 100vw\" \/>\n\t\t<div class=\"figc no-description\">\n\t\t\t<div class=\"figc-inner\">\n\t\t\t\t\t\t\t\t\t\t\t\t\t\t\t<\/div>\n\t\t<\/div>\n\n\t<\/div>\n\n<\/div><div class=\"modula-item effect-pufrobo\" >\n\t<div class=\"modula-item-overlay\"><\/div>\n\n\t<div class=\"modula-item-content\">\n\n\t\t<a data-image-id=\"2042\" role=\"button\" tabindex=\"0\" rel=\"jtg-1090\" data-caption=\"\" aria-label=\"Open image in lightbox\" class=\"tile-inner modula-item-link\"><\/a><img decoding=\"async\" class=\"pic wp-image-2042\"  data-valign=\"middle\" data-halign=\"center\" alt=\"\" data-full=\"https:\/\/rutasmototours.com\/wp-content\/uploads\/2026\/06\/IMG_20260222_181819.jpg\" title=\"IMG_20260222_181819\" crop=\"\" width=\"375\" height=\"500\" src=\"https:\/\/rutasmototours.com\/wp-content\/uploads\/2026\/06\/IMG_20260222_181819-375x500.jpg\" data-src=\"https:\/\/rutasmototours.com\/wp-content\/uploads\/2026\/06\/IMG_20260222_181819-375x500.jpg\" data-caption=\"\"\/>\n\t\t<div class=\"figc no-description\">\n\t\t\t<div class=\"figc-inner\">\n\t\t\t\t\t\t\t\t\t\t\t\t\t\t\t<\/div>\n\t\t<\/div>\n\n\t<\/div>\n\n<\/div>\t\t\n\t<\/div>\n\n\t\n\t\n\t<script type=\"application\/ld+json\">\n\t{\n\t\t\"@context\": \"https:\/\/schema.org\",\n\t\t\"@type\"   : \"ImageGallery\",\n\t\t\"id\"      : \"https:\/\/rutasmototours.com\/fr\/and9-acompanado-del-03-al-11-de-octubre-de-2026\/#modula-gallery-1090\",\n\t\t\"url\"     : \"https:\/\/rutasmototours.com\/fr\/and9-acompanado-del-03-al-11-de-octubre-de-2026\/\"\n\t}\n\n\t<\/script>\n\n\t\n<\/div>\n[\/et_pb_code][\/et_pb_column][\/et_pb_row][\/et_pb_section]\n","protected":false},"excerpt":{"rendered":"","protected":false},"author":2,"featured_media":245,"parent":0,"menu_order":0,"comment_status":"closed","ping_status":"closed","template":"","meta":{"_acf_changed":false,"_et_pb_use_builder":"on","_et_pb_old_content":"<!-- wp:divi\/placeholder \/-->","_et_gb_content_width":"","_joinchat":[],"footnotes":""},"class_list":["post-2091","page","type-page","status-publish","has-post-thumbnail","hentry"],"acf":[],"_links":{"self":[{"href":"https:\/\/rutasmototours.com\/fr\/wp-json\/wp\/v2\/pages\/2091","targetHints":{"allow":["GET"]}}],"collection":[{"href":"https:\/\/rutasmototours.com\/fr\/wp-json\/wp\/v2\/pages"}],"about":[{"href":"https:\/\/rutasmototours.com\/fr\/wp-json\/wp\/v2\/types\/page"}],"author":[{"embeddable":true,"href":"https:\/\/rutasmototours.com\/fr\/wp-json\/wp\/v2\/users\/2"}],"replies":[{"embeddable":true,"href":"https:\/\/rutasmototours.com\/fr\/wp-json\/wp\/v2\/comments?post=2091"}],"version-history":[{"count":2,"href":"https:\/\/rutasmototours.com\/fr\/wp-json\/wp\/v2\/pages\/2091\/revisions"}],"predecessor-version":[{"id":2095,"href":"https:\/\/rutasmototours.com\/fr\/wp-json\/wp\/v2\/pages\/2091\/revisions\/2095"}],"wp:featuredmedia":[{"embeddable":true,"href":"https:\/\/rutasmototours.com\/fr\/wp-json\/wp\/v2\/media\/245"}],"wp:attachment":[{"href":"https:\/\/rutasmototours.com\/fr\/wp-json\/wp\/v2\/media?parent=2091"}],"curies":[{"name":"wp","href":"https:\/\/api.w.org\/{rel}","templated":true}]}}