{"id":218,"date":"2025-11-10T12:12:44","date_gmt":"2025-11-10T11:12:44","guid":{"rendered":"https:\/\/rutasmototours.com\/?page_id=218"},"modified":"2026-05-29T16:44:19","modified_gmt":"2026-05-29T14:44:19","slug":"andalucia-algarve-y-alentejo-en-14-dias","status":"publish","type":"page","link":"https:\/\/rutasmototours.com\/es_es\/andalucia-algarve-y-alentejo-en-14-dias\/","title":{"rendered":"Andaluc\u00eda, Algarve y Alentejo en 14 d\u00edas"},"content":{"rendered":"<p>[et_pb_section fb_built=\u00bb1&#8243; admin_label=\u00bbCabecera\u00bb _builder_version=\u00bb4.27.4&#8243; _module_preset=\u00bbdefault\u00bb background_color=\u00bbrgba(0,0,0,0.2)\u00bb use_background_color_gradient=\u00bbon\u00bb background_color_gradient_stops=\u00bbrgba(0,0,0,0.7) 0%|rgba(0,0,0,0.4) 20%\u00bb background_image=\u00bbhttps:\/\/rutasmototours.com\/wp-content\/uploads\/2025\/11\/1685304187704.jpg\u00bb background_blend=\u00bboverlay\u00bb height=\u00bb90vh\u00bb da_disable_devices=\u00bboff|off|off\u00bb global_colors_info=\u00bb{}\u00bb da_is_popup=\u00bboff\u00bb da_exit_intent=\u00bboff\u00bb da_has_close=\u00bbon\u00bb da_alt_close=\u00bboff\u00bb da_dark_close=\u00bboff\u00bb da_not_modal=\u00bbon\u00bb da_is_singular=\u00bboff\u00bb da_with_loader=\u00bboff\u00bb da_has_shadow=\u00bbon\u00bb][et_pb_row _builder_version=\u00bb4.27.4&#8243; _module_preset=\u00bbdefault\u00bb positioning=\u00bbabsolute\u00bb position_origin_a=\u00bbcenter_center\u00bb width=\u00bb90%\u00bb global_colors_info=\u00bb{}\u00bb][et_pb_column type=\u00bb4_4&#8243; _builder_version=\u00bb4.27.4&#8243; _module_preset=\u00bbdefault\u00bb global_colors_info=\u00bb{}\u00bb][et_pb_text _builder_version=\u00bb4.27.4&#8243; _module_preset=\u00bbdefault\u00bb text_font=\u00bb|700||on|||||\u00bb text_font_size=\u00bb22px\u00bb header_font=\u00bb|800|||||||\u00bb header_text_color=\u00bb#FFFFFF\u00bb header_font_size=\u00bb50px\u00bb text_orientation=\u00bbcenter\u00bb background_layout=\u00bbdark\u00bb text_font_size_tablet=\u00bb24px\u00bb text_font_size_phone=\u00bb20px\u00bb text_font_size_last_edited=\u00bbon|phone\u00bb header_text_align_tablet=\u00bb\u00bb header_text_align_phone=\u00bbcenter\u00bb header_text_align_last_edited=\u00bbon|phone\u00bb header_font_size_tablet=\u00bb60px\u00bb header_font_size_phone=\u00bb38px\u00bb header_font_size_last_edited=\u00bbon|phone\u00bb text_orientation_tablet=\u00bb\u00bb text_orientation_phone=\u00bbcenter\u00bb text_orientation_last_edited=\u00bbon|phone\u00bb header_text_shadow_style=\u00bbpreset1&#8243; global_colors_info=\u00bb{}\u00bb]<\/p>\n<h1>Andaluc\u00eda, ALgarve y Alentejo en 14 d\u00edas<\/h1>\n<p>Descubrimiento de Andaluc\u00eda, el Algarve y el Alentejo: un itinerario rico en historia y paisajes variados y espectaculares<\/p>\n<p>[\/et_pb_text][et_pb_button button_url=\u00bb#apuntarme\u00bb button_text=\u00bbApuntarme\u00bb button_alignment=\u00bbcenter\u00bb _builder_version=\u00bb4.27.4&#8243; _module_preset=\u00bbdefault\u00bb custom_button=\u00bbon\u00bb button_text_size=\u00bb14px\u00bb button_letter_spacing=\u00bb1px\u00bb button_font=\u00bb|600||on|||||\u00bb custom_padding=\u00bb15px|30px|15px|30px|true|true\u00bb global_colors_info=\u00bb{}\u00bb][\/et_pb_button][et_pb_icon font_icon=\u00bb&#x3b;||divi||400&#8243; icon_color=\u00bb#FFFFFF\u00bb icon_width=\u00bb25px\u00bb _builder_version=\u00bb4.27.4&#8243; _module_preset=\u00bbdefault\u00bb animation_style=\u00bbslide\u00bb animation_direction=\u00bbtop\u00bb animation_duration=\u00bb2000ms\u00bb animation_intensity_slide=\u00bb10%\u00bb animation_repeat=\u00bbloop\u00bb global_colors_info=\u00bb{}\u00bb][\/et_pb_icon][\/et_pb_column][\/et_pb_row][\/et_pb_section][et_pb_section fb_built=\u00bb1&#8243; admin_label=\u00bbSection\u00bb _builder_version=\u00bb4.27.4&#8243; _module_preset=\u00bbdefault\u00bb background_color=\u00bb#B94E40&#8243; custom_padding=\u00bb10px||10px||true|false\u00bb da_disable_devices=\u00bboff|off|off\u00bb global_colors_info=\u00bb{}\u00bb da_is_popup=\u00bboff\u00bb da_exit_intent=\u00bboff\u00bb da_has_close=\u00bbon\u00bb da_alt_close=\u00bboff\u00bb da_dark_close=\u00bboff\u00bb da_not_modal=\u00bbon\u00bb da_is_singular=\u00bboff\u00bb da_with_loader=\u00bboff\u00bb da_has_shadow=\u00bbon\u00bb][et_pb_row _builder_version=\u00bb4.27.4&#8243; _module_preset=\u00bbdefault\u00bb custom_padding=\u00bb||20px||false|false\u00bb global_colors_info=\u00bb{}\u00bb][et_pb_column type=\u00bb4_4&#8243; _builder_version=\u00bb4.27.4&#8243; _module_preset=\u00bbdefault\u00bb global_colors_info=\u00bb{}\u00bb][et_pb_text _builder_version=\u00bb4.27.4&#8243; _module_preset=\u00bbdefault\u00bb text_font=\u00bb|700|||||||\u00bb text_font_size=\u00bb20px\u00bb text_orientation=\u00bbcenter\u00bb background_layout=\u00bbdark\u00bb global_colors_info=\u00bb{}\u00bb]<\/p>\n<p>Enlaces R\u00e1pidos<\/p>\n<p>[\/et_pb_text][\/et_pb_column][\/et_pb_row][et_pb_row column_structure=\u00bb1_6,1_6,1_6,1_6,1_6,1_6&#8243; use_custom_gutter=\u00bbon\u00bb gutter_width=\u00bb2&#8243; make_equal=\u00bbon\u00bb _builder_version=\u00bb4.27.4&#8243; _module_preset=\u00bbdefault\u00bb width=\u00bb95%\u00bb max_width=\u00bb1500px\u00bb custom_css_main_element=\u00bbdisplay: flex;\u00bb global_colors_info=\u00bb{}\u00bb][et_pb_column type=\u00bb1_6&#8243; _builder_version=\u00bb4.27.4&#8243; _module_preset=\u00bbdefault\u00bb background_color=\u00bb#DBA149&#8243; custom_padding=\u00bb15px|10px|15px|10px|true|true\u00bb border_radii=\u00bbon|20px|20px|20px|20px\u00bb global_colors_info=\u00bb{}\u00bb transform_styles__hover_enabled=\u00bbon|hover\u00bb transform_scale__hover_enabled=\u00bbon|hover\u00bb transform_translate__hover_enabled=\u00bbon|desktop\u00bb transform_rotate__hover_enabled=\u00bbon|desktop\u00bb transform_skew__hover_enabled=\u00bbon|desktop\u00bb transform_origin__hover_enabled=\u00bbon|desktop\u00bb transform_scale__hover=\u00bb105%|105%\u00bb][et_pb_blurb use_icon=\u00bbon\u00bb font_icon=\u00bb&#xf05a;||fa||900&#8243; icon_color=\u00bb#FFFFFF\u00bb image_icon_width=\u00bb50px\u00bb _builder_version=\u00bb4.27.4&#8243; _module_preset=\u00bbdefault\u00bb body_font=\u00bb|700||on|||||\u00bb body_font_size=\u00bb16px\u00bb background_enable_color=\u00bboff\u00bb image_icon_custom_margin=\u00bb||-10px||false|false\u00bb image_icon_custom_padding=\u00bb||||false|false\u00bb text_orientation=\u00bbcenter\u00bb background_layout=\u00bbdark\u00bb animation=\u00bboff\u00bb link_option_url=\u00bb#info\u00bb global_colors_info=\u00bb{}\u00bb]<\/p>\n<p>Informaci\u00f3n<\/p>\n<p>[\/et_pb_blurb][\/et_pb_column][et_pb_column type=\u00bb1_6&#8243; _builder_version=\u00bb4.27.4&#8243; _module_preset=\u00bbdefault\u00bb background_color=\u00bb#DBA149&#8243; custom_padding=\u00bb15px|10px|15px|10px|true|true\u00bb border_radii=\u00bbon|20px|20px|20px|20px\u00bb global_colors_info=\u00bb{}\u00bb transform_styles__hover_enabled=\u00bbon|hover\u00bb transform_scale__hover=\u00bb105%|105%\u00bb transform_scale__hover_enabled=\u00bbon|hover\u00bb transform_translate__hover_enabled=\u00bbon|desktop\u00bb transform_rotate__hover_enabled=\u00bbon|desktop\u00bb transform_skew__hover_enabled=\u00bbon|desktop\u00bb transform_origin__hover_enabled=\u00bbon|desktop\u00bb][et_pb_blurb use_icon=\u00bbon\u00bb font_icon=\u00bb&#xf0ae;||fa||900&#8243; icon_color=\u00bb#FFFFFF\u00bb image_icon_width=\u00bb50px\u00bb _builder_version=\u00bb4.27.4&#8243; _module_preset=\u00bbdefault\u00bb body_font=\u00bb|700||on|||||\u00bb body_font_size=\u00bb16px\u00bb background_enable_color=\u00bboff\u00bb image_icon_custom_margin=\u00bb||-10px||false|false\u00bb image_icon_custom_padding=\u00bb||||false|false\u00bb text_orientation=\u00bbcenter\u00bb background_layout=\u00bbdark\u00bb animation=\u00bboff\u00bb link_option_url=\u00bb#incluido\u00bb global_colors_info=\u00bb{}\u00bb]<\/p>\n<p>\u00bfQu\u00e9 incluye?<\/p>\n<p>[\/et_pb_blurb][\/et_pb_column][et_pb_column type=\u00bb1_6&#8243; _builder_version=\u00bb4.27.4&#8243; _module_preset=\u00bbdefault\u00bb background_color=\u00bb#DBA149&#8243; custom_padding=\u00bb15px|10px|15px|10px|true|true\u00bb border_radii=\u00bbon|20px|20px|20px|20px\u00bb global_colors_info=\u00bb{}\u00bb transform_styles__hover_enabled=\u00bbon|hover\u00bb transform_scale__hover=\u00bb105%|105%\u00bb transform_scale__hover_enabled=\u00bbon|hover\u00bb transform_translate__hover_enabled=\u00bbon|desktop\u00bb transform_rotate__hover_enabled=\u00bbon|desktop\u00bb transform_skew__hover_enabled=\u00bbon|desktop\u00bb transform_origin__hover_enabled=\u00bbon|desktop\u00bb][et_pb_blurb use_icon=\u00bbon\u00bb font_icon=\u00bb&#xf5a0;||fa||900&#8243; icon_color=\u00bb#FFFFFF\u00bb image_icon_width=\u00bb50px\u00bb _builder_version=\u00bb4.27.4&#8243; _module_preset=\u00bbdefault\u00bb body_font=\u00bb|700||on|||||\u00bb body_font_size=\u00bb16px\u00bb background_enable_color=\u00bboff\u00bb image_icon_custom_margin=\u00bb||-10px||false|false\u00bb image_icon_custom_padding=\u00bb||||false|false\u00bb text_orientation=\u00bbcenter\u00bb background_layout=\u00bbdark\u00bb animation=\u00bboff\u00bb link_option_url=\u00bb#mapa\u00bb global_colors_info=\u00bb{}\u00bb]<\/p>\n<p>Mapa de la ruta<\/p>\n<p>[\/et_pb_blurb][\/et_pb_column][et_pb_column type=\u00bb1_6&#8243; _builder_version=\u00bb4.27.4&#8243; _module_preset=\u00bbdefault\u00bb background_color=\u00bb#DBA149&#8243; custom_padding=\u00bb15px|10px|15px|10px|true|true\u00bb border_radii=\u00bbon|20px|20px|20px|20px\u00bb global_colors_info=\u00bb{}\u00bb transform_styles__hover_enabled=\u00bbon|hover\u00bb transform_scale__hover=\u00bb105%|105%\u00bb transform_scale__hover_enabled=\u00bbon|hover\u00bb transform_translate__hover_enabled=\u00bbon|desktop\u00bb transform_rotate__hover_enabled=\u00bbon|desktop\u00bb transform_skew__hover_enabled=\u00bbon|desktop\u00bb transform_origin__hover_enabled=\u00bbon|desktop\u00bb][et_pb_blurb use_icon=\u00bbon\u00bb font_icon=\u00bb&#xf21c;||fa||900&#8243; icon_color=\u00bb#FFFFFF\u00bb image_icon_width=\u00bb50px\u00bb _builder_version=\u00bb4.27.5&#8243; _module_preset=\u00bbdefault\u00bb body_font=\u00bb|700||on|||||\u00bb body_font_size=\u00bb16px\u00bb background_enable_color=\u00bboff\u00bb image_icon_custom_margin=\u00bb||-10px||false|false\u00bb image_icon_custom_padding=\u00bb||||false|false\u00bb text_orientation=\u00bbcenter\u00bb background_layout=\u00bbdark\u00bb animation=\u00bboff\u00bb link_option_url=\u00bb#enlaces\u00bb hover_enabled=\u00bb0&#8243; global_colors_info=\u00bb{}\u00bb sticky_enabled=\u00bb0&#8243;]<\/p>\n<p>Alquiler y transporte moto<\/p>\n<p>[\/et_pb_blurb][\/et_pb_column][et_pb_column type=\u00bb1_6&#8243; _builder_version=\u00bb4.27.4&#8243; _module_preset=\u00bbdefault\u00bb background_color=\u00bb#DBA149&#8243; custom_padding=\u00bb15px|10px|15px|10px|true|true\u00bb border_radii=\u00bbon|20px|20px|20px|20px\u00bb global_colors_info=\u00bb{}\u00bb transform_styles__hover_enabled=\u00bbon|hover\u00bb transform_scale__hover=\u00bb105%|105%\u00bb transform_scale__hover_enabled=\u00bbon|hover\u00bb transform_translate__hover_enabled=\u00bbon|desktop\u00bb transform_rotate__hover_enabled=\u00bbon|desktop\u00bb transform_skew__hover_enabled=\u00bbon|desktop\u00bb transform_origin__hover_enabled=\u00bbon|desktop\u00bb][et_pb_blurb use_icon=\u00bbon\u00bb font_icon=\u00bb&#xf4d7;||fa||900&#8243; icon_color=\u00bb#FFFFFF\u00bb image_icon_width=\u00bb50px\u00bb _builder_version=\u00bb4.27.4&#8243; _module_preset=\u00bbdefault\u00bb body_font=\u00bb|700||on|||||\u00bb body_font_size=\u00bb16px\u00bb background_enable_color=\u00bboff\u00bb image_icon_custom_margin=\u00bb||-10px||false|false\u00bb image_icon_custom_padding=\u00bb||||false|false\u00bb text_orientation=\u00bbcenter\u00bb background_layout=\u00bbdark\u00bb animation=\u00bboff\u00bb link_option_url=\u00bb#itinerario\u00bb global_colors_info=\u00bb{}\u00bb]<\/p>\n<p>Itinerario<\/p>\n<p>[\/et_pb_blurb][\/et_pb_column][et_pb_column type=\u00bb1_6&#8243; _builder_version=\u00bb4.27.4&#8243; _module_preset=\u00bbdefault\u00bb background_color=\u00bb#DBA149&#8243; custom_padding=\u00bb15px|10px|15px|10px|true|true\u00bb border_radii=\u00bbon|20px|20px|20px|20px\u00bb global_colors_info=\u00bb{}\u00bb transform_styles__hover_enabled=\u00bbon|hover\u00bb transform_scale__hover=\u00bb105%|105%\u00bb transform_scale__hover_enabled=\u00bbon|hover\u00bb transform_translate__hover_enabled=\u00bbon|desktop\u00bb transform_rotate__hover_enabled=\u00bbon|desktop\u00bb transform_skew__hover_enabled=\u00bbon|desktop\u00bb transform_origin__hover_enabled=\u00bbon|desktop\u00bb][et_pb_blurb use_icon=\u00bbon\u00bb font_icon=\u00bb&#xe075;||divi||400&#8243; icon_color=\u00bb#FFFFFF\u00bb image_icon_width=\u00bb50px\u00bb _builder_version=\u00bb4.27.4&#8243; _module_preset=\u00bbdefault\u00bb body_font=\u00bb|700||on|||||\u00bb body_font_size=\u00bb16px\u00bb background_enable_color=\u00bboff\u00bb image_icon_custom_margin=\u00bb||-10px||false|false\u00bb image_icon_custom_padding=\u00bb||||false|false\u00bb text_orientation=\u00bbcenter\u00bb background_layout=\u00bbdark\u00bb animation=\u00bboff\u00bb link_option_url=\u00bb#galeria\u00bb global_colors_info=\u00bb{}\u00bb]<\/p>\n<p>Galer\u00eda<\/p>\n<p>[\/et_pb_blurb][\/et_pb_column][\/et_pb_row][\/et_pb_section][et_pb_section fb_built=\u00bb1&#8243; admin_label=\u00bbDescripci\u00f3n\u00bb _builder_version=\u00bb4.27.4&#8243; _module_preset=\u00bbdefault\u00bb background_color=\u00bb#F7F7F7&#8243; da_disable_devices=\u00bboff|off|off\u00bb global_colors_info=\u00bb{}\u00bb da_is_popup=\u00bboff\u00bb da_exit_intent=\u00bboff\u00bb da_has_close=\u00bbon\u00bb da_alt_close=\u00bboff\u00bb da_dark_close=\u00bboff\u00bb da_not_modal=\u00bbon\u00bb da_is_singular=\u00bboff\u00bb da_with_loader=\u00bboff\u00bb da_has_shadow=\u00bbon\u00bb][et_pb_row column_structure=\u00bb3_5,2_5&#8243; make_equal=\u00bbon\u00bb _builder_version=\u00bb4.27.4&#8243; _module_preset=\u00bbdefault\u00bb width=\u00bb90%\u00bb global_colors_info=\u00bb{}\u00bb][et_pb_column type=\u00bb3_5&#8243; _builder_version=\u00bb4.27.4&#8243; _module_preset=\u00bbdefault\u00bb custom_css_main_element=\u00bbmargin: auto;\u00bb global_colors_info=\u00bb{}\u00bb][et_pb_text _builder_version=\u00bb4.27.4&#8243; _module_preset=\u00bbdefault\u00bb header_2_font=\u00bb|800|||||||\u00bb header_2_font_size=\u00bb40px\u00bb custom_margin=\u00bb||15px||false|false\u00bb header_2_font_size_tablet=\u00bb36px\u00bb header_2_font_size_phone=\u00bb30px\u00bb header_2_font_size_last_edited=\u00bbon|phone\u00bb text_orientation_tablet=\u00bbleft\u00bb text_orientation_phone=\u00bbleft\u00bb text_orientation_last_edited=\u00bbon|tablet\u00bb global_colors_info=\u00bb{}\u00bb]<\/p>\n<h2>Descripci\u00f3n:<\/h2>\n<p>[\/et_pb_text][et_pb_text _builder_version=\u00bb4.27.4&#8243; _module_preset=\u00bbdefault\u00bb header_2_font=\u00bb|800|||||||\u00bb header_2_font_size=\u00bb40px\u00bb custom_margin=\u00bb||||false|false\u00bb header_2_font_size_tablet=\u00bb36px\u00bb header_2_font_size_phone=\u00bb30px\u00bb header_2_font_size_last_edited=\u00bbon|phone\u00bb text_orientation_tablet=\u00bbleft\u00bb text_orientation_phone=\u00bbleft\u00bb text_orientation_last_edited=\u00bbon|tablet\u00bb global_colors_info=\u00bb{}\u00bb]<\/p>\n<p>Durante este viaje, nos embarcaremos en el descubrimiento de Andaluc\u00eda, una regi\u00f3n vibrante y cautivadora del sur de Espa\u00f1a, donde cada etapa ofrecer\u00e1 paisajes impresionantes, ricas tradiciones culturales y un patrimonio hist\u00f3rico \u00fanico.<\/p>\n<p>Continuaremos nuestra aventura en la regi\u00f3n del Algarve, en Portugal, famosa por sus playas doradas, sus espectaculares acantilados, sus encantadores pueblos de pescadores y su clima mediterr\u00e1neo soleado. Luego, cruzaremos el Alentejo, una regi\u00f3n vasta y poco poblada, conocida por sus paisajes de colinas ondulantes, sus campos de trigo dorados, sus alcornoques y sus pintorescos pueblos blancos. Este periplo promete una inmersi\u00f3n total en el alma de estas regiones, con descubrimientos inolvidables en cada etapa.<\/p>\n<p>Comenzaremos nuestro recorrido en M\u00e1laga, una ciudad portuaria ba\u00f1ada por el Mediterr\u00e1neo, donde se mezclan armoniosamente influencias fenicias, moriscas y modernas. Luego, atravesaremos los parques nacionales de los Montes de M\u00e1laga y de las Sierras de Tejeda, antes de llegar a Granada por la famosa Ruta de la Cabra Mont\u00e9s. Pasaremos un d\u00eda completo all\u00ed para visitar, con un gu\u00eda, la imprescindible Alhambra, joya de la arquitectura isl\u00e1mica, y pasear por las calles del barrio del Albaic\u00edn. Por la noche, un espect\u00e1culo de flamenco en el hist\u00f3rico barrio del Sacromonte nos sumergir\u00e1 en el alma musical de la ciudad.<\/p>\n<p>Desde Granada, continuaremos hacia las Alpujarras, una regi\u00f3n monta\u00f1osa al pie de la Sierra Nevada, famosa por sus pintorescos pueblos blancos como Pampaneira, Capileira y Trev\u00e9lez. Este encantador escenario nos llevar\u00e1 luego al Cabo de Gata, un parque natural espectacular con playas salvajes, aguas cristalinas y paisajes volc\u00e1nicos, situado en la punta sureste de Espa\u00f1a.<br \/>A continuaci\u00f3n, bordearemos la costa mediterr\u00e1nea hasta llegar a Moj\u00e1car, un encantador pueblo blanco que domina el mar, antes de cruzar los impresionantes desiertos de Tabernas y Gorafe, famosos por ser escenarios de numerosos westerns, donde podremos admirar paisajes majestuosos.<\/p>\n<p>&nbsp;<\/p>\n<p>[\/et_pb_text][et_pb_button button_url=\u00bb#apuntarme\u00bb button_text=\u00bbApuntarme\u00bb _builder_version=\u00bb4.27.4&#8243; _module_preset=\u00bbdefault\u00bb custom_button=\u00bbon\u00bb button_text_size=\u00bb14px\u00bb button_letter_spacing=\u00bb1px\u00bb button_font=\u00bb|600||on|||||\u00bb custom_margin_tablet=\u00bb\u00bb custom_margin_phone=\u00bb||30px||false|false\u00bb custom_margin_last_edited=\u00bbon|phone\u00bb custom_padding=\u00bb15px|30px|15px|30px|true|true\u00bb global_colors_info=\u00bb{}\u00bb][\/et_pb_button][\/et_pb_column][et_pb_column type=\u00bb2_5&#8243; _builder_version=\u00bb4.27.4&#8243; _module_preset=\u00bbdefault\u00bb custom_css_main_element=\u00bbmargin: auto;\u00bb global_colors_info=\u00bb{}\u00bb][et_pb_image src=\u00bbhttps:\/\/rutasmototours.com\/wp-content\/uploads\/2025\/11\/WhatsApp-Image-2024-09-30-at-14.59.06-4.jpeg\u00bb title_text=\u00bbWhatsApp Image 2024-09-30 at 14.59.06 (4)\u00bb align=\u00bbcenter\u00bb _builder_version=\u00bb4.27.4&#8243; _module_preset=\u00bbdefault\u00bb border_radii=\u00bbon|20px|20px|20px|20px\u00bb global_colors_info=\u00bb{}\u00bb][\/et_pb_image][\/et_pb_column][\/et_pb_row][et_pb_row column_structure=\u00bb2_5,3_5&#8243; make_equal=\u00bbon\u00bb _builder_version=\u00bb4.27.4&#8243; _module_preset=\u00bbdefault\u00bb width=\u00bb90%\u00bb global_colors_info=\u00bb{}\u00bb][et_pb_column type=\u00bb2_5&#8243; _builder_version=\u00bb4.27.4&#8243; _module_preset=\u00bbdefault\u00bb custom_css_main_element=\u00bbmargin: auto;\u00bb global_colors_info=\u00bb{}\u00bb][et_pb_image src=\u00bbhttps:\/\/rutasmototours.com\/wp-content\/uploads\/2025\/11\/P1110926.jpg\u00bb title_text=\u00bbP1110926&#8243; align=\u00bbcenter\u00bb _builder_version=\u00bb4.27.4&#8243; _module_preset=\u00bbdefault\u00bb custom_margin_tablet=\u00bb\u00bb custom_margin_phone=\u00bb||30px||false|false\u00bb custom_margin_last_edited=\u00bbon|phone\u00bb border_radii=\u00bbon|20px|20px|20px|20px\u00bb global_colors_info=\u00bb{}\u00bb][\/et_pb_image][\/et_pb_column][et_pb_column type=\u00bb3_5&#8243; _builder_version=\u00bb4.27.4&#8243; _module_preset=\u00bbdefault\u00bb custom_css_main_element=\u00bbmargin: auto;\u00bb global_colors_info=\u00bb{}\u00bb][et_pb_text _builder_version=\u00bb4.27.4&#8243; _module_preset=\u00bbdefault\u00bb header_2_font=\u00bb|800|||||||\u00bb header_2_font_size=\u00bb40px\u00bb custom_margin=\u00bb||||false|false\u00bb header_2_font_size_tablet=\u00bb36px\u00bb header_2_font_size_phone=\u00bb30px\u00bb header_2_font_size_last_edited=\u00bbon|phone\u00bb text_orientation_tablet=\u00bbleft\u00bb text_orientation_phone=\u00bbleft\u00bb text_orientation_last_edited=\u00bbon|tablet\u00bb global_colors_info=\u00bb{}\u00bb]<\/p>\n<p>Seguiremos hacia Cazorla, cruzando el parque natural de la Sierra de Cazorla, un verdadero para\u00edso para los amantes de la naturaleza, con sus frondosos bosques, r\u00edos cristalinos y espectaculares cascadas.<\/p>\n<p>El viaje continuar\u00e1 en el coraz\u00f3n de Andaluc\u00eda con una parada en C\u00f3rdoba, antigua capital del califato. Visitaremos, entre otros, la majestuosa Mezquita, una obra maestra de la arquitectura isl\u00e1mica.<\/p>\n<p>Luego, nos dirigiremos hacia Sevilla, una ciudad vibrante y apasionada, donde exploraremos las maravillas del Alc\u00e1zar, la famosa Giralda, la Plaza de Espa\u00f1a y sus magn\u00edficos jardines.<br \/>Despu\u00e9s de Sevilla, nos dirigiremos hacia Huelva, una ciudad costera donde convergen la historia y las playas. Visitaremos el Muelle de las Carabelas, antes de cruzar la frontera portuguesa para llegar a Faro, en el coraz\u00f3n del Algarve.<\/p>\n<p>Despu\u00e9s, continuaremos por la costa portuguesa hasta Lagos, conocida por sus formaciones rocosas y hermosas playas, y haremos una parada en Sagres, en el extremo suroeste de Portugal, un lugar hist\u00f3rico clave para la exploraci\u00f3n mar\u00edtima. Continuaremos hacia el norte hasta Tr\u00f3ia, donde tomaremos el ferry que nos llevar\u00e1 a Set\u00fabal, antes de llegar a Lisboa, la capital din\u00e1mica de Portugal. All\u00ed descubriremos sus barrios pintorescos como el Alfama, asistiremos a un espect\u00e1culo de fado, y visitaremos el castillo de Sintra y sus famosos tranv\u00edas amarillos.<\/p>\n<p>En el camino de regreso, haremos un desv\u00edo por \u00c9vora, una ciudad hist\u00f3rica declarada Patrimonio de la Humanidad por la UNESCO, y pararemos en Monsaraz, un pueblo medieval encaramado en una colina que ofrece impresionantes vistas del lago Alqueva. Este encantador pueblo fortificado es uno de los tesoros escondidos del Alentejo, con una atm\u00f3sfera tranquila y paisajes pintorescos. Despu\u00e9s de almorzar, terminaremos nuestra etapa del d\u00eda en Serpa, una encantadora ciudad fortificada con un magn\u00edfico acueducto romano.<\/p>\n<p>Desde all\u00ed, bordearemos la frontera espa\u00f1ola hasta Pomar\u00e3o, un tranquilo pueblo a orillas del r\u00edo Guadiana. De vuelta a Espa\u00f1a, cruzaremos por Coria del R\u00edo, un peque\u00f1o pueblo a orillas del Guadalquivir con una fascinante historia relacionada con los samur\u00e1is japoneses. Luego cruzaremos el r\u00edo en una barcaza antes de llegar a Ronda, famosa por su espectacular puente suspendido sobre un profundo desfiladero.<\/p>\n<p>Finalmente, regresaremos a M\u00e1laga, donde concluir\u00e1 este viaje por la pen\u00ednsula ib\u00e9rica y Portugal, lleno de paisajes variados y descubrimientos culturales.<\/p>\n<p>[\/et_pb_text][\/et_pb_column][\/et_pb_row][\/et_pb_section][et_pb_section fb_built=\u00bb1&#8243; admin_label=\u00bbLos + del viaje\u00bb _builder_version=\u00bb4.27.4&#8243; _module_preset=\u00bbdefault\u00bb da_disable_devices=\u00bboff|off|off\u00bb global_colors_info=\u00bb{}\u00bb da_is_popup=\u00bboff\u00bb da_exit_intent=\u00bboff\u00bb da_has_close=\u00bbon\u00bb da_alt_close=\u00bboff\u00bb da_dark_close=\u00bboff\u00bb da_not_modal=\u00bbon\u00bb da_is_singular=\u00bboff\u00bb da_with_loader=\u00bboff\u00bb da_has_shadow=\u00bbon\u00bb][et_pb_row column_structure=\u00bb1_2,1_2&#8243; make_equal=\u00bbon\u00bb _builder_version=\u00bb4.27.4&#8243; _module_preset=\u00bbdefault\u00bb width=\u00bb90%\u00bb global_colors_info=\u00bb{}\u00bb][et_pb_column type=\u00bb1_2&#8243; _builder_version=\u00bb4.27.4&#8243; _module_preset=\u00bbdefault\u00bb custom_css_main_element=\u00bbmargin: auto;\u00bb global_colors_info=\u00bb{}\u00bb][et_pb_text _builder_version=\u00bb4.27.4&#8243; _module_preset=\u00bbdefault\u00bb header_2_font=\u00bb|800|||||||\u00bb header_2_font_size=\u00bb40px\u00bb custom_margin=\u00bb||15px||false|false\u00bb header_2_font_size_tablet=\u00bb36px\u00bb header_2_font_size_phone=\u00bb30px\u00bb header_2_font_size_last_edited=\u00bbon|phone\u00bb text_orientation_tablet=\u00bbleft\u00bb text_orientation_phone=\u00bbleft\u00bb text_orientation_last_edited=\u00bbon|tablet\u00bb global_colors_info=\u00bb{}\u00bb]<\/p>\n<h2>Los + del viaje:<\/h2>\n<p>[\/et_pb_text][et_pb_text _builder_version=\u00bb4.27.4&#8243; _module_preset=\u00bbdefault\u00bb text_font=\u00bb|600|||||||\u00bb header_2_font=\u00bb|800|||||||\u00bb header_2_font_size=\u00bb40px\u00bb background_color=\u00bb#F7F7F7&#8243; custom_margin=\u00bb||10px||false|false\u00bb custom_padding=\u00bb10px|15px|10px|15px|true|true\u00bb header_2_font_size_tablet=\u00bb36px\u00bb header_2_font_size_phone=\u00bb30px\u00bb header_2_font_size_last_edited=\u00bbon|phone\u00bb text_orientation_tablet=\u00bbleft\u00bb text_orientation_phone=\u00bbleft\u00bb text_orientation_last_edited=\u00bbon|tablet\u00bb border_radii=\u00bbon|5px|5px|5px|5px\u00bb global_colors_info=\u00bb{}\u00bb]<\/p>\n<p>\u2705 Visita de Granada en 2 d\u00edas del Albaicin, del Sacromonte y de su casco hist\u00f3rico.<\/p>\n<p>[\/et_pb_text][et_pb_text _builder_version=\u00bb4.27.4&#8243; _module_preset=\u00bbdefault\u00bb text_font=\u00bb|600|||||||\u00bb header_2_font=\u00bb|800|||||||\u00bb header_2_font_size=\u00bb40px\u00bb background_color=\u00bb#F7F7F7&#8243; custom_margin=\u00bb||10px||false|false\u00bb custom_padding=\u00bb10px|15px|10px|15px|true|true\u00bb header_2_font_size_tablet=\u00bb36px\u00bb header_2_font_size_phone=\u00bb30px\u00bb header_2_font_size_last_edited=\u00bbon|phone\u00bb text_orientation_tablet=\u00bbleft\u00bb text_orientation_phone=\u00bbleft\u00bb text_orientation_last_edited=\u00bbon|tablet\u00bb border_radii=\u00bbon|5px|5px|5px|5px\u00bb global_colors_info=\u00bb{}\u00bb]\u2705  Visita de C\u00f3rdoba en 2 d\u00edas, de la Mezquita y su casco hist\u00f3rico.[\/et_pb_text][et_pb_text _builder_version=\u00bb4.27.4&#8243; _module_preset=\u00bbdefault\u00bb text_font=\u00bb|600|||||||\u00bb header_2_font=\u00bb|800|||||||\u00bb header_2_font_size=\u00bb40px\u00bb background_color=\u00bb#F7F7F7&#8243; custom_margin=\u00bb||10px||false|false\u00bb custom_padding=\u00bb10px|15px|10px|15px|true|true\u00bb header_2_font_size_tablet=\u00bb36px\u00bb header_2_font_size_phone=\u00bb30px\u00bb header_2_font_size_last_edited=\u00bbon|phone\u00bb text_orientation_tablet=\u00bbleft\u00bb text_orientation_phone=\u00bbleft\u00bb text_orientation_last_edited=\u00bbon|tablet\u00bb border_radii=\u00bbon|5px|5px|5px|5px\u00bb global_colors_info=\u00bb{}\u00bb]<span>\u2705 <\/span> Visita de Sevilla en 2 d\u00edas, del Alcazar, de la catedral, de la plaza de Espa\u00f1a, de la torre del oro y de su casco hist\u00f3rico.[\/et_pb_text][et_pb_text _builder_version=\u00bb4.27.4&#8243; _module_preset=\u00bbdefault\u00bb text_font=\u00bb|600|||||||\u00bb header_2_font=\u00bb|800|||||||\u00bb header_2_font_size=\u00bb40px\u00bb background_color=\u00bb#F7F7F7&#8243; custom_margin=\u00bb||10px||false|false\u00bb custom_padding=\u00bb10px|15px|10px|15px|true|true\u00bb header_2_font_size_tablet=\u00bb36px\u00bb header_2_font_size_phone=\u00bb30px\u00bb header_2_font_size_last_edited=\u00bbon|phone\u00bb text_orientation_tablet=\u00bbleft\u00bb text_orientation_phone=\u00bbleft\u00bb text_orientation_last_edited=\u00bbon|tablet\u00bb border_radii=\u00bbon|5px|5px|5px|5px\u00bb global_colors_info=\u00bb{}\u00bb]<span>\u2705 <\/span> Visita de Liboa en 2 d\u00edas, del castillo de Sintra, de la torre de Belem y de su bario de Alfama con un espect\u00e1culo de Fado.[\/et_pb_text][et_pb_text _builder_version=\u00bb4.27.4&#8243; _module_preset=\u00bbdefault\u00bb text_font=\u00bb|600|||||||\u00bb header_2_font=\u00bb|800|||||||\u00bb header_2_font_size=\u00bb40px\u00bb background_color=\u00bb#F7F7F7&#8243; custom_margin=\u00bb||10px||false|false\u00bb custom_padding=\u00bb10px|15px|10px|15px|true|true\u00bb header_2_font_size_tablet=\u00bb36px\u00bb header_2_font_size_phone=\u00bb30px\u00bb header_2_font_size_last_edited=\u00bbon|phone\u00bb text_orientation_tablet=\u00bbleft\u00bb text_orientation_phone=\u00bbleft\u00bb text_orientation_last_edited=\u00bbon|tablet\u00bb border_radii=\u00bbon|5px|5px|5px|5px\u00bb global_colors_info=\u00bb{}\u00bb]\u2705 Visita de Ronda, el puente y su casco antiguo.[\/et_pb_text][et_pb_text _builder_version=\u00bb4.27.4&#8243; _module_preset=\u00bbdefault\u00bb text_font=\u00bb|600|||||||\u00bb header_2_font=\u00bb|800|||||||\u00bb header_2_font_size=\u00bb40px\u00bb background_color=\u00bb#F7F7F7&#8243; custom_margin=\u00bb||10px||false|false\u00bb custom_padding=\u00bb10px|15px|10px|15px|true|true\u00bb header_2_font_size_tablet=\u00bb36px\u00bb header_2_font_size_phone=\u00bb30px\u00bb header_2_font_size_last_edited=\u00bbon|phone\u00bb text_orientation_tablet=\u00bbleft\u00bb text_orientation_phone=\u00bbleft\u00bb text_orientation_last_edited=\u00bbon|tablet\u00bb border_radii=\u00bbon|5px|5px|5px|5px\u00bb global_colors_info=\u00bb{}\u00bb]\u2705  Sierras de los Montes de M\u00e1laga, de Tejadas, de las Alpujarras, de Cazorla, de Ja\u00e9n, de Hornachuelas y de Sevilla.[\/et_pb_text][et_pb_text _builder_version=\u00bb4.27.4&#8243; _module_preset=\u00bbdefault\u00bb text_font=\u00bb|600|||||||\u00bb header_2_font=\u00bb|800|||||||\u00bb header_2_font_size=\u00bb40px\u00bb background_color=\u00bb#F7F7F7&#8243; custom_margin=\u00bb||10px||false|false\u00bb custom_padding=\u00bb10px|15px|10px|15px|true|true\u00bb header_2_font_size_tablet=\u00bb36px\u00bb header_2_font_size_phone=\u00bb30px\u00bb header_2_font_size_last_edited=\u00bbon|phone\u00bb text_orientation_tablet=\u00bbleft\u00bb text_orientation_phone=\u00bbleft\u00bb text_orientation_last_edited=\u00bbon|tablet\u00bb border_radii=\u00bbon|5px|5px|5px|5px\u00bb global_colors_info=\u00bb{}\u00bb]\u2705 Visita del muelle de las carabelas.[\/et_pb_text][et_pb_text _builder_version=\u00bb4.27.4&#8243; _module_preset=\u00bbdefault\u00bb text_font=\u00bb|600|||||||\u00bb header_2_font=\u00bb|800|||||||\u00bb header_2_font_size=\u00bb40px\u00bb background_color=\u00bb#F7F7F7&#8243; custom_margin=\u00bb||10px||false|false\u00bb custom_padding=\u00bb10px|15px|10px|15px|true|true\u00bb header_2_font_size_tablet=\u00bb36px\u00bb header_2_font_size_phone=\u00bb30px\u00bb header_2_font_size_last_edited=\u00bbon|phone\u00bb text_orientation_tablet=\u00bbleft\u00bb text_orientation_phone=\u00bbleft\u00bb text_orientation_last_edited=\u00bbon|tablet\u00bb border_radii=\u00bbon|5px|5px|5px|5px\u00bb global_colors_info=\u00bb{}\u00bb]<\/p>\n<p>\u2705 Sagres y el Cabo de San Vicente.<\/p>\n<p>[\/et_pb_text][et_pb_text _builder_version=\u00bb4.27.4&#8243; _module_preset=\u00bbdefault\u00bb text_font=\u00bb|600|||||||\u00bb header_2_font=\u00bb|800|||||||\u00bb header_2_font_size=\u00bb40px\u00bb background_color=\u00bb#F7F7F7&#8243; custom_margin=\u00bb||10px||false|false\u00bb custom_padding=\u00bb10px|15px|10px|15px|true|true\u00bb header_2_font_size_tablet=\u00bb36px\u00bb header_2_font_size_phone=\u00bb30px\u00bb header_2_font_size_last_edited=\u00bbon|phone\u00bb text_orientation_tablet=\u00bbleft\u00bb text_orientation_phone=\u00bbleft\u00bb text_orientation_last_edited=\u00bbon|tablet\u00bb border_radii=\u00bbon|5px|5px|5px|5px\u00bb global_colors_info=\u00bb{}\u00bb]\u2705 Rutas y paisajes de monta\u00f1as, mar y desierto impresionantes y espectaculares.[\/et_pb_text][et_pb_text _builder_version=\u00bb4.27.4&#8243; _module_preset=\u00bbdefault\u00bb text_font=\u00bb|600|||||||\u00bb header_2_font=\u00bb|800|||||||\u00bb header_2_font_size=\u00bb40px\u00bb background_color=\u00bb#F7F7F7&#8243; custom_margin=\u00bb||10px||false|false\u00bb custom_padding=\u00bb10px|15px|10px|15px|true|true\u00bb header_2_font_size_tablet=\u00bb36px\u00bb header_2_font_size_phone=\u00bb30px\u00bb header_2_font_size_last_edited=\u00bbon|phone\u00bb text_orientation_tablet=\u00bbleft\u00bb text_orientation_phone=\u00bbleft\u00bb text_orientation_last_edited=\u00bbon|tablet\u00bb border_radii=\u00bbon|5px|5px|5px|5px\u00bb global_colors_info=\u00bb{}\u00bb]\u2705 La asistencia durante el viaje con un gu\u00eda.[\/et_pb_text][et_pb_text _builder_version=\u00bb4.27.4&#8243; _module_preset=\u00bbdefault\u00bb text_font=\u00bb|600|||||||\u00bb header_2_font=\u00bb|800|||||||\u00bb header_2_font_size=\u00bb40px\u00bb background_color=\u00bb#F7F7F7&#8243; custom_margin=\u00bb||||false|false\u00bb custom_padding=\u00bb10px|15px|10px|15px|true|true\u00bb header_2_font_size_tablet=\u00bb36px\u00bb header_2_font_size_phone=\u00bb30px\u00bb header_2_font_size_last_edited=\u00bbon|phone\u00bb text_orientation_tablet=\u00bbleft\u00bb text_orientation_phone=\u00bbleft\u00bb text_orientation_last_edited=\u00bbon|tablet\u00bb border_radii=\u00bbon|5px|5px|5px|5px\u00bb global_colors_info=\u00bb{}\u00bb]\u2705 Un ambiente amical sin competici\u00f3n.[\/et_pb_text][et_pb_button button_url=\u00bb#apuntarme\u00bb button_text=\u00bbApuntarme\u00bb _builder_version=\u00bb4.27.4&#8243; _module_preset=\u00bbdefault\u00bb custom_button=\u00bbon\u00bb button_text_size=\u00bb14px\u00bb button_letter_spacing=\u00bb1px\u00bb button_font=\u00bb|600||on|||||\u00bb custom_margin_tablet=\u00bb\u00bb custom_margin_phone=\u00bb||30px||false|false\u00bb custom_margin_last_edited=\u00bbon|phone\u00bb custom_padding=\u00bb15px|30px|15px|30px|true|true\u00bb global_colors_info=\u00bb{}\u00bb][\/et_pb_button][\/et_pb_column][et_pb_column type=\u00bb1_2&#8243; _builder_version=\u00bb4.27.4&#8243; _module_preset=\u00bbdefault\u00bb custom_css_main_element=\u00bbmargin: auto;\u00bb global_colors_info=\u00bb{}\u00bb][et_pb_image src=\u00bbhttps:\/\/rutasmototours.com\/wp-content\/uploads\/2025\/11\/Rutas-Andalucia-Portugal-12.jpg\u00bb alt=\u00bbruta en moto vuelta de andalucia en 9 dias\u00bb title_text=\u00bbRutas Andalucia Portugal-12&#8243; _builder_version=\u00bb4.27.4&#8243; _module_preset=\u00bbdefault\u00bb border_radii=\u00bbon|20px|20px|20px|20px\u00bb global_colors_info=\u00bb{}\u00bb][\/et_pb_image][\/et_pb_column][\/et_pb_row][\/et_pb_section][et_pb_section fb_built=\u00bb1&#8243; admin_label=\u00bbM\u00e1s informaci\u00f3n\u00bb module_id=\u00bbinfo\u00bb _builder_version=\u00bb4.27.4&#8243; _module_preset=\u00bbdefault\u00bb background_color=\u00bb#F7F7F7&#8243; da_popup_slug=\u00bbinfo\u00bb da_disable_devices=\u00bboff|off|off\u00bb global_colors_info=\u00bb{}\u00bb da_is_popup=\u00bboff\u00bb da_exit_intent=\u00bboff\u00bb da_has_close=\u00bbon\u00bb da_alt_close=\u00bboff\u00bb da_dark_close=\u00bboff\u00bb da_not_modal=\u00bbon\u00bb da_is_singular=\u00bboff\u00bb da_with_loader=\u00bboff\u00bb da_has_shadow=\u00bbon\u00bb][et_pb_row _builder_version=\u00bb4.27.4&#8243; _module_preset=\u00bbdefault\u00bb width=\u00bb90%\u00bb global_colors_info=\u00bb{}\u00bb][et_pb_column type=\u00bb4_4&#8243; _builder_version=\u00bb4.27.4&#8243; _module_preset=\u00bbdefault\u00bb global_colors_info=\u00bb{}\u00bb][et_pb_text _builder_version=\u00bb4.27.4&#8243; _module_preset=\u00bbdefault\u00bb text_font=\u00bb|600|||||||\u00bb text_font_size=\u00bb18px\u00bb header_2_font=\u00bb|800|||||||\u00bb header_2_font_size=\u00bb40px\u00bb text_orientation=\u00bbcenter\u00bb custom_margin=\u00bb||10px||false|false\u00bb header_2_font_size_tablet=\u00bb36px\u00bb header_2_font_size_phone=\u00bb30px\u00bb header_2_font_size_last_edited=\u00bbon|phone\u00bb text_orientation_tablet=\u00bbleft\u00bb text_orientation_phone=\u00bbcenter\u00bb text_orientation_last_edited=\u00bbon|tablet\u00bb global_colors_info=\u00bb{}\u00bb]<\/p>\n<h2>M\u00e1s informaci\u00f3n<\/h2>\n<p>[\/et_pb_text][\/et_pb_column][\/et_pb_row][et_pb_row column_structure=\u00bb1_3,1_3,1_3&#8243; use_custom_gutter=\u00bbon\u00bb _builder_version=\u00bb4.27.4&#8243; _module_preset=\u00bbdefault\u00bb width=\u00bb90%\u00bb global_colors_info=\u00bb{}\u00bb][et_pb_column type=\u00bb1_3&#8243; _builder_version=\u00bb4.27.4&#8243; _module_preset=\u00bbdefault\u00bb global_colors_info=\u00bb{}\u00bb][et_pb_blurb title=\u00bbDuraci\u00f3n\u00bb use_icon=\u00bbon\u00bb font_icon=\u00bb&#xf017;||fa||400&#8243; icon_color=\u00bb#000000&#8243; image_icon_width=\u00bb50px\u00bb content_max_width=\u00bb100%\u00bb icon_placement_last_edited=\u00bboff|desktop\u00bb _builder_version=\u00bb4.27.4&#8243; _module_preset=\u00bbdefault\u00bb header_level=\u00bbh3&#8243; header_font=\u00bb|700|||||||\u00bb text_orientation=\u00bbcenter\u00bb custom_margin=\u00bb||10px||false|false\u00bb custom_padding=\u00bb20px|20px|20px|20px|true|true\u00bb animation=\u00bboff\u00bb border_radii=\u00bbon|20px|20px|20px|20px\u00bb global_colors_info=\u00bb{}\u00bb background__hover_enabled=\u00bbon|hover\u00bb background_color__hover=\u00bb#FFFFFF\u00bb background_enable_color__hover=\u00bbon\u00bb]<\/p>\n<p>14 D\u00edas y 13 noches en media pensi\u00f3n.<\/p>\n<p>[\/et_pb_blurb][\/et_pb_column][et_pb_column type=\u00bb1_3&#8243; _builder_version=\u00bb4.27.4&#8243; _module_preset=\u00bbdefault\u00bb global_colors_info=\u00bb{}\u00bb][et_pb_blurb title=\u00bbTiempo de conducci\u00f3n\u00bb use_icon=\u00bbon\u00bb font_icon=\u00bb&#xf21c;||fa||900&#8243; icon_color=\u00bb#000000&#8243; image_icon_width=\u00bb50px\u00bb content_max_width=\u00bb100%\u00bb _builder_version=\u00bb4.27.4&#8243; _module_preset=\u00bbdefault\u00bb header_level=\u00bbh3&#8243; header_font=\u00bb|700|||||||\u00bb text_orientation=\u00bbcenter\u00bb custom_margin=\u00bb||10px||false|false\u00bb custom_padding=\u00bb20px|20px|20px|20px|true|true\u00bb animation=\u00bboff\u00bb border_radii=\u00bbon|20px|20px|20px|20px\u00bb global_colors_info=\u00bb{}\u00bb background_color__hover=\u00bb#FFFFFF\u00bb background_enable_color__hover=\u00bbon\u00bb background__hover_enabled=\u00bbon|hover\u00bb]<\/p>\n<p>De 2 a 6.00 horas.<\/p>\n<p>[\/et_pb_blurb][\/et_pb_column][et_pb_column type=\u00bb1_3&#8243; _builder_version=\u00bb4.27.4&#8243; _module_preset=\u00bbdefault\u00bb global_colors_info=\u00bb{}\u00bb][et_pb_blurb title=\u00bbNivel\u00bb use_icon=\u00bbon\u00bb font_icon=\u00bb&#xf012;||fa||900&#8243; icon_color=\u00bb#000000&#8243; image_icon_width=\u00bb50px\u00bb content_max_width=\u00bb100%\u00bb _builder_version=\u00bb4.27.4&#8243; _module_preset=\u00bbdefault\u00bb header_level=\u00bbh3&#8243; header_font=\u00bb|700|||||||\u00bb text_orientation=\u00bbcenter\u00bb custom_margin=\u00bb||10px||false|false\u00bb custom_padding=\u00bb20px|20px|20px|20px|true|true\u00bb animation=\u00bboff\u00bb border_radii=\u00bbon|20px|20px|20px|20px\u00bb global_colors_info=\u00bb{}\u00bb background_color__hover=\u00bb#FFFFFF\u00bb background_enable_color__hover=\u00bbon\u00bb background__hover_enabled=\u00bbon|hover\u00bb]<\/p>\n<p><a href=\"https:\/\/rutasmototours.com\/nivel-de-competencia-de-pilotaje\/\">F\u00e1cil a moderado<\/a><\/p>\n<p>[\/et_pb_blurb][\/et_pb_column][\/et_pb_row][et_pb_row column_structure=\u00bb1_4,1_4,1_4,1_4&#8243; _builder_version=\u00bb4.27.4&#8243; _module_preset=\u00bbdefault\u00bb global_colors_info=\u00bb{}\u00bb][et_pb_column type=\u00bb1_4&#8243; _builder_version=\u00bb4.27.4&#8243; _module_preset=\u00bbdefault\u00bb global_colors_info=\u00bb{}\u00bb][et_pb_circle_counter title=\u00bbAsfalto\u00bb number=\u00bb100&#8243; bar_bg_color=\u00bb#B94E40&#8243; circle_color_alpha=\u00bb0.95&#8243; _builder_version=\u00bb4.27.4&#8243; _module_preset=\u00bbdefault\u00bb title_font=\u00bb|600|||||||\u00bb number_font=\u00bb|700|||||||\u00bb number_font_size=\u00bb40px\u00bb max_width=\u00bb200px\u00bb global_colors_info=\u00bb{}\u00bb][\/et_pb_circle_counter][\/et_pb_column][et_pb_column type=\u00bb1_4&#8243; _builder_version=\u00bb4.27.4&#8243; _module_preset=\u00bbdefault\u00bb global_colors_info=\u00bb{}\u00bb][et_pb_circle_counter title=\u00bbRutas tur\u00edsticas\u00bb number=\u00bb90&#8243; bar_bg_color=\u00bb#B94E40&#8243; circle_color_alpha=\u00bb0.95&#8243; _builder_version=\u00bb4.27.4&#8243; _module_preset=\u00bbdefault\u00bb title_font=\u00bb|600|||||||\u00bb number_font=\u00bb|700|||||||\u00bb number_font_size=\u00bb40px\u00bb max_width=\u00bb200px\u00bb global_colors_info=\u00bb{}\u00bb][\/et_pb_circle_counter][\/et_pb_column][et_pb_column type=\u00bb1_4&#8243; _builder_version=\u00bb4.27.4&#8243; _module_preset=\u00bbdefault\u00bb global_colors_info=\u00bb{}\u00bb][et_pb_circle_counter title=\u00bbRutas de monta\u00f1a\u00bb number=\u00bb40&#8243; bar_bg_color=\u00bb#B94E40&#8243; circle_color_alpha=\u00bb0.95&#8243; _builder_version=\u00bb4.27.4&#8243; _module_preset=\u00bbdefault\u00bb title_font=\u00bb|600|||||||\u00bb number_font=\u00bb|700|||||||\u00bb number_font_size=\u00bb40px\u00bb max_width=\u00bb200px\u00bb global_colors_info=\u00bb{}\u00bb][\/et_pb_circle_counter][\/et_pb_column][et_pb_column type=\u00bb1_4&#8243; _builder_version=\u00bb4.27.4&#8243; _module_preset=\u00bbdefault\u00bb global_colors_info=\u00bb{}\u00bb][et_pb_circle_counter title=\u00bbRutas de autopista\u00bb number=\u00bb4&#8243; bar_bg_color=\u00bb#B94E40&#8243; circle_color_alpha=\u00bb0.95&#8243; _builder_version=\u00bb4.27.4&#8243; _module_preset=\u00bbdefault\u00bb title_font=\u00bb|600|||||||\u00bb number_font=\u00bb|700|||||||\u00bb number_font_size=\u00bb40px\u00bb max_width=\u00bb200px\u00bb global_colors_info=\u00bb{}\u00bb][\/et_pb_circle_counter][\/et_pb_column][\/et_pb_row][et_pb_row _builder_version=\u00bb4.27.4&#8243; _module_preset=\u00bbdefault\u00bb custom_margin=\u00bb||0px||false|false\u00bb custom_padding=\u00bb||0px||false|false\u00bb global_colors_info=\u00bb{}\u00bb][et_pb_column type=\u00bb4_4&#8243; _builder_version=\u00bb4.27.4&#8243; _module_preset=\u00bbdefault\u00bb global_colors_info=\u00bb{}\u00bb][et_pb_text _builder_version=\u00bb4.27.4&#8243; _module_preset=\u00bbdefault\u00bb text_font=\u00bb|600|||||||\u00bb text_font_size=\u00bb18px\u00bb header_2_font=\u00bb|800|||||||\u00bb header_2_font_size=\u00bb40px\u00bb header_3_font=\u00bb|700|||||||\u00bb header_3_font_size=\u00bb26px\u00bb text_orientation=\u00bbcenter\u00bb custom_margin=\u00bb||10px||false|false\u00bb header_2_font_size_tablet=\u00bb36px\u00bb header_2_font_size_phone=\u00bb30px\u00bb header_2_font_size_last_edited=\u00bbon|phone\u00bb text_orientation_tablet=\u00bbleft\u00bb text_orientation_phone=\u00bbleft\u00bb text_orientation_last_edited=\u00bbon|tablet\u00bb global_colors_info=\u00bb{}\u00bb]<\/p>\n<h3>La mejor temporada para viajar<\/h3>\n<p>[\/et_pb_text][\/et_pb_column][\/et_pb_row][et_pb_row column_structure=\u00bb1_6,1_6,1_6,1_6,1_6,1_6&#8243; use_custom_gutter=\u00bbon\u00bb gutter_width=\u00bb2&#8243; _builder_version=\u00bb4.27.4&#8243; _module_preset=\u00bbdefault\u00bb width=\u00bb90%\u00bb custom_padding=\u00bb||0px||false|false\u00bb global_colors_info=\u00bb{}\u00bb][et_pb_column type=\u00bb1_6&#8243; _builder_version=\u00bb4.27.4&#8243; _module_preset=\u00bbdefault\u00bb global_colors_info=\u00bb{}\u00bb][et_pb_text _builder_version=\u00bb4.27.4&#8243; _module_preset=\u00bbdefault\u00bb text_font=\u00bb|700||on|||||\u00bb background_color=\u00bb#DBA149&#8243; text_orientation=\u00bbcenter\u00bb custom_padding=\u00bb5px|5px|5px|5px|true|true\u00bb border_radii=\u00bbon|5px|5px|5px|5px\u00bb global_colors_info=\u00bb{}\u00bb]<\/p>\n<p>Enero<\/p>\n<p>[\/et_pb_text][\/et_pb_column][et_pb_column type=\u00bb1_6&#8243; _builder_version=\u00bb4.27.4&#8243; _module_preset=\u00bbdefault\u00bb global_colors_info=\u00bb{}\u00bb][et_pb_text _builder_version=\u00bb4.27.4&#8243; _module_preset=\u00bbdefault\u00bb text_font=\u00bb|700||on|||||\u00bb background_color=\u00bb#DBA149&#8243; text_orientation=\u00bbcenter\u00bb custom_padding=\u00bb5px|5px|5px|5px|true|true\u00bb border_radii=\u00bbon|5px|5px|5px|5px\u00bb global_colors_info=\u00bb{}\u00bb]<\/p>\n<p>Febrero<\/p>\n<p>[\/et_pb_text][\/et_pb_column][et_pb_column type=\u00bb1_6&#8243; _builder_version=\u00bb4.27.4&#8243; _module_preset=\u00bbdefault\u00bb global_colors_info=\u00bb{}\u00bb][et_pb_text _builder_version=\u00bb4.27.4&#8243; _module_preset=\u00bbdefault\u00bb text_font=\u00bb|700||on|||||\u00bb background_color=\u00bb#AFCCAC\u00bb text_orientation=\u00bbcenter\u00bb custom_padding=\u00bb5px|5px|5px|5px|true|true\u00bb border_radii=\u00bbon|5px|5px|5px|5px\u00bb global_colors_info=\u00bb{}\u00bb]<\/p>\n<p>Marzo<\/p>\n<p>[\/et_pb_text][\/et_pb_column][et_pb_column type=\u00bb1_6&#8243; _builder_version=\u00bb4.27.4&#8243; _module_preset=\u00bbdefault\u00bb global_colors_info=\u00bb{}\u00bb][et_pb_text _builder_version=\u00bb4.27.4&#8243; _module_preset=\u00bbdefault\u00bb text_font=\u00bb|700||on|||||\u00bb background_color=\u00bb#AFCCAC\u00bb text_orientation=\u00bbcenter\u00bb custom_padding=\u00bb5px|5px|5px|5px|true|true\u00bb border_radii=\u00bbon|5px|5px|5px|5px\u00bb global_colors_info=\u00bb{}\u00bb]<\/p>\n<p>Abril<\/p>\n<p>[\/et_pb_text][\/et_pb_column][et_pb_column type=\u00bb1_6&#8243; _builder_version=\u00bb4.27.4&#8243; _module_preset=\u00bbdefault\u00bb global_colors_info=\u00bb{}\u00bb][et_pb_text _builder_version=\u00bb4.27.4&#8243; _module_preset=\u00bbdefault\u00bb text_font=\u00bb|700||on|||||\u00bb background_color=\u00bb#AFCCAC\u00bb text_orientation=\u00bbcenter\u00bb custom_padding=\u00bb5px|5px|5px|5px|true|true\u00bb border_radii=\u00bbon|5px|5px|5px|5px\u00bb global_colors_info=\u00bb{}\u00bb]<\/p>\n<p>Mayo<\/p>\n<p>[\/et_pb_text][\/et_pb_column][et_pb_column type=\u00bb1_6&#8243; _builder_version=\u00bb4.27.4&#8243; _module_preset=\u00bbdefault\u00bb global_colors_info=\u00bb{}\u00bb][et_pb_text _builder_version=\u00bb4.27.4&#8243; _module_preset=\u00bbdefault\u00bb text_font=\u00bb|700||on|||||\u00bb background_color=\u00bb#AFCCAC\u00bb text_orientation=\u00bbcenter\u00bb custom_padding=\u00bb5px|5px|5px|5px|true|true\u00bb border_radii=\u00bbon|5px|5px|5px|5px\u00bb global_colors_info=\u00bb{}\u00bb]<\/p>\n<p>Junio<\/p>\n<p>[\/et_pb_text][\/et_pb_column][\/et_pb_row][et_pb_row column_structure=\u00bb1_6,1_6,1_6,1_6,1_6,1_6&#8243; use_custom_gutter=\u00bbon\u00bb gutter_width=\u00bb2&#8243; _builder_version=\u00bb4.27.4&#8243; _module_preset=\u00bbdefault\u00bb width=\u00bb90%\u00bb global_colors_info=\u00bb{}\u00bb][et_pb_column type=\u00bb1_6&#8243; _builder_version=\u00bb4.27.4&#8243; _module_preset=\u00bbdefault\u00bb global_colors_info=\u00bb{}\u00bb][et_pb_text _builder_version=\u00bb4.27.4&#8243; _module_preset=\u00bbdefault\u00bb text_font=\u00bb|700||on|||||\u00bb background_color=\u00bb#B94E40&#8243; text_orientation=\u00bbcenter\u00bb custom_padding=\u00bb5px|5px|5px|5px|true|true\u00bb border_radii=\u00bbon|5px|5px|5px|5px\u00bb global_colors_info=\u00bb{}\u00bb]<\/p>\n<p>Julio<\/p>\n<p>[\/et_pb_text][\/et_pb_column][et_pb_column type=\u00bb1_6&#8243; _builder_version=\u00bb4.27.4&#8243; _module_preset=\u00bbdefault\u00bb global_colors_info=\u00bb{}\u00bb][et_pb_text _builder_version=\u00bb4.27.4&#8243; _module_preset=\u00bbdefault\u00bb text_font=\u00bb|700||on|||||\u00bb background_color=\u00bb#B94E40&#8243; text_orientation=\u00bbcenter\u00bb custom_padding=\u00bb5px|5px|5px|5px|true|true\u00bb border_radii=\u00bbon|5px|5px|5px|5px\u00bb global_colors_info=\u00bb{}\u00bb]<\/p>\n<p>Agosto<\/p>\n<p>[\/et_pb_text][\/et_pb_column][et_pb_column type=\u00bb1_6&#8243; _builder_version=\u00bb4.27.4&#8243; _module_preset=\u00bbdefault\u00bb global_colors_info=\u00bb{}\u00bb][et_pb_text _builder_version=\u00bb4.27.4&#8243; _module_preset=\u00bbdefault\u00bb text_font=\u00bb|700||on|||||\u00bb background_color=\u00bb#AFCCAC\u00bb text_orientation=\u00bbcenter\u00bb custom_padding=\u00bb5px|5px|5px|5px|true|true\u00bb border_radii=\u00bbon|5px|5px|5px|5px\u00bb global_colors_info=\u00bb{}\u00bb]<\/p>\n<p>Septiembre<\/p>\n<p>[\/et_pb_text][\/et_pb_column][et_pb_column type=\u00bb1_6&#8243; _builder_version=\u00bb4.27.4&#8243; _module_preset=\u00bbdefault\u00bb global_colors_info=\u00bb{}\u00bb][et_pb_text _builder_version=\u00bb4.27.4&#8243; _module_preset=\u00bbdefault\u00bb text_font=\u00bb|700||on|||||\u00bb background_color=\u00bb#AFCCAC\u00bb text_orientation=\u00bbcenter\u00bb custom_padding=\u00bb5px|5px|5px|5px|true|true\u00bb border_radii=\u00bbon|5px|5px|5px|5px\u00bb global_colors_info=\u00bb{}\u00bb]<\/p>\n<p>Octubre<\/p>\n<p>[\/et_pb_text][\/et_pb_column][et_pb_column type=\u00bb1_6&#8243; _builder_version=\u00bb4.27.4&#8243; _module_preset=\u00bbdefault\u00bb global_colors_info=\u00bb{}\u00bb][et_pb_text _builder_version=\u00bb4.27.4&#8243; _module_preset=\u00bbdefault\u00bb text_font=\u00bb|700||on|||||\u00bb background_color=\u00bb#AFCCAC\u00bb text_orientation=\u00bbcenter\u00bb custom_padding=\u00bb5px|5px|5px|5px|true|true\u00bb border_radii=\u00bbon|5px|5px|5px|5px\u00bb global_colors_info=\u00bb{}\u00bb]<\/p>\n<p>Noviembre<\/p>\n<p>[\/et_pb_text][\/et_pb_column][et_pb_column type=\u00bb1_6&#8243; _builder_version=\u00bb4.27.4&#8243; _module_preset=\u00bbdefault\u00bb global_colors_info=\u00bb{}\u00bb][et_pb_text _builder_version=\u00bb4.27.4&#8243; _module_preset=\u00bbdefault\u00bb text_font=\u00bb|700||on|||||\u00bb background_color=\u00bb#DBA149&#8243; text_orientation=\u00bbcenter\u00bb custom_padding=\u00bb5px|5px|5px|5px|true|true\u00bb border_radii=\u00bbon|5px|5px|5px|5px\u00bb global_colors_info=\u00bb{}\u00bb]<\/p>\n<p>Diciembre<\/p>\n<p>[\/et_pb_text][\/et_pb_column][\/et_pb_row][et_pb_row _builder_version=\u00bb4.27.4&#8243; _module_preset=\u00bbdefault\u00bb global_colors_info=\u00bb{}\u00bb][et_pb_column type=\u00bb4_4&#8243; _builder_version=\u00bb4.27.4&#8243; _module_preset=\u00bbdefault\u00bb global_colors_info=\u00bb{}\u00bb][et_pb_button button_url=\u00bb#apuntarme\u00bb button_text=\u00bbApuntarme\u00bb button_alignment=\u00bbcenter\u00bb _builder_version=\u00bb4.27.4&#8243; _module_preset=\u00bbdefault\u00bb custom_button=\u00bbon\u00bb button_text_size=\u00bb14px\u00bb button_letter_spacing=\u00bb1px\u00bb button_font=\u00bb|600||on|||||\u00bb custom_padding=\u00bb15px|30px|15px|30px|true|true\u00bb global_colors_info=\u00bb{}\u00bb][\/et_pb_button][\/et_pb_column][\/et_pb_row][\/et_pb_section][et_pb_section fb_built=\u00bb1&#8243; admin_label=\u00bbMapa de la ruta\u00bb module_id=\u00bbmapa\u00bb _builder_version=\u00bb4.27.4&#8243; _module_preset=\u00bbdefault\u00bb da_popup_slug=\u00bbmapa\u00bb da_disable_devices=\u00bboff|off|off\u00bb global_colors_info=\u00bb{}\u00bb da_is_popup=\u00bboff\u00bb da_exit_intent=\u00bboff\u00bb da_has_close=\u00bbon\u00bb da_alt_close=\u00bboff\u00bb da_dark_close=\u00bboff\u00bb da_not_modal=\u00bbon\u00bb da_is_singular=\u00bboff\u00bb da_with_loader=\u00bboff\u00bb da_has_shadow=\u00bbon\u00bb][et_pb_row _builder_version=\u00bb4.27.4&#8243; _module_preset=\u00bbdefault\u00bb width=\u00bb90%\u00bb global_colors_info=\u00bb{}\u00bb][et_pb_column type=\u00bb4_4&#8243; _builder_version=\u00bb4.27.4&#8243; _module_preset=\u00bbdefault\u00bb global_colors_info=\u00bb{}\u00bb][et_pb_text _builder_version=\u00bb4.27.4&#8243; _module_preset=\u00bbdefault\u00bb text_font=\u00bb|600|||||||\u00bb text_font_size=\u00bb18px\u00bb header_2_font=\u00bb|800|||||||\u00bb header_2_font_size=\u00bb40px\u00bb text_orientation=\u00bbcenter\u00bb custom_margin=\u00bb||10px||false|false\u00bb header_2_font_size_tablet=\u00bb36px\u00bb header_2_font_size_phone=\u00bb30px\u00bb header_2_font_size_last_edited=\u00bbon|phone\u00bb text_orientation_tablet=\u00bbleft\u00bb text_orientation_phone=\u00bbcenter\u00bb text_orientation_last_edited=\u00bbon|tablet\u00bb global_colors_info=\u00bb{}\u00bb]<\/p>\n<h2>Mapa de la ruta:<\/h2>\n<p>[\/et_pb_text][et_pb_image src=\u00bbhttps:\/\/rutasmototours.com\/wp-content\/uploads\/2025\/12\/MAPA-ANDPORT14.jpg\u00bb alt=\u00bbRuta ANDPORT14&#8243; title_text=\u00bbMAPA ANDPORT14&#8243; align=\u00bbcenter\u00bb _builder_version=\u00bb4.27.5&#8243; _module_preset=\u00bbdefault\u00bb border_radii=\u00bbon|20px|20px|20px|20px\u00bb global_colors_info=\u00bb{}\u00bb][\/et_pb_image][\/et_pb_column][\/et_pb_row][\/et_pb_section][et_pb_section fb_built=\u00bb1&#8243; admin_label=\u00bbIncluido Acompa\u00f1ado\u00bb module_id=\u00bbincluido\u00bb _builder_version=\u00bb4.27.4&#8243; _module_preset=\u00bbdefault\u00bb background_color=\u00bb#F7F7F7&#8243; da_popup_slug=\u00bbincluido\u00bb da_disable_devices=\u00bboff|off|off\u00bb global_colors_info=\u00bb{}\u00bb da_is_popup=\u00bboff\u00bb da_exit_intent=\u00bboff\u00bb da_has_close=\u00bbon\u00bb da_alt_close=\u00bboff\u00bb da_dark_close=\u00bboff\u00bb da_not_modal=\u00bbon\u00bb da_is_singular=\u00bboff\u00bb da_with_loader=\u00bboff\u00bb da_has_shadow=\u00bbon\u00bb][et_pb_row column_structure=\u00bb1_2,1_2&#8243; _builder_version=\u00bb4.27.4&#8243; _module_preset=\u00bbdefault\u00bb global_colors_info=\u00bb{}\u00bb][et_pb_column type=\u00bb1_2&#8243; _builder_version=\u00bb4.27.4&#8243; _module_preset=\u00bbdefault\u00bb global_colors_info=\u00bb{}\u00bb][et_pb_text _builder_version=\u00bb4.27.4&#8243; _module_preset=\u00bbdefault\u00bb text_font=\u00bb|600|||||||\u00bb text_font_size=\u00bb18px\u00bb header_2_font=\u00bb|800|||||||\u00bb header_2_font_size=\u00bb40px\u00bb custom_margin=\u00bb||||false|false\u00bb header_2_font_size_tablet=\u00bb36px\u00bb header_2_font_size_phone=\u00bb30px\u00bb header_2_font_size_last_edited=\u00bbon|phone\u00bb text_orientation_tablet=\u00bbleft\u00bb text_orientation_phone=\u00bbleft\u00bb text_orientation_last_edited=\u00bbon|tablet\u00bb global_colors_info=\u00bb{}\u00bb]<\/p>\n<h2><span>\u2705 <\/span>Que S\u00cd est\u00e1 incluido<\/h2>\n<p>F\u00f3rmula ACOMPA\u00d1ADA<\/p>\n<p>[\/et_pb_text][et_pb_text _builder_version=\u00bb4.27.5&#8243; _module_preset=\u00bbdefault\u00bb hover_enabled=\u00bb0&#8243; global_colors_info=\u00bb{}\u00bb sticky_enabled=\u00bb0&#8243;]<\/p>\n<p>\u2705 Un gu\u00eda en moto que garantice la seguridad, la asistencia y la organizaci\u00f3n del viaje.<\/p>\n<p>\u2705 Seguro sanitario, repatriaci\u00f3n y responsabilidad civil.<\/p>\n<p>\u2705 Asistencia mec\u00e1nica express.<\/p>\n<p>\u2705 13 noches en media pensi\u00f3n y en habitaci\u00f3n individual en hoteles de 3 a 5 estrellas seg\u00fan disponibilidad.<\/p>\n<p>\u2705 Aparcamiento en los hoteles.<\/p>\n<p>\u2705 2 d\u00edas en Granada con visita guiada del casco hist\u00f3rico, del Albacyn y espect\u00e1culo de flamenco.<\/p>\n<p>\u2705 2 d\u00edas en C\u00f3rdoba con visita de la mezquita, de los ba\u00f1os \u00e1rabes y de la Bell Tower.<\/p>\n<p>\u2705 2 d\u00edas en Sevilla con visita del Alcazar, de la catedral y de la Giralda (seg\u00fan disponibilidad).<\/p>\n<p>\u2705 2 d\u00edas en Lisboa con visita del Castillo de Sintra, de la Torre de Belem, del Barrio de Alfama con una cena y un espect\u00e1culo de fado.<\/p>\n<p>\u2705 Visita del Muelle de las Caravelas en Huelva.<\/p>\n<p>\u2705 Ferry en Lisboa y transbordador en Sevilla.<\/p>\n<p>\u2705 Reportage foto del viaje.<\/p>\n<p>\u2705 Rutas en formato gpx.<\/p>\n<p>\u2705 Road-book del viaje.<\/p>\n<p>\u2705 Paquete regalo de bienvenida.<\/p>\n<p>\u2705 Aperitivo de fin de viaje.<\/p>\n<p><span>\u26a0\ufe0f<\/span> Salida garantizada con un m\u00ednimo de 8 motos inscritas.<\/p>\n<p>[\/et_pb_text][et_pb_button button_url=\u00bb#apuntarme\u00bb button_text=\u00bbApuntarme\u00bb _builder_version=\u00bb4.27.4&#8243; _module_preset=\u00bbdefault\u00bb custom_button=\u00bbon\u00bb button_text_size=\u00bb14px\u00bb button_letter_spacing=\u00bb1px\u00bb button_font=\u00bb|600||on|||||\u00bb custom_padding=\u00bb15px|30px|15px|30px|true|true\u00bb global_colors_info=\u00bb{}\u00bb][\/et_pb_button][\/et_pb_column][et_pb_column type=\u00bb1_2&#8243; _builder_version=\u00bb4.27.4&#8243; _module_preset=\u00bbdefault\u00bb global_colors_info=\u00bb{}\u00bb][et_pb_text _builder_version=\u00bb4.27.4&#8243; _module_preset=\u00bbdefault\u00bb text_font=\u00bb|600|||||||\u00bb text_font_size=\u00bb18px\u00bb header_2_font=\u00bb|800|||||||\u00bb header_2_font_size=\u00bb40px\u00bb header_2_font_size_tablet=\u00bb36px\u00bb header_2_font_size_phone=\u00bb30px\u00bb header_2_font_size_last_edited=\u00bbon|phone\u00bb text_orientation_tablet=\u00bbleft\u00bb text_orientation_phone=\u00bbleft\u00bb text_orientation_last_edited=\u00bbon|tablet\u00bb global_colors_info=\u00bb{}\u00bb]<\/p>\n<h2><span>\u274c <\/span>Que NO est\u00e1 incluido<\/h2>\n<p>F\u00f3rmula ACOMPA\u00d1ADA<\/p>\n<p>[\/et_pb_text][et_pb_text _builder_version=\u00bb4.27.5&#8243; _module_preset=\u00bbdefault\u00bb hover_enabled=\u00bb0&#8243; global_colors_info=\u00bb{}\u00bb sticky_enabled=\u00bb0&#8243;]<\/p>\n<p>\u274c La motocicleta para el viaje (ver el enlace para alquilar una con nuestros socios).<\/p>\n<p>\u274c Los vuelos a\u00e9reos.<\/p>\n<p>\u274c Comida en ruta a medio d\u00eda.<\/p>\n<p>\u274c Bebidas alcoh\u00f3licas o no incluidas en los men\u00fas.<\/p>\n<p>\u274c Propinas.<\/p>\n<p>\u274c Peajes de autopistas (en caso de uso).<\/p>\n<p>\u274c Gasolina.<\/p>\n<p>\u274c Las multas.<\/p>\n<p>\u274c Los transportes p\u00fablicos para ir de los hoteles en el centro de las cuidades o sitios que visitaremos (autobuses en Granada, C\u00f3rdoba, Sevilla, autobuses, trenes y tranv\u00eda en Lisboa).<\/p>\n<p>\u274c Los parkings fuera de los hoteles.<\/p>\n<p>\u274c Cualquier concepto no espicificado en el apartado \u00abel viaje incluye\u00bb.<\/p>\n<p>[\/et_pb_text][\/et_pb_column][\/et_pb_row][\/et_pb_section][et_pb_section fb_built=\u00bb1&#8243; admin_label=\u00bbIncluido Libre\u00bb _builder_version=\u00bb4.27.4&#8243; _module_preset=\u00bbdefault\u00bb background_color=\u00bb#FFFFFF\u00bb da_disable_devices=\u00bboff|off|off\u00bb global_colors_info=\u00bb{}\u00bb da_is_popup=\u00bboff\u00bb da_exit_intent=\u00bboff\u00bb da_has_close=\u00bbon\u00bb da_alt_close=\u00bboff\u00bb da_dark_close=\u00bboff\u00bb da_not_modal=\u00bbon\u00bb da_is_singular=\u00bboff\u00bb da_with_loader=\u00bboff\u00bb da_has_shadow=\u00bbon\u00bb][et_pb_row column_structure=\u00bb1_2,1_2&#8243; _builder_version=\u00bb4.27.4&#8243; _module_preset=\u00bbdefault\u00bb global_colors_info=\u00bb{}\u00bb][et_pb_column type=\u00bb1_2&#8243; _builder_version=\u00bb4.27.4&#8243; _module_preset=\u00bbdefault\u00bb global_colors_info=\u00bb{}\u00bb][et_pb_text _builder_version=\u00bb4.27.4&#8243; _module_preset=\u00bbdefault\u00bb text_font=\u00bb|600|||||||\u00bb text_font_size=\u00bb18px\u00bb header_2_font=\u00bb|800|||||||\u00bb header_2_font_size=\u00bb40px\u00bb custom_margin=\u00bb||||false|false\u00bb header_2_font_size_tablet=\u00bb36px\u00bb header_2_font_size_phone=\u00bb30px\u00bb header_2_font_size_last_edited=\u00bbon|phone\u00bb text_orientation_tablet=\u00bbleft\u00bb text_orientation_phone=\u00bbleft\u00bb text_orientation_last_edited=\u00bbon|tablet\u00bb global_colors_info=\u00bb{}\u00bb]<\/p>\n<h2><span>\u2705 <\/span>Que S\u00cd est\u00e1 incluido<\/h2>\n<p>F\u00f3rmula LIBERTAD<\/p>\n<p>[\/et_pb_text][et_pb_text _builder_version=\u00bb4.27.5&#8243; _module_preset=\u00bbdefault\u00bb hover_enabled=\u00bb0&#8243; global_colors_info=\u00bb{}\u00bb sticky_enabled=\u00bb0&#8243;]<\/p>\n<p>\u2705 13 noches en media pensi\u00f3n y en habitaci\u00f3n individual en hoteles de calidad (3 a 5 estrellas) con piscinas mayoritariamente.<\/p>\n<p>\u2705 Seguro sanitario, repatriaci\u00f3n y responsabilidad civil.<\/p>\n<p>\u2705 Aparcamiento en los hoteles.<\/p>\n<p>\u2705 2 d\u00edas en Granada con visita guiada del casco hist\u00f3rico, del Albacyn y espect\u00e1culo de flamenco.<\/p>\n<p>\u2705 2 d\u00edas en C\u00f3rdoba con visita de la mezquita.<\/p>\n<p>\u2705 2 d\u00edas en Sevilla con visita del Alcazar, de la catedral y de la Giralda (seg\u00fan disponibilidad).<\/p>\n<p>\u2705 2 d\u00edas en Lisboa con visita del Castillo de Sintra, de la Torre de Belem, del Barrio de Alfama con una cena y un espect\u00e1culo de fado.<\/p>\n<p>\u2705 Visita del Muelle de las Caravelas en Huelva.<\/p>\n<p>\u2705 Ferry en Lisboa y transbordador en Sevilla.<\/p>\n<p>\u2705 Rutas en formato gpx.<\/p>\n<p>\u2705 Road-book del viaje.<\/p>\n<p>\u2705 Paquete regalo de bienvenida.<\/p>\n<p>&nbsp;<\/p>\n<p>[\/et_pb_text][et_pb_button button_url=\u00bb#apuntarme\u00bb button_text=\u00bbApuntarme\u00bb _builder_version=\u00bb4.27.4&#8243; _module_preset=\u00bbdefault\u00bb custom_button=\u00bbon\u00bb button_text_size=\u00bb14px\u00bb button_letter_spacing=\u00bb1px\u00bb button_font=\u00bb|600||on|||||\u00bb custom_padding=\u00bb15px|30px|15px|30px|true|true\u00bb global_colors_info=\u00bb{}\u00bb][\/et_pb_button][\/et_pb_column][et_pb_column type=\u00bb1_2&#8243; _builder_version=\u00bb4.27.4&#8243; _module_preset=\u00bbdefault\u00bb global_colors_info=\u00bb{}\u00bb][et_pb_text _builder_version=\u00bb4.27.4&#8243; _module_preset=\u00bbdefault\u00bb text_font=\u00bb|600|||||||\u00bb text_font_size=\u00bb18px\u00bb header_2_font=\u00bb|800|||||||\u00bb header_2_font_size=\u00bb40px\u00bb header_2_font_size_tablet=\u00bb36px\u00bb header_2_font_size_phone=\u00bb30px\u00bb header_2_font_size_last_edited=\u00bbon|phone\u00bb text_orientation_tablet=\u00bbleft\u00bb text_orientation_phone=\u00bbleft\u00bb text_orientation_last_edited=\u00bbon|tablet\u00bb global_colors_info=\u00bb{}\u00bb]<\/p>\n<h2><span>\u274c <\/span>Que NO est\u00e1 incluido<\/h2>\n<p>F\u00f3rmula LIBERTAD<\/p>\n<p>[\/et_pb_text][et_pb_text _builder_version=\u00bb4.27.5&#8243; _module_preset=\u00bbdefault\u00bb hover_enabled=\u00bb0&#8243; global_colors_info=\u00bb{}\u00bb sticky_enabled=\u00bb0&#8243;]<\/p>\n<p>\u274c La motocicleta para el viaje (ver el enlace para alquilar una con nuestros socios).<\/p>\n<p>\u274c Los vuelos a\u00e9reos.<\/p>\n<p>\u274c Comida en ruta a medio d\u00eda.<\/p>\n<p>\u274c Bebidas alcoh\u00f3licas o no incluidas en los men\u00fas.<\/p>\n<p>\u274c Propinas.<\/p>\n<p>\u274c Peajes de autopistas (en caso de uso).<\/p>\n<p>\u274c Gasolina.<\/p>\n<p>\u274c Las multas.<\/p>\n<p>\u274c Los transportes p\u00fablicos para ir de los hoteles en el centro de las cuidades o sitios que visitaremos (autobuses en Granada, C\u00f3rdoba, Sevilla, autobuses, trenes y tranv\u00eda en Lisboa).<\/p>\n<p>\u274c Los parkings fuera de los hoteles.<\/p>\n<p>\u274c Cualquier concepto no espicificado en el apartado \u00abel viaje incluye\u00bb.<\/p>\n<p>[\/et_pb_text][\/et_pb_column][\/et_pb_row][\/et_pb_section][et_pb_section fb_built=\u00bb1&#8243; admin_label=\u00bbEnlaces Seguros\u00bb module_id=\u00bbenlaces\u00bb _builder_version=\u00bb4.27.4&#8243; _module_preset=\u00bbdefault\u00bb background_color=\u00bb#F7F7F7&#8243; da_popup_slug=\u00bbenlaces\u00bb da_disable_devices=\u00bboff|off|off\u00bb global_colors_info=\u00bb{}\u00bb da_is_popup=\u00bboff\u00bb da_exit_intent=\u00bboff\u00bb da_has_close=\u00bbon\u00bb da_alt_close=\u00bboff\u00bb da_dark_close=\u00bboff\u00bb da_not_modal=\u00bbon\u00bb da_is_singular=\u00bboff\u00bb da_with_loader=\u00bboff\u00bb da_has_shadow=\u00bbon\u00bb][et_pb_row _builder_version=\u00bb4.27.4&#8243; _module_preset=\u00bbdefault\u00bb global_colors_info=\u00bb{}\u00bb][et_pb_column type=\u00bb4_4&#8243; _builder_version=\u00bb4.27.4&#8243; _module_preset=\u00bbdefault\u00bb global_colors_info=\u00bb{}\u00bb][et_pb_text _builder_version=\u00bb4.27.4&#8243; _module_preset=\u00bbdefault\u00bb text_font=\u00bb|600|||||||\u00bb text_font_size=\u00bb18px\u00bb header_2_font=\u00bb|800|||||||\u00bb header_2_font_size=\u00bb40px\u00bb custom_margin=\u00bb||10px||false|false\u00bb header_2_font_size_tablet=\u00bb36px\u00bb header_2_font_size_phone=\u00bb30px\u00bb header_2_font_size_last_edited=\u00bbon|phone\u00bb text_orientation_tablet=\u00bbleft\u00bb text_orientation_phone=\u00bbleft\u00bb text_orientation_last_edited=\u00bbon|tablet\u00bb global_colors_info=\u00bb{}\u00bb]<\/p>\n<h2>Revisa esto atentamente<\/h2>\n<p>Por si aun no los tienes, aqu\u00ed te dejamos algunos enlaces \u00fatiles que podr\u00edas necesitar.<\/p>\n<p>[\/et_pb_text][\/et_pb_column][\/et_pb_row][et_pb_row column_structure=\u00bb1_3,1_3,1_3&#8243; use_custom_gutter=\u00bbon\u00bb _builder_version=\u00bb4.27.5&#8243; _module_preset=\u00bbdefault\u00bb width=\u00bb90%\u00bb hover_enabled=\u00bb0&#8243; global_colors_info=\u00bb{}\u00bb sticky_enabled=\u00bb0&#8243;][et_pb_column type=\u00bb1_3&#8243; _builder_version=\u00bb4.27.4&#8243; _module_preset=\u00bbdefault\u00bb global_colors_info=\u00bb{}\u00bb][et_pb_blurb title=\u00bbAlquilar una moto\u00bb use_icon=\u00bbon\u00bb font_icon=\u00bb&#xf21c;||fa||900&#8243; icon_color=\u00bb#DBA149&#8243; image_icon_width=\u00bb50px\u00bb icon_alignment=\u00bbleft\u00bb content_max_width=\u00bb100%\u00bb _builder_version=\u00bb4.27.5&#8243; _module_preset=\u00bbdefault\u00bb header_level=\u00bbh3&#8243; header_font=\u00bb|700|||||||\u00bb custom_margin=\u00bb||10px||false|false\u00bb custom_padding=\u00bb20px|20px|20px|20px|true|true\u00bb animation=\u00bboff\u00bb border_radii=\u00bbon|20px|20px|20px|20px\u00bb global_colors_info=\u00bb{}\u00bb background_color__hover=\u00bb#F7F7F7&#8243; background__hover_enabled=\u00bbon|hover\u00bb background_enable_color__hover=\u00bbon\u00bb]<\/p>\n<p><a href=\"https:\/\/www.hertzride.com\/es\/oficinas\/alquiler-de-motos-m%C3%A1laga-734\" target=\"_blank\" rel=\"noopener\">Alquilar con Hertz Ride<\/a><\/p>\n<p><a href=\"https:\/\/www.pautravelmoto.com\/\" target=\"_blank\" rel=\"noopener\">Alquilar con PauTravelMoto<\/a><\/p>\n<p>[\/et_pb_blurb][\/et_pb_column][et_pb_column type=\u00bb1_3&#8243; _builder_version=\u00bb4.27.4&#8243; _module_preset=\u00bbdefault\u00bb global_colors_info=\u00bb{}\u00bb][et_pb_blurb title=\u00bbTransporte de moto\u00bb use_icon=\u00bbon\u00bb font_icon=\u00bb&#xf474;||fa||900&#8243; icon_color=\u00bb#AFCCAC\u00bb image_icon_width=\u00bb50px\u00bb icon_alignment=\u00bbleft\u00bb content_max_width=\u00bb100%\u00bb _builder_version=\u00bb4.27.4&#8243; _module_preset=\u00bbdefault\u00bb header_level=\u00bbh3&#8243; header_font=\u00bb|700|||||||\u00bb custom_margin=\u00bb||10px||false|false\u00bb custom_padding=\u00bb20px|20px|20px|20px|true|true\u00bb animation=\u00bboff\u00bb border_radii=\u00bbon|20px|20px|20px|20px\u00bb global_colors_info=\u00bb{}\u00bb background_color__hover=\u00bb#F7F7F7&#8243; background__hover_enabled=\u00bbon|hover\u00bb background_enable_color__hover=\u00bbon\u00bb]<\/p>\n<p><a href=\"https:\/\/www.eurotransportcar.com\/en\/motorcycle-transport\" target=\"_blank\" rel=\"noopener\">Contratar con Euro Transportcar<\/a><\/p>\n<p><a href=\"https:\/\/www.mototransport.es\/\" target=\"_blank\" rel=\"noopener\">Contratar con Moto Transport<\/a><\/p>\n<p>[\/et_pb_blurb][\/et_pb_column][et_pb_column type=\u00bb1_3&#8243; _builder_version=\u00bb4.27.4&#8243; _module_preset=\u00bbdefault\u00bb global_colors_info=\u00bb{}\u00bb][\/et_pb_column][\/et_pb_row][\/et_pb_section][et_pb_section fb_built=\u00bb1&#8243; admin_label=\u00bbTabla de precios\u00bb _builder_version=\u00bb4.27.4&#8243; _module_preset=\u00bbdefault\u00bb da_disable_devices=\u00bboff|off|off\u00bb global_colors_info=\u00bb{}\u00bb da_is_popup=\u00bboff\u00bb da_exit_intent=\u00bboff\u00bb da_has_close=\u00bbon\u00bb da_alt_close=\u00bboff\u00bb da_dark_close=\u00bboff\u00bb da_not_modal=\u00bbon\u00bb da_is_singular=\u00bboff\u00bb da_with_loader=\u00bboff\u00bb da_has_shadow=\u00bbon\u00bb][et_pb_row column_structure=\u00bb2_3,1_3&#8243; _builder_version=\u00bb4.27.4&#8243; _module_preset=\u00bbdefault\u00bb global_colors_info=\u00bb{}\u00bb][et_pb_column type=\u00bb2_3&#8243; _builder_version=\u00bb4.27.4&#8243; _module_preset=\u00bbdefault\u00bb global_colors_info=\u00bb{}\u00bb][et_pb_text _builder_version=\u00bb4.27.4&#8243; _module_preset=\u00bbdefault\u00bb text_font=\u00bb|600|||||||\u00bb text_font_size=\u00bb18px\u00bb header_2_font=\u00bb|800|||||||\u00bb header_2_font_size=\u00bb40px\u00bb custom_margin=\u00bb||10px||false|false\u00bb header_2_font_size_tablet=\u00bb36px\u00bb header_2_font_size_phone=\u00bb30px\u00bb header_2_font_size_last_edited=\u00bbon|phone\u00bb text_orientation_tablet=\u00bbleft\u00bb text_orientation_phone=\u00bbleft\u00bb text_orientation_last_edited=\u00bbon|tablet\u00bb global_colors_info=\u00bb{}\u00bb]<\/p>\n<h2>Tabla de precios<\/h2>\n<p>Modalidad Acompa\u00f1ado y por Libre<\/p>\n<p>[\/et_pb_text][\/et_pb_column][et_pb_column type=\u00bb1_3&#8243; _builder_version=\u00bb4.27.4&#8243; _module_preset=\u00bbdefault\u00bb global_colors_info=\u00bb{}\u00bb][\/et_pb_column][\/et_pb_row][et_pb_row column_structure=\u00bb1_4,1_4,1_4,1_4&#8243; use_custom_gutter=\u00bbon\u00bb gutter_width=\u00bb2&#8243; make_equal=\u00bbon\u00bb _builder_version=\u00bb4.27.4&#8243; _module_preset=\u00bbdefault\u00bb width=\u00bb90%\u00bb global_colors_info=\u00bb{}\u00bb][et_pb_column type=\u00bb1_4&#8243; _builder_version=\u00bb4.27.4&#8243; _module_preset=\u00bbdefault\u00bb global_colors_info=\u00bb{}\u00bb][et_pb_text _builder_version=\u00bb4.27.5&#8243; _module_preset=\u00bbdefault\u00bb header_3_font=\u00bb|700|||||||\u00bb header_3_font_size=\u00bb18px\u00bb background_color=\u00bbrgba(202,106,75,0.5)\u00bb custom_padding=\u00bb20px|20px|20px|20px|true|true\u00bb border_radii=\u00bbon|20px|20px|20px|20px\u00bb border_width_all=\u00bb1px\u00bb border_color_all=\u00bb#d1d1d1&#8243; global_colors_info=\u00bb{}\u00bb]<\/p>\n<h3>ACOMPA\u00d1ADO<\/h3>\n<p>1 Piloto en habitaci\u00f3n individual<\/p>\n<p><strong><span style=\"color: #993300;\">3.990\u20ac<\/span><\/strong><\/p>\n<p>[\/et_pb_text][et_pb_text _builder_version=\u00bb4.27.5&#8243; _module_preset=\u00bbdefault\u00bb header_3_font=\u00bb|700|||||||\u00bb header_3_font_size=\u00bb18px\u00bb background_color=\u00bbrgba(202,106,75,0.5)\u00bb custom_padding=\u00bb20px|20px|20px|20px|true|true\u00bb border_radii=\u00bbon|20px|20px|20px|20px\u00bb border_width_all=\u00bb1px\u00bb border_color_all=\u00bb#d1d1d1&#8243; global_colors_info=\u00bb{}\u00bb]<\/p>\n<h3>Extra<\/h3>\n<p>1 Noche adicional en media pensi\u00f3n (noche previa al viaje)<\/p>\n<p><strong><span style=\"color: #993300;\">200\u20ac<\/span><\/strong><\/p>\n<p>[\/et_pb_text][\/et_pb_column][et_pb_column type=\u00bb1_4&#8243; _builder_version=\u00bb4.27.4&#8243; _module_preset=\u00bbdefault\u00bb global_colors_info=\u00bb{}\u00bb][et_pb_text _builder_version=\u00bb4.27.5&#8243; _module_preset=\u00bbdefault\u00bb header_3_font=\u00bb|700|||||||\u00bb header_3_font_size=\u00bb18px\u00bb background_color=\u00bbrgba(202,106,75,0.5)\u00bb custom_padding=\u00bb20px|20px|20px|20px|true|true\u00bb border_radii=\u00bbon|20px|20px|20px|20px\u00bb border_width_all=\u00bb1px\u00bb border_color_all=\u00bb#d1d1d1&#8243; global_colors_info=\u00bb{}\u00bb]<\/p>\n<h3>ACOMPA\u00d1ADO<\/h3>\n<p>1 Piloto + 1 acompa\u00f1ante en habitaci\u00f3n compartida<\/p>\n<p><strong><span style=\"color: #993300;\">5.290\u20ac<\/span><\/strong><\/p>\n<p>[\/et_pb_text][et_pb_text _builder_version=\u00bb4.27.5&#8243; _module_preset=\u00bbdefault\u00bb header_3_font=\u00bb|700|||||||\u00bb header_3_font_size=\u00bb18px\u00bb background_color=\u00bbrgba(202,106,75,0.5)\u00bb custom_padding=\u00bb20px|20px|20px|20px|true|true\u00bb border_radii=\u00bbon|20px|20px|20px|20px\u00bb border_width_all=\u00bb1px\u00bb border_color_all=\u00bb#d1d1d1&#8243; global_colors_info=\u00bb{}\u00bb]<\/p>\n<h3>Extra<\/h3>\n<p>1 Noche adicional en media pensi\u00f3n (noche previa al viaje)<\/p>\n<p><strong><span style=\"color: #993300;\">250\u20ac<\/span><\/strong><\/p>\n<p>[\/et_pb_text][\/et_pb_column][et_pb_column type=\u00bb1_4&#8243; _builder_version=\u00bb4.27.4&#8243; _module_preset=\u00bbdefault\u00bb global_colors_info=\u00bb{}\u00bb][et_pb_text _builder_version=\u00bb4.27.5&#8243; _module_preset=\u00bbdefault\u00bb header_3_font=\u00bb|700|||||||\u00bb header_3_font_size=\u00bb18px\u00bb background_color=\u00bbrgba(219,161,73,0.6)\u00bb custom_padding=\u00bb20px|20px|20px|20px|true|true\u00bb border_radii=\u00bbon|20px|20px|20px|20px\u00bb border_width_all=\u00bb1px\u00bb border_color_all=\u00bb#d1d1d1&#8243; global_colors_info=\u00bb{}\u00bb]<\/p>\n<h3>LIBERTAD<\/h3>\n<p>1 Piloto en habitaci\u00f3n individual<\/p>\n<p><strong><span style=\"color: #993300;\">3.790\u20ac<\/span><\/strong><\/p>\n<p>[\/et_pb_text][et_pb_text _builder_version=\u00bb4.27.5&#8243; _module_preset=\u00bbdefault\u00bb header_3_font=\u00bb|700|||||||\u00bb header_3_font_size=\u00bb18px\u00bb background_color=\u00bbrgba(219,161,73,0.6)\u00bb custom_padding=\u00bb20px|20px|20px|20px|true|true\u00bb border_radii=\u00bbon|20px|20px|20px|20px\u00bb border_width_all=\u00bb1px\u00bb border_color_all=\u00bb#d1d1d1&#8243; global_colors_info=\u00bb{}\u00bb]<\/p>\n<h3>Extra<\/h3>\n<p>1 Noche adicional en media pensi\u00f3n (noche previa al viaje)<\/p>\n<p><strong><span style=\"color: #993300;\">200\u20ac<\/span><\/strong><\/p>\n<p>[\/et_pb_text][\/et_pb_column][et_pb_column type=\u00bb1_4&#8243; _builder_version=\u00bb4.27.4&#8243; _module_preset=\u00bbdefault\u00bb global_colors_info=\u00bb{}\u00bb][et_pb_text _builder_version=\u00bb4.27.5&#8243; _module_preset=\u00bbdefault\u00bb header_3_font=\u00bb|700|||||||\u00bb header_3_font_size=\u00bb18px\u00bb background_color=\u00bbrgba(219,161,73,0.6)\u00bb custom_padding=\u00bb20px|20px|20px|20px|true|true\u00bb border_radii=\u00bbon|20px|20px|20px|20px\u00bb border_width_all=\u00bb1px\u00bb border_color_all=\u00bb#d1d1d1&#8243; global_colors_info=\u00bb{}\u00bb]<\/p>\n<h3>LIBERTAD<\/h3>\n<p>1 Piloto + 1 acompa\u00f1ante en habitaci\u00f3n compartida<\/p>\n<p><strong><span style=\"color: #993300;\">5.090\u20ac<\/span><\/strong><\/p>\n<p>[\/et_pb_text][et_pb_text _builder_version=\u00bb4.27.5&#8243; _module_preset=\u00bbdefault\u00bb header_3_font=\u00bb|700|||||||\u00bb header_3_font_size=\u00bb18px\u00bb background_color=\u00bbrgba(219,161,73,0.6)\u00bb custom_padding=\u00bb20px|20px|20px|20px|true|true\u00bb border_radii=\u00bbon|20px|20px|20px|20px\u00bb border_width_all=\u00bb1px\u00bb border_color_all=\u00bb#d1d1d1&#8243; global_colors_info=\u00bb{}\u00bb]<\/p>\n<h3>Extra<\/h3>\n<p>1 Noche adicional en media pensi\u00f3n (noche previa al viaje)<\/p>\n<p><strong><span style=\"color: #993300;\">250\u20ac<\/span><\/strong><\/p>\n<p>[\/et_pb_text][\/et_pb_column][\/et_pb_row][\/et_pb_section][et_pb_section fb_built=\u00bb1&#8243; admin_label=\u00bbCTA Ap\u00fantate\u00bb _builder_version=\u00bb4.27.4&#8243; _module_preset=\u00bbdefault\u00bb background_color=\u00bbrgba(219,161,73,0.3)\u00bb width=\u00bb95%\u00bb max_width=\u00bb1500px\u00bb module_alignment=\u00bbcenter\u00bb custom_margin=\u00bb100px||100px||true|false\u00bb da_disable_devices=\u00bboff|off|off\u00bb border_width_all=\u00bb6px\u00bb border_color_all=\u00bb#B94E40&#8243; border_style_all=\u00bbdashed\u00bb global_colors_info=\u00bb{}\u00bb da_is_popup=\u00bboff\u00bb da_exit_intent=\u00bboff\u00bb da_has_close=\u00bbon\u00bb da_alt_close=\u00bboff\u00bb da_dark_close=\u00bboff\u00bb da_not_modal=\u00bbon\u00bb da_is_singular=\u00bboff\u00bb da_with_loader=\u00bboff\u00bb da_has_shadow=\u00bbon\u00bb][et_pb_row module_id=\u00bbapuntarme\u00bb _builder_version=\u00bb4.27.4&#8243; _module_preset=\u00bbdefault\u00bb width=\u00bb95%\u00bb global_colors_info=\u00bb{}\u00bb][et_pb_column type=\u00bb4_4&#8243; _builder_version=\u00bb4.27.4&#8243; _module_preset=\u00bbdefault\u00bb global_colors_info=\u00bb{}\u00bb][et_pb_text _builder_version=\u00bb4.27.4&#8243; _module_preset=\u00bbdefault\u00bb text_font=\u00bb|600|||||||\u00bb text_font_size=\u00bb18px\u00bb header_2_font=\u00bb|800|||||||\u00bb header_2_font_size=\u00bb40px\u00bb custom_margin=\u00bb||||false|false\u00bb header_2_font_size_tablet=\u00bb36px\u00bb header_2_font_size_phone=\u00bb30px\u00bb header_2_font_size_last_edited=\u00bbon|phone\u00bb text_orientation_tablet=\u00bbleft\u00bb text_orientation_phone=\u00bbcenter\u00bb text_orientation_last_edited=\u00bbon|tablet\u00bb global_colors_info=\u00bb{}\u00bb]<\/p>\n<h2>Ap\u00fantate ya a esta aventura<\/h2>\n<p>Elige tu modalidad y l\u00e1nzate a descubrir esta incre\u00edble ruta<\/p>\n<p>[\/et_pb_text][\/et_pb_column][\/et_pb_row][et_pb_row column_structure=\u00bb3_5,2_5&#8243; use_custom_gutter=\u00bbon\u00bb gutter_width=\u00bb2&#8243; _builder_version=\u00bb4.27.4&#8243; _module_preset=\u00bbdefault\u00bb width=\u00bb95%\u00bb global_colors_info=\u00bb{}\u00bb][et_pb_column type=\u00bb3_5&#8243; _builder_version=\u00bb4.27.4&#8243; _module_preset=\u00bbdefault\u00bb background_color=\u00bbrgba(175,204,172,0.7)\u00bb custom_padding=\u00bb15px|15px|15px|15px|true|true\u00bb border_radii=\u00bbon|20px|20px|20px|20px\u00bb global_colors_info=\u00bb{}\u00bb][et_pb_text _builder_version=\u00bb4.27.4&#8243; _module_preset=\u00bbdefault\u00bb header_3_font=\u00bb|700|||||||\u00bb text_orientation_tablet=\u00bb\u00bb text_orientation_phone=\u00bbcenter\u00bb text_orientation_last_edited=\u00bbon|phone\u00bb global_colors_info=\u00bb{}\u00bb]<\/p>\n<h3>Modalidad ACOMPA\u00d1ADO<\/h3>\n<p><strong>Haz clic en la fecha<\/strong> que desees para realizar el viaje acompa\u00f1ado.<\/p>\n<p>[\/et_pb_text][et_pb_code _builder_version=\u00bb4.27.4&#8243; _module_preset=\u00bbdefault\u00bb custom_css_free_form=\u00bb\/* Contenedor principal *\/||.listado-productos-acompanados-and9 {||    display: flex;||    flex-direction: column;||    gap: 12px;||}||||\/* Estilo para cada l\u00ednea de producto (el enlace clicable) *\/||.producto-linea {||    display: flex;||    justify-content: space-between; \/* Distribuye los 3 elementos *\/||    align-items: center;||    text-decoration: none;||    color: #333;||    ||    \/* Fondo limpio y bordes redondeados *\/||    background-color: #f7f7f7; ||    border-radius: 10px; \/* Bordes redondeados *\/||    padding: 15px 25px;||    box-shadow: 0 1px 3px rgba(0, 0, 0, 0.05); \/* Sombra muy suave *\/||    transition: background-color 0.2s ease, box-shadow 0.2s ease;||}||||\/* Interacci\u00f3n al pasar el rat\u00f3n (Hover) *\/||.producto-linea:hover {||    background-color: #fff; \/* Se pone blanco *\/||    box-shadow: 0 4px 10px rgba(0, 0, 0, 0.1); \/* Sombra m\u00e1s pronunciada *\/||    cursor: pointer;||}||||\/* Estilos de los elementos internos *\/||.linea-titulo {||    font-weight: 700;||    flex-basis: 40%; \/* Ocupa m\u00e1s espacio *\/||    color: #333;||    padding-right: 15px;||}||||.linea-fecha {||    flex-basis: 30%; \/* Espacio para la fecha *\/||    text-align: center;||    font-size: 0.95em;||    color: #555;||    white-space: nowrap;||}||||.linea-disponibilidad {||    flex-basis: 30%; \/* Espacio para la disponibilidad *\/||    text-align: right;||    font-weight: 600;||    font-size: 0.95em;||    white-space: nowrap;||}||||\/* Colores para los \u00edconos *\/||.linea-icono-pin, .linea-icono-calendar, .linea-icono-check {||    margin-right: 8px;||    font-size: 1.1em;||}||.linea-icono-pin {||    color: #b94e40; \/* Color destacado para el pin *\/||}||||\/* Estilos de disponibilidad (como se ve en la captura: verde para disponible) *\/||.linea-disponibilidad.disponible {||    color: #28a745; \/* Verde para disponible *\/||}||||.linea-disponibilidad.agotado {||    color: #b94e40; \/* Usar el color destacado para agotado *\/||}||||\/* Responsive: Apilar en pantallas peque\u00f1as *\/||@media (max-width: 768px) {||    .producto-linea {||        flex-direction: column;||        align-items: flex-start;||        padding: 10px 15px;||    }||||    .linea-titulo, .linea-fecha, .linea-disponibilidad {||        flex-basis: 100%;||        width: 100%;||        text-align: left;||        margin-bottom: 5px;||        padding-right: 0;||    }||}||||\/* A\u00f1ade un margen inferior a cada elemento del viaje para separarlos *\/||.producto-linea {||    margin-bottom: 15px; \/* Ajusta este valor (15px) a tu gusto *\/||    border-bottom: 1px solid #eee; \/* Opcional: a\u00f1ade una l\u00ednea divisoria suave *\/||    padding-bottom: 15px; \/* Asegura que el contenido no toque la l\u00ednea divisoria *\/||}||||\/* Opcional: Eliminar el margen y la l\u00ednea divisoria del \u00faltimo elemento para que no quede espacio extra al final *\/||.producto-linea:last-child {||    margin-bottom: 0;||    border-bottom: none;||    padding-bottom: 10;||}||\u00bb global_colors_info=\u00bb{}\u00bb]<div class=\"listado-productos-ruta listado-andport14\"><a href=\"https:\/\/rutasmototours.com\/es_es\/andport14-acompanado-del-03-al-16-de-octubre-de-2026\/\" class=\"producto-linea\">    <span class=\"linea-titulo\">        <span class=\"linea-icono-pin\">\ud83d\udccd<\/span>Andaluc\u00eda, Algarve y Alentejo en 14 d\u00edas    <\/span>    <span class=\"linea-fecha\">        <span class=\"linea-icono-calendar\">\ud83d\uddd3\ufe0f<\/span>03 de octubre 2026    <\/span>    <span class=\"linea-disponibilidad agotado\">        <span class=\"linea-icono-check\">\u274c<\/span>Plazas agotadas    <\/span><\/a><\/div>[\/et_pb_code][\/et_pb_column][et_pb_column type=\u00bb2_5&#8243; _builder_version=\u00bb4.27.4&#8243; _module_preset=\u00bbdefault\u00bb background_color=\u00bbrgba(175,204,172,0.7)\u00bb custom_padding=\u00bb15px|15px|15px|15px|true|true\u00bb border_radii=\u00bbon|20px|20px|20px|20px\u00bb global_colors_info=\u00bb{}\u00bb][et_pb_blurb title=\u00bbModalidad LIBERTAD\u00bb alt=\u00bbruta en moto vuelta de andalucia en 9 dias\u00bb content_max_width=\u00bb100%\u00bb _builder_version=\u00bb4.27.4&#8243; _module_preset=\u00bbdefault\u00bb header_level=\u00bbh3&#8243; header_font=\u00bb|700|||||||\u00bb custom_margin=\u00bb||10px||false|false\u00bb animation=\u00bboff\u00bb text_orientation_tablet=\u00bb\u00bb text_orientation_phone=\u00bbcenter\u00bb text_orientation_last_edited=\u00bbon|phone\u00bb border_radii_image=\u00bbon|20px|20px|20px|20px\u00bb global_colors_info=\u00bb{}\u00bb]<\/p>\n<p>Escoge esta opci\u00f3n si queires realizar el viaje en la modalidad libre y a tu ritmo.<\/p>\n<p>[\/et_pb_blurb][et_pb_button button_url=\u00bbhttps:\/\/rutasmototours.com\/producto\/andport14-andalucia-algarve-y-alentejo-en-14-dias-libre\/\u00bb button_text=\u00bbApuntarme en Libre\u00bb button_alignment=\u00bbcenter\u00bb _builder_version=\u00bb4.27.4&#8243; _module_preset=\u00bbdefault\u00bb custom_button=\u00bbon\u00bb button_text_size=\u00bb14px\u00bb button_text_color=\u00bb#000000&#8243; button_bg_color=\u00bb#FFFFFF\u00bb button_border_width=\u00bb0px\u00bb button_border_radius=\u00bb10px\u00bb button_font=\u00bb|600||on|||||\u00bb custom_margin=\u00bb||||false|false\u00bb custom_padding=\u00bb15px|35px|15px|35px|true|true\u00bb custom_css_main_element=\u00bbwidth: 100%;\u00bb global_colors_info=\u00bb{}\u00bb][\/et_pb_button][\/et_pb_column][\/et_pb_row][\/et_pb_section][et_pb_section fb_built=\u00bb1&#8243; admin_label=\u00bbItinerario\u00bb module_id=\u00bbitinerario\u00bb _builder_version=\u00bb4.27.4&#8243; _module_preset=\u00bbdefault\u00bb background_color=\u00bb#F7F7F7&#8243; da_popup_slug=\u00bbitinerario\u00bb da_disable_devices=\u00bboff|off|off\u00bb global_colors_info=\u00bb{}\u00bb da_is_popup=\u00bboff\u00bb da_exit_intent=\u00bboff\u00bb da_has_close=\u00bbon\u00bb da_alt_close=\u00bboff\u00bb da_dark_close=\u00bboff\u00bb da_not_modal=\u00bbon\u00bb da_is_singular=\u00bboff\u00bb da_with_loader=\u00bboff\u00bb da_has_shadow=\u00bbon\u00bb][et_pb_row _builder_version=\u00bb4.27.4&#8243; _module_preset=\u00bbdefault\u00bb global_colors_info=\u00bb{}\u00bb][et_pb_column type=\u00bb4_4&#8243; _builder_version=\u00bb4.27.4&#8243; _module_preset=\u00bbdefault\u00bb global_colors_info=\u00bb{}\u00bb][et_pb_text _builder_version=\u00bb4.27.4&#8243; _module_preset=\u00bbdefault\u00bb text_font=\u00bb|600|||||||\u00bb text_font_size=\u00bb18px\u00bb header_2_font=\u00bb|800|||||||\u00bb header_2_font_size=\u00bb40px\u00bb custom_margin=\u00bb||||false|false\u00bb header_2_font_size_tablet=\u00bb36px\u00bb header_2_font_size_phone=\u00bb30px\u00bb header_2_font_size_last_edited=\u00bbon|phone\u00bb text_orientation_tablet=\u00bbleft\u00bb text_orientation_phone=\u00bbleft\u00bb text_orientation_last_edited=\u00bbon|tablet\u00bb global_colors_info=\u00bb{}\u00bb]<\/p>\n<h2>Itinerario<\/h2>\n<p>Descripci\u00f3n de las etapas<\/p>\n<p>[\/et_pb_text][\/et_pb_column][\/et_pb_row][et_pb_row column_structure=\u00bb1_3,1_3,1_3&#8243; use_custom_gutter=\u00bbon\u00bb gutter_width=\u00bb2&#8243; _builder_version=\u00bb4.27.4&#8243; _module_preset=\u00bbdefault\u00bb width=\u00bb90%\u00bb global_colors_info=\u00bb{}\u00bb][et_pb_column type=\u00bb1_3&#8243; _builder_version=\u00bb4.27.4&#8243; _module_preset=\u00bbdefault\u00bb global_colors_info=\u00bb{}\u00bb][et_pb_text _builder_version=\u00bb4.27.4&#8243; _module_preset=\u00bbdefault\u00bb text_font=\u00bb|600|||||||\u00bb header_2_font=\u00bb|800|||||||\u00bb header_2_font_size=\u00bb40px\u00bb header_3_font=\u00bb|700|||||||\u00bb background_color=\u00bb#FFFFFF\u00bb custom_margin=\u00bb||10px||false|false\u00bb custom_padding=\u00bb20px|20px|20px|20px|true|true\u00bb header_2_font_size_tablet=\u00bb36px\u00bb header_2_font_size_phone=\u00bb30px\u00bb header_2_font_size_last_edited=\u00bbon|phone\u00bb text_orientation_tablet=\u00bbleft\u00bb text_orientation_phone=\u00bbleft\u00bb text_orientation_last_edited=\u00bbon|tablet\u00bb border_radii=\u00bbon|5px|5px|5px|5px\u00bb global_colors_info=\u00bb{}\u00bb]<\/p>\n<h3>D\u00eda 0<\/h3>\n<p><em>(S\u00f3lo para los participantes que eligen una noche adicional)<\/em><\/p>\n<ul>\n<li>Llegada en MALAGA y check in al hotel (Holiday Inn Express Malaga Airport o equivalente)<\/li>\n<li>Bienvenida a los participantes<\/li>\n<li>Entrega del expediente del viaje<\/li>\n<li>Reuni\u00f3n de bienvenida con explicaci\u00f3n informativa de todos los aspectos del tour<\/li>\n<li>Cena al hotel<\/li>\n<\/ul>\n<p>[\/et_pb_text][\/et_pb_column][et_pb_column type=\u00bb1_3&#8243; _builder_version=\u00bb4.27.4&#8243; _module_preset=\u00bbdefault\u00bb global_colors_info=\u00bb{}\u00bb][et_pb_text _builder_version=\u00bb4.27.4&#8243; _module_preset=\u00bbdefault\u00bb text_font=\u00bb|600|||||||\u00bb header_2_font=\u00bb|800|||||||\u00bb header_2_font_size=\u00bb40px\u00bb header_3_font=\u00bb|700|||||||\u00bb background_color=\u00bb#FFFFFF\u00bb custom_margin=\u00bb||10px||false|false\u00bb custom_padding=\u00bb20px|20px|20px|20px|true|true\u00bb header_2_font_size_tablet=\u00bb36px\u00bb header_2_font_size_phone=\u00bb30px\u00bb header_2_font_size_last_edited=\u00bbon|phone\u00bb text_orientation_tablet=\u00bbleft\u00bb text_orientation_phone=\u00bbleft\u00bb text_orientation_last_edited=\u00bbon|tablet\u00bb border_radii=\u00bbon|5px|5px|5px|5px\u00bb global_colors_info=\u00bb{}\u00bb]<\/p>\n<h3>D\u00eda 1 &#8211; 240Km<\/h3>\n<p><span style=\"color: #993300;\"><strong>05h30 &#8211; Moderado<\/strong><\/span><\/p>\n<ul>\n<li>Desayuno en el hotel<em> (S\u00f3lo para quienes tienen una noche adicional)<\/em><\/li>\n<li>Instrucciones del d\u00eda<\/li>\n<li>Punto de encuentro al hotel Holiday Inn Express M\u00e1laga Airport.<\/li>\n<li>Reuni\u00f3n de bienvenida con explicaci\u00f3n informativa de todos los aspectos del tour y instrucciones del d\u00eda<\/li>\n<li>Ruta de M\u00e1laga hasta Granada<\/li>\n<li>Parque natural de las Sierras de Tejeda, Almijara y Alhama<\/li>\n<li>Ruta costera<\/li>\n<li>Ruta de las cabras<\/li>\n<li>Check in al hotel (Gran Hotel Luna de Granada o equivalente).<\/li>\n<li>Visita libre de Granada<\/li>\n<li>Cena al hotel<\/li>\n<\/ul>\n<p>[\/et_pb_text][\/et_pb_column][et_pb_column type=\u00bb1_3&#8243; _builder_version=\u00bb4.27.4&#8243; _module_preset=\u00bbdefault\u00bb global_colors_info=\u00bb{}\u00bb][et_pb_text _builder_version=\u00bb4.27.4&#8243; _module_preset=\u00bbdefault\u00bb text_font=\u00bb|600|||||||\u00bb header_2_font=\u00bb|800|||||||\u00bb header_2_font_size=\u00bb40px\u00bb header_3_font=\u00bb|700|||||||\u00bb background_color=\u00bb#FFFFFF\u00bb custom_margin=\u00bb||10px||false|false\u00bb custom_padding=\u00bb20px|20px|20px|20px|true|true\u00bb header_2_font_size_tablet=\u00bb36px\u00bb header_2_font_size_phone=\u00bb30px\u00bb header_2_font_size_last_edited=\u00bbon|phone\u00bb text_orientation_tablet=\u00bbleft\u00bb text_orientation_phone=\u00bbleft\u00bb text_orientation_last_edited=\u00bbon|tablet\u00bb border_radii=\u00bbon|5px|5px|5px|5px\u00bb global_colors_info=\u00bb{}\u00bb]<\/p>\n<h3>D\u00eda 2<\/h3>\n<p><span style=\"color: #993300;\"><strong>D\u00eda de descanso<\/strong><\/span><\/p>\n<ul>\n<li>Desayuno en el hotel<\/li>\n<li>Instrucciones del d\u00eda<\/li>\n<li>Visita guiada del casco historico y del Albaicyn.<\/li>\n<li>Espect\u00e1culo de Flamenco en el Sacromonte<\/li>\n<li>Cena fuera del hotel (Gran Hotel Luna de Granada o equivalente)<\/li>\n<\/ul>\n<p>[\/et_pb_text][\/et_pb_column][\/et_pb_row][et_pb_row column_structure=\u00bb1_3,1_3,1_3&#8243; use_custom_gutter=\u00bbon\u00bb gutter_width=\u00bb2&#8243; _builder_version=\u00bb4.27.4&#8243; _module_preset=\u00bbdefault\u00bb width=\u00bb90%\u00bb global_colors_info=\u00bb{}\u00bb][et_pb_column type=\u00bb1_3&#8243; _builder_version=\u00bb4.27.4&#8243; _module_preset=\u00bbdefault\u00bb global_colors_info=\u00bb{}\u00bb][et_pb_text _builder_version=\u00bb4.27.4&#8243; _module_preset=\u00bbdefault\u00bb text_font=\u00bb|600|||||||\u00bb header_2_font=\u00bb|800|||||||\u00bb header_2_font_size=\u00bb40px\u00bb header_3_font=\u00bb|700|||||||\u00bb background_color=\u00bb#FFFFFF\u00bb custom_margin=\u00bb||10px||false|false\u00bb custom_padding=\u00bb20px|20px|20px|20px|true|true\u00bb header_2_font_size_tablet=\u00bb36px\u00bb header_2_font_size_phone=\u00bb30px\u00bb header_2_font_size_last_edited=\u00bbon|phone\u00bb text_orientation_tablet=\u00bbleft\u00bb text_orientation_phone=\u00bbleft\u00bb text_orientation_last_edited=\u00bbon|tablet\u00bb border_radii=\u00bbon|5px|5px|5px|5px\u00bb global_colors_info=\u00bb{}\u00bb]<\/p>\n<h3>D\u00eda 3 &#8211; 300 km<\/h3>\n<p><span style=\"color: #993300;\"><strong>06h00 &#8211; Moderado<\/strong><\/span><\/p>\n<ul>\n<li>Desayuno en el hotel<\/li>\n<li>Instrucciones del d\u00eda<\/li>\n<li>Ruta de Granada hasta San Jos\u00e9<\/li>\n<li>Alpujarras<\/li>\n<li>Cabo de Gata<\/li>\n<li>Check in al hotel (Alove o equivalente)<\/li>\n<li>Visita libre de San Jos\u00e9<\/li>\n<li>Cena al hotel<\/li>\n<\/ul>\n<p>[\/et_pb_text][\/et_pb_column][et_pb_column type=\u00bb1_3&#8243; _builder_version=\u00bb4.27.4&#8243; _module_preset=\u00bbdefault\u00bb global_colors_info=\u00bb{}\u00bb][et_pb_text _builder_version=\u00bb4.27.4&#8243; _module_preset=\u00bbdefault\u00bb text_font=\u00bb|600|||||||\u00bb header_2_font=\u00bb|800|||||||\u00bb header_2_font_size=\u00bb40px\u00bb header_3_font=\u00bb|700|||||||\u00bb background_color=\u00bb#FFFFFF\u00bb custom_margin=\u00bb||10px||false|false\u00bb custom_padding=\u00bb20px|20px|20px|20px|true|true\u00bb header_2_font_size_tablet=\u00bb36px\u00bb header_2_font_size_phone=\u00bb30px\u00bb header_2_font_size_last_edited=\u00bbon|phone\u00bb text_orientation_tablet=\u00bbleft\u00bb text_orientation_phone=\u00bbleft\u00bb text_orientation_last_edited=\u00bbon|tablet\u00bb border_radii=\u00bbon|5px|5px|5px|5px\u00bb global_colors_info=\u00bb{}\u00bb]<\/p>\n<h3>D\u00eda 4 &#8211; 325 km<\/h3>\n<p><span style=\"color: #993300;\"><strong>05h30 &#8211; Moderado<\/strong><\/span><\/p>\n<ul>\n<li>Desayuno en el hotel<\/li>\n<li>Instrucciones del d\u00eda<\/li>\n<li>Ruta de San Jos\u00e9 hasta Cazorla<\/li>\n<li>Desierto de Tabernas<\/li>\n<li>Parque natural de la Sierra de Baza<\/li>\n<li>Check in al hotel (Hotel La Finca de Mercedes o equivalente)<\/li>\n<li>Visita libre de Cazorla<\/li>\n<li>Cena al hotel<\/li>\n<\/ul>\n<p>[\/et_pb_text][\/et_pb_column][et_pb_column type=\u00bb1_3&#8243; _builder_version=\u00bb4.27.4&#8243; _module_preset=\u00bbdefault\u00bb global_colors_info=\u00bb{}\u00bb][et_pb_text _builder_version=\u00bb4.27.4&#8243; _module_preset=\u00bbdefault\u00bb text_font=\u00bb|600|||||||\u00bb header_2_font=\u00bb|800|||||||\u00bb header_2_font_size=\u00bb40px\u00bb header_3_font=\u00bb|700|||||||\u00bb background_color=\u00bb#FFFFFF\u00bb custom_margin=\u00bb||10px||false|false\u00bb custom_padding=\u00bb20px|20px|20px|20px|true|true\u00bb header_2_font_size_tablet=\u00bb36px\u00bb header_2_font_size_phone=\u00bb30px\u00bb header_2_font_size_last_edited=\u00bbon|phone\u00bb text_orientation_tablet=\u00bbleft\u00bb text_orientation_phone=\u00bbleft\u00bb text_orientation_last_edited=\u00bbon|tablet\u00bb border_radii=\u00bbon|5px|5px|5px|5px\u00bb global_colors_info=\u00bb{}\u00bb]<\/p>\n<h3>D\u00eda 5 &#8211; 300 km<\/h3>\n<p><span style=\"color: #993300;\"><strong>05h30 &#8211; Moderado<\/strong><\/span><\/p>\n<ul>\n<li>Desayuno en el hotel<\/li>\n<li>Instrucciones del d\u00eda<\/li>\n<li>Ruta de Cazorla hasta C\u00f3rdoba<\/li>\n<li>Parque natural de las Sierras de Cazorla, Segura y Las Villas<\/li>\n<li>Check in al hotel (Hotel Exe Las Adelfas o equivalente)<\/li>\n<li>Cena al hotel<\/li>\n<\/ul>\n<p>[\/et_pb_text][\/et_pb_column][\/et_pb_row][et_pb_row column_structure=\u00bb1_3,1_3,1_3&#8243; use_custom_gutter=\u00bbon\u00bb gutter_width=\u00bb2&#8243; _builder_version=\u00bb4.27.4&#8243; _module_preset=\u00bbdefault\u00bb width=\u00bb90%\u00bb global_colors_info=\u00bb{}\u00bb][et_pb_column type=\u00bb1_3&#8243; _builder_version=\u00bb4.27.4&#8243; _module_preset=\u00bbdefault\u00bb global_colors_info=\u00bb{}\u00bb][et_pb_text _builder_version=\u00bb4.27.4&#8243; _module_preset=\u00bbdefault\u00bb text_font=\u00bb|600|||||||\u00bb header_2_font=\u00bb|800|||||||\u00bb header_2_font_size=\u00bb40px\u00bb header_3_font=\u00bb|700|||||||\u00bb background_color=\u00bb#FFFFFF\u00bb custom_margin=\u00bb||10px||false|false\u00bb custom_padding=\u00bb20px|20px|20px|20px|true|true\u00bb header_2_font_size_tablet=\u00bb36px\u00bb header_2_font_size_phone=\u00bb30px\u00bb header_2_font_size_last_edited=\u00bbon|phone\u00bb text_orientation_tablet=\u00bbleft\u00bb text_orientation_phone=\u00bbleft\u00bb text_orientation_last_edited=\u00bbon|tablet\u00bb border_radii=\u00bbon|5px|5px|5px|5px\u00bb global_colors_info=\u00bb{}\u00bb]<\/p>\n<h3>D\u00eda 6<\/h3>\n<p><span style=\"color: #993300;\"><strong>D\u00eda de descanso<\/strong><\/span><\/p>\n<ul>\n<li>Desayuno en el hotel<\/li>\n<li>Instrucciones del d\u00eda<\/li>\n<li>Visita de la mezquita, de los ba\u00f1os \u00e1rabes y de la Bell Tower<\/li>\n<li>Visita libre del casco hist\u00f3rico<\/li>\n<li>Cena en el hotel (Hotel Exe Las Adelfas o equivalente)<\/li>\n<\/ul>\n<p>[\/et_pb_text][\/et_pb_column][et_pb_column type=\u00bb1_3&#8243; _builder_version=\u00bb4.27.4&#8243; _module_preset=\u00bbdefault\u00bb global_colors_info=\u00bb{}\u00bb][et_pb_text _builder_version=\u00bb4.27.4&#8243; _module_preset=\u00bbdefault\u00bb text_font=\u00bb|600|||||||\u00bb header_2_font=\u00bb|800|||||||\u00bb header_2_font_size=\u00bb40px\u00bb header_3_font=\u00bb|700|||||||\u00bb background_color=\u00bb#FFFFFF\u00bb custom_margin=\u00bb||10px||false|false\u00bb custom_padding=\u00bb20px|20px|20px|20px|true|true\u00bb header_2_font_size_tablet=\u00bb36px\u00bb header_2_font_size_phone=\u00bb30px\u00bb header_2_font_size_last_edited=\u00bbon|phone\u00bb text_orientation_tablet=\u00bbleft\u00bb text_orientation_phone=\u00bbleft\u00bb text_orientation_last_edited=\u00bbon|tablet\u00bb border_radii=\u00bbon|5px|5px|5px|5px\u00bb global_colors_info=\u00bb{}\u00bb]<\/p>\n<h3>D\u00eda 7 &#8211; 240 km<\/h3>\n<p><span style=\"color: #993300;\"><strong>05h00 &#8211; F\u00e1cil<\/strong><\/span><\/p>\n<ul>\n<li>Desayuno en el hotel<\/li>\n<li>Instrucciones del d\u00eda<\/li>\n<li>Ruta de C\u00f3rdoba hasta Sevilla<\/li>\n<li>Parque natural de la Sierra de Hornacheulos<\/li>\n<li>Parque natural de la Sierra Morena de Sevilla<\/li>\n<li>Check in al hotel (Hotel Monteolivos o equivalente)<\/li>\n<li>Visita libre de Sevilla<\/li>\n<li>Cena al hotel<\/li>\n<\/ul>\n<p>[\/et_pb_text][\/et_pb_column][et_pb_column type=\u00bb1_3&#8243; _builder_version=\u00bb4.27.4&#8243; _module_preset=\u00bbdefault\u00bb global_colors_info=\u00bb{}\u00bb][et_pb_text _builder_version=\u00bb4.27.4&#8243; _module_preset=\u00bbdefault\u00bb text_font=\u00bb|600|||||||\u00bb header_2_font=\u00bb|800|||||||\u00bb header_2_font_size=\u00bb40px\u00bb header_3_font=\u00bb|700|||||||\u00bb background_color=\u00bb#FFFFFF\u00bb custom_margin=\u00bb||10px||false|false\u00bb custom_padding=\u00bb20px|20px|20px|20px|true|true\u00bb header_2_font_size_tablet=\u00bb36px\u00bb header_2_font_size_phone=\u00bb30px\u00bb header_2_font_size_last_edited=\u00bbon|phone\u00bb text_orientation_tablet=\u00bbleft\u00bb text_orientation_phone=\u00bbleft\u00bb text_orientation_last_edited=\u00bbon|tablet\u00bb border_radii=\u00bbon|5px|5px|5px|5px\u00bb global_colors_info=\u00bb{}\u00bb]<\/p>\n<h3>D\u00eda 8<\/h3>\n<p><span style=\"color: #993300;\"><strong>D\u00eda de descanso<\/strong><\/span><\/p>\n<ul>\n<li>Desayuno en el hotel<\/li>\n<li>Instrucciones del d\u00eda<\/li>\n<li>Visita del Alc\u00e1zar, de la catedral y la Giralda (seg\u00fan disponibilidad), de la Torre del Oro, de la plaza de Espa\u00f1a<\/li>\n<li>Visita libre de Sevilla<\/li>\n<li>Aperitivo y cena fuera o en el hotel (Hotel Monteolivos o equivalente)<\/li>\n<\/ul>\n<p>[\/et_pb_text][\/et_pb_column][\/et_pb_row][et_pb_row column_structure=\u00bb1_3,1_3,1_3&#8243; use_custom_gutter=\u00bbon\u00bb gutter_width=\u00bb2&#8243; _builder_version=\u00bb4.27.4&#8243; _module_preset=\u00bbdefault\u00bb width=\u00bb90%\u00bb global_colors_info=\u00bb{}\u00bb][et_pb_column type=\u00bb1_3&#8243; _builder_version=\u00bb4.27.4&#8243; _module_preset=\u00bbdefault\u00bb global_colors_info=\u00bb{}\u00bb][et_pb_text _builder_version=\u00bb4.27.4&#8243; _module_preset=\u00bbdefault\u00bb text_font=\u00bb|600|||||||\u00bb header_2_font=\u00bb|800|||||||\u00bb header_2_font_size=\u00bb40px\u00bb header_3_font=\u00bb|700|||||||\u00bb background_color=\u00bb#FFFFFF\u00bb custom_margin=\u00bb||10px||false|false\u00bb custom_padding=\u00bb20px|20px|20px|20px|true|true\u00bb header_2_font_size_tablet=\u00bb36px\u00bb header_2_font_size_phone=\u00bb30px\u00bb header_2_font_size_last_edited=\u00bbon|phone\u00bb text_orientation_tablet=\u00bbleft\u00bb text_orientation_phone=\u00bbleft\u00bb text_orientation_last_edited=\u00bbon|tablet\u00bb border_radii=\u00bbon|5px|5px|5px|5px\u00bb global_colors_info=\u00bb{}\u00bb]<\/p>\n<h3>D\u00eda 9 &#8211; 300 km<\/h3>\n<p><span style=\"color: #993300;\"><strong>05h30 &#8211; F\u00e1cil<\/strong><\/span><\/p>\n<ul>\n<li>Desayuno en el hotel<\/li>\n<li>Instrucciones del d\u00eda<\/li>\n<li>Ruta de Carmona hasta Faro<\/li>\n<li>Visita del muelle de las carabelas<\/li>\n<li>Check in al hotel (Marina Rio o equivalente)<\/li>\n<li>Cena al hotel<\/li>\n<\/ul>\n<p>[\/et_pb_text][\/et_pb_column][et_pb_column type=\u00bb1_3&#8243; _builder_version=\u00bb4.27.4&#8243; _module_preset=\u00bbdefault\u00bb global_colors_info=\u00bb{}\u00bb][et_pb_text _builder_version=\u00bb4.27.4&#8243; _module_preset=\u00bbdefault\u00bb text_font=\u00bb|600|||||||\u00bb header_2_font=\u00bb|800|||||||\u00bb header_2_font_size=\u00bb40px\u00bb header_3_font=\u00bb|700|||||||\u00bb background_color=\u00bb#FFFFFF\u00bb custom_margin=\u00bb||10px||false|false\u00bb custom_padding=\u00bb20px|20px|20px|20px|true|true\u00bb header_2_font_size_tablet=\u00bb36px\u00bb header_2_font_size_phone=\u00bb30px\u00bb header_2_font_size_last_edited=\u00bbon|phone\u00bb text_orientation_tablet=\u00bbleft\u00bb text_orientation_phone=\u00bbleft\u00bb text_orientation_last_edited=\u00bbon|tablet\u00bb border_radii=\u00bbon|5px|5px|5px|5px\u00bb global_colors_info=\u00bb{}\u00bb]<\/p>\n<h3>D\u00eda 10 &#8211; 360 km<\/h3>\n<p><span style=\"color: #993300;\"><strong>05h30 &#8211; F\u00e1cil<\/strong><\/span><\/p>\n<ul>\n<li>Desayuno en el hotel<\/li>\n<li>Instrucciones del d\u00eda<\/li>\n<li>Ruta de Faro hasta Lisboa<\/li>\n<li>Fortaleza de Sagres y Cabo de San Vicente<\/li>\n<li>Ferry de Troia hasta Setubal<\/li>\n<li>Check in al hotel (Eurostars Universal Lisboa o equivalente)<\/li>\n<li>Cena al hotel<\/li>\n<\/ul>\n<p>[\/et_pb_text][\/et_pb_column][et_pb_column type=\u00bb1_3&#8243; _builder_version=\u00bb4.27.4&#8243; _module_preset=\u00bbdefault\u00bb global_colors_info=\u00bb{}\u00bb][et_pb_text _builder_version=\u00bb4.27.4&#8243; _module_preset=\u00bbdefault\u00bb text_font=\u00bb|600|||||||\u00bb header_2_font=\u00bb|800|||||||\u00bb header_2_font_size=\u00bb40px\u00bb header_3_font=\u00bb|700|||||||\u00bb background_color=\u00bb#FFFFFF\u00bb custom_margin=\u00bb||10px||false|false\u00bb custom_padding=\u00bb20px|20px|20px|20px|true|true\u00bb header_2_font_size_tablet=\u00bb36px\u00bb header_2_font_size_phone=\u00bb30px\u00bb header_2_font_size_last_edited=\u00bbon|phone\u00bb text_orientation_tablet=\u00bbleft\u00bb text_orientation_phone=\u00bbleft\u00bb text_orientation_last_edited=\u00bbon|tablet\u00bb border_radii=\u00bbon|5px|5px|5px|5px\u00bb global_colors_info=\u00bb{}\u00bb]<\/p>\n<h3>D\u00eda 11<\/h3>\n<p><span style=\"color: #993300;\"><strong>D\u00eda de descanso<\/strong><\/span><\/p>\n<ul>\n<li>Desayuno en el hotel<\/li>\n<li>Instrucciones del d\u00eda<\/li>\n<li>Tren ida y vuelta hasta Sintra<\/li>\n<li>Visita del castillo de Sintra<\/li>\n<li>Visita de la Torre de Belem<\/li>\n<li>Visita libre del casco historico<\/li>\n<li>Visita del barrio del Alfama<\/li>\n<li>Cena fuera con espectaculo de Fado o en el hotel (Eurostars Universal Lisboa o equivalente)<\/li>\n<\/ul>\n<p>[\/et_pb_text][\/et_pb_column][\/et_pb_row][et_pb_row column_structure=\u00bb1_3,1_3,1_3&#8243; use_custom_gutter=\u00bbon\u00bb gutter_width=\u00bb2&#8243; _builder_version=\u00bb4.27.4&#8243; _module_preset=\u00bbdefault\u00bb width=\u00bb90%\u00bb global_colors_info=\u00bb{}\u00bb][et_pb_column type=\u00bb1_3&#8243; _builder_version=\u00bb4.27.4&#8243; _module_preset=\u00bbdefault\u00bb global_colors_info=\u00bb{}\u00bb][et_pb_text _builder_version=\u00bb4.27.4&#8243; _module_preset=\u00bbdefault\u00bb text_font=\u00bb|600|||||||\u00bb header_2_font=\u00bb|800|||||||\u00bb header_2_font_size=\u00bb40px\u00bb header_3_font=\u00bb|700|||||||\u00bb background_color=\u00bb#FFFFFF\u00bb custom_margin=\u00bb||10px||false|false\u00bb custom_padding=\u00bb20px|20px|20px|20px|true|true\u00bb header_2_font_size_tablet=\u00bb36px\u00bb header_2_font_size_phone=\u00bb30px\u00bb header_2_font_size_last_edited=\u00bbon|phone\u00bb text_orientation_tablet=\u00bbleft\u00bb text_orientation_phone=\u00bbleft\u00bb text_orientation_last_edited=\u00bbon|tablet\u00bb border_radii=\u00bbon|5px|5px|5px|5px\u00bb global_colors_info=\u00bb{}\u00bb]<\/p>\n<h3>D\u00eda 12 &#8211; 290 km<\/h3>\n<p><span style=\"color: #993300;\"><strong>04h30 &#8211; F\u00e1cil<\/strong><\/span><\/p>\n<ul>\n<li>Desayuno en el hotel<\/li>\n<li>Instrucciones del d\u00eda<\/li>\n<li>Ruta de Lisboa hasta Serpa<\/li>\n<li>Parada en Evora (o otro lugar a estudiar)<\/li>\n<li>Visita y almuerzo en pueblo de Monsaraz<\/li>\n<li>Check in al hotel (Serpa Hotel o equivalente)<\/li>\n<li>Visita libre de Serpa<\/li>\n<li>Cena al hotel<\/li>\n<\/ul>\n<p>[\/et_pb_text][\/et_pb_column][et_pb_column type=\u00bb1_3&#8243; _builder_version=\u00bb4.27.4&#8243; _module_preset=\u00bbdefault\u00bb global_colors_info=\u00bb{}\u00bb][et_pb_text _builder_version=\u00bb4.27.4&#8243; _module_preset=\u00bbdefault\u00bb text_font=\u00bb|600|||||||\u00bb header_2_font=\u00bb|800|||||||\u00bb header_2_font_size=\u00bb40px\u00bb header_3_font=\u00bb|700|||||||\u00bb background_color=\u00bb#FFFFFF\u00bb custom_margin=\u00bb||10px||false|false\u00bb custom_padding=\u00bb20px|20px|20px|20px|true|true\u00bb header_2_font_size_tablet=\u00bb36px\u00bb header_2_font_size_phone=\u00bb30px\u00bb header_2_font_size_last_edited=\u00bbon|phone\u00bb text_orientation_tablet=\u00bbleft\u00bb text_orientation_phone=\u00bbleft\u00bb text_orientation_last_edited=\u00bbon|tablet\u00bb border_radii=\u00bbon|5px|5px|5px|5px\u00bb global_colors_info=\u00bb{}\u00bb]<\/p>\n<h3>D\u00eda 13 &#8211; 360 km<\/h3>\n<p><span style=\"color: #993300;\"><strong>05h00 &#8211; F\u00e1cil<\/strong><\/span><\/p>\n<ul>\n<li>Desayuno en el hotel<\/li>\n<li>Instrucciones del d\u00eda<\/li>\n<li>Ruta de Serpa hasta Ronda<\/li>\n<li>Transbordador en Coria del rio<\/li>\n<li>Parque natural de la Sierra de Grazalema<\/li>\n<li>Check in al hotel (El Tajo&amp;Spa o equivalente)<\/li>\n<li>Visita libre de Ronda<\/li>\n<li>Aperitivo y Cena fuera o al hotel<\/li>\n<\/ul>\n<p>[\/et_pb_text][\/et_pb_column][et_pb_column type=\u00bb1_3&#8243; _builder_version=\u00bb4.27.4&#8243; _module_preset=\u00bbdefault\u00bb global_colors_info=\u00bb{}\u00bb][et_pb_text _builder_version=\u00bb4.27.4&#8243; _module_preset=\u00bbdefault\u00bb text_font=\u00bb|600|||||||\u00bb header_2_font=\u00bb|800|||||||\u00bb header_2_font_size=\u00bb40px\u00bb header_3_font=\u00bb|700|||||||\u00bb background_color=\u00bb#FFFFFF\u00bb custom_margin=\u00bb||10px||false|false\u00bb custom_padding=\u00bb20px|20px|20px|20px|true|true\u00bb header_2_font_size_tablet=\u00bb36px\u00bb header_2_font_size_phone=\u00bb30px\u00bb header_2_font_size_last_edited=\u00bbon|phone\u00bb text_orientation_tablet=\u00bbleft\u00bb text_orientation_phone=\u00bbleft\u00bb text_orientation_last_edited=\u00bbon|tablet\u00bb border_radii=\u00bbon|5px|5px|5px|5px\u00bb global_colors_info=\u00bb{}\u00bb]<\/p>\n<h3>D\u00eda 14 &#8211; 100 km<\/h3>\n<p><span style=\"color: #993300;\"><strong>01h30 &#8211; F\u00e1cil<\/strong><\/span><\/p>\n<ul>\n<li>Desayuno en el hotel<\/li>\n<li>Instrucciones del d\u00eda<\/li>\n<li>Ruta de Ronda hasta Malaga<\/li>\n<li>Parque Nacional de la Sierra de Las Nieves<\/li>\n<li>Ha llegado el momento separarnos<\/li>\n<\/ul>\n<p>[\/et_pb_text][\/et_pb_column][\/et_pb_row][\/et_pb_section][et_pb_section fb_built=\u00bb1&#8243; admin_label=\u00bbGaler\u00eda\u00bb module_id=\u00bbgaleria\u00bb _builder_version=\u00bb4.27.4&#8243; _module_preset=\u00bbdefault\u00bb da_popup_slug=\u00bbgaleria\u00bb da_disable_devices=\u00bboff|off|off\u00bb global_colors_info=\u00bb{}\u00bb da_is_popup=\u00bboff\u00bb da_exit_intent=\u00bboff\u00bb da_has_close=\u00bbon\u00bb da_alt_close=\u00bboff\u00bb da_dark_close=\u00bboff\u00bb da_not_modal=\u00bbon\u00bb da_is_singular=\u00bboff\u00bb da_with_loader=\u00bboff\u00bb da_has_shadow=\u00bbon\u00bb][et_pb_row _builder_version=\u00bb4.27.4&#8243; _module_preset=\u00bbdefault\u00bb global_colors_info=\u00bb{}\u00bb][et_pb_column type=\u00bb4_4&#8243; _builder_version=\u00bb4.27.4&#8243; _module_preset=\u00bbdefault\u00bb global_colors_info=\u00bb{}\u00bb][et_pb_text _builder_version=\u00bb4.27.4&#8243; _module_preset=\u00bbdefault\u00bb text_font=\u00bb|600|||||||\u00bb text_font_size=\u00bb18px\u00bb header_2_font=\u00bb|800|||||||\u00bb header_2_font_size=\u00bb40px\u00bb custom_margin=\u00bb||||false|false\u00bb header_2_font_size_tablet=\u00bb36px\u00bb header_2_font_size_phone=\u00bb30px\u00bb header_2_font_size_last_edited=\u00bbon|phone\u00bb text_orientation_tablet=\u00bbleft\u00bb text_orientation_phone=\u00bbleft\u00bb text_orientation_last_edited=\u00bbon|tablet\u00bb global_colors_info=\u00bb{}\u00bb]<\/p>\n<h2>Galer\u00eda<\/h2>\n<p>Fotograf\u00edas de nuestros viajes por esta ruta<\/p>\n<p>[\/et_pb_text][\/et_pb_column][\/et_pb_row][et_pb_row _builder_version=\u00bb4.27.4&#8243; _module_preset=\u00bbdefault\u00bb global_colors_info=\u00bb{}\u00bb][et_pb_column type=\u00bb4_4&#8243; _builder_version=\u00bb4.27.4&#8243; _module_preset=\u00bbdefault\u00bb global_colors_info=\u00bb{}\u00bb][et_pb_code _builder_version=\u00bb4.27.4&#8243; _module_preset=\u00bbdefault\u00bb global_colors_info=\u00bb{}\u00bb]<div  id=\"jtg-876\" class=\"modula modula-gallery modula-columns\" data-config=\"{&quot;tabletHeight&quot;:800,&quot;mobileHeight&quot;:800,&quot;desktopHeight&quot;:800,&quot;enableTwitter&quot;:false,&quot;enableWhatsapp&quot;:false,&quot;enableFacebook&quot;:false,&quot;enablePinterest&quot;:false,&quot;enableLinkedin&quot;:false,&quot;enableEmail&quot;:false,&quot;randomFactor&quot;:0.5,&quot;type&quot;:&quot;grid&quot;,&quot;columns&quot;:12,&quot;gutter&quot;:10,&quot;mobileGutter&quot;:10,&quot;tabletGutter&quot;:10,&quot;desktopGutter&quot;:10,&quot;enableResponsive&quot;:true,&quot;tabletColumns&quot;:2,&quot;mobileColumns&quot;:1,&quot;lazyLoad&quot;:0,&quot;lightboxOpts&quot;:{&quot;animated&quot;:true,&quot;Thumbs&quot;:{&quot;type&quot;:&quot;modern&quot;,&quot;showOnStart&quot;:false},&quot;Toolbar&quot;:{&quot;display&quot;:{&quot;right&quot;:[&quot;close&quot;]},&quot;enabled&quot;:true},&quot;Carousel&quot;:{&quot;Panzoom&quot;:{&quot;touch&quot;:true},&quot;infinite&quot;:false},&quot;keyboard&quot;:{&quot;Escape&quot;:&quot;close&quot;,&quot;Delete&quot;:&quot;close&quot;,&quot;Backspace&quot;:&quot;close&quot;,&quot;PageUp&quot;:&quot;next&quot;,&quot;PageDown&quot;:&quot;prev&quot;,&quot;ArrowUp&quot;:&quot;prev&quot;,&quot;ArrowDown&quot;:&quot;next&quot;,&quot;ArrowRight&quot;:&quot;next&quot;,&quot;ArrowLeft&quot;:&quot;prev&quot;},&quot;wheel&quot;:&quot;slide&quot;,&quot;touch&quot;:true,&quot;backdropClick&quot;:&quot;close&quot;,&quot;l10n&quot;:{&quot;CLOSE&quot;:&quot;Cerrar&quot;,&quot;NEXT&quot;:&quot;Siguiente&quot;,&quot;PREV&quot;:&quot;Anterior&quot;,&quot;Error&quot;:&quot;No se ha podido cargar el contenido solicitado. Por favor, int\\u00e9ntalo de nuevo m\\u00e1s tarde.&quot;,&quot;PLAY_START&quot;:&quot;Empezar la presentaci\\u00f3n&quot;,&quot;PLAY_STOP&quot;:&quot;Pausar la presentaci\\u00f3n&quot;,&quot;FULL_SCREEN&quot;:&quot;Pantalla completa&quot;,&quot;THUMBS&quot;:&quot;Miniaturas&quot;,&quot;DOWNLOAD&quot;:&quot;Descargar&quot;,&quot;SHARE&quot;:&quot;Compartir&quot;,&quot;ZOOM&quot;:&quot;Zoom&quot;,&quot;EMAIL&quot;:&quot;Here is the link to the image : %%image_link%% and this is the link to the gallery : %%gallery_link%%&quot;,&quot;MODAL&quot;:&quot;Puedes cerrar este contenido emergente con la tecla ESC&quot;,&quot;ERROR&quot;:&quot;Algo ha ido mal, pro favor, prueba de nuevo m\\u00e1s tarde&quot;,&quot;IMAGE_ERROR&quot;:&quot;Imagen no encontrada&quot;,&quot;ELEMENT_NOT_FOUND&quot;:&quot;No se ha encontrado el elemento HTML&quot;,&quot;AJAX_NOT_FOUND&quot;:&quot;Error al cargar AJAX: No encontrado&quot;,&quot;AJAX_FORBIDDEN&quot;:&quot;Error al cargar AJAX: Prohibido&quot;,&quot;IFRAME_ERROR&quot;:&quot;Error al cargar la p\\u00e1gina&quot;,&quot;TOGGLE_ZOOM&quot;:&quot;Alternar nivel de ampliar\\\/acercar&quot;,&quot;TOGGLE_THUMBS&quot;:&quot;Alternar miniaturas&quot;,&quot;TOGGLE_SLIDESHOW&quot;:&quot;Alternar diapositiva&quot;,&quot;TOGGLE_FULLSCREEN&quot;:&quot;Cambiar al modo de pantalla completa&quot;},&quot;Images&quot;:{&quot;Panzoom&quot;:{&quot;maxScale&quot;:2}},&quot;mainClass&quot;:&quot;modula-fancybox-container modula-lightbox-jtg-876&quot;,&quot;Html&quot;:{&quot;videoAutoplay&quot;:0,&quot;videoTpl&quot;:&quot;&lt;video class=\\&quot;fancybox__html5video\\&quot; controls muted playsinline controlsList controlsList=\\&quot;nodownload\\&quot; poster=\\&quot;{{poster}}\\&quot; src=\\&quot;{{src}}\\&quot; type=\\&quot;{{format}}\\&quot; &gt;  Sorry, your browser doesn&#039;t support embedded videos, &lt;a href=\\&quot;{{src}}\\&quot;&gt; download &lt;\\\/a&gt; and watch with your favorite video player! &lt;\\\/video&gt;&quot;}},&quot;inView&quot;:false,&quot;email_subject&quot;:&quot;\\u00a1\\u00a1Mira esta impresionante imagen!!&quot;,&quot;email_message&quot;:&quot;Este es el enlace a la imagen: %%image_link%% y este es el enlace a la galer\\u00eda: %%gallery_link%%&quot;,&quot;grid_type&quot;:&quot;automatic&quot;,&quot;rowHeight&quot;:200,&quot;lastRow&quot;:&quot;justify&quot;,&quot;lightbox&quot;:&quot;fancybox&quot;,&quot;lightbox_devices&quot;:&quot;both&quot;}\">\n\n\t\n\t<div  class=\"modula-items grid-gallery\">\n\t\t<div class=\"modula-item effect-pufrobo\" >\n\t<div class=\"modula-item-overlay\"><\/div>\n\n\t<div class=\"modula-item-content\">\n\n\t\t<a data-image-id=\"885\" role=\"button\" tabindex=\"0\" rel=\"jtg-876\" data-caption=\"\" aria-label=\"Abrir la imagen en una caja de luz\" class=\"tile-inner modula-item-link\"><\/a><img decoding=\"async\" class=\"pic wp-image-885\"  data-valign=\"middle\" data-halign=\"center\" alt=\"\" data-full=\"https:\/\/rutasmototours.com\/wp-content\/uploads\/2025\/11\/Rutas-Andalucia-Portugal-9.jpg\" title=\"Rutas Andalucia Portugal-9\" crop=\"\" width=\"500\" height=\"375\" src=\"https:\/\/rutasmototours.com\/wp-content\/uploads\/2025\/11\/Rutas-Andalucia-Portugal-9-500x375.jpg\" data-src=\"https:\/\/rutasmototours.com\/wp-content\/uploads\/2025\/11\/Rutas-Andalucia-Portugal-9-500x375.jpg\" data-caption=\"\" srcset=\"https:\/\/rutasmototours.com\/wp-content\/uploads\/2025\/11\/Rutas-Andalucia-Portugal-9.jpg 500w, https:\/\/rutasmototours.com\/wp-content\/uploads\/2025\/11\/Rutas-Andalucia-Portugal-9-480x360.jpg 480w\" sizes=\"(min-width: 0px) and (max-width: 480px) 480px, (min-width: 481px) 500px, 100vw\" \/>\n\t\t<div class=\"figc no-description\">\n\t\t\t<div class=\"figc-inner\">\n\t\t\t\t\t\t\t\t\t\t\t\t\t\t\t<\/div>\n\t\t<\/div>\n\n\t<\/div>\n\n<\/div><div class=\"modula-item effect-pufrobo\" >\n\t<div class=\"modula-item-overlay\"><\/div>\n\n\t<div class=\"modula-item-content\">\n\n\t\t<a data-image-id=\"2059\" role=\"button\" tabindex=\"0\" rel=\"jtg-876\" data-caption=\"\" aria-label=\"Abrir la imagen en una caja de luz\" class=\"tile-inner modula-item-link\"><\/a><img decoding=\"async\" class=\"pic wp-image-2059\"  data-valign=\"middle\" data-halign=\"center\" alt=\"\" data-full=\"https:\/\/rutasmototours.com\/wp-content\/uploads\/2026\/06\/IMG_20260226_182324-1.jpg\" title=\"IMG_20260226_182324\" crop=\"\" width=\"375\" height=\"500\" src=\"https:\/\/rutasmototours.com\/wp-content\/uploads\/2026\/06\/IMG_20260226_182324-1-375x500.jpg\" data-src=\"https:\/\/rutasmototours.com\/wp-content\/uploads\/2026\/06\/IMG_20260226_182324-1-375x500.jpg\" data-caption=\"\"\/>\n\t\t<div class=\"figc no-description\">\n\t\t\t<div class=\"figc-inner\">\n\t\t\t\t\t\t\t\t\t\t\t\t\t\t\t<\/div>\n\t\t<\/div>\n\n\t<\/div>\n\n<\/div><div class=\"modula-item effect-pufrobo\" >\n\t<div class=\"modula-item-overlay\"><\/div>\n\n\t<div class=\"modula-item-content\">\n\n\t\t<a data-image-id=\"901\" role=\"button\" tabindex=\"0\" rel=\"jtg-876\" data-caption=\"\" aria-label=\"Abrir la imagen en una caja de luz\" class=\"tile-inner modula-item-link\"><\/a><img decoding=\"async\" class=\"pic wp-image-901\"  data-valign=\"middle\" data-halign=\"center\" alt=\"\" data-full=\"https:\/\/rutasmototours.com\/wp-content\/uploads\/2025\/11\/Rutas-Andalucia-Portugal-25.jpg\" title=\"Rutas Andalucia Portugal-25\" crop=\"\" width=\"500\" height=\"500\" src=\"https:\/\/rutasmototours.com\/wp-content\/uploads\/2025\/11\/Rutas-Andalucia-Portugal-25-500x500.jpg\" data-src=\"https:\/\/rutasmototours.com\/wp-content\/uploads\/2025\/11\/Rutas-Andalucia-Portugal-25-500x500.jpg\" data-caption=\"\"\/>\n\t\t<div class=\"figc no-description\">\n\t\t\t<div class=\"figc-inner\">\n\t\t\t\t\t\t\t\t\t\t\t\t\t\t\t<\/div>\n\t\t<\/div>\n\n\t<\/div>\n\n<\/div><div class=\"modula-item effect-pufrobo\" >\n\t<div class=\"modula-item-overlay\"><\/div>\n\n\t<div class=\"modula-item-content\">\n\n\t\t<a data-image-id=\"905\" role=\"button\" tabindex=\"0\" rel=\"jtg-876\" data-caption=\"\" aria-label=\"Abrir la imagen en una caja de luz\" class=\"tile-inner modula-item-link\"><\/a><img decoding=\"async\" class=\"pic wp-image-905\"  data-valign=\"middle\" data-halign=\"center\" alt=\"\" data-full=\"https:\/\/rutasmototours.com\/wp-content\/uploads\/2025\/11\/Rutas-Andalucia-Portugal-29.jpg\" title=\"Rutas Andalucia Portugal-29\" crop=\"\" width=\"500\" height=\"281\" src=\"https:\/\/rutasmototours.com\/wp-content\/uploads\/2025\/11\/Rutas-Andalucia-Portugal-29-500x281.jpg\" data-src=\"https:\/\/rutasmototours.com\/wp-content\/uploads\/2025\/11\/Rutas-Andalucia-Portugal-29-500x281.jpg\" data-caption=\"\"\/>\n\t\t<div class=\"figc no-description\">\n\t\t\t<div class=\"figc-inner\">\n\t\t\t\t\t\t\t\t\t\t\t\t\t\t\t<\/div>\n\t\t<\/div>\n\n\t<\/div>\n\n<\/div><div class=\"modula-item effect-pufrobo\" >\n\t<div class=\"modula-item-overlay\"><\/div>\n\n\t<div class=\"modula-item-content\">\n\n\t\t<a data-image-id=\"899\" role=\"button\" tabindex=\"0\" rel=\"jtg-876\" data-caption=\"\" aria-label=\"Abrir la imagen en una caja de luz\" class=\"tile-inner modula-item-link\"><\/a><img decoding=\"async\" class=\"pic wp-image-899\"  data-valign=\"middle\" data-halign=\"center\" alt=\"\" data-full=\"https:\/\/rutasmototours.com\/wp-content\/uploads\/2025\/11\/Rutas-Andalucia-Portugal-23.jpg\" title=\"Rutas Andalucia Portugal-23\" crop=\"\" width=\"500\" height=\"375\" src=\"https:\/\/rutasmototours.com\/wp-content\/uploads\/2025\/11\/Rutas-Andalucia-Portugal-23-500x375.jpg\" data-src=\"https:\/\/rutasmototours.com\/wp-content\/uploads\/2025\/11\/Rutas-Andalucia-Portugal-23-500x375.jpg\" data-caption=\"\"\/>\n\t\t<div class=\"figc no-description\">\n\t\t\t<div class=\"figc-inner\">\n\t\t\t\t\t\t\t\t\t\t\t\t\t\t\t<\/div>\n\t\t<\/div>\n\n\t<\/div>\n\n<\/div><div class=\"modula-item effect-pufrobo\" >\n\t<div class=\"modula-item-overlay\"><\/div>\n\n\t<div class=\"modula-item-content\">\n\n\t\t<a data-image-id=\"896\" role=\"button\" tabindex=\"0\" rel=\"jtg-876\" data-caption=\"\" aria-label=\"Abrir la imagen en una caja de luz\" class=\"tile-inner modula-item-link\"><\/a><img decoding=\"async\" class=\"pic wp-image-896\"  data-valign=\"middle\" data-halign=\"center\" alt=\"\" data-full=\"https:\/\/rutasmototours.com\/wp-content\/uploads\/2025\/11\/Rutas-Andalucia-Portugal-20.jpg\" title=\"Rutas Andalucia Portugal-20\" crop=\"\" width=\"500\" height=\"375\" src=\"https:\/\/rutasmototours.com\/wp-content\/uploads\/2025\/11\/Rutas-Andalucia-Portugal-20-500x375.jpg\" data-src=\"https:\/\/rutasmototours.com\/wp-content\/uploads\/2025\/11\/Rutas-Andalucia-Portugal-20-500x375.jpg\" data-caption=\"\"\/>\n\t\t<div class=\"figc no-description\">\n\t\t\t<div class=\"figc-inner\">\n\t\t\t\t\t\t\t\t\t\t\t\t\t\t\t<\/div>\n\t\t<\/div>\n\n\t<\/div>\n\n<\/div><div class=\"modula-item effect-pufrobo\" >\n\t<div class=\"modula-item-overlay\"><\/div>\n\n\t<div class=\"modula-item-content\">\n\n\t\t<a data-image-id=\"880\" role=\"button\" tabindex=\"0\" rel=\"jtg-876\" data-caption=\"\" aria-label=\"Abrir la imagen en una caja de luz\" class=\"tile-inner modula-item-link\"><\/a><img decoding=\"async\" class=\"pic wp-image-880\"  data-valign=\"middle\" data-halign=\"center\" alt=\"\" data-full=\"https:\/\/rutasmototours.com\/wp-content\/uploads\/2025\/11\/Rutas-Andalucia-Portugal-4.jpg\" title=\"Rutas Andalucia Portugal-4\" crop=\"\" width=\"500\" height=\"375\" src=\"https:\/\/rutasmototours.com\/wp-content\/uploads\/2025\/11\/Rutas-Andalucia-Portugal-4-500x375.jpg\" data-src=\"https:\/\/rutasmototours.com\/wp-content\/uploads\/2025\/11\/Rutas-Andalucia-Portugal-4-500x375.jpg\" data-caption=\"\" srcset=\"https:\/\/rutasmototours.com\/wp-content\/uploads\/2025\/11\/Rutas-Andalucia-Portugal-4.jpg 500w, https:\/\/rutasmototours.com\/wp-content\/uploads\/2025\/11\/Rutas-Andalucia-Portugal-4-480x360.jpg 480w\" sizes=\"(min-width: 0px) and (max-width: 480px) 480px, (min-width: 481px) 500px, 100vw\" \/>\n\t\t<div class=\"figc no-description\">\n\t\t\t<div class=\"figc-inner\">\n\t\t\t\t\t\t\t\t\t\t\t\t\t\t\t<\/div>\n\t\t<\/div>\n\n\t<\/div>\n\n<\/div><div class=\"modula-item effect-pufrobo\" >\n\t<div class=\"modula-item-overlay\"><\/div>\n\n\t<div class=\"modula-item-content\">\n\n\t\t<a data-image-id=\"2058\" role=\"button\" tabindex=\"0\" rel=\"jtg-876\" data-caption=\"\" aria-label=\"Abrir la imagen en una caja de luz\" class=\"tile-inner modula-item-link\"><\/a><img decoding=\"async\" class=\"pic wp-image-2058\"  data-valign=\"middle\" data-halign=\"center\" alt=\"\" data-full=\"https:\/\/rutasmototours.com\/wp-content\/uploads\/2026\/06\/IMG_20260224_155107-1.jpg\" title=\"IMG_20260224_155107\" crop=\"\" width=\"375\" height=\"500\" src=\"https:\/\/rutasmototours.com\/wp-content\/uploads\/2026\/06\/IMG_20260224_155107-1-375x500.jpg\" data-src=\"https:\/\/rutasmototours.com\/wp-content\/uploads\/2026\/06\/IMG_20260224_155107-1-375x500.jpg\" data-caption=\"\"\/>\n\t\t<div class=\"figc no-description\">\n\t\t\t<div class=\"figc-inner\">\n\t\t\t\t\t\t\t\t\t\t\t\t\t\t\t<\/div>\n\t\t<\/div>\n\n\t<\/div>\n\n<\/div><div class=\"modula-item effect-pufrobo\" >\n\t<div class=\"modula-item-overlay\"><\/div>\n\n\t<div class=\"modula-item-content\">\n\n\t\t<a data-image-id=\"893\" role=\"button\" tabindex=\"0\" rel=\"jtg-876\" data-caption=\"\" aria-label=\"Abrir la imagen en una caja de luz\" class=\"tile-inner modula-item-link\"><\/a><img decoding=\"async\" class=\"pic wp-image-893\"  data-valign=\"middle\" data-halign=\"center\" alt=\"\" data-full=\"https:\/\/rutasmototours.com\/wp-content\/uploads\/2025\/11\/Rutas-Andalucia-Portugal-17.jpg\" title=\"Rutas Andalucia Portugal-17\" crop=\"\" width=\"500\" height=\"375\" src=\"https:\/\/rutasmototours.com\/wp-content\/uploads\/2025\/11\/Rutas-Andalucia-Portugal-17-500x375.jpg\" data-src=\"https:\/\/rutasmototours.com\/wp-content\/uploads\/2025\/11\/Rutas-Andalucia-Portugal-17-500x375.jpg\" data-caption=\"\" srcset=\"https:\/\/rutasmototours.com\/wp-content\/uploads\/2025\/11\/Rutas-Andalucia-Portugal-17.jpg 500w, https:\/\/rutasmototours.com\/wp-content\/uploads\/2025\/11\/Rutas-Andalucia-Portugal-17-480x360.jpg 480w\" sizes=\"(min-width: 0px) and (max-width: 480px) 480px, (min-width: 481px) 500px, 100vw\" \/>\n\t\t<div class=\"figc no-description\">\n\t\t\t<div class=\"figc-inner\">\n\t\t\t\t\t\t\t\t\t\t\t\t\t\t\t<\/div>\n\t\t<\/div>\n\n\t<\/div>\n\n<\/div><div class=\"modula-item effect-pufrobo\" >\n\t<div class=\"modula-item-overlay\"><\/div>\n\n\t<div class=\"modula-item-content\">\n\n\t\t<a data-image-id=\"2051\" role=\"button\" tabindex=\"0\" rel=\"jtg-876\" data-caption=\"\" aria-label=\"Abrir la imagen en una caja de luz\" class=\"tile-inner modula-item-link\"><\/a><img decoding=\"async\" class=\"pic wp-image-2051\"  data-valign=\"middle\" data-halign=\"center\" alt=\"\" data-full=\"https:\/\/rutasmototours.com\/wp-content\/uploads\/2026\/06\/IMG_20260220_144017-1.jpg\" title=\"IMG_20260220_144017\" crop=\"\" width=\"500\" height=\"375\" src=\"https:\/\/rutasmototours.com\/wp-content\/uploads\/2026\/06\/IMG_20260220_144017-1-500x375.jpg\" data-src=\"https:\/\/rutasmototours.com\/wp-content\/uploads\/2026\/06\/IMG_20260220_144017-1-500x375.jpg\" data-caption=\"\"\/>\n\t\t<div class=\"figc no-description\">\n\t\t\t<div class=\"figc-inner\">\n\t\t\t\t\t\t\t\t\t\t\t\t\t\t\t<\/div>\n\t\t<\/div>\n\n\t<\/div>\n\n<\/div><div class=\"modula-item effect-pufrobo\" >\n\t<div class=\"modula-item-overlay\"><\/div>\n\n\t<div class=\"modula-item-content\">\n\n\t\t<a data-image-id=\"2052\" role=\"button\" tabindex=\"0\" rel=\"jtg-876\" data-caption=\"\" aria-label=\"Abrir la imagen en una caja de luz\" class=\"tile-inner modula-item-link\"><\/a><img decoding=\"async\" class=\"pic wp-image-2052\"  data-valign=\"middle\" data-halign=\"center\" alt=\"\" data-full=\"https:\/\/rutasmototours.com\/wp-content\/uploads\/2026\/06\/IMG_20260221_110548-1.jpg\" title=\"IMG_20260221_110548\" crop=\"\" width=\"375\" height=\"500\" src=\"https:\/\/rutasmototours.com\/wp-content\/uploads\/2026\/06\/IMG_20260221_110548-1-375x500.jpg\" data-src=\"https:\/\/rutasmototours.com\/wp-content\/uploads\/2026\/06\/IMG_20260221_110548-1-375x500.jpg\" data-caption=\"\"\/>\n\t\t<div class=\"figc no-description\">\n\t\t\t<div class=\"figc-inner\">\n\t\t\t\t\t\t\t\t\t\t\t\t\t\t\t<\/div>\n\t\t<\/div>\n\n\t<\/div>\n\n<\/div><div class=\"modula-item effect-pufrobo\" >\n\t<div class=\"modula-item-overlay\"><\/div>\n\n\t<div class=\"modula-item-content\">\n\n\t\t<a data-image-id=\"883\" role=\"button\" tabindex=\"0\" rel=\"jtg-876\" data-caption=\"\" aria-label=\"Abrir la imagen en una caja de luz\" class=\"tile-inner modula-item-link\"><\/a><img decoding=\"async\" class=\"pic wp-image-883\"  data-valign=\"middle\" data-halign=\"center\" alt=\"\" data-full=\"https:\/\/rutasmototours.com\/wp-content\/uploads\/2025\/11\/Rutas-Andalucia-Portugal-7.jpg\" title=\"Rutas Andalucia Portugal-7\" crop=\"\" width=\"500\" height=\"375\" src=\"https:\/\/rutasmototours.com\/wp-content\/uploads\/2025\/11\/Rutas-Andalucia-Portugal-7-500x375.jpg\" data-src=\"https:\/\/rutasmototours.com\/wp-content\/uploads\/2025\/11\/Rutas-Andalucia-Portugal-7-500x375.jpg\" data-caption=\"\" srcset=\"https:\/\/rutasmototours.com\/wp-content\/uploads\/2025\/11\/Rutas-Andalucia-Portugal-7.jpg 500w, https:\/\/rutasmototours.com\/wp-content\/uploads\/2025\/11\/Rutas-Andalucia-Portugal-7-480x360.jpg 480w\" sizes=\"(min-width: 0px) and (max-width: 480px) 480px, (min-width: 481px) 500px, 100vw\" \/>\n\t\t<div class=\"figc no-description\">\n\t\t\t<div class=\"figc-inner\">\n\t\t\t\t\t\t\t\t\t\t\t\t\t\t\t<\/div>\n\t\t<\/div>\n\n\t<\/div>\n\n<\/div><div class=\"modula-item effect-pufrobo\" >\n\t<div class=\"modula-item-overlay\"><\/div>\n\n\t<div class=\"modula-item-content\">\n\n\t\t<a data-image-id=\"879\" role=\"button\" tabindex=\"0\" rel=\"jtg-876\" data-caption=\"\" aria-label=\"Abrir la imagen en una caja de luz\" class=\"tile-inner modula-item-link\"><\/a><img decoding=\"async\" class=\"pic wp-image-879\"  data-valign=\"middle\" data-halign=\"center\" alt=\"\" data-full=\"https:\/\/rutasmototours.com\/wp-content\/uploads\/2025\/11\/Rutas-Andalucia-Portugal-3.jpg\" title=\"Rutas Andalucia Portugal-3\" crop=\"\" width=\"500\" height=\"375\" src=\"https:\/\/rutasmototours.com\/wp-content\/uploads\/2025\/11\/Rutas-Andalucia-Portugal-3-500x375.jpg\" data-src=\"https:\/\/rutasmototours.com\/wp-content\/uploads\/2025\/11\/Rutas-Andalucia-Portugal-3-500x375.jpg\" data-caption=\"\" srcset=\"https:\/\/rutasmototours.com\/wp-content\/uploads\/2025\/11\/Rutas-Andalucia-Portugal-3.jpg 500w, https:\/\/rutasmototours.com\/wp-content\/uploads\/2025\/11\/Rutas-Andalucia-Portugal-3-480x360.jpg 480w\" sizes=\"(min-width: 0px) and (max-width: 480px) 480px, (min-width: 481px) 500px, 100vw\" \/>\n\t\t<div class=\"figc no-description\">\n\t\t\t<div class=\"figc-inner\">\n\t\t\t\t\t\t\t\t\t\t\t\t\t\t\t<\/div>\n\t\t<\/div>\n\n\t<\/div>\n\n<\/div><div class=\"modula-item effect-pufrobo\" >\n\t<div class=\"modula-item-overlay\"><\/div>\n\n\t<div class=\"modula-item-content\">\n\n\t\t<a data-image-id=\"908\" role=\"button\" tabindex=\"0\" rel=\"jtg-876\" data-caption=\"\" aria-label=\"Abrir la imagen en una caja de luz\" class=\"tile-inner modula-item-link\"><\/a><img decoding=\"async\" class=\"pic wp-image-908\"  data-valign=\"middle\" data-halign=\"center\" alt=\"\" data-full=\"https:\/\/rutasmototours.com\/wp-content\/uploads\/2025\/11\/Rutas-Andalucia-Portugal-32.jpg\" title=\"Rutas Andalucia Portugal-32\" crop=\"\" width=\"500\" height=\"375\" src=\"https:\/\/rutasmototours.com\/wp-content\/uploads\/2025\/11\/Rutas-Andalucia-Portugal-32-500x375.jpg\" data-src=\"https:\/\/rutasmototours.com\/wp-content\/uploads\/2025\/11\/Rutas-Andalucia-Portugal-32-500x375.jpg\" data-caption=\"\"\/>\n\t\t<div class=\"figc no-description\">\n\t\t\t<div class=\"figc-inner\">\n\t\t\t\t\t\t\t\t\t\t\t\t\t\t\t<\/div>\n\t\t<\/div>\n\n\t<\/div>\n\n<\/div><div class=\"modula-item effect-pufrobo\" >\n\t<div class=\"modula-item-overlay\"><\/div>\n\n\t<div class=\"modula-item-content\">\n\n\t\t<a data-image-id=\"887\" role=\"button\" tabindex=\"0\" rel=\"jtg-876\" data-caption=\"\" aria-label=\"Abrir la imagen en una caja de luz\" class=\"tile-inner modula-item-link\"><\/a><img decoding=\"async\" class=\"pic wp-image-887\"  data-valign=\"middle\" data-halign=\"center\" alt=\"\" data-full=\"https:\/\/rutasmototours.com\/wp-content\/uploads\/2025\/11\/Rutas-Andalucia-Portugal-11.jpg\" title=\"Rutas Andalucia Portugal-11\" crop=\"\" width=\"375\" height=\"500\" src=\"https:\/\/rutasmototours.com\/wp-content\/uploads\/2025\/11\/Rutas-Andalucia-Portugal-11-375x500.jpg\" data-src=\"https:\/\/rutasmototours.com\/wp-content\/uploads\/2025\/11\/Rutas-Andalucia-Portugal-11-375x500.jpg\" data-caption=\"\" srcset=\"https:\/\/rutasmototours.com\/wp-content\/uploads\/2025\/11\/Rutas-Andalucia-Portugal-11.jpg 480w, https:\/\/rutasmototours.com\/wp-content\/uploads\/2025\/11\/Rutas-Andalucia-Portugal-11-375x500.jpg 375w\" sizes=\"(max-width: 375px) 100vw, 375px\" \/>\n\t\t<div class=\"figc no-description\">\n\t\t\t<div class=\"figc-inner\">\n\t\t\t\t\t\t\t\t\t\t\t\t\t\t\t<\/div>\n\t\t<\/div>\n\n\t<\/div>\n\n<\/div><div class=\"modula-item effect-pufrobo\" >\n\t<div class=\"modula-item-overlay\"><\/div>\n\n\t<div class=\"modula-item-content\">\n\n\t\t<a data-image-id=\"902\" role=\"button\" tabindex=\"0\" rel=\"jtg-876\" data-caption=\"\" aria-label=\"Abrir la imagen en una caja de luz\" class=\"tile-inner modula-item-link\"><\/a><img decoding=\"async\" class=\"pic wp-image-902\"  data-valign=\"middle\" data-halign=\"center\" alt=\"\" data-full=\"https:\/\/rutasmototours.com\/wp-content\/uploads\/2025\/11\/Rutas-Andalucia-Portugal-26.jpg\" title=\"Rutas Andalucia Portugal-26\" crop=\"\" width=\"500\" height=\"500\" src=\"https:\/\/rutasmototours.com\/wp-content\/uploads\/2025\/11\/Rutas-Andalucia-Portugal-26-500x500.jpg\" data-src=\"https:\/\/rutasmototours.com\/wp-content\/uploads\/2025\/11\/Rutas-Andalucia-Portugal-26-500x500.jpg\" data-caption=\"\"\/>\n\t\t<div class=\"figc no-description\">\n\t\t\t<div class=\"figc-inner\">\n\t\t\t\t\t\t\t\t\t\t\t\t\t\t\t<\/div>\n\t\t<\/div>\n\n\t<\/div>\n\n<\/div><div class=\"modula-item effect-pufrobo\" >\n\t<div class=\"modula-item-overlay\"><\/div>\n\n\t<div class=\"modula-item-content\">\n\n\t\t<a data-image-id=\"888\" role=\"button\" tabindex=\"0\" rel=\"jtg-876\" data-caption=\"\" aria-label=\"Abrir la imagen en una caja de luz\" class=\"tile-inner modula-item-link\"><\/a><img decoding=\"async\" class=\"pic wp-image-888\"  data-valign=\"middle\" data-halign=\"center\" alt=\"\" data-full=\"https:\/\/rutasmototours.com\/wp-content\/uploads\/2025\/11\/Rutas-Andalucia-Portugal-12.jpg\" title=\"Rutas Andalucia Portugal-12\" crop=\"\" width=\"500\" height=\"375\" src=\"https:\/\/rutasmototours.com\/wp-content\/uploads\/2025\/11\/Rutas-Andalucia-Portugal-12-500x375.jpg\" data-src=\"https:\/\/rutasmototours.com\/wp-content\/uploads\/2025\/11\/Rutas-Andalucia-Portugal-12-500x375.jpg\" data-caption=\"\" srcset=\"https:\/\/rutasmototours.com\/wp-content\/uploads\/2025\/11\/Rutas-Andalucia-Portugal-12.jpg 500w, https:\/\/rutasmototours.com\/wp-content\/uploads\/2025\/11\/Rutas-Andalucia-Portugal-12-480x360.jpg 480w\" sizes=\"(min-width: 0px) and (max-width: 480px) 480px, (min-width: 481px) 500px, 100vw\" \/>\n\t\t<div class=\"figc no-description\">\n\t\t\t<div class=\"figc-inner\">\n\t\t\t\t\t\t\t\t\t\t\t\t\t\t\t<\/div>\n\t\t<\/div>\n\n\t<\/div>\n\n<\/div><div class=\"modula-item effect-pufrobo\" >\n\t<div class=\"modula-item-overlay\"><\/div>\n\n\t<div class=\"modula-item-content\">\n\n\t\t<a data-image-id=\"891\" role=\"button\" tabindex=\"0\" rel=\"jtg-876\" data-caption=\"\" aria-label=\"Abrir la imagen en una caja de luz\" class=\"tile-inner modula-item-link\"><\/a><img decoding=\"async\" class=\"pic wp-image-891\"  data-valign=\"middle\" data-halign=\"center\" alt=\"\" data-full=\"https:\/\/rutasmototours.com\/wp-content\/uploads\/2025\/11\/Rutas-Andalucia-Portugal-15.jpg\" title=\"Rutas Andalucia Portugal-15\" crop=\"\" width=\"500\" height=\"375\" src=\"https:\/\/rutasmototours.com\/wp-content\/uploads\/2025\/11\/Rutas-Andalucia-Portugal-15-500x375.jpg\" data-src=\"https:\/\/rutasmototours.com\/wp-content\/uploads\/2025\/11\/Rutas-Andalucia-Portugal-15-500x375.jpg\" data-caption=\"\" srcset=\"https:\/\/rutasmototours.com\/wp-content\/uploads\/2025\/11\/Rutas-Andalucia-Portugal-15.jpg 500w, https:\/\/rutasmototours.com\/wp-content\/uploads\/2025\/11\/Rutas-Andalucia-Portugal-15-480x360.jpg 480w\" sizes=\"(min-width: 0px) and (max-width: 480px) 480px, (min-width: 481px) 500px, 100vw\" \/>\n\t\t<div class=\"figc no-description\">\n\t\t\t<div class=\"figc-inner\">\n\t\t\t\t\t\t\t\t\t\t\t\t\t\t\t<\/div>\n\t\t<\/div>\n\n\t<\/div>\n\n<\/div><div class=\"modula-item effect-pufrobo\" >\n\t<div class=\"modula-item-overlay\"><\/div>\n\n\t<div class=\"modula-item-content\">\n\n\t\t<a data-image-id=\"2060\" role=\"button\" tabindex=\"0\" rel=\"jtg-876\" data-caption=\"\" aria-label=\"Abrir la imagen en una caja de luz\" class=\"tile-inner modula-item-link\"><\/a><img decoding=\"async\" class=\"pic wp-image-2060\"  data-valign=\"middle\" data-halign=\"center\" alt=\"\" data-full=\"https:\/\/rutasmototours.com\/wp-content\/uploads\/2026\/06\/IMG_20260226_183744-1.jpg\" title=\"IMG_20260226_183744\" crop=\"\" width=\"375\" height=\"500\" src=\"https:\/\/rutasmototours.com\/wp-content\/uploads\/2026\/06\/IMG_20260226_183744-1-375x500.jpg\" data-src=\"https:\/\/rutasmototours.com\/wp-content\/uploads\/2026\/06\/IMG_20260226_183744-1-375x500.jpg\" data-caption=\"\"\/>\n\t\t<div class=\"figc no-description\">\n\t\t\t<div class=\"figc-inner\">\n\t\t\t\t\t\t\t\t\t\t\t\t\t\t\t<\/div>\n\t\t<\/div>\n\n\t<\/div>\n\n<\/div><div class=\"modula-item effect-pufrobo\" >\n\t<div class=\"modula-item-overlay\"><\/div>\n\n\t<div class=\"modula-item-content\">\n\n\t\t<a data-image-id=\"907\" role=\"button\" tabindex=\"0\" rel=\"jtg-876\" data-caption=\"\" aria-label=\"Abrir la imagen en una caja de luz\" class=\"tile-inner modula-item-link\"><\/a><img decoding=\"async\" class=\"pic wp-image-907\"  data-valign=\"middle\" data-halign=\"center\" alt=\"\" data-full=\"https:\/\/rutasmototours.com\/wp-content\/uploads\/2025\/11\/Rutas-Andalucia-Portugal-31.jpg\" title=\"Rutas Andalucia Portugal-31\" crop=\"\" width=\"500\" height=\"375\" src=\"https:\/\/rutasmototours.com\/wp-content\/uploads\/2025\/11\/Rutas-Andalucia-Portugal-31-500x375.jpg\" data-src=\"https:\/\/rutasmototours.com\/wp-content\/uploads\/2025\/11\/Rutas-Andalucia-Portugal-31-500x375.jpg\" data-caption=\"\"\/>\n\t\t<div class=\"figc no-description\">\n\t\t\t<div class=\"figc-inner\">\n\t\t\t\t\t\t\t\t\t\t\t\t\t\t\t<\/div>\n\t\t<\/div>\n\n\t<\/div>\n\n<\/div><div class=\"modula-item effect-pufrobo\" >\n\t<div class=\"modula-item-overlay\"><\/div>\n\n\t<div class=\"modula-item-content\">\n\n\t\t<a data-image-id=\"886\" role=\"button\" tabindex=\"0\" rel=\"jtg-876\" data-caption=\"\" aria-label=\"Abrir la imagen en una caja de luz\" class=\"tile-inner modula-item-link\"><\/a><img decoding=\"async\" class=\"pic wp-image-886\"  data-valign=\"middle\" data-halign=\"center\" alt=\"\" data-full=\"https:\/\/rutasmototours.com\/wp-content\/uploads\/2025\/11\/Rutas-Andalucia-Portugal-10.jpg\" title=\"Rutas Andalucia Portugal-10\" crop=\"\" width=\"500\" height=\"375\" src=\"https:\/\/rutasmototours.com\/wp-content\/uploads\/2025\/11\/Rutas-Andalucia-Portugal-10-500x375.jpg\" data-src=\"https:\/\/rutasmototours.com\/wp-content\/uploads\/2025\/11\/Rutas-Andalucia-Portugal-10-500x375.jpg\" data-caption=\"\" srcset=\"https:\/\/rutasmototours.com\/wp-content\/uploads\/2025\/11\/Rutas-Andalucia-Portugal-10.jpg 500w, https:\/\/rutasmototours.com\/wp-content\/uploads\/2025\/11\/Rutas-Andalucia-Portugal-10-480x360.jpg 480w\" sizes=\"(min-width: 0px) and (max-width: 480px) 480px, (min-width: 481px) 500px, 100vw\" \/>\n\t\t<div class=\"figc no-description\">\n\t\t\t<div class=\"figc-inner\">\n\t\t\t\t\t\t\t\t\t\t\t\t\t\t\t<\/div>\n\t\t<\/div>\n\n\t<\/div>\n\n<\/div><div class=\"modula-item effect-pufrobo\" >\n\t<div class=\"modula-item-overlay\"><\/div>\n\n\t<div class=\"modula-item-content\">\n\n\t\t<a data-image-id=\"2049\" role=\"button\" tabindex=\"0\" rel=\"jtg-876\" data-caption=\"\" aria-label=\"Abrir la imagen en una caja de luz\" class=\"tile-inner modula-item-link\"><\/a><img decoding=\"async\" class=\"pic wp-image-2049\"  data-valign=\"middle\" data-halign=\"center\" alt=\"\" data-full=\"https:\/\/rutasmototours.com\/wp-content\/uploads\/2026\/06\/IMG_20260220_121757-1.jpg\" title=\"IMG_20260220_121757\" crop=\"\" width=\"375\" height=\"500\" src=\"https:\/\/rutasmototours.com\/wp-content\/uploads\/2026\/06\/IMG_20260220_121757-1-375x500.jpg\" data-src=\"https:\/\/rutasmototours.com\/wp-content\/uploads\/2026\/06\/IMG_20260220_121757-1-375x500.jpg\" data-caption=\"\"\/>\n\t\t<div class=\"figc no-description\">\n\t\t\t<div class=\"figc-inner\">\n\t\t\t\t\t\t\t\t\t\t\t\t\t\t\t<\/div>\n\t\t<\/div>\n\n\t<\/div>\n\n<\/div><div class=\"modula-item effect-pufrobo\" >\n\t<div class=\"modula-item-overlay\"><\/div>\n\n\t<div class=\"modula-item-content\">\n\n\t\t<a data-image-id=\"897\" role=\"button\" tabindex=\"0\" rel=\"jtg-876\" data-caption=\"\" aria-label=\"Abrir la imagen en una caja de luz\" class=\"tile-inner modula-item-link\"><\/a><img decoding=\"async\" class=\"pic wp-image-897\"  data-valign=\"middle\" data-halign=\"center\" alt=\"\" data-full=\"https:\/\/rutasmototours.com\/wp-content\/uploads\/2025\/11\/Rutas-Andalucia-Portugal-21.jpg\" title=\"Rutas Andalucia Portugal-21\" crop=\"\" width=\"500\" height=\"375\" src=\"https:\/\/rutasmototours.com\/wp-content\/uploads\/2025\/11\/Rutas-Andalucia-Portugal-21-500x375.jpg\" data-src=\"https:\/\/rutasmototours.com\/wp-content\/uploads\/2025\/11\/Rutas-Andalucia-Portugal-21-500x375.jpg\" data-caption=\"\"\/>\n\t\t<div class=\"figc no-description\">\n\t\t\t<div class=\"figc-inner\">\n\t\t\t\t\t\t\t\t\t\t\t\t\t\t\t<\/div>\n\t\t<\/div>\n\n\t<\/div>\n\n<\/div><div class=\"modula-item effect-pufrobo\" >\n\t<div class=\"modula-item-overlay\"><\/div>\n\n\t<div class=\"modula-item-content\">\n\n\t\t<a data-image-id=\"881\" role=\"button\" tabindex=\"0\" rel=\"jtg-876\" data-caption=\"\" aria-label=\"Abrir la imagen en una caja de luz\" class=\"tile-inner modula-item-link\"><\/a><img decoding=\"async\" class=\"pic wp-image-881\"  data-valign=\"middle\" data-halign=\"center\" alt=\"\" data-full=\"https:\/\/rutasmototours.com\/wp-content\/uploads\/2025\/11\/Rutas-Andalucia-Portugal-5.jpg\" title=\"Rutas Andalucia Portugal-5\" crop=\"\" width=\"500\" height=\"375\" src=\"https:\/\/rutasmototours.com\/wp-content\/uploads\/2025\/11\/Rutas-Andalucia-Portugal-5-500x375.jpg\" data-src=\"https:\/\/rutasmototours.com\/wp-content\/uploads\/2025\/11\/Rutas-Andalucia-Portugal-5-500x375.jpg\" data-caption=\"\" srcset=\"https:\/\/rutasmototours.com\/wp-content\/uploads\/2025\/11\/Rutas-Andalucia-Portugal-5.jpg 500w, https:\/\/rutasmototours.com\/wp-content\/uploads\/2025\/11\/Rutas-Andalucia-Portugal-5-480x360.jpg 480w\" sizes=\"(min-width: 0px) and (max-width: 480px) 480px, (min-width: 481px) 500px, 100vw\" \/>\n\t\t<div class=\"figc no-description\">\n\t\t\t<div class=\"figc-inner\">\n\t\t\t\t\t\t\t\t\t\t\t\t\t\t\t<\/div>\n\t\t<\/div>\n\n\t<\/div>\n\n<\/div><div class=\"modula-item effect-pufrobo\" >\n\t<div class=\"modula-item-overlay\"><\/div>\n\n\t<div class=\"modula-item-content\">\n\n\t\t<a data-image-id=\"889\" role=\"button\" tabindex=\"0\" rel=\"jtg-876\" data-caption=\"\" aria-label=\"Abrir la imagen en una caja de luz\" class=\"tile-inner modula-item-link\"><\/a><img decoding=\"async\" class=\"pic wp-image-889\"  data-valign=\"middle\" data-halign=\"center\" alt=\"\" data-full=\"https:\/\/rutasmototours.com\/wp-content\/uploads\/2025\/11\/Rutas-Andalucia-Portugal-13.jpg\" title=\"Rutas Andalucia Portugal-13\" crop=\"\" width=\"500\" height=\"375\" src=\"https:\/\/rutasmototours.com\/wp-content\/uploads\/2025\/11\/Rutas-Andalucia-Portugal-13-500x375.jpg\" data-src=\"https:\/\/rutasmototours.com\/wp-content\/uploads\/2025\/11\/Rutas-Andalucia-Portugal-13-500x375.jpg\" data-caption=\"\" srcset=\"https:\/\/rutasmototours.com\/wp-content\/uploads\/2025\/11\/Rutas-Andalucia-Portugal-13.jpg 500w, https:\/\/rutasmototours.com\/wp-content\/uploads\/2025\/11\/Rutas-Andalucia-Portugal-13-480x360.jpg 480w\" sizes=\"(min-width: 0px) and (max-width: 480px) 480px, (min-width: 481px) 500px, 100vw\" \/>\n\t\t<div class=\"figc no-description\">\n\t\t\t<div class=\"figc-inner\">\n\t\t\t\t\t\t\t\t\t\t\t\t\t\t\t<\/div>\n\t\t<\/div>\n\n\t<\/div>\n\n<\/div><div class=\"modula-item effect-pufrobo\" >\n\t<div class=\"modula-item-overlay\"><\/div>\n\n\t<div class=\"modula-item-content\">\n\n\t\t<a data-image-id=\"2062\" role=\"button\" tabindex=\"0\" rel=\"jtg-876\" data-caption=\"\" aria-label=\"Abrir la imagen en una caja de luz\" class=\"tile-inner modula-item-link\"><\/a><img decoding=\"async\" class=\"pic wp-image-2062\"  data-valign=\"middle\" data-halign=\"center\" alt=\"\" data-full=\"https:\/\/rutasmototours.com\/wp-content\/uploads\/2026\/06\/IMG_20260220_093549-1.jpg\" title=\"IMG_20260220_093549\" crop=\"\" width=\"500\" height=\"375\" src=\"https:\/\/rutasmototours.com\/wp-content\/uploads\/2026\/06\/IMG_20260220_093549-1-500x375.jpg\" data-src=\"https:\/\/rutasmototours.com\/wp-content\/uploads\/2026\/06\/IMG_20260220_093549-1-500x375.jpg\" data-caption=\"\"\/>\n\t\t<div class=\"figc no-description\">\n\t\t\t<div class=\"figc-inner\">\n\t\t\t\t\t\t\t\t\t\t\t\t\t\t\t<\/div>\n\t\t<\/div>\n\n\t<\/div>\n\n<\/div><div class=\"modula-item effect-pufrobo\" >\n\t<div class=\"modula-item-overlay\"><\/div>\n\n\t<div class=\"modula-item-content\">\n\n\t\t<a data-image-id=\"2061\" role=\"button\" tabindex=\"0\" rel=\"jtg-876\" data-caption=\"\" aria-label=\"Abrir la imagen en una caja de luz\" class=\"tile-inner modula-item-link\"><\/a><img decoding=\"async\" class=\"pic wp-image-2061\"  data-valign=\"middle\" data-halign=\"center\" alt=\"\" data-full=\"https:\/\/rutasmototours.com\/wp-content\/uploads\/2026\/06\/IMG_20260220_090110-1.jpg\" title=\"IMG_20260220_090110\" crop=\"\" width=\"500\" height=\"375\" src=\"https:\/\/rutasmototours.com\/wp-content\/uploads\/2026\/06\/IMG_20260220_090110-1-500x375.jpg\" data-src=\"https:\/\/rutasmototours.com\/wp-content\/uploads\/2026\/06\/IMG_20260220_090110-1-500x375.jpg\" data-caption=\"\"\/>\n\t\t<div class=\"figc no-description\">\n\t\t\t<div class=\"figc-inner\">\n\t\t\t\t\t\t\t\t\t\t\t\t\t\t\t<\/div>\n\t\t<\/div>\n\n\t<\/div>\n\n<\/div><div class=\"modula-item effect-pufrobo\" >\n\t<div class=\"modula-item-overlay\"><\/div>\n\n\t<div class=\"modula-item-content\">\n\n\t\t<a data-image-id=\"894\" role=\"button\" tabindex=\"0\" rel=\"jtg-876\" data-caption=\"\" aria-label=\"Abrir la imagen en una caja de luz\" class=\"tile-inner modula-item-link\"><\/a><img decoding=\"async\" class=\"pic wp-image-894\"  data-valign=\"middle\" data-halign=\"center\" alt=\"\" data-full=\"https:\/\/rutasmototours.com\/wp-content\/uploads\/2025\/11\/Rutas-Andalucia-Portugal-18.jpg\" title=\"Rutas Andalucia Portugal-18\" crop=\"\" width=\"500\" height=\"500\" src=\"https:\/\/rutasmototours.com\/wp-content\/uploads\/2025\/11\/Rutas-Andalucia-Portugal-18-500x500.jpg\" data-src=\"https:\/\/rutasmototours.com\/wp-content\/uploads\/2025\/11\/Rutas-Andalucia-Portugal-18-500x500.jpg\" data-caption=\"\"\/>\n\t\t<div class=\"figc no-description\">\n\t\t\t<div class=\"figc-inner\">\n\t\t\t\t\t\t\t\t\t\t\t\t\t\t\t<\/div>\n\t\t<\/div>\n\n\t<\/div>\n\n<\/div><div class=\"modula-item effect-pufrobo\" >\n\t<div class=\"modula-item-overlay\"><\/div>\n\n\t<div class=\"modula-item-content\">\n\n\t\t<a data-image-id=\"884\" role=\"button\" tabindex=\"0\" rel=\"jtg-876\" data-caption=\"\" aria-label=\"Abrir la imagen en una caja de luz\" class=\"tile-inner modula-item-link\"><\/a><img decoding=\"async\" class=\"pic wp-image-884\"  data-valign=\"middle\" data-halign=\"center\" alt=\"\" data-full=\"https:\/\/rutasmototours.com\/wp-content\/uploads\/2025\/11\/Rutas-Andalucia-Portugal-8.jpg\" title=\"Rutas Andalucia Portugal-8\" crop=\"\" width=\"375\" height=\"500\" src=\"https:\/\/rutasmototours.com\/wp-content\/uploads\/2025\/11\/Rutas-Andalucia-Portugal-8-375x500.jpg\" data-src=\"https:\/\/rutasmototours.com\/wp-content\/uploads\/2025\/11\/Rutas-Andalucia-Portugal-8-375x500.jpg\" data-caption=\"\" srcset=\"https:\/\/rutasmototours.com\/wp-content\/uploads\/2025\/11\/Rutas-Andalucia-Portugal-8.jpg 480w, https:\/\/rutasmototours.com\/wp-content\/uploads\/2025\/11\/Rutas-Andalucia-Portugal-8-375x500.jpg 375w\" sizes=\"(max-width: 375px) 100vw, 375px\" \/>\n\t\t<div class=\"figc no-description\">\n\t\t\t<div class=\"figc-inner\">\n\t\t\t\t\t\t\t\t\t\t\t\t\t\t\t<\/div>\n\t\t<\/div>\n\n\t<\/div>\n\n<\/div><div class=\"modula-item effect-pufrobo\" >\n\t<div class=\"modula-item-overlay\"><\/div>\n\n\t<div class=\"modula-item-content\">\n\n\t\t<a data-image-id=\"906\" role=\"button\" tabindex=\"0\" rel=\"jtg-876\" data-caption=\"\" aria-label=\"Abrir la imagen en una caja de luz\" class=\"tile-inner modula-item-link\"><\/a><img decoding=\"async\" class=\"pic wp-image-906\"  data-valign=\"middle\" data-halign=\"center\" alt=\"\" data-full=\"https:\/\/rutasmototours.com\/wp-content\/uploads\/2025\/11\/Rutas-Andalucia-Portugal-30.jpg\" title=\"Rutas Andalucia Portugal-30\" crop=\"\" width=\"375\" height=\"500\" src=\"https:\/\/rutasmototours.com\/wp-content\/uploads\/2025\/11\/Rutas-Andalucia-Portugal-30-375x500.jpg\" data-src=\"https:\/\/rutasmototours.com\/wp-content\/uploads\/2025\/11\/Rutas-Andalucia-Portugal-30-375x500.jpg\" data-caption=\"\"\/>\n\t\t<div class=\"figc no-description\">\n\t\t\t<div class=\"figc-inner\">\n\t\t\t\t\t\t\t\t\t\t\t\t\t\t\t<\/div>\n\t\t<\/div>\n\n\t<\/div>\n\n<\/div><div class=\"modula-item effect-pufrobo\" >\n\t<div class=\"modula-item-overlay\"><\/div>\n\n\t<div class=\"modula-item-content\">\n\n\t\t<a data-image-id=\"2055\" role=\"button\" tabindex=\"0\" rel=\"jtg-876\" data-caption=\"\" aria-label=\"Abrir la imagen en una caja de luz\" class=\"tile-inner modula-item-link\"><\/a><img decoding=\"async\" class=\"pic wp-image-2055\"  data-valign=\"middle\" data-halign=\"center\" alt=\"\" data-full=\"https:\/\/rutasmototours.com\/wp-content\/uploads\/2026\/06\/IMG_20260222_101614-1.jpg\" title=\"IMG_20260222_101614\" crop=\"\" width=\"500\" height=\"375\" src=\"https:\/\/rutasmototours.com\/wp-content\/uploads\/2026\/06\/IMG_20260222_101614-1-500x375.jpg\" data-src=\"https:\/\/rutasmototours.com\/wp-content\/uploads\/2026\/06\/IMG_20260222_101614-1-500x375.jpg\" data-caption=\"\"\/>\n\t\t<div class=\"figc no-description\">\n\t\t\t<div class=\"figc-inner\">\n\t\t\t\t\t\t\t\t\t\t\t\t\t\t\t<\/div>\n\t\t<\/div>\n\n\t<\/div>\n\n<\/div><div class=\"modula-item effect-pufrobo\" >\n\t<div class=\"modula-item-overlay\"><\/div>\n\n\t<div class=\"modula-item-content\">\n\n\t\t<a data-image-id=\"2054\" role=\"button\" tabindex=\"0\" rel=\"jtg-876\" data-caption=\"\" aria-label=\"Abrir la imagen en una caja de luz\" class=\"tile-inner modula-item-link\"><\/a><img decoding=\"async\" class=\"pic wp-image-2054\"  data-valign=\"middle\" data-halign=\"center\" alt=\"\" data-full=\"https:\/\/rutasmototours.com\/wp-content\/uploads\/2026\/06\/IMG_20260221_174817-1.jpg\" title=\"IMG_20260221_174817\" crop=\"\" width=\"500\" height=\"375\" src=\"https:\/\/rutasmototours.com\/wp-content\/uploads\/2026\/06\/IMG_20260221_174817-1-500x375.jpg\" data-src=\"https:\/\/rutasmototours.com\/wp-content\/uploads\/2026\/06\/IMG_20260221_174817-1-500x375.jpg\" data-caption=\"\"\/>\n\t\t<div class=\"figc no-description\">\n\t\t\t<div class=\"figc-inner\">\n\t\t\t\t\t\t\t\t\t\t\t\t\t\t\t<\/div>\n\t\t<\/div>\n\n\t<\/div>\n\n<\/div><div class=\"modula-item effect-pufrobo\" >\n\t<div class=\"modula-item-overlay\"><\/div>\n\n\t<div class=\"modula-item-content\">\n\n\t\t<a data-image-id=\"2050\" role=\"button\" tabindex=\"0\" rel=\"jtg-876\" data-caption=\"\" aria-label=\"Abrir la imagen en una caja de luz\" class=\"tile-inner modula-item-link\"><\/a><img decoding=\"async\" class=\"pic wp-image-2050\"  data-valign=\"middle\" data-halign=\"center\" alt=\"\" data-full=\"https:\/\/rutasmototours.com\/wp-content\/uploads\/2026\/06\/IMG_20260220_125416-1.jpg\" title=\"IMG_20260220_125416\" crop=\"\" width=\"500\" height=\"375\" src=\"https:\/\/rutasmototours.com\/wp-content\/uploads\/2026\/06\/IMG_20260220_125416-1-500x375.jpg\" data-src=\"https:\/\/rutasmototours.com\/wp-content\/uploads\/2026\/06\/IMG_20260220_125416-1-500x375.jpg\" data-caption=\"\"\/>\n\t\t<div class=\"figc no-description\">\n\t\t\t<div class=\"figc-inner\">\n\t\t\t\t\t\t\t\t\t\t\t\t\t\t\t<\/div>\n\t\t<\/div>\n\n\t<\/div>\n\n<\/div><div class=\"modula-item effect-pufrobo\" >\n\t<div class=\"modula-item-overlay\"><\/div>\n\n\t<div class=\"modula-item-content\">\n\n\t\t<a data-image-id=\"892\" role=\"button\" tabindex=\"0\" rel=\"jtg-876\" data-caption=\"\" aria-label=\"Abrir la imagen en una caja de luz\" class=\"tile-inner modula-item-link\"><\/a><img decoding=\"async\" class=\"pic wp-image-892\"  data-valign=\"middle\" data-halign=\"center\" alt=\"\" data-full=\"https:\/\/rutasmototours.com\/wp-content\/uploads\/2025\/11\/Rutas-Andalucia-Portugal-16.jpg\" title=\"Rutas Andalucia Portugal-16\" crop=\"\" width=\"500\" height=\"375\" src=\"https:\/\/rutasmototours.com\/wp-content\/uploads\/2025\/11\/Rutas-Andalucia-Portugal-16-500x375.jpg\" data-src=\"https:\/\/rutasmototours.com\/wp-content\/uploads\/2025\/11\/Rutas-Andalucia-Portugal-16-500x375.jpg\" data-caption=\"\" srcset=\"https:\/\/rutasmototours.com\/wp-content\/uploads\/2025\/11\/Rutas-Andalucia-Portugal-16.jpg 500w, https:\/\/rutasmototours.com\/wp-content\/uploads\/2025\/11\/Rutas-Andalucia-Portugal-16-480x360.jpg 480w\" sizes=\"(min-width: 0px) and (max-width: 480px) 480px, (min-width: 481px) 500px, 100vw\" \/>\n\t\t<div class=\"figc no-description\">\n\t\t\t<div class=\"figc-inner\">\n\t\t\t\t\t\t\t\t\t\t\t\t\t\t\t<\/div>\n\t\t<\/div>\n\n\t<\/div>\n\n<\/div><div class=\"modula-item effect-pufrobo\" >\n\t<div class=\"modula-item-overlay\"><\/div>\n\n\t<div class=\"modula-item-content\">\n\n\t\t<a data-image-id=\"900\" role=\"button\" tabindex=\"0\" rel=\"jtg-876\" data-caption=\"\" aria-label=\"Abrir la imagen en una caja de luz\" class=\"tile-inner modula-item-link\"><\/a><img decoding=\"async\" class=\"pic wp-image-900\"  data-valign=\"middle\" data-halign=\"center\" alt=\"\" data-full=\"https:\/\/rutasmototours.com\/wp-content\/uploads\/2025\/11\/Rutas-Andalucia-Portugal-24.jpg\" title=\"Rutas Andalucia Portugal-24\" crop=\"\" width=\"500\" height=\"375\" src=\"https:\/\/rutasmototours.com\/wp-content\/uploads\/2025\/11\/Rutas-Andalucia-Portugal-24-500x375.jpg\" data-src=\"https:\/\/rutasmototours.com\/wp-content\/uploads\/2025\/11\/Rutas-Andalucia-Portugal-24-500x375.jpg\" data-caption=\"\"\/>\n\t\t<div class=\"figc no-description\">\n\t\t\t<div class=\"figc-inner\">\n\t\t\t\t\t\t\t\t\t\t\t\t\t\t\t<\/div>\n\t\t<\/div>\n\n\t<\/div>\n\n<\/div><div class=\"modula-item effect-pufrobo\" >\n\t<div class=\"modula-item-overlay\"><\/div>\n\n\t<div class=\"modula-item-content\">\n\n\t\t<a data-image-id=\"909\" role=\"button\" tabindex=\"0\" rel=\"jtg-876\" data-caption=\"\" aria-label=\"Abrir la imagen en una caja de luz\" class=\"tile-inner modula-item-link\"><\/a><img decoding=\"async\" class=\"pic wp-image-909\"  data-valign=\"middle\" data-halign=\"center\" alt=\"\" data-full=\"https:\/\/rutasmototours.com\/wp-content\/uploads\/2025\/11\/Rutas-Andalucia-Portugal-33.jpg\" title=\"Rutas Andalucia Portugal-33\" crop=\"\" width=\"375\" height=\"500\" src=\"https:\/\/rutasmototours.com\/wp-content\/uploads\/2025\/11\/Rutas-Andalucia-Portugal-33-375x500.jpg\" data-src=\"https:\/\/rutasmototours.com\/wp-content\/uploads\/2025\/11\/Rutas-Andalucia-Portugal-33-375x500.jpg\" data-caption=\"\"\/>\n\t\t<div class=\"figc no-description\">\n\t\t\t<div class=\"figc-inner\">\n\t\t\t\t\t\t\t\t\t\t\t\t\t\t\t<\/div>\n\t\t<\/div>\n\n\t<\/div>\n\n<\/div><div class=\"modula-item effect-pufrobo\" >\n\t<div class=\"modula-item-overlay\"><\/div>\n\n\t<div class=\"modula-item-content\">\n\n\t\t<a data-image-id=\"898\" role=\"button\" tabindex=\"0\" rel=\"jtg-876\" data-caption=\"\" aria-label=\"Abrir la imagen en una caja de luz\" class=\"tile-inner modula-item-link\"><\/a><img decoding=\"async\" class=\"pic wp-image-898\"  data-valign=\"middle\" data-halign=\"center\" alt=\"\" data-full=\"https:\/\/rutasmototours.com\/wp-content\/uploads\/2025\/11\/Rutas-Andalucia-Portugal-22.jpg\" title=\"Rutas Andalucia Portugal-22\" crop=\"\" width=\"500\" height=\"375\" src=\"https:\/\/rutasmototours.com\/wp-content\/uploads\/2025\/11\/Rutas-Andalucia-Portugal-22-500x375.jpg\" data-src=\"https:\/\/rutasmototours.com\/wp-content\/uploads\/2025\/11\/Rutas-Andalucia-Portugal-22-500x375.jpg\" data-caption=\"\"\/>\n\t\t<div class=\"figc no-description\">\n\t\t\t<div class=\"figc-inner\">\n\t\t\t\t\t\t\t\t\t\t\t\t\t\t\t<\/div>\n\t\t<\/div>\n\n\t<\/div>\n\n<\/div><div class=\"modula-item effect-pufrobo\" >\n\t<div class=\"modula-item-overlay\"><\/div>\n\n\t<div class=\"modula-item-content\">\n\n\t\t<a data-image-id=\"904\" role=\"button\" tabindex=\"0\" rel=\"jtg-876\" data-caption=\"\" aria-label=\"Abrir la imagen en una caja de luz\" class=\"tile-inner modula-item-link\"><\/a><img decoding=\"async\" class=\"pic wp-image-904\"  data-valign=\"middle\" data-halign=\"center\" alt=\"\" data-full=\"https:\/\/rutasmototours.com\/wp-content\/uploads\/2025\/11\/Rutas-Andalucia-Portugal-28.jpg\" title=\"Rutas Andalucia Portugal-28\" crop=\"\" width=\"500\" height=\"281\" src=\"https:\/\/rutasmototours.com\/wp-content\/uploads\/2025\/11\/Rutas-Andalucia-Portugal-28-500x281.jpg\" data-src=\"https:\/\/rutasmototours.com\/wp-content\/uploads\/2025\/11\/Rutas-Andalucia-Portugal-28-500x281.jpg\" data-caption=\"\"\/>\n\t\t<div class=\"figc no-description\">\n\t\t\t<div class=\"figc-inner\">\n\t\t\t\t\t\t\t\t\t\t\t\t\t\t\t<\/div>\n\t\t<\/div>\n\n\t<\/div>\n\n<\/div><div class=\"modula-item effect-pufrobo\" >\n\t<div class=\"modula-item-overlay\"><\/div>\n\n\t<div class=\"modula-item-content\">\n\n\t\t<a data-image-id=\"2053\" role=\"button\" tabindex=\"0\" rel=\"jtg-876\" data-caption=\"\" aria-label=\"Abrir la imagen en una caja de luz\" class=\"tile-inner modula-item-link\"><\/a><img decoding=\"async\" class=\"pic wp-image-2053\"  data-valign=\"middle\" data-halign=\"center\" alt=\"\" data-full=\"https:\/\/rutasmototours.com\/wp-content\/uploads\/2026\/06\/IMG_20260221_131840-1.jpg\" title=\"IMG_20260221_131840\" crop=\"\" width=\"500\" height=\"375\" src=\"https:\/\/rutasmototours.com\/wp-content\/uploads\/2026\/06\/IMG_20260221_131840-1-500x375.jpg\" data-src=\"https:\/\/rutasmototours.com\/wp-content\/uploads\/2026\/06\/IMG_20260221_131840-1-500x375.jpg\" data-caption=\"\"\/>\n\t\t<div class=\"figc no-description\">\n\t\t\t<div class=\"figc-inner\">\n\t\t\t\t\t\t\t\t\t\t\t\t\t\t\t<\/div>\n\t\t<\/div>\n\n\t<\/div>\n\n<\/div><div class=\"modula-item effect-pufrobo\" >\n\t<div class=\"modula-item-overlay\"><\/div>\n\n\t<div class=\"modula-item-content\">\n\n\t\t<a data-image-id=\"882\" role=\"button\" tabindex=\"0\" rel=\"jtg-876\" data-caption=\"\" aria-label=\"Abrir la imagen en una caja de luz\" class=\"tile-inner modula-item-link\"><\/a><img decoding=\"async\" class=\"pic wp-image-882\"  data-valign=\"middle\" data-halign=\"center\" alt=\"\" data-full=\"https:\/\/rutasmototours.com\/wp-content\/uploads\/2025\/11\/Rutas-Andalucia-Portugal-6.jpg\" title=\"Rutas Andalucia Portugal-6\" crop=\"\" width=\"500\" height=\"375\" src=\"https:\/\/rutasmototours.com\/wp-content\/uploads\/2025\/11\/Rutas-Andalucia-Portugal-6-500x375.jpg\" data-src=\"https:\/\/rutasmototours.com\/wp-content\/uploads\/2025\/11\/Rutas-Andalucia-Portugal-6-500x375.jpg\" data-caption=\"\" srcset=\"https:\/\/rutasmototours.com\/wp-content\/uploads\/2025\/11\/Rutas-Andalucia-Portugal-6.jpg 500w, https:\/\/rutasmototours.com\/wp-content\/uploads\/2025\/11\/Rutas-Andalucia-Portugal-6-480x360.jpg 480w\" sizes=\"(min-width: 0px) and (max-width: 480px) 480px, (min-width: 481px) 500px, 100vw\" \/>\n\t\t<div class=\"figc no-description\">\n\t\t\t<div class=\"figc-inner\">\n\t\t\t\t\t\t\t\t\t\t\t\t\t\t\t<\/div>\n\t\t<\/div>\n\n\t<\/div>\n\n<\/div><div class=\"modula-item effect-pufrobo\" >\n\t<div class=\"modula-item-overlay\"><\/div>\n\n\t<div class=\"modula-item-content\">\n\n\t\t<a data-image-id=\"877\" role=\"button\" tabindex=\"0\" rel=\"jtg-876\" data-caption=\"\" aria-label=\"Abrir la imagen en una caja de luz\" class=\"tile-inner modula-item-link\"><\/a><img decoding=\"async\" class=\"pic wp-image-877\"  data-valign=\"middle\" data-halign=\"center\" alt=\"\" data-full=\"https:\/\/rutasmototours.com\/wp-content\/uploads\/2025\/11\/Rutas-Andalucia-Portugal-1.jpg\" title=\"Rutas Andalucia Portugal-1\" crop=\"\" width=\"375\" height=\"500\" src=\"https:\/\/rutasmototours.com\/wp-content\/uploads\/2025\/11\/Rutas-Andalucia-Portugal-1-375x500.jpg\" data-src=\"https:\/\/rutasmototours.com\/wp-content\/uploads\/2025\/11\/Rutas-Andalucia-Portugal-1-375x500.jpg\" data-caption=\"\" srcset=\"https:\/\/rutasmototours.com\/wp-content\/uploads\/2025\/11\/Rutas-Andalucia-Portugal-1.jpg 480w, https:\/\/rutasmototours.com\/wp-content\/uploads\/2025\/11\/Rutas-Andalucia-Portugal-1-375x500.jpg 375w\" sizes=\"(max-width: 375px) 100vw, 375px\" \/>\n\t\t<div class=\"figc no-description\">\n\t\t\t<div class=\"figc-inner\">\n\t\t\t\t\t\t\t\t\t\t\t\t\t\t\t<\/div>\n\t\t<\/div>\n\n\t<\/div>\n\n<\/div><div class=\"modula-item effect-pufrobo\" >\n\t<div class=\"modula-item-overlay\"><\/div>\n\n\t<div class=\"modula-item-content\">\n\n\t\t<a data-image-id=\"2056\" role=\"button\" tabindex=\"0\" rel=\"jtg-876\" data-caption=\"\" aria-label=\"Abrir la imagen en una caja de luz\" class=\"tile-inner modula-item-link\"><\/a><img decoding=\"async\" class=\"pic wp-image-2056\"  data-valign=\"middle\" data-halign=\"center\" alt=\"\" data-full=\"https:\/\/rutasmototours.com\/wp-content\/uploads\/2026\/06\/IMG_20260222_113522-1.jpg\" title=\"IMG_20260222_113522\" crop=\"\" width=\"375\" height=\"500\" src=\"https:\/\/rutasmototours.com\/wp-content\/uploads\/2026\/06\/IMG_20260222_113522-1-375x500.jpg\" data-src=\"https:\/\/rutasmototours.com\/wp-content\/uploads\/2026\/06\/IMG_20260222_113522-1-375x500.jpg\" data-caption=\"\"\/>\n\t\t<div class=\"figc no-description\">\n\t\t\t<div class=\"figc-inner\">\n\t\t\t\t\t\t\t\t\t\t\t\t\t\t\t<\/div>\n\t\t<\/div>\n\n\t<\/div>\n\n<\/div><div class=\"modula-item effect-pufrobo\" >\n\t<div class=\"modula-item-overlay\"><\/div>\n\n\t<div class=\"modula-item-content\">\n\n\t\t<a data-image-id=\"903\" role=\"button\" tabindex=\"0\" rel=\"jtg-876\" data-caption=\"\" aria-label=\"Abrir la imagen en una caja de luz\" class=\"tile-inner modula-item-link\"><\/a><img decoding=\"async\" class=\"pic wp-image-903\"  data-valign=\"middle\" data-halign=\"center\" alt=\"\" data-full=\"https:\/\/rutasmototours.com\/wp-content\/uploads\/2025\/11\/Rutas-Andalucia-Portugal-27.jpg\" title=\"Rutas Andalucia Portugal-27\" crop=\"\" width=\"500\" height=\"500\" src=\"https:\/\/rutasmototours.com\/wp-content\/uploads\/2025\/11\/Rutas-Andalucia-Portugal-27-500x500.jpg\" data-src=\"https:\/\/rutasmototours.com\/wp-content\/uploads\/2025\/11\/Rutas-Andalucia-Portugal-27-500x500.jpg\" data-caption=\"\"\/>\n\t\t<div class=\"figc no-description\">\n\t\t\t<div class=\"figc-inner\">\n\t\t\t\t\t\t\t\t\t\t\t\t\t\t\t<\/div>\n\t\t<\/div>\n\n\t<\/div>\n\n<\/div><div class=\"modula-item effect-pufrobo\" >\n\t<div class=\"modula-item-overlay\"><\/div>\n\n\t<div class=\"modula-item-content\">\n\n\t\t<a data-image-id=\"895\" role=\"button\" tabindex=\"0\" rel=\"jtg-876\" data-caption=\"\" aria-label=\"Abrir la imagen en una caja de luz\" class=\"tile-inner modula-item-link\"><\/a><img decoding=\"async\" class=\"pic wp-image-895\"  data-valign=\"middle\" data-halign=\"center\" alt=\"\" data-full=\"https:\/\/rutasmototours.com\/wp-content\/uploads\/2025\/11\/Rutas-Andalucia-Portugal-19.jpg\" title=\"Rutas Andalucia Portugal-19\" crop=\"\" width=\"500\" height=\"500\" src=\"https:\/\/rutasmototours.com\/wp-content\/uploads\/2025\/11\/Rutas-Andalucia-Portugal-19-500x500.jpg\" data-src=\"https:\/\/rutasmototours.com\/wp-content\/uploads\/2025\/11\/Rutas-Andalucia-Portugal-19-500x500.jpg\" data-caption=\"\"\/>\n\t\t<div class=\"figc no-description\">\n\t\t\t<div class=\"figc-inner\">\n\t\t\t\t\t\t\t\t\t\t\t\t\t\t\t<\/div>\n\t\t<\/div>\n\n\t<\/div>\n\n<\/div><div class=\"modula-item effect-pufrobo\" >\n\t<div class=\"modula-item-overlay\"><\/div>\n\n\t<div class=\"modula-item-content\">\n\n\t\t<a data-image-id=\"890\" role=\"button\" tabindex=\"0\" rel=\"jtg-876\" data-caption=\"\" aria-label=\"Abrir la imagen en una caja de luz\" class=\"tile-inner modula-item-link\"><\/a><img decoding=\"async\" class=\"pic wp-image-890\"  data-valign=\"middle\" data-halign=\"center\" alt=\"\" data-full=\"https:\/\/rutasmototours.com\/wp-content\/uploads\/2025\/11\/Rutas-Andalucia-Portugal-14.jpg\" title=\"Rutas Andalucia Portugal-14\" crop=\"\" width=\"500\" height=\"375\" src=\"https:\/\/rutasmototours.com\/wp-content\/uploads\/2025\/11\/Rutas-Andalucia-Portugal-14-500x375.jpg\" data-src=\"https:\/\/rutasmototours.com\/wp-content\/uploads\/2025\/11\/Rutas-Andalucia-Portugal-14-500x375.jpg\" data-caption=\"\" srcset=\"https:\/\/rutasmototours.com\/wp-content\/uploads\/2025\/11\/Rutas-Andalucia-Portugal-14.jpg 500w, https:\/\/rutasmototours.com\/wp-content\/uploads\/2025\/11\/Rutas-Andalucia-Portugal-14-480x360.jpg 480w\" sizes=\"(min-width: 0px) and (max-width: 480px) 480px, (min-width: 481px) 500px, 100vw\" \/>\n\t\t<div class=\"figc no-description\">\n\t\t\t<div class=\"figc-inner\">\n\t\t\t\t\t\t\t\t\t\t\t\t\t\t\t<\/div>\n\t\t<\/div>\n\n\t<\/div>\n\n<\/div><div class=\"modula-item effect-pufrobo\" >\n\t<div class=\"modula-item-overlay\"><\/div>\n\n\t<div class=\"modula-item-content\">\n\n\t\t<a data-image-id=\"2057\" role=\"button\" tabindex=\"0\" rel=\"jtg-876\" data-caption=\"\" aria-label=\"Abrir la imagen en una caja de luz\" class=\"tile-inner modula-item-link\"><\/a><img decoding=\"async\" class=\"pic wp-image-2057\"  data-valign=\"middle\" data-halign=\"center\" alt=\"\" data-full=\"https:\/\/rutasmototours.com\/wp-content\/uploads\/2026\/06\/IMG_20260222_181819-1.jpg\" title=\"IMG_20260222_181819\" crop=\"\" width=\"375\" height=\"500\" src=\"https:\/\/rutasmototours.com\/wp-content\/uploads\/2026\/06\/IMG_20260222_181819-1-375x500.jpg\" data-src=\"https:\/\/rutasmototours.com\/wp-content\/uploads\/2026\/06\/IMG_20260222_181819-1-375x500.jpg\" data-caption=\"\"\/>\n\t\t<div class=\"figc no-description\">\n\t\t\t<div class=\"figc-inner\">\n\t\t\t\t\t\t\t\t\t\t\t\t\t\t\t<\/div>\n\t\t<\/div>\n\n\t<\/div>\n\n<\/div><div class=\"modula-item effect-pufrobo\" >\n\t<div class=\"modula-item-overlay\"><\/div>\n\n\t<div class=\"modula-item-content\">\n\n\t\t<a data-image-id=\"2048\" role=\"button\" tabindex=\"0\" rel=\"jtg-876\" data-caption=\"\" aria-label=\"Abrir la imagen en una caja de luz\" class=\"tile-inner modula-item-link\"><\/a><img decoding=\"async\" class=\"pic wp-image-2048\"  data-valign=\"middle\" data-halign=\"center\" alt=\"\" data-full=\"https:\/\/rutasmototours.com\/wp-content\/uploads\/2026\/06\/IMG_20260220_115328-1.jpg\" title=\"IMG_20260220_115328\" crop=\"\" width=\"500\" height=\"375\" src=\"https:\/\/rutasmototours.com\/wp-content\/uploads\/2026\/06\/IMG_20260220_115328-1-500x375.jpg\" data-src=\"https:\/\/rutasmototours.com\/wp-content\/uploads\/2026\/06\/IMG_20260220_115328-1-500x375.jpg\" data-caption=\"\"\/>\n\t\t<div class=\"figc no-description\">\n\t\t\t<div class=\"figc-inner\">\n\t\t\t\t\t\t\t\t\t\t\t\t\t\t\t<\/div>\n\t\t<\/div>\n\n\t<\/div>\n\n<\/div><div class=\"modula-item effect-pufrobo\" >\n\t<div class=\"modula-item-overlay\"><\/div>\n\n\t<div class=\"modula-item-content\">\n\n\t\t<a data-image-id=\"878\" role=\"button\" tabindex=\"0\" rel=\"jtg-876\" data-caption=\"\" aria-label=\"Abrir la imagen en una caja de luz\" class=\"tile-inner modula-item-link\"><\/a><img decoding=\"async\" class=\"pic wp-image-878\"  data-valign=\"middle\" data-halign=\"center\" alt=\"\" data-full=\"https:\/\/rutasmototours.com\/wp-content\/uploads\/2025\/11\/Rutas-Andalucia-Portugal-2.jpg\" title=\"Rutas Andalucia Portugal-2\" crop=\"\" width=\"500\" height=\"375\" src=\"https:\/\/rutasmototours.com\/wp-content\/uploads\/2025\/11\/Rutas-Andalucia-Portugal-2-500x375.jpg\" data-src=\"https:\/\/rutasmototours.com\/wp-content\/uploads\/2025\/11\/Rutas-Andalucia-Portugal-2-500x375.jpg\" data-caption=\"\" srcset=\"https:\/\/rutasmototours.com\/wp-content\/uploads\/2025\/11\/Rutas-Andalucia-Portugal-2.jpg 500w, https:\/\/rutasmototours.com\/wp-content\/uploads\/2025\/11\/Rutas-Andalucia-Portugal-2-480x360.jpg 480w\" sizes=\"(min-width: 0px) and (max-width: 480px) 480px, (min-width: 481px) 500px, 100vw\" \/>\n\t\t<div class=\"figc no-description\">\n\t\t\t<div class=\"figc-inner\">\n\t\t\t\t\t\t\t\t\t\t\t\t\t\t\t<\/div>\n\t\t<\/div>\n\n\t<\/div>\n\n<\/div>\t\t\n\t<\/div>\n\n\t\n\t\n\t<script type=\"application\/ld+json\">\n\t{\n\t\t\"@context\": \"https:\/\/schema.org\",\n\t\t\"@type\"   : \"ImageGallery\",\n\t\t\"id\"      : \"https:\/\/rutasmototours.com\/es_es\/andport14-acompanado-del-03-al-16-de-octubre-de-2026\/#modula-gallery-876\",\n\t\t\"url\"     : \"https:\/\/rutasmototours.com\/es_es\/andport14-acompanado-del-03-al-16-de-octubre-de-2026\/\"\n\t}\n\n\t<\/script>\n\n\t\n<\/div>\n[\/et_pb_code][\/et_pb_column][\/et_pb_row][\/et_pb_section]<\/p>\n","protected":false},"excerpt":{"rendered":"<p>[et_pb_section fb_built=\u00bb1&#8243; admin_label=\u00bbCabecera\u00bb _builder_version=\u00bb4.27.4&#8243; _module_preset=\u00bbdefault\u00bb background_color=\u00bbrgba(0,0,0,0.2)\u00bb use_background_color_gradient=\u00bbon\u00bb background_color_gradient_stops=\u00bbrgba(0,0,0,0.7) 0%|rgba(0,0,0,0.4) 20%\u00bb background_image=\u00bbhttps:\/\/rutasmototours.com\/wp-content\/uploads\/2025\/11\/1685304187704.jpg\u00bb background_blend=\u00bboverlay\u00bb height=\u00bb90vh\u00bb da_disable_devices=\u00bboff|off|off\u00bb global_colors_info=\u00bb{}\u00bb da_is_popup=\u00bboff\u00bb da_exit_intent=\u00bboff\u00bb da_has_close=\u00bbon\u00bb da_alt_close=\u00bboff\u00bb da_dark_close=\u00bboff\u00bb da_not_modal=\u00bbon\u00bb da_is_singular=\u00bboff\u00bb da_with_loader=\u00bboff\u00bb da_has_shadow=\u00bbon\u00bb][et_pb_row _builder_version=\u00bb4.27.4&#8243; _module_preset=\u00bbdefault\u00bb positioning=\u00bbabsolute\u00bb position_origin_a=\u00bbcenter_center\u00bb width=\u00bb90%\u00bb global_colors_info=\u00bb{}\u00bb][et_pb_column type=\u00bb4_4&#8243; _builder_version=\u00bb4.27.4&#8243; _module_preset=\u00bbdefault\u00bb global_colors_info=\u00bb{}\u00bb][et_pb_text _builder_version=\u00bb4.27.4&#8243; _module_preset=\u00bbdefault\u00bb text_font=\u00bb|700||on|||||\u00bb text_font_size=\u00bb22px\u00bb header_font=\u00bb|800|||||||\u00bb header_text_color=\u00bb#FFFFFF\u00bb header_font_size=\u00bb50px\u00bb text_orientation=\u00bbcenter\u00bb background_layout=\u00bbdark\u00bb text_font_size_tablet=\u00bb24px\u00bb text_font_size_phone=\u00bb20px\u00bb text_font_size_last_edited=\u00bbon|phone\u00bb header_text_align_tablet=\u00bb\u00bb header_text_align_phone=\u00bbcenter\u00bb header_text_align_last_edited=\u00bbon|phone\u00bb header_font_size_tablet=\u00bb60px\u00bb header_font_size_phone=\u00bb38px\u00bb header_font_size_last_edited=\u00bbon|phone\u00bb text_orientation_tablet=\u00bb\u00bb text_orientation_phone=\u00bbcenter\u00bb text_orientation_last_edited=\u00bbon|phone\u00bb [&hellip;]<\/p>\n","protected":false},"author":1,"featured_media":0,"parent":0,"menu_order":0,"comment_status":"closed","ping_status":"closed","template":"","meta":{"_acf_changed":false,"_et_pb_use_builder":"on","_et_pb_old_content":"<!-- wp:divi\/placeholder \/-->","_et_gb_content_width":"","_joinchat":[],"footnotes":""},"class_list":["post-218","page","type-page","status-publish","hentry"],"acf":[],"_links":{"self":[{"href":"https:\/\/rutasmototours.com\/es_es\/wp-json\/wp\/v2\/pages\/218","targetHints":{"allow":["GET"]}}],"collection":[{"href":"https:\/\/rutasmototours.com\/es_es\/wp-json\/wp\/v2\/pages"}],"about":[{"href":"https:\/\/rutasmototours.com\/es_es\/wp-json\/wp\/v2\/types\/page"}],"author":[{"embeddable":true,"href":"https:\/\/rutasmototours.com\/es_es\/wp-json\/wp\/v2\/users\/1"}],"replies":[{"embeddable":true,"href":"https:\/\/rutasmototours.com\/es_es\/wp-json\/wp\/v2\/comments?post=218"}],"version-history":[{"count":3,"href":"https:\/\/rutasmototours.com\/es_es\/wp-json\/wp\/v2\/pages\/218\/revisions"}],"predecessor-version":[{"id":2597,"href":"https:\/\/rutasmototours.com\/es_es\/wp-json\/wp\/v2\/pages\/218\/revisions\/2597"}],"wp:attachment":[{"href":"https:\/\/rutasmototours.com\/es_es\/wp-json\/wp\/v2\/media?parent=218"}],"curies":[{"name":"wp","href":"https:\/\/api.w.org\/{rel}","templated":true}]}}